{"id":948,"date":"2025-10-23T13:39:09","date_gmt":"2025-10-23T11:39:09","guid":{"rendered":"https:\/\/grupo.us.es\/newtep206\/?page_id=948"},"modified":"2026-01-12T16:46:17","modified_gmt":"2026-01-12T15:46:17","slug":"degree","status":"publish","type":"page","link":"https:\/\/grupo.us.es\/tep206\/degree\/","title":{"rendered":"Degree"},"content":{"rendered":"\t\t<div data-elementor-type=\"wp-page\" data-elementor-id=\"948\" class=\"elementor elementor-948\">\n\t\t\t\t<div class=\"elementor-element elementor-element-b1888f0 e-flex e-con-boxed wpr-particle-no wpr-jarallax-no wpr-parallax-no wpr-sticky-section-no e-con e-parent\" data-id=\"b1888f0\" data-element_type=\"container\" data-e-type=\"container\">\n\t\t\t\t\t<div class=\"e-con-inner\">\n\t\t\t\t\t<\/div>\n\t\t\t\t<\/div>\n\t\t<div class=\"elementor-element elementor-element-a2a2902 e-flex e-con-boxed wpr-particle-no wpr-jarallax-no wpr-parallax-no wpr-sticky-section-no e-con e-parent\" data-id=\"a2a2902\" data-element_type=\"container\" data-e-type=\"container\">\n\t\t\t\t\t<div class=\"e-con-inner\">\n\t\t<div class=\"elementor-element elementor-element-1792407 e-con-full e-flex wpr-particle-no wpr-jarallax-no wpr-parallax-no wpr-sticky-section-no e-con e-child\" data-id=\"1792407\" data-element_type=\"container\" data-e-type=\"container\">\n\t\t\t\t<div class=\"elementor-element elementor-element-14def8c elementor-widget elementor-widget-heading\" data-id=\"14def8c\" data-element_type=\"widget\" data-e-type=\"widget\" data-widget_type=\"heading.default\">\n\t\t\t\t\t<h2 class=\"elementor-heading-title elementor-size-default\">Selected Degree Theses<\/h2>\t\t\t\t<\/div>\n\t\t\t\t<div class=\"elementor-element elementor-element-ac6bd2c wpr-grid-columns-1 wpr-grid-pagination-right wpr-item-styles-wrapper thesis wpr-grid-columns--laptop3 wpr-grid-columns--tablet_extra3 wpr-grid-columns--tablet2 wpr-grid-columns--mobile1 elementor-widget elementor-widget-wpr-grid\" data-id=\"ac6bd2c\" data-element_type=\"widget\" data-e-type=\"widget\" data-widget_type=\"wpr-grid.default\">\n\t\t\t\t\t<ul class=\"wpr-grid-filters elementor-clearfix wpr-grid-filters-sep-right\"><li class=\" wpr-pointer-none wpr-pointer-line-fx wpr-pointer-fx-fade\"><span  data-filter=\"*\" class=\"wpr-grid-filters-item wpr-active-filter \"><i class=\" wpr-grid-filters-icon-left\"><\/i>All Posts<\/span><em class=\"wpr-grid-filters-sep\"><\/em><\/li><li class=\" wpr-pointer-none wpr-pointer-line-fx wpr-pointer-fx-fade\"><span   data-ajax-filter=[\"category\",\"degree-thesis\"]  data-filter=\".category-degree-thesis\"><i class=\" wpr-grid-filters-icon-left\"><\/i>Degree Thesis<\/span><em class=\"wpr-grid-filters-sep\"><\/em><\/li><\/ul><section class=\"wpr-grid elementor-clearfix\" data-settings=\"{&quot;layout&quot;:&quot;list&quot;,&quot;stick_last_element_to_bottom&quot;:&quot;no&quot;,&quot;columns_desktop&quot;:&quot;1&quot;,&quot;gutter_hr&quot;:16,&quot;gutter_hr_mobile&quot;:16,&quot;gutter_hr_mobile_extra&quot;:16,&quot;gutter_hr_tablet&quot;:16,&quot;gutter_hr_tablet_extra&quot;:16,&quot;gutter_hr_laptop&quot;:16,&quot;gutter_hr_widescreen&quot;:16,&quot;gutter_vr&quot;:16,&quot;gutter_vr_mobile&quot;:16,&quot;gutter_vr_mobile_extra&quot;:16,&quot;gutter_vr_tablet&quot;:16,&quot;gutter_vr_tablet_extra&quot;:16,&quot;gutter_vr_laptop&quot;:16,&quot;gutter_vr_widescreen&quot;:16,&quot;animation&quot;:&quot;default&quot;,&quot;animation_duration&quot;:0.3,&quot;animation_delay&quot;:0.1,&quot;deeplinking&quot;:&quot;no&quot;,&quot;filters_linkable&quot;:&quot;no&quot;,&quot;filters_default_filter&quot;:&quot;&quot;,&quot;filters_count&quot;:&quot;no&quot;,&quot;filters_hide_empty&quot;:&quot;no&quot;,&quot;filters_animation&quot;:&quot;default&quot;,&quot;filters_animation_duration&quot;:0.3,&quot;filters_animation_delay&quot;:0.1,&quot;pagination_type&quot;:&quot;default&quot;,&quot;pagination_max_pages&quot;:1,&quot;media_align&quot;:&quot;left&quot;,&quot;media_width&quot;:15,&quot;media_distance&quot;:16,&quot;lightbox&quot;:{&quot;selector&quot;:&quot;.wpr-grid-image-wrap&quot;,&quot;iframeMaxWidth&quot;:&quot;60%&quot;,&quot;hash&quot;:false,&quot;autoplay&quot;:&quot;true&quot;,&quot;pause&quot;:5000,&quot;progressBar&quot;:&quot;true&quot;,&quot;counter&quot;:&quot;true&quot;,&quot;controls&quot;:&quot;true&quot;,&quot;getCaptionFromTitleOrAlt&quot;:&quot;true&quot;,&quot;thumbnail&quot;:&quot;true&quot;,&quot;showThumbByDefault&quot;:&quot;true&quot;,&quot;share&quot;:&quot;true&quot;,&quot;zoom&quot;:&quot;true&quot;,&quot;fullScreen&quot;:&quot;true&quot;,&quot;download&quot;:&quot;true&quot;}}\" data-advanced-filters=\"no\"><article class=\"wpr-grid-item elementor-clearfix post-3802 post type-post status-publish format-standard hentry category-degree-thesis\"><div class=\"wpr-grid-item-inner\"><div class=\"wpr-grid-item-above-content elementor-clearfix\"><h3 class=\"wpr-grid-item-title elementor-repeater-item-e92be8a wpr-grid-item-display-block wpr-grid-item-align-left wpr-pointer-none wpr-pointer-line-fx wpr-pointer-fx-slide\"><div class=\"inner-block\"><a target=\"_self\"  href=\"https:\/\/grupo.us.es\/tep206\/aplicabilidad-de-tecnicas-diagnosticas-no-destructivas-en-el-hormigon-armado-en-base-a-analisis-termograficos\/\">Aplicabilidad de t\u00e9cnicas diagn\u00f3sticas no destructivas en el hormig\u00f3n armado en base a an\u00e1lisis termogr\u00e1ficos.<\/a><\/div><\/h3><div class=\"wpr-grid-item-content elementor-repeater-item-680c8c8 wpr-grid-item-display-block wpr-grid-item-align-left\"><div class=\"inner-block\">\n<p><strong>Dos Santos Girona, Lourdes<\/strong><\/p>\n\n\n\n<p><strong>Supervisors:<\/strong> Rivera G\u00f3mez, Carlos Alberto<\/p>\n\n\n\n<p><strong>2022<\/strong><\/p>\n\n\n\n<div class=\"wp-block-buttons is-layout-flex wp-block-buttons-is-layout-flex\">\n<div class=\"wp-block-button\"><a class=\"wp-block-button__link has-white-color has-text-color has-background has-link-color wp-element-button\" href=\"https:\/\/idus.us.es\/items\/607b363d-3914-41f5-b6e5-35f882522ece\" style=\"border-radius:3px;background-color:#379a8d\" target=\"_blank\" rel=\"noreferrer noopener\">More info<\/a><\/div>\n<\/div>\n\n\n\n<p><\/p>\n<\/div><\/div><\/div><\/div><\/article><article class=\"wpr-grid-item elementor-clearfix post-3800 post type-post status-publish format-standard hentry category-degree-thesis\"><div class=\"wpr-grid-item-inner\"><div class=\"wpr-grid-item-above-content elementor-clearfix\"><h3 class=\"wpr-grid-item-title elementor-repeater-item-e92be8a wpr-grid-item-display-block wpr-grid-item-align-left wpr-pointer-none wpr-pointer-line-fx wpr-pointer-fx-slide\"><div class=\"inner-block\"><a target=\"_self\"  href=\"https:\/\/grupo.us.es\/tep206\/arquitectura-de-emergencia-en-espana-en-los-anos-60-primeros-pasos-de-la-prefabricacion-ligera-analisis-constructivo-de-las-u-v-a-s-de-cordoba\/\">Arquitectura de emergencia en Espa\u00f1a en los a\u00f1os 60: primeros pasos de la prefabricaci\u00f3n ligera: an\u00e1lisis constructivo de las U.V.A.S. de C\u00f3rdoba.<\/a><\/div><\/h3><div class=\"wpr-grid-item-content elementor-repeater-item-680c8c8 wpr-grid-item-display-block wpr-grid-item-align-left\"><div class=\"inner-block\">\n<p><strong>Guti\u00e9rrez Li\u00f1\u00e1n, Jos\u00e9 Manuel<\/strong><\/p>\n\n\n\n<p><strong>Supervisors:<\/strong> Roa Fern\u00e1ndez, Jorge<\/p>\n\n\n\n<p><strong>2022<\/strong><\/p>\n\n\n\n<div class=\"wp-block-buttons is-layout-flex wp-block-buttons-is-layout-flex\">\n<div class=\"wp-block-button\"><a class=\"wp-block-button__link has-white-color has-text-color has-background has-link-color wp-element-button\" href=\"https:\/\/idus.us.es\/items\/2bd476bf-d129-4035-b5f4-e82924a0ce2e\" style=\"border-radius:3px;background-color:#379a8d\" target=\"_blank\" rel=\"noreferrer noopener\">More info<\/a><\/div>\n<\/div>\n\n\n\n<p><\/p>\n<\/div><\/div><\/div><\/div><\/article><article class=\"wpr-grid-item elementor-clearfix post-3798 post type-post status-publish format-standard hentry category-degree-thesis\"><div class=\"wpr-grid-item-inner\"><div class=\"wpr-grid-item-above-content elementor-clearfix\"><h3 class=\"wpr-grid-item-title elementor-repeater-item-e92be8a wpr-grid-item-display-block wpr-grid-item-align-left wpr-pointer-none wpr-pointer-line-fx wpr-pointer-fx-slide\"><div class=\"inner-block\"><a target=\"_self\"  href=\"https:\/\/grupo.us.es\/tep206\/analisis-de-la-influencia-del-arbolado-publico-sobre-patrones-de-confort-termico-en-zonas-urbanas-de-la-ciudad-de-sevilla\/\">An\u00e1lisis de la influencia del arbolado p\u00fablico sobre patrones de confort t\u00e9rmico en zonas urbanas de la ciudad de Sevilla.<\/a><\/div><\/h3><div class=\"wpr-grid-item-content elementor-repeater-item-680c8c8 wpr-grid-item-display-block wpr-grid-item-align-left\"><div class=\"inner-block\">\n<p><strong>Guti\u00e9rrez Li\u00f1\u00e1n, Jos\u00e9 Manuel<\/strong><\/p>\n\n\n\n<p><strong>Supervisors:<\/strong> Rivera G\u00f3mez, Carlos Alberto<\/p>\n\n\n\n<p><strong>2021<\/strong><\/p>\n\n\n\n<div class=\"wp-block-buttons is-layout-flex wp-block-buttons-is-layout-flex\">\n<div class=\"wp-block-button\"><a class=\"wp-block-button__link has-white-color has-text-color has-background has-link-color wp-element-button\" href=\"https:\/\/idus.us.es\/items\/0a03ab7b-4d70-4c7e-a1ec-18b197afbab0\" style=\"border-radius:3px;background-color:#379a8d\" target=\"_blank\" rel=\"noreferrer noopener\">More info<\/a><\/div>\n<\/div>\n\n\n\n<p><\/p>\n<\/div><\/div><\/div><\/div><\/article><article class=\"wpr-grid-item elementor-clearfix post-3796 post type-post status-publish format-standard hentry category-degree-thesis\"><div class=\"wpr-grid-item-inner\"><div class=\"wpr-grid-item-above-content elementor-clearfix\"><h3 class=\"wpr-grid-item-title elementor-repeater-item-e92be8a wpr-grid-item-display-block wpr-grid-item-align-left wpr-pointer-none wpr-pointer-line-fx wpr-pointer-fx-slide\"><div class=\"inner-block\"><a target=\"_self\"  href=\"https:\/\/grupo.us.es\/tep206\/cuantificacion-de-la-isla-de-calor-urbano-de-sevilla-metodologia-de-recopilacion-y-analisis-de-datos-mediante-itinerarios-recorridos-a-pie\/\">Cuantificaci\u00f3n de la Isla de calor urbano de Sevilla: metodolog\u00eda de recopilaci\u00f3n y an\u00e1lisis de datos mediante itinerarios recorridos a pie.<\/a><\/div><\/h3><div class=\"wpr-grid-item-content elementor-repeater-item-680c8c8 wpr-grid-item-display-block wpr-grid-item-align-left\"><div class=\"inner-block\">\n<p><strong>Borrego Blanco, Mar\u00eda<\/strong><\/p>\n\n\n\n<p><strong>Supervisors:<\/strong> Rivera G\u00f3mez, Carlos Alberto<\/p>\n\n\n\n<p><strong>2021<\/strong><\/p>\n\n\n\n<div class=\"wp-block-buttons is-layout-flex wp-block-buttons-is-layout-flex\">\n<div class=\"wp-block-button\"><a class=\"wp-block-button__link has-white-color has-text-color has-background has-link-color wp-element-button\" href=\"https:\/\/idus.us.es\/items\/b83442f7-0cd1-4d9a-84da-0422f0865d0e\" style=\"border-radius:3px;background-color:#379a8d\" target=\"_blank\" rel=\"noreferrer noopener\">More info<\/a><\/div>\n<\/div>\n\n\n\n<p><\/p>\n<\/div><\/div><\/div><\/div><\/article><article class=\"wpr-grid-item elementor-clearfix post-3794 post type-post status-publish format-standard hentry category-degree-thesis\"><div class=\"wpr-grid-item-inner\"><div class=\"wpr-grid-item-above-content elementor-clearfix\"><h3 class=\"wpr-grid-item-title elementor-repeater-item-e92be8a wpr-grid-item-display-block wpr-grid-item-align-left wpr-pointer-none wpr-pointer-line-fx wpr-pointer-fx-slide\"><div class=\"inner-block\"><a target=\"_self\"  href=\"https:\/\/grupo.us.es\/tep206\/dibujando-el-skyline-termico-de-la-ciudad-metodologia-de-aproximacion-en-base-al-carril-bici\/\">Dibujando el skyline t\u00e9rmico de la ciudad: metodolog\u00eda de aproximaci\u00f3n en base al carril bici.<\/a><\/div><\/h3><div class=\"wpr-grid-item-content elementor-repeater-item-680c8c8 wpr-grid-item-display-block wpr-grid-item-align-left\"><div class=\"inner-block\">\n<p><strong>Mart\u00ednez Maqueda, Natalia<\/strong><\/p>\n\n\n\n<p><strong>Supervisors:<\/strong> Rivera G\u00f3mez, Carlos Alberto<\/p>\n\n\n\n<p><strong>2021<\/strong><\/p>\n\n\n\n<div class=\"wp-block-buttons is-layout-flex wp-block-buttons-is-layout-flex\">\n<div class=\"wp-block-button\"><a class=\"wp-block-button__link has-white-color has-text-color has-background has-link-color wp-element-button\" href=\"https:\/\/idus.us.es\/items\/3a16d94c-2ea1-4d6e-b9d3-60b8a55ac1e2\" style=\"border-radius:3px;background-color:#379a8d\" target=\"_blank\" rel=\"noreferrer noopener\">More info<\/a><\/div>\n<\/div>\n\n\n\n<p><\/p>\n<\/div><\/div><\/div><\/div><\/article><article class=\"wpr-grid-item elementor-clearfix post-3791 post type-post status-publish format-standard hentry category-degree-thesis\"><div class=\"wpr-grid-item-inner\"><div class=\"wpr-grid-item-above-content elementor-clearfix\"><h3 class=\"wpr-grid-item-title elementor-repeater-item-e92be8a wpr-grid-item-display-block wpr-grid-item-align-left wpr-pointer-none wpr-pointer-line-fx wpr-pointer-fx-slide\"><div class=\"inner-block\"><a target=\"_self\"  href=\"https:\/\/grupo.us.es\/tep206\/estudio-del-comportamiento-termico-del-patio-bajo-condiciones-variables-y-permanentes-de-sombra\/\">Estudio del comportamiento t\u00e9rmico del patio bajo condiciones variables y permanentes de sombra.<\/a><\/div><\/h3><div class=\"wpr-grid-item-content elementor-repeater-item-680c8c8 wpr-grid-item-display-block wpr-grid-item-align-left\"><div class=\"inner-block\">\n<p><strong>Cabello S\u00e1nchez, David Manuel<\/strong><\/p>\n\n\n\n<p><strong>Supervisors:<\/strong> Rivera G\u00f3mez, Carlos Alberto<\/p>\n\n\n\n<p><strong>2021<\/strong><\/p>\n\n\n\n<div class=\"wp-block-buttons is-layout-flex wp-block-buttons-is-layout-flex\">\n<div class=\"wp-block-button\"><a class=\"wp-block-button__link has-white-color has-text-color has-background has-link-color wp-element-button\" href=\"https:\/\/idus.us.es\/items\/7e43d760-1f75-4782-9266-c4a9e4f5c844\" style=\"border-radius:3px;background-color:#379a8d\" target=\"_blank\" rel=\"noreferrer noopener\">More info<\/a><\/div>\n<\/div>\n\n\n\n<p><\/p>\n<\/div><\/div><\/div><\/div><\/article><article class=\"wpr-grid-item elementor-clearfix post-2676 post type-post status-publish format-standard hentry category-degree-thesis\"><div class=\"wpr-grid-item-inner\"><div class=\"wpr-grid-item-above-content elementor-clearfix\"><h3 class=\"wpr-grid-item-title elementor-repeater-item-e92be8a wpr-grid-item-display-block wpr-grid-item-align-left wpr-pointer-none wpr-pointer-line-fx wpr-pointer-fx-slide\"><div class=\"inner-block\"><a target=\"_self\"  href=\"https:\/\/grupo.us.es\/tep206\/analisis-de-la-durabilidad-del-hormigon-visto-ejemplos-de-movimiento-moderno\/\">An\u00e1lisis de la durabilidad del hormig\u00f3n visto: ejemplos de movimiento moderno.<\/a><\/div><\/h3><div class=\"wpr-grid-item-content elementor-repeater-item-680c8c8 wpr-grid-item-display-block wpr-grid-item-align-left\"><div class=\"inner-block\">\n<p><strong>Bermudo Gonz\u00e1lez, Josua<\/strong><\/p>\n\n\n\n<p><strong>Supervisors:<\/strong> Rivera G\u00f3mez, Carlos Alberto<\/p>\n\n\n\n<p><strong>2020<\/strong><\/p>\n\n\n\n<div class=\"wp-block-buttons is-layout-flex wp-block-buttons-is-layout-flex\">\n<div class=\"wp-block-button\"><a class=\"wp-block-button__link has-white-color has-text-color has-background has-link-color wp-element-button\" href=\"https:\/\/idus.us.es\/items\/aedb1ef1-8d37-4921-8be4-40584c5dc897\" style=\"border-radius:3px;background-color:#379a8d\" target=\"_blank\" rel=\"noreferrer noopener\">More info<\/a><\/div>\n<\/div>\n\n\n\n<p><\/p>\n<\/div><\/div><\/div><\/div><\/article><article class=\"wpr-grid-item elementor-clearfix post-3789 post type-post status-publish format-standard hentry category-degree-thesis\"><div class=\"wpr-grid-item-inner\"><div class=\"wpr-grid-item-above-content elementor-clearfix\"><h3 class=\"wpr-grid-item-title elementor-repeater-item-e92be8a wpr-grid-item-display-block wpr-grid-item-align-left wpr-pointer-none wpr-pointer-line-fx wpr-pointer-fx-slide\"><div class=\"inner-block\"><a target=\"_self\"  href=\"https:\/\/grupo.us.es\/tep206\/influencia-de-las-caracteristicas-morfologicas-del-patio-en-las-condiciones-termicas-y-de-confort-de-la-vivienda-relectura-del-patio-en-el-edificio-de-vivienda-colectiva-a-partir-de-las-condiciones-de\/\">Influencia de las caracter\u00edsticas morfol\u00f3gicas del patio en las condiciones t\u00e9rmicas y de confort de la vivienda relectura del patio en el edificio de vivienda colectiva a partir de las condiciones de dise\u00f1o de la tipolog\u00eda de casa patio.<\/a><\/div><\/h3><div class=\"wpr-grid-item-content elementor-repeater-item-680c8c8 wpr-grid-item-display-block wpr-grid-item-align-left\"><div class=\"inner-block\">\n<p><strong>Retamosa Montes, Juan<\/strong><\/p>\n\n\n\n<p><strong>Supervisors:<\/strong> Rivera G\u00f3mez, Carlos Alberto<\/p>\n\n\n\n<p><strong>2020<\/strong><\/p>\n\n\n\n<div class=\"wp-block-buttons is-layout-flex wp-block-buttons-is-layout-flex\">\n<div class=\"wp-block-button\"><a class=\"wp-block-button__link has-white-color has-text-color has-background has-link-color wp-element-button\" href=\"https:\/\/idus.us.es\/items\/b11e2894-5db5-4be6-ab4d-1d5e46d8f365\" style=\"border-radius:3px;background-color:#379a8d\" target=\"_blank\" rel=\"noreferrer noopener\">More info<\/a><\/div>\n<\/div>\n\n\n\n<p><\/p>\n<\/div><\/div><\/div><\/div><\/article><article class=\"wpr-grid-item elementor-clearfix post-3787 post type-post status-publish format-standard hentry category-degree-thesis\"><div class=\"wpr-grid-item-inner\"><div class=\"wpr-grid-item-above-content elementor-clearfix\"><h3 class=\"wpr-grid-item-title elementor-repeater-item-e92be8a wpr-grid-item-display-block wpr-grid-item-align-left wpr-pointer-none wpr-pointer-line-fx wpr-pointer-fx-slide\"><div class=\"inner-block\"><a target=\"_self\"  href=\"https:\/\/grupo.us.es\/tep206\/investigacion-sobre-los-procesos-de-estabilizacion-de-suelos-para-fines-constructivos-con-fibras-naturales-y-sinteticas\/\">Investigaci\u00f3n sobre los procesos de estabilizaci\u00f3n de suelos para fines constructivos con fibras naturales y sint\u00e9ticas.<\/a><\/div><\/h3><div class=\"wpr-grid-item-content elementor-repeater-item-680c8c8 wpr-grid-item-display-block wpr-grid-item-align-left\"><div class=\"inner-block\">\n<p><strong>Molina Gil, Francisco Jos\u00e9<\/strong><\/p>\n\n\n\n<p><strong>Supervisors:<\/strong> Rivera G\u00f3mez, Carlos Alberto<\/p>\n\n\n\n<p><strong>2020<\/strong><\/p>\n\n\n\n<div class=\"wp-block-buttons is-layout-flex wp-block-buttons-is-layout-flex\">\n<div class=\"wp-block-button\"><a class=\"wp-block-button__link has-white-color has-text-color has-background has-link-color wp-element-button\" href=\"https:\/\/idus.us.es\/items\/2a997e56-e672-49e4-ad6e-2b5eaf8c9286\" style=\"border-radius:3px;background-color:#379a8d\" target=\"_blank\" rel=\"noreferrer noopener\">More info<\/a><\/div>\n<\/div>\n\n\n\n<p><\/p>\n<\/div><\/div><\/div><\/div><\/article><article class=\"wpr-grid-item elementor-clearfix post-3785 post type-post status-publish format-standard hentry category-degree-thesis\"><div class=\"wpr-grid-item-inner\"><div class=\"wpr-grid-item-above-content elementor-clearfix\"><h3 class=\"wpr-grid-item-title elementor-repeater-item-e92be8a wpr-grid-item-display-block wpr-grid-item-align-left wpr-pointer-none wpr-pointer-line-fx wpr-pointer-fx-slide\"><div class=\"inner-block\"><a target=\"_self\"  href=\"https:\/\/grupo.us.es\/tep206\/arquitectura-con-tierra-cruda-en-el-siglo-xxi-btce-bloques-de-tierra-comprimida-estabilizados-con-alginato-estudio-de-la-incidencia-del-uso-de-hidrofugantes-en-su-comportamiento-mecanico\/\">Arquitectura con tierra cruda en el siglo XXI. BTCE: bloques de tierra comprimida estabilizados con alginato. Estudio de la incidencia del uso de hidrofugantes en su comportamiento mec\u00e1nico.<\/a><\/div><\/h3><div class=\"wpr-grid-item-content elementor-repeater-item-680c8c8 wpr-grid-item-display-block wpr-grid-item-align-left\"><div class=\"inner-block\">\n<p><strong>B\u00e9jar C\u00e1neda, Jes\u00fas<\/strong><\/p>\n\n\n\n<p><strong>Supervisors:<\/strong> Rivera G\u00f3mez, Carlos Alberto<\/p>\n\n\n\n<p><strong>2019<\/strong><\/p>\n\n\n\n<div class=\"wp-block-buttons is-layout-flex wp-block-buttons-is-layout-flex\">\n<div class=\"wp-block-button\"><a class=\"wp-block-button__link has-white-color has-text-color has-background has-link-color wp-element-button\" href=\"https:\/\/idus.us.es\/items\/2c264a4e-0f2f-452f-9553-a915bb5afba6\" style=\"border-radius:3px;background-color:#379a8d\" target=\"_blank\" rel=\"noreferrer noopener\">More info<\/a><\/div>\n<\/div>\n\n\n\n<p><\/p>\n<\/div><\/div><\/div><\/div><\/article><article class=\"wpr-grid-item elementor-clearfix post-3783 post type-post status-publish format-standard hentry category-degree-thesis\"><div class=\"wpr-grid-item-inner\"><div class=\"wpr-grid-item-above-content elementor-clearfix\"><h3 class=\"wpr-grid-item-title elementor-repeater-item-e92be8a wpr-grid-item-display-block wpr-grid-item-align-left wpr-pointer-none wpr-pointer-line-fx wpr-pointer-fx-slide\"><div class=\"inner-block\"><a target=\"_self\"  href=\"https:\/\/grupo.us.es\/tep206\/comportamiento-termodinamico-del-patio-su-contribucion-al-diseno-eficiente\/\">Comportamiento termodin\u00e1mico del patio, su contribuci\u00f3n al dise\u00f1o eficiente.<\/a><\/div><\/h3><div class=\"wpr-grid-item-content elementor-repeater-item-680c8c8 wpr-grid-item-display-block wpr-grid-item-align-left\"><div class=\"inner-block\">\n<p><strong>Borrego Baena, Juan Manuel<\/strong><\/p>\n\n\n\n<p><strong>Supervisors:<\/strong> Gal\u00e1n-Mar\u00edn, Carmen<\/p>\n\n\n\n<p><strong>2017<\/strong><\/p>\n\n\n\n<div class=\"wp-block-buttons is-layout-flex wp-block-buttons-is-layout-flex\">\n<div class=\"wp-block-button\"><a class=\"wp-block-button__link has-white-color has-text-color has-background has-link-color wp-element-button\" href=\"https:\/\/idus.us.es\/items\/cb8fd749-6436-42ce-ba83-c27396a5445b\" style=\"border-radius:3px;background-color:#379a8d\" target=\"_blank\" rel=\"noreferrer noopener\">More info<\/a><\/div>\n<\/div>\n\n\n\n<p><\/p>\n<\/div><\/div><\/div><\/div><\/article><article class=\"wpr-grid-item elementor-clearfix post-3781 post type-post status-publish format-standard hentry category-degree-thesis\"><div class=\"wpr-grid-item-inner\"><div class=\"wpr-grid-item-above-content elementor-clearfix\"><h3 class=\"wpr-grid-item-title elementor-repeater-item-e92be8a wpr-grid-item-display-block wpr-grid-item-align-left wpr-pointer-none wpr-pointer-line-fx wpr-pointer-fx-slide\"><div class=\"inner-block\"><a target=\"_self\"  href=\"https:\/\/grupo.us.es\/tep206\/evolucion-del-comportamiento-mecanico-de-bloques-y-baldosas-de-tierra-comprimida-estabilizada-sometidas-a-heladicidad\/\">Evoluci\u00f3n del comportamiento mec\u00e1nico de bloques y baldosas de tierra comprimida estabilizada sometidas a heladicidad.<\/a><\/div><\/h3><div class=\"wpr-grid-item-content elementor-repeater-item-680c8c8 wpr-grid-item-display-block wpr-grid-item-align-left\"><div class=\"inner-block\">\n<p><strong>Mac\u00edas Espada, Alba<\/strong><\/p>\n\n\n\n<p><strong>Supervisors:<\/strong> Gal\u00e1n-Mar\u00edn, Carmen<\/p>\n\n\n\n<p><strong>2017<\/strong><\/p>\n\n\n\n<div class=\"wp-block-buttons is-layout-flex wp-block-buttons-is-layout-flex\">\n<div class=\"wp-block-button\"><a class=\"wp-block-button__link has-white-color has-text-color has-background has-link-color wp-element-button\" href=\"https:\/\/idus.us.es\/items\/616635ce-3fa3-42a9-af7c-7504198a9812\" style=\"border-radius:3px;background-color:#379a8d\" target=\"_blank\" rel=\"noreferrer noopener\">More info<\/a><\/div>\n<\/div>\n\n\n\n<p><\/p>\n<\/div><\/div><\/div><\/div><\/article><article class=\"wpr-grid-item elementor-clearfix post-3779 post type-post status-publish format-standard hentry category-degree-thesis\"><div class=\"wpr-grid-item-inner\"><div class=\"wpr-grid-item-above-content elementor-clearfix\"><h3 class=\"wpr-grid-item-title elementor-repeater-item-e92be8a wpr-grid-item-display-block wpr-grid-item-align-left wpr-pointer-none wpr-pointer-line-fx wpr-pointer-fx-slide\"><div class=\"inner-block\"><a target=\"_self\"  href=\"https:\/\/grupo.us.es\/tep206\/influencia-del-tipo-de-suelo-en-el-comportamiento-frente-al-agua-de-bloques-btce-para-su-utilizacion-como-material-de-construccion\/\">Influencia del tipo de suelo en el comportamiento frente al agua de bloques BTCE para su utilizaci\u00f3n como material de construcci\u00f3n.<\/a><\/div><\/h3><div class=\"wpr-grid-item-content elementor-repeater-item-680c8c8 wpr-grid-item-display-block wpr-grid-item-align-left\"><div class=\"inner-block\">\n<p><strong>S\u00e1nchez Trejo, Miriam<\/strong><\/p>\n\n\n\n<p><strong>Supervisors:<\/strong> Gal\u00e1n-Mar\u00edn, Carmen<\/p>\n\n\n\n<p><strong>2017<\/strong><\/p>\n\n\n\n<div class=\"wp-block-buttons is-layout-flex wp-block-buttons-is-layout-flex\">\n<div class=\"wp-block-button\"><a class=\"wp-block-button__link has-white-color has-text-color has-background has-link-color wp-element-button\" href=\"https:\/\/idus.us.es\/items\/8846e6b5-816f-4f61-99ad-e35ada876af5\" style=\"border-radius:3px;background-color:#379a8d\" target=\"_blank\" rel=\"noreferrer noopener\">More info<\/a><\/div>\n<\/div>\n\n\n\n<p><\/p>\n<\/div><\/div><\/div><\/div><\/article><\/section>\t\t\t\t<\/div>\n\t\t\t\t<\/div>\n\t\t\t\t\t<\/div>\n\t\t\t\t<\/div>\n\t\t\t\t<\/div>\n\t\t","protected":false},"excerpt":{"rendered":"<p>Selected Degree Theses All Posts Degree Thesis Aplicabilidad de t\u00e9cnicas diagn\u00f3sticas no destructivas en el hormig\u00f3n armado en base a an\u00e1lisis termogr\u00e1ficos. Dos Santos Girona, Lourdes Supervisors: Rivera G\u00f3mez, Carlos Alberto 2022 Arquitectura de emergencia en Espa\u00f1a en los a\u00f1os 60: primeros pasos de la prefabricaci\u00f3n ligera: an\u00e1lisis constructivo de las U.V.A.S. de C\u00f3rdoba. Guti\u00e9rrez Li\u00f1\u00e1n, Jos\u00e9 Manuel Supervisors: Roa Fern\u00e1ndez, Jorge 2022 An\u00e1lisis de la influencia del arbolado p\u00fablico sobre patrones de confort t\u00e9rmico en zonas urbanas de la ciudad de Sevilla. Guti\u00e9rrez Li\u00f1\u00e1n, Jos\u00e9 Manuel Supervisors: Rivera G\u00f3mez, Carlos Alberto 2021 Cuantificaci\u00f3n de la Isla de calor urbano de Sevilla: metodolog\u00eda de recopilaci\u00f3n y an\u00e1lisis de datos mediante itinerarios recorridos a pie. Borrego Blanco, Mar\u00eda Supervisors: Rivera G\u00f3mez, Carlos Alberto 2021 Dibujando el skyline t\u00e9rmico de la ciudad: metodolog\u00eda de aproximaci\u00f3n en base al carril bici. Mart\u00ednez Maqueda, Natalia Supervisors: Rivera G\u00f3mez, Carlos Alberto 2021 Estudio del comportamiento t\u00e9rmico del patio bajo condiciones variables y permanentes de sombra. Cabello S\u00e1nchez, David Manuel Supervisors: Rivera G\u00f3mez, Carlos Alberto 2021 An\u00e1lisis de la durabilidad del hormig\u00f3n visto: ejemplos de movimiento moderno. Bermudo Gonz\u00e1lez, Josua Supervisors: Rivera G\u00f3mez, Carlos Alberto 2020 Influencia de las caracter\u00edsticas morfol\u00f3gicas del patio en las condiciones t\u00e9rmicas y de confort de la vivienda relectura del patio en el edificio de vivienda colectiva a partir de las condiciones de dise\u00f1o de la tipolog\u00eda de casa patio. Retamosa Montes, Juan Supervisors: Rivera G\u00f3mez, Carlos Alberto 2020 Investigaci\u00f3n sobre los procesos de estabilizaci\u00f3n de suelos para fines constructivos con fibras naturales y sint\u00e9ticas. Molina Gil, Francisco Jos\u00e9 Supervisors: Rivera G\u00f3mez, Carlos Alberto 2020 Arquitectura con tierra cruda en el siglo XXI. BTCE: bloques de tierra comprimida estabilizados con alginato. Estudio de la incidencia del uso de hidrofugantes en su comportamiento mec\u00e1nico. B\u00e9jar C\u00e1neda, Jes\u00fas Supervisors: Rivera G\u00f3mez, Carlos Alberto 2019 Comportamiento termodin\u00e1mico del patio, su contribuci\u00f3n al dise\u00f1o eficiente. Borrego Baena, Juan Manuel Supervisors: Gal\u00e1n-Mar\u00edn, Carmen 2017 Evoluci\u00f3n del comportamiento mec\u00e1nico de bloques y baldosas de tierra comprimida estabilizada sometidas a heladicidad. Mac\u00edas Espada, Alba Supervisors: Gal\u00e1n-Mar\u00edn, Carmen 2017 Influencia del tipo de suelo en el comportamiento frente al agua de bloques BTCE para su utilizaci\u00f3n como material de construcci\u00f3n. S\u00e1nchez Trejo, Miriam Supervisors: Gal\u00e1n-Mar\u00edn, Carmen 2017<\/p>\n","protected":false},"author":3,"featured_media":0,"parent":0,"menu_order":0,"comment_status":"closed","ping_status":"closed","template":"elementor_header_footer","meta":{"footnotes":""},"class_list":["post-948","page","type-page","status-publish","hentry"],"acf":[],"_links":{"self":[{"href":"https:\/\/grupo.us.es\/tep206\/wp-json\/wp\/v2\/pages\/948","targetHints":{"allow":["GET"]}}],"collection":[{"href":"https:\/\/grupo.us.es\/tep206\/wp-json\/wp\/v2\/pages"}],"about":[{"href":"https:\/\/grupo.us.es\/tep206\/wp-json\/wp\/v2\/types\/page"}],"author":[{"embeddable":true,"href":"https:\/\/grupo.us.es\/tep206\/wp-json\/wp\/v2\/users\/3"}],"replies":[{"embeddable":true,"href":"https:\/\/grupo.us.es\/tep206\/wp-json\/wp\/v2\/comments?post=948"}],"version-history":[{"count":28,"href":"https:\/\/grupo.us.es\/tep206\/wp-json\/wp\/v2\/pages\/948\/revisions"}],"predecessor-version":[{"id":3818,"href":"https:\/\/grupo.us.es\/tep206\/wp-json\/wp\/v2\/pages\/948\/revisions\/3818"}],"wp:attachment":[{"href":"https:\/\/grupo.us.es\/tep206\/wp-json\/wp\/v2\/media?parent=948"}],"curies":[{"name":"wp","href":"https:\/\/api.w.org\/{rel}","templated":true}]}}