{"id":944,"date":"2025-10-23T13:38:15","date_gmt":"2025-10-23T11:38:15","guid":{"rendered":"https:\/\/grupo.us.es\/newtep206\/?page_id=944"},"modified":"2026-01-12T16:53:09","modified_gmt":"2026-01-12T15:53:09","slug":"phd-thesis","status":"publish","type":"page","link":"https:\/\/grupo.us.es\/tep206\/phd-thesis\/","title":{"rendered":"Phd Thesis"},"content":{"rendered":"\t\t<div data-elementor-type=\"wp-page\" data-elementor-id=\"944\" class=\"elementor elementor-944\">\n\t\t\t\t<div class=\"elementor-element elementor-element-7b91981 e-flex e-con-boxed wpr-particle-no wpr-jarallax-no wpr-parallax-no wpr-sticky-section-no e-con e-parent\" data-id=\"7b91981\" data-element_type=\"container\" data-e-type=\"container\">\n\t\t\t\t\t<div class=\"e-con-inner\">\n\t\t<div class=\"elementor-element elementor-element-7b9ee87 e-con-full e-flex wpr-particle-no wpr-jarallax-no wpr-parallax-no wpr-sticky-section-no e-con e-child\" data-id=\"7b9ee87\" data-element_type=\"container\" data-e-type=\"container\">\n\t\t\t\t<div class=\"elementor-element elementor-element-88aabb4 elementor-widget elementor-widget-heading\" data-id=\"88aabb4\" data-element_type=\"widget\" data-e-type=\"widget\" data-widget_type=\"heading.default\">\n\t\t\t\t\t<h2 class=\"elementor-heading-title elementor-size-default\">Theses in progress<\/h2>\t\t\t\t<\/div>\n\t\t\t\t<div class=\"elementor-element elementor-element-62a759e wpr-grid-columns-1 wpr-grid-pagination-right wpr-item-styles-wrapper thesis wpr-grid-columns--laptop3 wpr-grid-columns--tablet_extra3 wpr-grid-columns--tablet2 wpr-grid-columns--mobile1 elementor-widget elementor-widget-wpr-grid\" data-id=\"62a759e\" data-element_type=\"widget\" data-e-type=\"widget\" data-widget_type=\"wpr-grid.default\">\n\t\t\t\t\t<ul class=\"wpr-grid-filters elementor-clearfix wpr-grid-filters-sep-right\"><li class=\" wpr-pointer-none wpr-pointer-line-fx wpr-pointer-fx-fade\"><span  data-filter=\"*\" class=\"wpr-grid-filters-item wpr-active-filter \"><i class=\" wpr-grid-filters-icon-left\"><\/i>All Posts<\/span><em class=\"wpr-grid-filters-sep\"><\/em><\/li><li class=\" wpr-pointer-none wpr-pointer-line-fx wpr-pointer-fx-fade\"><span   data-ajax-filter=[\"category\",\"phd-in-progress\"]  data-filter=\".category-phd-in-progress\"><i class=\" wpr-grid-filters-icon-left\"><\/i>PhD Thesis - In progress<\/span><em class=\"wpr-grid-filters-sep\"><\/em><\/li><\/ul><section class=\"wpr-grid elementor-clearfix\" data-settings=\"{&quot;layout&quot;:&quot;list&quot;,&quot;stick_last_element_to_bottom&quot;:&quot;no&quot;,&quot;columns_desktop&quot;:&quot;1&quot;,&quot;gutter_hr&quot;:16,&quot;gutter_hr_mobile&quot;:16,&quot;gutter_hr_mobile_extra&quot;:16,&quot;gutter_hr_tablet&quot;:16,&quot;gutter_hr_tablet_extra&quot;:16,&quot;gutter_hr_laptop&quot;:16,&quot;gutter_hr_widescreen&quot;:16,&quot;gutter_vr&quot;:16,&quot;gutter_vr_mobile&quot;:16,&quot;gutter_vr_mobile_extra&quot;:16,&quot;gutter_vr_tablet&quot;:16,&quot;gutter_vr_tablet_extra&quot;:16,&quot;gutter_vr_laptop&quot;:16,&quot;gutter_vr_widescreen&quot;:16,&quot;animation&quot;:&quot;default&quot;,&quot;animation_duration&quot;:0.3,&quot;animation_delay&quot;:0.1,&quot;deeplinking&quot;:&quot;no&quot;,&quot;filters_linkable&quot;:&quot;no&quot;,&quot;filters_default_filter&quot;:&quot;&quot;,&quot;filters_count&quot;:&quot;no&quot;,&quot;filters_hide_empty&quot;:&quot;no&quot;,&quot;filters_animation&quot;:&quot;default&quot;,&quot;filters_animation_duration&quot;:0.3,&quot;filters_animation_delay&quot;:0.1,&quot;pagination_type&quot;:&quot;default&quot;,&quot;pagination_max_pages&quot;:1,&quot;media_align&quot;:&quot;left&quot;,&quot;media_width&quot;:15,&quot;media_distance&quot;:16,&quot;lightbox&quot;:{&quot;selector&quot;:&quot;.wpr-grid-image-wrap&quot;,&quot;iframeMaxWidth&quot;:&quot;60%&quot;,&quot;hash&quot;:false,&quot;autoplay&quot;:&quot;true&quot;,&quot;pause&quot;:5000,&quot;progressBar&quot;:&quot;true&quot;,&quot;counter&quot;:&quot;true&quot;,&quot;controls&quot;:&quot;true&quot;,&quot;getCaptionFromTitleOrAlt&quot;:&quot;true&quot;,&quot;thumbnail&quot;:&quot;true&quot;,&quot;showThumbByDefault&quot;:&quot;true&quot;,&quot;share&quot;:&quot;true&quot;,&quot;zoom&quot;:&quot;true&quot;,&quot;fullScreen&quot;:&quot;true&quot;,&quot;download&quot;:&quot;true&quot;}}\" data-advanced-filters=\"no\"><article class=\"wpr-grid-item elementor-clearfix post-3704 post type-post status-publish format-standard hentry category-phd-in-progress\"><div class=\"wpr-grid-item-inner\"><div class=\"wpr-grid-item-above-content elementor-clearfix\"><h3 class=\"wpr-grid-item-title elementor-repeater-item-e92be8a wpr-grid-item-display-block wpr-grid-item-align-left wpr-pointer-none wpr-pointer-line-fx wpr-pointer-fx-slide\"><div class=\"inner-block\"><a target=\"_self\"  href=\"https:\/\/grupo.us.es\/tep206\/urban-heat-island-mitigation-in-high-density-residential-areas-in-seville-city-centre\/\">Urban Heat Island mitigation in high-density residential areas in Seville city centre<\/a><\/div><\/h3><div class=\"wpr-grid-item-content elementor-repeater-item-446b259 wpr-grid-item-display-block wpr-grid-item-align-left\"><div class=\"inner-block\">\n<p><strong>Pegah Rezaie<\/strong><\/p>\n\n\n\n<p><strong>Supervisors:<\/strong> Carmen Gal\u00e1n Mar\u00edn, Victoria L\u00f3pez Cabeza<\/p>\n\n\n\n<p><strong>Expected presentation date:<\/strong> July 2026<br><\/p>\n\n\n\n<p><\/p>\n<\/div><\/div><\/div><\/div><\/article><article class=\"wpr-grid-item elementor-clearfix post-3706 post type-post status-publish format-standard hentry category-phd-in-progress\"><div class=\"wpr-grid-item-inner\"><div class=\"wpr-grid-item-above-content elementor-clearfix\"><h3 class=\"wpr-grid-item-title elementor-repeater-item-e92be8a wpr-grid-item-display-block wpr-grid-item-align-left wpr-pointer-none wpr-pointer-line-fx wpr-pointer-fx-slide\"><div class=\"inner-block\"><a target=\"_self\"  href=\"https:\/\/grupo.us.es\/tep206\/optimisation-of-energy-efficiency-and-thermal-comfort-in-homes-through-the-intervention-of-urban-space-methodology-of-application-to-the-built-residential-stock-influenced-by-the-modern-movement\/\">Optimisation of energy efficiency and thermal comfort in homes through the intervention of urban space. Methodology of application to the built residential stock influenced by the Modern Movement.\u00a0<\/a><\/div><\/h3><div class=\"wpr-grid-item-content elementor-repeater-item-446b259 wpr-grid-item-display-block wpr-grid-item-align-left\"><div class=\"inner-block\">\n<p><strong>Javier De Sola Caraballo<\/strong> (FPU21\/02458)<\/p>\n\n\n\n<p><strong>Supervisors:<\/strong> Carmen Gal\u00e1n Mar\u00edn, Carlos Rivera G\u00f3mez<\/p>\n\n\n\n<p><strong>Expected presentation date:<\/strong> December 10th 2026<br><\/p>\n\n\n\n<p><\/p>\n<\/div><\/div><\/div><\/div><\/article><article class=\"wpr-grid-item elementor-clearfix post-3702 post type-post status-publish format-standard hentry category-phd-in-progress\"><div class=\"wpr-grid-item-inner\"><div class=\"wpr-grid-item-above-content elementor-clearfix\"><h3 class=\"wpr-grid-item-title elementor-repeater-item-e92be8a wpr-grid-item-display-block wpr-grid-item-align-left wpr-pointer-none wpr-pointer-line-fx wpr-pointer-fx-slide\"><div class=\"inner-block\"><a target=\"_self\"  href=\"https:\/\/grupo.us.es\/tep206\/rom-nn-hybrid-modelling-of-thermal-comfort-application-to-the-outdoor-urban-environment\/\">ROM-NN hybrid modelling of thermal comfort. Application to the outdoor urban environment.\u00a0<\/a><\/div><\/h3><div class=\"wpr-grid-item-content elementor-repeater-item-446b259 wpr-grid-item-display-block wpr-grid-item-align-left\"><div class=\"inner-block\">\n<p><strong>Jos\u00e9 Antonio Rodr\u00edguez Gallego<\/strong><\/p>\n\n\n\n<p><strong>Supervisors:<\/strong> Tom\u00e1s Chac\u00f3n Rebollo, Carmen Gal\u00e1n Mar\u00edn, Antonio Falc\u00f3 Montesinos<\/p>\n\n\n\n<p><strong>Expected presentation date:<\/strong> December 2026<br><\/p>\n<\/div><\/div><\/div><\/div><\/article><article class=\"wpr-grid-item elementor-clearfix post-1834 post type-post status-publish format-standard hentry category-phd-in-progress\"><div class=\"wpr-grid-item-inner\"><div class=\"wpr-grid-item-above-content elementor-clearfix\"><h3 class=\"wpr-grid-item-title elementor-repeater-item-e92be8a wpr-grid-item-display-block wpr-grid-item-align-left wpr-pointer-none wpr-pointer-line-fx wpr-pointer-fx-slide\"><div class=\"inner-block\"><a target=\"_self\"  href=\"https:\/\/grupo.us.es\/tep206\/microclimate-sensitive-design-in-bim-projects-methodological-integration-for-theevaluation-of-thermal-comfort-in-adaptation-strategies-of-the-built-residentialstock\/\">Microclimate-sensitive design in BIM projects. Methodological integration for theevaluation of thermal comfort in adaptation strategies of the built residential stock.<\/a><\/div><\/h3><div class=\"wpr-grid-item-content elementor-repeater-item-446b259 wpr-grid-item-display-block wpr-grid-item-align-left\"><div class=\"inner-block\">\n<p><strong>Lucia Campos Rosa<\/strong> (FPI PRE2022-101528)<\/p>\n\n\n\n<p><strong>Supervisors:<\/strong> Carmen Gal\u00e1n Mar\u00edn, Carlos Rivera G\u00f3mez, Jes\u00fas Lizana Moral<\/p>\n\n\n\n<p><strong>Expected presentation date:<\/strong> November 2027<br><\/p>\n\n\n\n<p><\/p>\n<\/div><\/div><\/div><\/div><\/article><article class=\"wpr-grid-item elementor-clearfix post-3699 post type-post status-publish format-standard hentry category-phd-in-progress\"><div class=\"wpr-grid-item-inner\"><div class=\"wpr-grid-item-above-content elementor-clearfix\"><h3 class=\"wpr-grid-item-title elementor-repeater-item-e92be8a wpr-grid-item-display-block wpr-grid-item-align-left wpr-pointer-none wpr-pointer-line-fx wpr-pointer-fx-slide\"><div class=\"inner-block\"><a target=\"_self\"  href=\"https:\/\/grupo.us.es\/tep206\/sustainable-and-resilient-built-environments-within-the-framework-of-the-circular-economy-in-cuba\/\">Sustainable and resilient built environments within the framework of the circular economy in Cuba.<\/a><\/div><\/h3><div class=\"wpr-grid-item-content elementor-repeater-item-446b259 wpr-grid-item-display-block wpr-grid-item-align-left\"><div class=\"inner-block\">\n<p><strong>Dariel L\u00f3pez L\u00f3pez<\/strong> <\/p>\n\n\n\n<p><strong>Supervisors:<\/strong> \u00c1ngela Barrios Padura, Carmen D\u00edaz L\u00f3pez<\/p>\n\n\n\n<p><strong>Expected presentation date:<\/strong> November 2027<br><\/p>\n<\/div><\/div><\/div><\/div><\/article><\/section>\t\t\t\t<\/div>\n\t\t\t\t<div class=\"elementor-element elementor-element-5503b41 elementor-widget elementor-widget-heading\" data-id=\"5503b41\" data-element_type=\"widget\" data-e-type=\"widget\" data-widget_type=\"heading.default\">\n\t\t\t\t\t<h2 class=\"elementor-heading-title elementor-size-default\">Defended Theses<\/h2>\t\t\t\t<\/div>\n\t\t\t\t<div class=\"elementor-element elementor-element-2be9ca1 wpr-grid-columns-1 wpr-grid-pagination-right wpr-item-styles-wrapper thesis wpr-grid-columns--laptop3 wpr-grid-columns--tablet_extra3 wpr-grid-columns--tablet2 wpr-grid-columns--mobile1 elementor-widget elementor-widget-wpr-grid\" data-id=\"2be9ca1\" data-element_type=\"widget\" data-e-type=\"widget\" data-widget_type=\"wpr-grid.default\">\n\t\t\t\t\t<ul class=\"wpr-grid-filters elementor-clearfix wpr-grid-filters-sep-right\"><li class=\" wpr-pointer-none wpr-pointer-line-fx wpr-pointer-fx-fade\"><span  data-filter=\"*\" class=\"wpr-grid-filters-item wpr-active-filter \"><i class=\" wpr-grid-filters-icon-left\"><\/i>All Posts<\/span><em class=\"wpr-grid-filters-sep\"><\/em><\/li><li class=\" wpr-pointer-none wpr-pointer-line-fx wpr-pointer-fx-fade\"><span   data-ajax-filter=[\"category\",\"phd-defended\"]  data-filter=\".category-phd-defended\"><i class=\" wpr-grid-filters-icon-left\"><\/i>PhD Thesis - Defended<\/span><em class=\"wpr-grid-filters-sep\"><\/em><\/li><\/ul><section class=\"wpr-grid elementor-clearfix\" data-settings=\"{&quot;layout&quot;:&quot;list&quot;,&quot;stick_last_element_to_bottom&quot;:&quot;no&quot;,&quot;columns_desktop&quot;:&quot;1&quot;,&quot;gutter_hr&quot;:16,&quot;gutter_hr_mobile&quot;:16,&quot;gutter_hr_mobile_extra&quot;:16,&quot;gutter_hr_tablet&quot;:16,&quot;gutter_hr_tablet_extra&quot;:16,&quot;gutter_hr_laptop&quot;:16,&quot;gutter_hr_widescreen&quot;:16,&quot;gutter_vr&quot;:16,&quot;gutter_vr_mobile&quot;:16,&quot;gutter_vr_mobile_extra&quot;:16,&quot;gutter_vr_tablet&quot;:16,&quot;gutter_vr_tablet_extra&quot;:16,&quot;gutter_vr_laptop&quot;:16,&quot;gutter_vr_widescreen&quot;:16,&quot;animation&quot;:&quot;default&quot;,&quot;animation_duration&quot;:0.3,&quot;animation_delay&quot;:0.1,&quot;deeplinking&quot;:&quot;no&quot;,&quot;filters_linkable&quot;:&quot;no&quot;,&quot;filters_default_filter&quot;:&quot;&quot;,&quot;filters_count&quot;:&quot;no&quot;,&quot;filters_hide_empty&quot;:&quot;no&quot;,&quot;filters_animation&quot;:&quot;default&quot;,&quot;filters_animation_duration&quot;:0.3,&quot;filters_animation_delay&quot;:0.1,&quot;pagination_type&quot;:&quot;default&quot;,&quot;pagination_max_pages&quot;:1,&quot;media_align&quot;:&quot;left&quot;,&quot;media_width&quot;:15,&quot;media_distance&quot;:16,&quot;lightbox&quot;:{&quot;selector&quot;:&quot;.wpr-grid-image-wrap&quot;,&quot;iframeMaxWidth&quot;:&quot;60%&quot;,&quot;hash&quot;:false,&quot;autoplay&quot;:&quot;true&quot;,&quot;pause&quot;:5000,&quot;progressBar&quot;:&quot;true&quot;,&quot;counter&quot;:&quot;true&quot;,&quot;controls&quot;:&quot;true&quot;,&quot;getCaptionFromTitleOrAlt&quot;:&quot;true&quot;,&quot;thumbnail&quot;:&quot;true&quot;,&quot;showThumbByDefault&quot;:&quot;true&quot;,&quot;share&quot;:&quot;true&quot;,&quot;zoom&quot;:&quot;true&quot;,&quot;fullScreen&quot;:&quot;true&quot;,&quot;download&quot;:&quot;true&quot;}}\" data-advanced-filters=\"no\"><article class=\"wpr-grid-item elementor-clearfix post-1846 post type-post status-publish format-standard hentry category-phd-defended\"><div class=\"wpr-grid-item-inner\"><div class=\"wpr-grid-item-above-content elementor-clearfix\"><h3 class=\"wpr-grid-item-title elementor-repeater-item-e92be8a wpr-grid-item-display-block wpr-grid-item-align-left wpr-pointer-none wpr-pointer-line-fx wpr-pointer-fx-slide\"><div class=\"inner-block\"><a target=\"_self\"  href=\"https:\/\/grupo.us.es\/tep206\/the-impact-of-ephemeral-architecture-to-the-regeneration-of-the-old-town-thecase-of-the-venice-biennial-alessandro-zorzetto\/\">The impact of ephemeral architecture to the regeneration of the old town. Thecase of the Venice Biennial.<\/a><\/div><\/h3><div class=\"wpr-grid-item-content elementor-repeater-item-680c8c8 wpr-grid-item-display-block wpr-grid-item-align-left\"><div class=\"inner-block\">\n<p><strong>Alessandro Zorzetto<\/strong><\/p>\n\n\n\n<p><strong>Supervisors:<\/strong> \u00c1ngela Barrios Padura, Marta Molina Huelva<\/p>\n\n\n\n<p><strong>2025<\/strong><\/p>\n\n\n\n<div class=\"wp-block-buttons is-layout-flex wp-block-buttons-is-layout-flex\">\n<div class=\"wp-block-button\"><a class=\"wp-block-button__link has-white-color has-text-color has-background has-link-color wp-element-button\" style=\"border-radius:3px;background-color:#379a8d\">More info<\/a><\/div>\n<\/div>\n\n\n\n<p><\/p>\n<\/div><\/div><\/div><\/div><\/article><article class=\"wpr-grid-item elementor-clearfix post-3713 post type-post status-publish format-standard hentry category-phd-defended\"><div class=\"wpr-grid-item-inner\"><div class=\"wpr-grid-item-above-content elementor-clearfix\"><h3 class=\"wpr-grid-item-title elementor-repeater-item-e92be8a wpr-grid-item-display-block wpr-grid-item-align-left wpr-pointer-none wpr-pointer-line-fx wpr-pointer-fx-slide\"><div class=\"inner-block\"><a target=\"_self\"  href=\"https:\/\/grupo.us.es\/tep206\/intervention-strategy-for-sustainable-social-housing-projects-in-the-field-of-international-development-cooperation-case-study-the-sustainable-social-housing-of-habitat-for-humanity-el-salvador\/\">Intervention strategy for sustainable social housing projects in the field of international development cooperation. Case study: the sustainable social housing of habitat for humanity El Salvador.<\/a><\/div><\/h3><div class=\"wpr-grid-item-content elementor-repeater-item-680c8c8 wpr-grid-item-display-block wpr-grid-item-align-left\"><div class=\"inner-block\">\n<p><strong>Rosa Ana Jim\u00e9nez-Exp\u00f3sito<\/strong><\/p>\n\n\n\n<p><strong>Supervisors:<\/strong> \u00c1ngela Barrios Padura, Antonio Serrano Jim\u00e9nez<\/p>\n\n\n\n<p><strong>2024<\/strong> <em>Summa Cum Laude<\/em>\u00a0\u00a0\u00a0<\/p>\n\n\n\n<div class=\"wp-block-buttons is-layout-flex wp-block-buttons-is-layout-flex\">\n<div class=\"wp-block-button\"><a class=\"wp-block-button__link has-white-color has-text-color has-background has-link-color wp-element-button\" href=\"https:\/\/idus.us.es\/handle\/11441\/157017\" style=\"border-radius:3px;background-color:#379a8d\" target=\"_blank\" rel=\"noreferrer noopener\">More info<\/a><\/div>\n<\/div>\n\n\n\n<p><\/p>\n<\/div><\/div><\/div><\/div><\/article><article class=\"wpr-grid-item elementor-clearfix post-3716 post type-post status-publish format-standard hentry category-phd-defended\"><div class=\"wpr-grid-item-inner\"><div class=\"wpr-grid-item-above-content elementor-clearfix\"><h3 class=\"wpr-grid-item-title elementor-repeater-item-e92be8a wpr-grid-item-display-block wpr-grid-item-align-left wpr-pointer-none wpr-pointer-line-fx wpr-pointer-fx-slide\"><div class=\"inner-block\"><a target=\"_self\"  href=\"https:\/\/grupo.us.es\/tep206\/industrializatizon-potential-of-ceramic-partition-and-envelope-systems-development-evaluation-validation-and-installation\/\">Industrializatizon\u00a0Potential of Ceramic Partition and Envelope Systems: Development, Evaluation, Validation and Installation.<\/a><\/div><\/h3><div class=\"wpr-grid-item-content elementor-repeater-item-680c8c8 wpr-grid-item-display-block wpr-grid-item-align-left\"><div class=\"inner-block\">\n<p><strong>Jos\u00e9 P\u00e9rez\u00a0Fenoy<\/strong><\/p>\n\n\n\n<p><strong>Supervisors:<\/strong> Carmen Gal\u00e1n Mar\u00edn, Carlos Rivera G\u00f3mez<\/p>\n\n\n\n<p><strong>2024<\/strong> <em>Summa Cum Laude<\/em> <em>\u2013\u00a0<\/em>Doctorate\u00a0with\u00a0Industrial\u00a0Distinction<\/p>\n\n\n\n<div class=\"wp-block-buttons is-layout-flex wp-block-buttons-is-layout-flex\">\n<div class=\"wp-block-button\"><a class=\"wp-block-button__link has-white-color has-text-color has-background has-link-color wp-element-button\" href=\"https:\/\/idus.us.es\/handle\/11441\/157017\" style=\"border-radius:3px;background-color:#379a8d\" target=\"_blank\" rel=\"noreferrer noopener\">More info<\/a><\/div>\n<\/div>\n\n\n\n<p><\/p>\n<\/div><\/div><\/div><\/div><\/article><article class=\"wpr-grid-item elementor-clearfix post-3718 post type-post status-publish format-standard hentry category-phd-defended\"><div class=\"wpr-grid-item-inner\"><div class=\"wpr-grid-item-above-content elementor-clearfix\"><h3 class=\"wpr-grid-item-title elementor-repeater-item-e92be8a wpr-grid-item-display-block wpr-grid-item-align-left wpr-pointer-none wpr-pointer-line-fx wpr-pointer-fx-slide\"><div class=\"inner-block\"><a target=\"_self\"  href=\"https:\/\/grupo.us.es\/tep206\/microclimatic-resilience-of-the-mediterranean-courtyard-evaluation-of-thermal-comfort-and-energy-savings-associated-with-the-use-of-passive-strategies-in-courtyards-design\/\">Microclimatic resilience of the Mediterranean courtyard. Evaluation of thermal comfort and energy savings associated with the use of passive strategies in courtyards design.<\/a><\/div><\/h3><div class=\"wpr-grid-item-content elementor-repeater-item-680c8c8 wpr-grid-item-display-block wpr-grid-item-align-left\"><div class=\"inner-block\">\n<p><strong>Eduardo\u00a0Diz\u00a0Mellado <\/strong>(FPU18\/04783)<\/p>\n\n\n\n<p><strong>Supervisors:<\/strong> Carmen Gal\u00e1n Mar\u00edn, Carlos Rivera G\u00f3mez<\/p>\n\n\n\n<p><strong>2023<\/strong> <em>Summa\u00a0Cum Laude<\/em>\u00a0\u2013\u00a0Doctorate\u00a0with\u00a0International\u00a0Distinction<\/p>\n\n\n\n<p>First prize \"Young Award for Scientific Culture 2021\" awarded by Seville City Council and CSIC; First prize for the Best Research 2022 Elevator Pitch format awarded by the Algeciras Technology Campus Foundation; First prize for the best Research Work 2024 awarded by the C\u00e0tedra Innovaci\u00f3 en Habitatge of the Universidad Polit\u00e9nica de Valencia; First prize for the best thesis in sustainable construction in Andalusia awarded by the Sustainable Construction Cluster of Andalusia.<\/p>\n\n\n\n<div class=\"wp-block-buttons is-layout-flex wp-block-buttons-is-layout-flex\">\n<div class=\"wp-block-button\"><a class=\"wp-block-button__link has-white-color has-text-color has-background has-link-color wp-element-button\" href=\"https:\/\/idus.us.es\/handle\/11441\/151935\" style=\"border-radius:3px;background-color:#379a8d\" target=\"_blank\" rel=\"noreferrer noopener\">More info<\/a><\/div>\n<\/div>\n\n\n\n<p><\/p>\n<\/div><\/div><\/div><\/div><\/article><article class=\"wpr-grid-item elementor-clearfix post-3724 post type-post status-publish format-standard hentry category-phd-defended\"><div class=\"wpr-grid-item-inner\"><div class=\"wpr-grid-item-above-content elementor-clearfix\"><h3 class=\"wpr-grid-item-title elementor-repeater-item-e92be8a wpr-grid-item-display-block wpr-grid-item-align-left wpr-pointer-none wpr-pointer-line-fx wpr-pointer-fx-slide\"><div class=\"inner-block\"><a target=\"_self\"  href=\"https:\/\/grupo.us.es\/tep206\/design-of-a-methodology-for-analysing-the-microclimate-of-transition-spaces-application-in-the-design-of-energy-improvement-strategies-in-courtyard-architectures-of-the-mediterranean-climate\/\">Design of a methodology for analysing the microclimate of transition spaces. Application in the design of energy improvement strategies in courtyard architectures of the Mediterranean climate.<\/a><\/div><\/h3><div class=\"wpr-grid-item-content elementor-repeater-item-680c8c8 wpr-grid-item-display-block wpr-grid-item-align-left\"><div class=\"inner-block\">\n<p><strong>Victoria L\u00f3pez Cabeza<\/strong> (FPU17\/05036)<\/p>\n\n\n\n<p><strong>Supervisors:<\/strong> Carmen Gal\u00e1n Mar\u00edn, Carlos Rivera G\u00f3mez<\/p>\n\n\n\n<p><strong>2023<\/strong> <em>Summa&nbsp;Cum Laude<\/em>&nbsp;\u2013&nbsp;Doctorate&nbsp;with&nbsp;International&nbsp;Distinction<\/p>\n\n\n\n<p>First Prize in Experimental and\u00a0Technological\u00a0Sciences\u00a0Award\u00a0granted\u00a0by\u00a0the\u00a0Real Academia de\u00a0Doctores\u00a0de Espa\u00f1a.\u00a0\u00a0<\/p>\n\n\n\n<div class=\"wp-block-buttons is-layout-flex wp-block-buttons-is-layout-flex\">\n<div class=\"wp-block-button\"><a class=\"wp-block-button__link has-white-color has-text-color has-background has-link-color wp-element-button\" href=\"https:\/\/idus.us.es\/handle\/11441\/146207\" style=\"border-radius:3px;background-color:#379a8d\" target=\"_blank\" rel=\"noreferrer noopener\">More info<\/a><\/div>\n<\/div>\n\n\n\n<p><\/p>\n<\/div><\/div><\/div><\/div><\/article><article class=\"wpr-grid-item elementor-clearfix post-3726 post type-post status-publish format-standard hentry category-phd-defended\"><div class=\"wpr-grid-item-inner\"><div class=\"wpr-grid-item-above-content elementor-clearfix\"><h3 class=\"wpr-grid-item-title elementor-repeater-item-e92be8a wpr-grid-item-display-block wpr-grid-item-align-left wpr-pointer-none wpr-pointer-line-fx wpr-pointer-fx-slide\"><div class=\"inner-block\"><a target=\"_self\"  href=\"https:\/\/grupo.us.es\/tep206\/housing-renovation-to-provide-the-implementation-of-active-ageing-policies-tools-and-strategies-for-diagnosis-multi-criteria-decision-support-and-integral-management\/\">Housing renovation to provide the implementation of active ageing policies: Tools and strategies for diagnosis, multi-criteria decision support, and integral management.<\/a><\/div><\/h3><div class=\"wpr-grid-item-content elementor-repeater-item-680c8c8 wpr-grid-item-display-block wpr-grid-item-align-left\"><div class=\"inner-block\">\n<p><strong>Antonio Jos\u00e9 Serrano Jim\u00e9nez\u00a0<\/strong>(FPU2015\/0007)<\/p>\n\n\n\n<p><strong>Supervisors:<\/strong> \u00c1ngela Barrios Padura, Marta Molina Huelva<\/p>\n\n\n\n<p><strong>2020\u00a0<\/strong><em>Summa Cum Laude<\/em> \u2013 Doctorate with International Distinction<\/p>\n\n\n\n<div class=\"wp-block-buttons is-layout-flex wp-block-buttons-is-layout-flex\">\n<div class=\"wp-block-button\"><a class=\"wp-block-button__link has-white-color has-text-color has-background has-link-color wp-element-button\" href=\"https:\/\/idus.us.es\/handle\/11441\/102597\" style=\"border-radius:3px;background-color:#379a8d\" target=\"_blank\" rel=\"noreferrer noopener\">More info<\/a><\/div>\n<\/div>\n\n\n\n<p><\/p>\n<\/div><\/div><\/div><\/div><\/article><article class=\"wpr-grid-item elementor-clearfix post-3728 post type-post status-publish format-standard hentry category-phd-defended\"><div class=\"wpr-grid-item-inner\"><div class=\"wpr-grid-item-above-content elementor-clearfix\"><h3 class=\"wpr-grid-item-title elementor-repeater-item-e92be8a wpr-grid-item-display-block wpr-grid-item-align-left wpr-pointer-none wpr-pointer-line-fx wpr-pointer-fx-slide\"><div class=\"inner-block\"><a target=\"_self\"  href=\"https:\/\/grupo.us.es\/tep206\/improving-the-sustainability-of-educational-buildings-in-the-mediterranean-climate-practical-application-of-the-design-and-calculation-of-natural-ventilation-systems\/\">Improving the sustainability of educational buildings in the Mediterranean climate: Practical application of the design and calculation of Natural Ventilation Systems.<\/a><\/div><\/h3><div class=\"wpr-grid-item-content elementor-repeater-item-680c8c8 wpr-grid-item-display-block wpr-grid-item-align-left\"><div class=\"inner-block\">\n<p><strong>Maite Gil B\u00e1ez<\/strong><\/p>\n\n\n\n<p><strong>Supervisors:<\/strong> \u00c1ngela Barrios Padura, Marta Molina Huelva<\/p>\n\n\n\n<p><strong>2020\u00a0<\/strong><em>Magna\u00a0Cum Laude<\/em><\/p>\n\n\n\n<div class=\"wp-block-buttons is-layout-flex wp-block-buttons-is-layout-flex\">\n<div class=\"wp-block-button\"><a class=\"wp-block-button__link has-white-color has-text-color has-background has-link-color wp-element-button\" href=\"https:\/\/idus.us.es\/handle\/11441\/97943\" style=\"border-radius:3px;background-color:#379a8d\" target=\"_blank\" rel=\"noreferrer noopener\">More info<\/a><\/div>\n<\/div>\n\n\n\n<p><\/p>\n<\/div><\/div><\/div><\/div><\/article><article class=\"wpr-grid-item elementor-clearfix post-3731 post type-post status-publish format-standard hentry category-phd-defended\"><div class=\"wpr-grid-item-inner\"><div class=\"wpr-grid-item-above-content elementor-clearfix\"><h3 class=\"wpr-grid-item-title elementor-repeater-item-e92be8a wpr-grid-item-display-block wpr-grid-item-align-left wpr-pointer-none wpr-pointer-line-fx wpr-pointer-fx-slide\"><div class=\"inner-block\"><a target=\"_self\"  href=\"https:\/\/grupo.us.es\/tep206\/advanced-thermal-energy-storage-and-management-solutions-towards-low-carbon-buildings-materials-applications-and-decision-support-strategies\/\">Advanced thermal energy storage and management solutions towards low-carbon buildings.\u00a0Materials, applications and decision support strategies.<\/a><\/div><\/h3><div class=\"wpr-grid-item-content elementor-repeater-item-680c8c8 wpr-grid-item-display-block wpr-grid-item-align-left\"><div class=\"inner-block\">\n<p><strong>Francisco Jes\u00fas Lizana Moral\u00a0<\/strong>(FPU14\/06583)<\/p>\n\n\n\n<p><strong>Supervisors:<\/strong> Ricardo\u00a0Chacartegui\u00a0Ram\u00edrez, \u00c1ngela Barrios Padura<\/p>\n\n\n\n<p><strong>2019<\/strong>\u00a0<em>Summa Cum Laude<\/em>\u00a0\u2013\u00a0Doctorate with International Distinction<\/p>\n\n\n\n<div class=\"wp-block-buttons is-layout-flex wp-block-buttons-is-layout-flex\">\n<div class=\"wp-block-button\"><a class=\"wp-block-button__link has-white-color has-text-color has-background has-link-color wp-element-button\" href=\"https:\/\/idus.us.es\/handle\/11441\/91357\" style=\"border-radius:3px;background-color:#379a8d\" target=\"_blank\" rel=\"noreferrer noopener\">More info<\/a><\/div>\n<\/div>\n\n\n\n<p><\/p>\n<\/div><\/div><\/div><\/div><\/article><article class=\"wpr-grid-item elementor-clearfix post-3733 post type-post status-publish format-standard hentry category-phd-defended\"><div class=\"wpr-grid-item-inner\"><div class=\"wpr-grid-item-above-content elementor-clearfix\"><h3 class=\"wpr-grid-item-title elementor-repeater-item-e92be8a wpr-grid-item-display-block wpr-grid-item-align-left wpr-pointer-none wpr-pointer-line-fx wpr-pointer-fx-slide\"><div class=\"inner-block\"><a target=\"_self\"  href=\"https:\/\/grupo.us.es\/tep206\/quality-control-in-reinforced-concrete-structure-reinforcement-systems\/\">Quality control in reinforced concrete structure reinforcement systems.<\/a><\/div><\/h3><div class=\"wpr-grid-item-content elementor-repeater-item-680c8c8 wpr-grid-item-display-block wpr-grid-item-align-left\"><div class=\"inner-block\">\n<p><strong>Victoriano Gonz\u00e1lez Fern\u00e1ndez<\/strong><\/p>\n\n\n\n<p><strong>Supervisors:<\/strong> \u00c1ngela Barrios Padura, Marta Molina Huelva<\/p>\n\n\n\n<p><strong>2019<\/strong>\u00a0<em>Summa\u00a0Cum Laude\u00a0<\/em>-\u00a0Doctorate\u00a0with\u00a0Industrial\u00a0Distinction<\/p>\n\n\n\n<div class=\"wp-block-buttons is-layout-flex wp-block-buttons-is-layout-flex\">\n<div class=\"wp-block-button\"><a class=\"wp-block-button__link has-white-color has-text-color has-background has-link-color wp-element-button\" href=\"https:\/\/dialnet.unirioja.es\/servlet\/tesis?codigo=252744\" style=\"border-radius:3px;background-color:#379a8d\" target=\"_blank\" rel=\"noreferrer noopener\">More info<\/a><\/div>\n<\/div>\n\n\n\n<p><\/p>\n<\/div><\/div><\/div><\/div><\/article><article class=\"wpr-grid-item elementor-clearfix post-3735 post type-post status-publish format-standard hentry category-phd-defended\"><div class=\"wpr-grid-item-inner\"><div class=\"wpr-grid-item-above-content elementor-clearfix\"><h3 class=\"wpr-grid-item-title elementor-repeater-item-e92be8a wpr-grid-item-display-block wpr-grid-item-align-left wpr-pointer-none wpr-pointer-line-fx wpr-pointer-fx-slide\"><div class=\"inner-block\"><a target=\"_self\"  href=\"https:\/\/grupo.us.es\/tep206\/geodesic-geometries-and-construction-systems-design-and-implementation-of-low-tech-systems\/\">Geodesic geometries and construction systems. Design and implementation of low-tech systems.<\/a><\/div><\/h3><div class=\"wpr-grid-item-content elementor-repeater-item-680c8c8 wpr-grid-item-display-block wpr-grid-item-align-left\"><div class=\"inner-block\">\n<p><strong>Gianluca\u00a0Stasi<\/strong><\/p>\n\n\n\n<p><strong>Supervisors:<\/strong> \u00c1ngela Barrios Padura, Marta Molina Huelva<\/p>\n\n\n\n<p><strong>2018<\/strong>\u00a0<em>Summa Cum Laude<\/em><\/p>\n\n\n\n<div class=\"wp-block-buttons is-layout-flex wp-block-buttons-is-layout-flex\">\n<div class=\"wp-block-button\"><a class=\"wp-block-button__link has-white-color has-text-color has-background has-link-color wp-element-button\" href=\"https:\/\/idus.us.es\/handle\/11441\/81714\" style=\"border-radius:3px;background-color:#379a8d\" target=\"_blank\" rel=\"noreferrer noopener\">More info<\/a><\/div>\n<\/div>\n\n\n\n<p><\/p>\n<\/div><\/div><\/div><\/div><\/article><article class=\"wpr-grid-item elementor-clearfix post-3737 post type-post status-publish format-standard hentry category-phd-defended\"><div class=\"wpr-grid-item-inner\"><div class=\"wpr-grid-item-above-content elementor-clearfix\"><h3 class=\"wpr-grid-item-title elementor-repeater-item-e92be8a wpr-grid-item-display-block wpr-grid-item-align-left wpr-pointer-none wpr-pointer-line-fx wpr-pointer-fx-slide\"><div class=\"inner-block\"><a target=\"_self\"  href=\"https:\/\/grupo.us.es\/tep206\/thermodynamics-of-the-mediterranean-courtyard-quantification-and-application-to-the-design-of-eco-efficient-architectures\/\">Thermodynamics of the Mediterranean courtyard: quantification and application to the design of eco-efficient architectures.<\/a><\/div><\/h3><div class=\"wpr-grid-item-content elementor-repeater-item-680c8c8 wpr-grid-item-display-block wpr-grid-item-align-left\"><div class=\"inner-block\">\n<p><strong>Juan Manuel Rojas Fern\u00e1ndez <\/strong>(Predoctoral contract associated with the Excellence project of the Junta de Andaluc\u00eda\u00a0P11-TEP-7985)<\/p>\n\n\n\n<p><strong>Supervisors:<\/strong> Carmen Gal\u00e1n Mar\u00edn, Enrique Domingo Fern\u00e1ndez Nieto<\/p>\n\n\n\n<p><strong>2017<\/strong>\u00a0<em>Magna Cum Laude<\/em>\u00a0<em>\u2013<\/em>\u00a0Doctorate with International Distinction<\/p>\n\n\n\n<div class=\"wp-block-buttons is-layout-flex wp-block-buttons-is-layout-flex\">\n<div class=\"wp-block-button\"><a class=\"wp-block-button__link has-white-color has-text-color has-background has-link-color wp-element-button\" href=\"https:\/\/idus.us.es\/handle\/11441\/75390\" style=\"border-radius:3px;background-color:#379a8d\" target=\"_blank\" rel=\"noreferrer noopener\">More info<\/a><\/div>\n<\/div>\n\n\n\n<p><\/p>\n<\/div><\/div><\/div><\/div><\/article><article class=\"wpr-grid-item elementor-clearfix post-3739 post type-post status-publish format-standard hentry category-phd-defended\"><div class=\"wpr-grid-item-inner\"><div class=\"wpr-grid-item-above-content elementor-clearfix\"><h3 class=\"wpr-grid-item-title elementor-repeater-item-e92be8a wpr-grid-item-display-block wpr-grid-item-align-left wpr-pointer-none wpr-pointer-line-fx wpr-pointer-fx-slide\"><div class=\"inner-block\"><a target=\"_self\"  href=\"https:\/\/grupo.us.es\/tep206\/management-of-integrated-regeneration-projects-of-obsolete-residential-neighbourhoods-from-the-transdisciplinary-approach-and-through-the-pmbok-methodology\/\">Management of integrated regeneration projects of obsolete residential neighbourhoods. From the transdisciplinary approach and through the PMBOK methodology.<\/a><\/div><\/h3><div class=\"wpr-grid-item-content elementor-repeater-item-680c8c8 wpr-grid-item-display-block wpr-grid-item-align-left\"><div class=\"inner-block\">\n<p><strong>Carolina Ledesma de la Rosa<\/strong>\u00a0(Contrato asociado a proyecto art.68\/83\u00a0refs\u00a02033\/0697 y 3125\/0697)<\/p>\n\n\n\n<p><strong>Supervisors:<\/strong> Carlos Garc\u00eda V\u00e1zquez, Carmen Gal\u00e1n Mar\u00edn, Mar\u00eda Elena Mor\u00f3n Serna<\/p>\n\n\n\n<p><strong>2017<\/strong>\u00a0<em>Magna Cum Laude<\/em><\/p>\n\n\n\n<div class=\"wp-block-buttons is-layout-flex wp-block-buttons-is-layout-flex\">\n<div class=\"wp-block-button\"><a class=\"wp-block-button__link has-white-color has-text-color has-background has-link-color wp-element-button\" href=\"https:\/\/idus.us.es\/handle\/11441\/64011\" style=\"border-radius:3px;background-color:#379a8d\" target=\"_blank\" rel=\"noreferrer noopener\">More info<\/a><\/div>\n<\/div>\n\n\n\n<p><\/p>\n<\/div><\/div><\/div><\/div><\/article><article class=\"wpr-grid-item elementor-clearfix post-3741 post type-post status-publish format-standard hentry category-phd-defended\"><div class=\"wpr-grid-item-inner\"><div class=\"wpr-grid-item-above-content elementor-clearfix\"><h3 class=\"wpr-grid-item-title elementor-repeater-item-e92be8a wpr-grid-item-display-block wpr-grid-item-align-left wpr-pointer-none wpr-pointer-line-fx wpr-pointer-fx-slide\"><div class=\"inner-block\"><a target=\"_self\"  href=\"https:\/\/grupo.us.es\/tep206\/archaeology-project-and-landscape-on-site-musealization-of-the-antequera-dolmens\/\">Archaeology, Project and Landscape: On-site musealization of the Antequera Dolmens.<\/a><\/div><\/h3><div class=\"wpr-grid-item-content elementor-repeater-item-680c8c8 wpr-grid-item-display-block wpr-grid-item-align-left\"><div class=\"inner-block\">\n<p><strong>Aurora Villalobos G\u00f3mez<\/strong><\/p>\n\n\n\n<p><strong>Supervisors:<\/strong> \u00c1ngela Barrios Padura, Margarita S\u00e1nchez Romero<\/p>\n\n\n\n<p><strong>2016<\/strong>\u00a0<em>Summa Cum Laude<\/em><\/p>\n\n\n\n<div class=\"wp-block-buttons is-layout-flex wp-block-buttons-is-layout-flex\">\n<div class=\"wp-block-button\"><a class=\"wp-block-button__link has-white-color has-text-color has-background has-link-color wp-element-button\" href=\"https:\/\/idus.us.es\/handle\/11441\/39148\" style=\"border-radius:3px;background-color:#379a8d\" target=\"_blank\" rel=\"noreferrer noopener\">More info<\/a><\/div>\n<\/div>\n\n\n\n<p><\/p>\n<\/div><\/div><\/div><\/div><\/article><article class=\"wpr-grid-item elementor-clearfix post-3743 post type-post status-publish format-standard hentry category-phd-defended\"><div class=\"wpr-grid-item-inner\"><div class=\"wpr-grid-item-above-content elementor-clearfix\"><h3 class=\"wpr-grid-item-title elementor-repeater-item-e92be8a wpr-grid-item-display-block wpr-grid-item-align-left wpr-pointer-none wpr-pointer-line-fx wpr-pointer-fx-slide\"><div class=\"inner-block\"><a target=\"_self\"  href=\"https:\/\/grupo.us.es\/tep206\/the-prefabricated-architecture-of-rafael-de-la-hoz-in-cordoba-between-the-construction-detail-and-the-generation-of-the-project\/\">The prefabricated architecture of Rafael de la Hoz in Cordoba. Between the construction detail and the generation of the project.<\/a><\/div><\/h3><div class=\"wpr-grid-item-content elementor-repeater-item-680c8c8 wpr-grid-item-display-block wpr-grid-item-align-left\"><div class=\"inner-block\">\n<p><strong>Jorge Roa Fern\u00e1ndez<\/strong><\/p>\n\n\n\n<p><strong>Supervisors:<\/strong> Carmen Gal\u00e1n Mar\u00edn, V\u00edctor P\u00e9rez Escolano<\/p>\n\n\n\n<p><strong>2016<\/strong>&nbsp;<em>Summa Cum Laude<\/em><\/p>\n\n\n\n<div class=\"wp-block-buttons is-layout-flex wp-block-buttons-is-layout-flex\">\n<div class=\"wp-block-button\"><a class=\"wp-block-button__link has-white-color has-text-color has-background has-link-color wp-element-button\" href=\"https:\/\/idus.us.es\/handle\/11441\/39085\" style=\"border-radius:3px;background-color:#379a8d\" target=\"_blank\" rel=\"noreferrer noopener\">More info<\/a><\/div>\n<\/div>\n\n\n\n<p><\/p>\n<\/div><\/div><\/div><\/div><\/article><\/section>\t\t\t\t<\/div>\n\t\t\t\t<\/div>\n\t\t\t\t\t<\/div>\n\t\t\t\t<\/div>\n\t\t\t\t<\/div>\n\t\t","protected":false},"excerpt":{"rendered":"<p>Theses in progress All Posts PhD Thesis &#8211; In progress Urban Heat Island mitigation in high-density residential areas in Seville city centre Pegah Rezaie Supervisors: Carmen Gal\u00e1n Mar\u00edn, Victoria L\u00f3pez Cabeza Expected presentation date: July 2026 Optimisation of energy efficiency and thermal comfort in homes through the intervention of urban space. Methodology of application to the built residential stock influenced by the Modern Movement.\u00a0 Javier De Sola Caraballo (FPU21\/02458) Supervisors: Carmen Gal\u00e1n Mar\u00edn, Carlos Rivera G\u00f3mez Expected presentation date: December 10th 2026 ROM-NN hybrid modelling of thermal comfort. Application to the outdoor urban environment.\u00a0 Jos\u00e9 Antonio Rodr\u00edguez Gallego Supervisors: Tom\u00e1s Chac\u00f3n Rebollo, Carmen Gal\u00e1n Mar\u00edn, Antonio Falc\u00f3 Montesinos Expected presentation date: December 2026 Microclimate-sensitive design in BIM projects. Methodological integration for theevaluation of thermal comfort in adaptation strategies of the built residential stock. Lucia Campos Rosa (FPI PRE2022-101528) Supervisors: Carmen Gal\u00e1n Mar\u00edn, Carlos Rivera G\u00f3mez, Jes\u00fas Lizana Moral Expected presentation date: November 2027 Sustainable and resilient built environments within the framework of the circular economy in Cuba. Dariel L\u00f3pez L\u00f3pez Supervisors: \u00c1ngela Barrios Padura, Carmen D\u00edaz L\u00f3pez Expected presentation date: November 2027 Defended Theses All Posts PhD Thesis &#8211; Defended The impact of ephemeral architecture to the regeneration of the old town. Thecase of the Venice Biennial. Alessandro Zorzetto Supervisors: \u00c1ngela Barrios Padura, Marta Molina Huelva 2025 Intervention strategy for sustainable social housing projects in the field of international development cooperation. Case study: the sustainable social housing of habitat for humanity El Salvador. Rosa Ana Jim\u00e9nez-Exp\u00f3sito Supervisors: \u00c1ngela Barrios Padura, Antonio Serrano Jim\u00e9nez 2024 Summa Cum Laude\u00a0\u00a0\u00a0 Industrializatizon\u00a0Potential of Ceramic Partition and Envelope Systems: Development, Evaluation, Validation and Installation. Jos\u00e9 P\u00e9rez\u00a0Fenoy Supervisors: Carmen Gal\u00e1n Mar\u00edn, Carlos Rivera G\u00f3mez 2024 Summa Cum Laude \u2013\u00a0Doctorate\u00a0with\u00a0Industrial\u00a0Distinction Microclimatic resilience of the Mediterranean courtyard. Evaluation of thermal comfort and energy savings associated with the use of passive strategies in courtyards design. Eduardo\u00a0Diz\u00a0Mellado (FPU18\/04783) Supervisors: Carmen Gal\u00e1n Mar\u00edn, Carlos Rivera G\u00f3mez 2023 Summa\u00a0Cum Laude\u00a0\u2013\u00a0Doctorate\u00a0with\u00a0International\u00a0Distinction First prize &#8220;Young Award for Scientific Culture 2021&#8221; awarded by Seville City Council and CSIC; First prize for the Best Research 2022 Elevator Pitch format awarded by the Algeciras Technology Campus Foundation; First prize for the best Research Work 2024 awarded by the C\u00e0tedra Innovaci\u00f3 en Habitatge of the Universidad Polit\u00e9nica de Valencia; First prize for the best thesis in sustainable construction in Andalusia awarded by the Sustainable Construction Cluster of Andalusia. Design of a methodology for analysing the microclimate of transition spaces. Application in the design of energy improvement strategies in courtyard architectures of the Mediterranean climate. Victoria L\u00f3pez Cabeza (FPU17\/05036) Supervisors: Carmen Gal\u00e1n Mar\u00edn, Carlos Rivera G\u00f3mez 2023 Summa&nbsp;Cum Laude&nbsp;\u2013&nbsp;Doctorate&nbsp;with&nbsp;International&nbsp;Distinction First Prize in Experimental and\u00a0Technological\u00a0Sciences\u00a0Award\u00a0granted\u00a0by\u00a0the\u00a0Real Academia de\u00a0Doctores\u00a0de Espa\u00f1a.\u00a0\u00a0 Housing renovation to provide the implementation of active ageing policies: Tools and strategies for diagnosis, multi-criteria decision support, and integral management. Antonio Jos\u00e9 Serrano Jim\u00e9nez\u00a0(FPU2015\/0007) Supervisors: \u00c1ngela Barrios Padura, Marta Molina Huelva 2020\u00a0Summa Cum Laude \u2013 Doctorate with International Distinction Improving the sustainability of educational buildings in the Mediterranean climate: Practical application of the design and calculation of Natural Ventilation Systems. Maite Gil B\u00e1ez Supervisors: \u00c1ngela Barrios Padura, Marta Molina Huelva 2020\u00a0Magna\u00a0Cum Laude Advanced thermal energy storage and management solutions towards low-carbon buildings.\u00a0Materials, applications and decision support strategies. Francisco Jes\u00fas Lizana Moral\u00a0(FPU14\/06583) Supervisors: Ricardo\u00a0Chacartegui\u00a0Ram\u00edrez, \u00c1ngela Barrios Padura 2019\u00a0Summa Cum Laude\u00a0\u2013\u00a0Doctorate with International Distinction Quality control in reinforced concrete structure reinforcement systems. Victoriano Gonz\u00e1lez Fern\u00e1ndez Supervisors: \u00c1ngela Barrios Padura, Marta Molina Huelva 2019\u00a0Summa\u00a0Cum Laude\u00a0&#8211;\u00a0Doctorate\u00a0with\u00a0Industrial\u00a0Distinction Geodesic geometries and construction systems. Design and implementation of low-tech systems. Gianluca\u00a0Stasi Supervisors: \u00c1ngela Barrios Padura, Marta Molina Huelva 2018\u00a0Summa Cum Laude Thermodynamics of the Mediterranean courtyard: quantification and application to the design of eco-efficient architectures. Juan Manuel Rojas Fern\u00e1ndez (Predoctoral contract associated with the Excellence project of the Junta de Andaluc\u00eda\u00a0P11-TEP-7985) Supervisors: Carmen Gal\u00e1n Mar\u00edn, Enrique Domingo Fern\u00e1ndez Nieto 2017\u00a0Magna Cum Laude\u00a0\u2013\u00a0Doctorate with International Distinction Management of integrated regeneration projects of obsolete residential neighbourhoods. From the transdisciplinary approach and through the PMBOK methodology. Carolina Ledesma de la Rosa\u00a0(Contrato asociado a proyecto art.68\/83\u00a0refs\u00a02033\/0697 y 3125\/0697) Supervisors: Carlos Garc\u00eda V\u00e1zquez, Carmen Gal\u00e1n Mar\u00edn, Mar\u00eda Elena Mor\u00f3n Serna 2017\u00a0Magna Cum Laude Archaeology, Project and Landscape: On-site musealization of the Antequera Dolmens. Aurora Villalobos G\u00f3mez Supervisors: \u00c1ngela Barrios Padura, Margarita S\u00e1nchez Romero 2016\u00a0Summa Cum Laude The prefabricated architecture of Rafael de la Hoz in Cordoba. Between the construction detail and the generation of the project. Jorge Roa Fern\u00e1ndez Supervisors: Carmen Gal\u00e1n Mar\u00edn, V\u00edctor P\u00e9rez Escolano 2016&nbsp;Summa Cum Laude<\/p>\n","protected":false},"author":3,"featured_media":0,"parent":0,"menu_order":0,"comment_status":"closed","ping_status":"closed","template":"elementor_header_footer","meta":{"footnotes":""},"class_list":["post-944","page","type-page","status-publish","hentry"],"acf":[],"_links":{"self":[{"href":"https:\/\/grupo.us.es\/tep206\/wp-json\/wp\/v2\/pages\/944","targetHints":{"allow":["GET"]}}],"collection":[{"href":"https:\/\/grupo.us.es\/tep206\/wp-json\/wp\/v2\/pages"}],"about":[{"href":"https:\/\/grupo.us.es\/tep206\/wp-json\/wp\/v2\/types\/page"}],"author":[{"embeddable":true,"href":"https:\/\/grupo.us.es\/tep206\/wp-json\/wp\/v2\/users\/3"}],"replies":[{"embeddable":true,"href":"https:\/\/grupo.us.es\/tep206\/wp-json\/wp\/v2\/comments?post=944"}],"version-history":[{"count":52,"href":"https:\/\/grupo.us.es\/tep206\/wp-json\/wp\/v2\/pages\/944\/revisions"}],"predecessor-version":[{"id":3830,"href":"https:\/\/grupo.us.es\/tep206\/wp-json\/wp\/v2\/pages\/944\/revisions\/3830"}],"wp:attachment":[{"href":"https:\/\/grupo.us.es\/tep206\/wp-json\/wp\/v2\/media?parent=944"}],"curies":[{"name":"wp","href":"https:\/\/api.w.org\/{rel}","templated":true}]}}