{"id":68,"date":"2025-02-05T21:53:18","date_gmt":"2025-02-05T20:53:18","guid":{"rendered":"https:\/\/grupo.us.es\/sociolingand\/?page_id=68"},"modified":"2025-02-09T11:41:38","modified_gmt":"2025-02-09T10:41:38","slug":"libros","status":"publish","type":"page","link":"https:\/\/grupo.us.es\/sociolingand\/libros\/","title":{"rendered":"Monogr\u00e1ficos"},"content":{"rendered":"<div id=\"pl-68\"  class=\"panel-layout\" ><div id=\"pg-68-0\"  class=\"panel-grid panel-has-style\" ><div class=\"libros panel-row-style panel-row-style-for-68-0\" ><div id=\"pgc-68-0-0\"  class=\"panel-grid-cell\" ><div id=\"panel-68-0-0-0\" class=\"so-panel widget widget_sow-image panel-first-child panel-last-child\" data-index=\"0\" ><div class=\"panel-widget-style panel-widget-style-for-68-0-0-0\" ><div\n\t\t\t\n\t\t\tclass=\"so-widget-sow-image so-widget-sow-image-default-dbf295114b96-68\"\n\t\t\t\n\t\t>\n<div class=\"sow-image-container\">\n\t\t<img loading=\"lazy\" decoding=\"async\" src=\"https:\/\/grupo.us.es\/sociolingand\/wp-content\/uploads\/2025\/02\/9783968695822.pdf.jpg\" width=\"129\" height=\"179\" sizes=\"auto, (max-width: 129px) 100vw, 129px\" alt=\"\" \t\tclass=\"so-widget-image\"\/>\n\t<\/div>\n\n<\/div><\/div><\/div><\/div><div id=\"pgc-68-0-1\"  class=\"panel-grid-cell\" ><div id=\"panel-68-0-1-0\" class=\"so-panel widget widget_sow-editor panel-first-child panel-last-child\" data-index=\"1\" ><div\n\t\t\t\n\t\t\tclass=\"so-widget-sow-editor so-widget-sow-editor-base\"\n\t\t\t\n\t\t>\n<div class=\"siteorigin-widget-tinymce textwidget\">\n\t<p><strong>Procesos de variaci\u00f3n y cambio en el espa\u00f1ol de Sevilla y Las Palmas de Gran Canaria<\/strong><\/p>\n<p>Marta Le\u00f3n-Castro G\u00f3mez y Rafael Jim\u00e9nez Fern\u00e1ndez (Coords.) (2024). Iberoamericana\/Vervuert<\/p>\n<\/div>\n<\/div><\/div><\/div><div id=\"pgc-68-0-2\"  class=\"panel-grid-cell\" ><div id=\"panel-68-0-2-0\" class=\"so-panel widget widget_sow-image panel-first-child panel-last-child\" data-index=\"2\" ><div class=\"panel-widget-style panel-widget-style-for-68-0-2-0\" ><div\n\t\t\t\n\t\t\tclass=\"so-widget-sow-image so-widget-sow-image-default-dbf295114b96-68\"\n\t\t\t\n\t\t>\n<div class=\"sow-image-container\">\n\t\t<img loading=\"lazy\" decoding=\"async\" src=\"https:\/\/grupo.us.es\/sociolingand\/wp-content\/uploads\/2025\/02\/edition-142834-236x334-1.jpg\" width=\"236\" height=\"327\" srcset=\"https:\/\/grupo.us.es\/sociolingand\/wp-content\/uploads\/2025\/02\/edition-142834-236x334-1.jpg 236w, https:\/\/grupo.us.es\/sociolingand\/wp-content\/uploads\/2025\/02\/edition-142834-236x334-1-217x300.jpg 217w\" sizes=\"auto, (max-width: 236px) 100vw, 236px\" title=\"edition-142834-236&#215;334\" alt=\"\" \t\tclass=\"so-widget-image\"\/>\n\t<\/div>\n\n<\/div><\/div><\/div><\/div><div id=\"pgc-68-0-3\"  class=\"panel-grid-cell\" ><div id=\"panel-68-0-3-0\" class=\"so-panel widget widget_sow-editor panel-first-child panel-last-child\" data-index=\"3\" ><div\n\t\t\t\n\t\t\tclass=\"so-widget-sow-editor so-widget-sow-editor-base\"\n\t\t\t\n\t\t>\n<div class=\"siteorigin-widget-tinymce textwidget\">\n\t<p><strong>El andaluz y su prestigio. Creencias y actitudes ling\u00fc\u00edsticas de los espa\u00f1oles hacia la variedad andaluza en el siglo XXI<\/strong><\/p>\n<p>Roc\u00edo Cruz Ortiz, Juana Santana Marrero e Inmaculada Clotilde Santos D\u00edaz (Eds.) (2023). Editorial Comares<\/p>\n<\/div>\n<\/div><\/div><\/div><\/div><\/div><div id=\"pg-68-1\"  class=\"panel-grid panel-has-style\" ><div class=\"libros panel-row-style panel-row-style-for-68-1\" ><div id=\"pgc-68-1-0\"  class=\"panel-grid-cell\" ><div id=\"panel-68-1-0-0\" class=\"so-panel widget widget_sow-image panel-first-child panel-last-child\" data-index=\"4\" ><div class=\"panel-widget-style panel-widget-style-for-68-1-0-0\" ><div\n\t\t\t\n\t\t\tclass=\"so-widget-sow-image so-widget-sow-image-default-dbf295114b96-68\"\n\t\t\t\n\t\t>\n<div class=\"sow-image-container\">\n\t\t<img loading=\"lazy\" decoding=\"async\" src=\"https:\/\/grupo.us.es\/sociolingand\/wp-content\/uploads\/2025\/02\/13_1_cuaderno.jpg\" width=\"172\" height=\"238\" sizes=\"auto, (max-width: 172px) 100vw, 172px\" alt=\"\" \t\tclass=\"so-widget-image\"\/>\n\t<\/div>\n\n<\/div><\/div><\/div><\/div><div id=\"pgc-68-1-1\"  class=\"panel-grid-cell\" ><div id=\"panel-68-1-1-0\" class=\"so-panel widget widget_sow-editor panel-first-child panel-last-child\" data-index=\"5\" ><div\n\t\t\t\n\t\t\tclass=\"so-widget-sow-editor so-widget-sow-editor-base\"\n\t\t\t\n\t\t>\n<div class=\"siteorigin-widget-tinymce textwidget\">\n\t<p><strong>Marcadores discursivos luego, despu\u00e9s y donde en la norma culta hisp\u00e1nica<\/strong><\/p>\n<p>Juana Santana Marrero y Alba Valencia (Eds.) (2021). Cuadernos de la Alfal, 13\/1<\/p>\n<\/div>\n<\/div><\/div><\/div><div id=\"pgc-68-1-2\"  class=\"panel-grid-cell\" ><div id=\"panel-68-1-2-0\" class=\"so-panel widget widget_sow-image panel-first-child panel-last-child\" data-index=\"6\" ><div class=\"panel-widget-style panel-widget-style-for-68-1-2-0\" ><div\n\t\t\t\n\t\t\tclass=\"so-widget-sow-image so-widget-sow-image-default-dbf295114b96-68\"\n\t\t\t\n\t\t>\n<div class=\"sow-image-container\">\n\t\t<img loading=\"lazy\" decoding=\"async\" src=\"https:\/\/grupo.us.es\/sociolingand\/wp-content\/uploads\/2025\/02\/1291-591-PB-1_page-0001.jpg\" width=\"1004\" height=\"1392\" srcset=\"https:\/\/grupo.us.es\/sociolingand\/wp-content\/uploads\/2025\/02\/1291-591-PB-1_page-0001.jpg 1004w, https:\/\/grupo.us.es\/sociolingand\/wp-content\/uploads\/2025\/02\/1291-591-PB-1_page-0001-216x300.jpg 216w, https:\/\/grupo.us.es\/sociolingand\/wp-content\/uploads\/2025\/02\/1291-591-PB-1_page-0001-739x1024.jpg 739w, https:\/\/grupo.us.es\/sociolingand\/wp-content\/uploads\/2025\/02\/1291-591-PB-1_page-0001-768x1065.jpg 768w\" sizes=\"auto, (max-width: 1004px) 100vw, 1004px\" alt=\"\" \t\tclass=\"so-widget-image\"\/>\n\t<\/div>\n\n<\/div><\/div><\/div><\/div><div id=\"pgc-68-1-3\"  class=\"panel-grid-cell\" ><div id=\"panel-68-1-3-0\" class=\"so-panel widget widget_sow-editor panel-first-child panel-last-child\" data-index=\"7\" ><div\n\t\t\t\n\t\t\tclass=\"so-widget-sow-editor so-widget-sow-editor-base\"\n\t\t\t\n\t\t>\n<div class=\"siteorigin-widget-tinymce textwidget\">\n\t<p><strong>Percepci\u00f3n del andaluz culto: creencias y actitudes de j\u00f3venes hispanohablantes y estudiantes de ELE<\/strong><\/p>\n<p>Juana Santana Marrero y Antonio Manj\u00f3n-Cabeza Cruz (Coords.) (2021). Philologia Hispalensis, 35\/1<\/p>\n<\/div>\n<\/div><\/div><\/div><\/div><\/div><div id=\"pg-68-2\"  class=\"panel-grid panel-has-style\" ><div class=\"libros panel-row-style panel-row-style-for-68-2\" ><div id=\"pgc-68-2-0\"  class=\"panel-grid-cell\" ><div id=\"panel-68-2-0-0\" class=\"so-panel widget widget_sow-image panel-first-child panel-last-child\" data-index=\"8\" ><div class=\"panel-widget-style panel-widget-style-for-68-2-0-0\" ><div\n\t\t\t\n\t\t\tclass=\"so-widget-sow-image so-widget-sow-image-default-dbf295114b96-68\"\n\t\t\t\n\t\t>\n<div class=\"sow-image-container\">\n\t\t<img loading=\"lazy\" decoding=\"async\" src=\"https:\/\/grupo.us.es\/sociolingand\/wp-content\/uploads\/2025\/02\/ff.png\" width=\"210\" height=\"292\" sizes=\"auto, (max-width: 210px) 100vw, 210px\" alt=\"\" \t\tclass=\"so-widget-image\"\/>\n\t<\/div>\n\n<\/div><\/div><\/div><\/div><div id=\"pgc-68-2-1\"  class=\"panel-grid-cell\" ><div id=\"panel-68-2-1-0\" class=\"so-panel widget widget_sow-editor panel-first-child panel-last-child\" data-index=\"9\" ><div\n\t\t\t\n\t\t\tclass=\"so-widget-sow-editor so-widget-sow-editor-base\"\n\t\t\t\n\t\t>\n<div class=\"siteorigin-widget-tinymce textwidget\">\n\t<p><strong>Patrones socioling\u00fc\u00edsticos del espa\u00f1ol hablado en la ciudad de Sevilla<\/strong><\/p>\n<p>Doina Repede y Marta Le\u00f3n-Castro G\u00f3mez (Eds.) (2020). Peter Lang<\/p>\n<\/div>\n<\/div><\/div><\/div><div id=\"pgc-68-2-2\"  class=\"panel-grid-cell\" ><div id=\"panel-68-2-2-0\" class=\"so-panel widget widget_sow-image panel-first-child panel-last-child\" data-index=\"10\" ><div class=\"panel-widget-style panel-widget-style-for-68-2-2-0\" ><div\n\t\t\t\n\t\t\tclass=\"so-widget-sow-image so-widget-sow-image-default-dbf295114b96-68\"\n\t\t\t\n\t\t>\n<div class=\"sow-image-container\">\n\t\t<img loading=\"lazy\" decoding=\"async\" src=\"https:\/\/grupo.us.es\/sociolingand\/wp-content\/uploads\/2025\/02\/pp.jpg\" width=\"230\" height=\"319\" srcset=\"https:\/\/grupo.us.es\/sociolingand\/wp-content\/uploads\/2025\/02\/pp.jpg 230w, https:\/\/grupo.us.es\/sociolingand\/wp-content\/uploads\/2025\/02\/pp-216x300.jpg 216w\" sizes=\"auto, (max-width: 230px) 100vw, 230px\" alt=\"\" \t\tclass=\"so-widget-image\"\/>\n\t<\/div>\n\n<\/div><\/div><\/div><\/div><div id=\"pgc-68-2-3\"  class=\"panel-grid-cell\" ><div id=\"panel-68-2-3-0\" class=\"so-panel widget widget_sow-editor panel-first-child panel-last-child\" data-index=\"11\" ><div\n\t\t\t\n\t\t\tclass=\"so-widget-sow-editor so-widget-sow-editor-base\"\n\t\t\t\n\t\t>\n<div class=\"siteorigin-widget-tinymce textwidget\">\n\t<div class=\"oKdM2c ZZyype Kzv0Me\">\n<div id=\"h.421528c29e7626db_29\" class=\"hJDwNd-AhqUyc-II5mzb Ft7HRd-AhqUyc-II5mzb pSzOP-AhqUyc-II5mzb Ktthjf-AhqUyc-II5mzb jXK9ad D2fZ2 zu5uec OjCsFc dmUFtb\">\n<div class=\"jXK9ad-SmKAyb\">\n<div class=\"tyJCtd mGzaTb Depvyb baZpAe\">\n<p id=\"h.v6ie0g1r3nm_l\" class=\"zfr3Q OmQG5e CDt4Ke \" dir=\"ltr\"><strong><span class=\"C9DxTc \">La variaci\u00f3n en el espa\u00f1ol actual. Estudios dedicados al profesor Pedro Carbonero<\/span><\/strong><\/p>\n<p class=\"zfr3Q OmQG5e CDt4Ke \" dir=\"ltr\"><span class=\"C9DxTc \">Juana Santana Marrero (Dir.\u00aa), Marta Le\u00f3n-Castro, Marta y Adamant\u00eda\u00a0 Zerva (<\/span><span class=\"C9DxTc \">E<\/span><span class=\"C9DxTc \">ds.) (2015). Socioling\u00fc\u00edstica Andaluza, 17. Editorial Universidad de Sevilla<\/span><\/p>\n<\/div>\n<\/div>\n<\/div>\n<\/div>\n<\/div>\n<\/div><\/div><\/div><\/div><\/div><\/div>","protected":false},"excerpt":{"rendered":"<p>Procesos de variaci\u00f3n y cambio en el espa\u00f1ol de Sevilla y Las Palmas de Gran Canaria Marta Le\u00f3n-Castro G\u00f3mez y Rafael Jim\u00e9nez Fern\u00e1ndez (Coords.) (2024). Iberoamericana\/Vervuert El andaluz y su prestigio. Creencias y actitudes ling\u00fc\u00edsticas de los espa\u00f1oles hacia la variedad andaluza en el siglo XXI Roc\u00edo Cruz Ortiz, Juana Santana Marrero e Inmaculada Clotilde [&hellip;]<\/p>\n","protected":false},"author":1,"featured_media":0,"parent":0,"menu_order":0,"comment_status":"closed","ping_status":"closed","template":"","meta":{"footnotes":""},"class_list":["post-68","page","type-page","status-publish","hentry","post"],"_links":{"self":[{"href":"https:\/\/grupo.us.es\/sociolingand\/wp-json\/wp\/v2\/pages\/68","targetHints":{"allow":["GET"]}}],"collection":[{"href":"https:\/\/grupo.us.es\/sociolingand\/wp-json\/wp\/v2\/pages"}],"about":[{"href":"https:\/\/grupo.us.es\/sociolingand\/wp-json\/wp\/v2\/types\/page"}],"author":[{"embeddable":true,"href":"https:\/\/grupo.us.es\/sociolingand\/wp-json\/wp\/v2\/users\/1"}],"replies":[{"embeddable":true,"href":"https:\/\/grupo.us.es\/sociolingand\/wp-json\/wp\/v2\/comments?post=68"}],"version-history":[{"count":18,"href":"https:\/\/grupo.us.es\/sociolingand\/wp-json\/wp\/v2\/pages\/68\/revisions"}],"predecessor-version":[{"id":369,"href":"https:\/\/grupo.us.es\/sociolingand\/wp-json\/wp\/v2\/pages\/68\/revisions\/369"}],"wp:attachment":[{"href":"https:\/\/grupo.us.es\/sociolingand\/wp-json\/wp\/v2\/media?parent=68"}],"curies":[{"name":"wp","href":"https:\/\/api.w.org\/{rel}","templated":true}]}}