{"id":84,"date":"2022-03-14T11:14:53","date_gmt":"2022-03-14T11:14:53","guid":{"rendered":"https:\/\/grupo.us.es\/redlectin\/?page_id=84"},"modified":"2025-09-16T11:33:46","modified_gmt":"2025-09-16T11:33:46","slug":"la-investigacion","status":"publish","type":"page","link":"https:\/\/grupo.us.es\/redlectin\/la-investigacion\/","title":{"rendered":"Qu\u00e9 dice la investigaci\u00f3n"},"content":{"rendered":"\t\t<div data-elementor-type=\"wp-page\" data-elementor-id=\"84\" class=\"elementor elementor-84\" data-elementor-post-type=\"page\">\n\t\t\t\t<div class=\"elementor-element elementor-element-41474d5 e-flex e-con-boxed e-con e-parent\" data-id=\"41474d5\" data-element_type=\"container\">\n\t\t\t\t\t<div class=\"e-con-inner\">\n\t\t\t\t<div class=\"elementor-element elementor-element-d13a8c2 elementor-widget elementor-widget-text-editor\" data-id=\"d13a8c2\" data-element_type=\"widget\" data-widget_type=\"text-editor.default\">\n\t\t\t\t<div class=\"elementor-widget-container\">\n\t\t\t\t\t\t\t\t\t<p>Aqu\u00ed podr\u00e1s consultar los art\u00edculos de divulgaci\u00f3n\/comentarios\/reflexiones sobre temas relacionados con nuestras investigaciones y de m\u00e1xima actualidad que iremos publicando.<\/p>\t\t\t\t\t\t\t\t<\/div>\n\t\t\t\t<\/div>\n\t\t\t\t\t<\/div>\n\t\t\t\t<\/div>\n\t\t<div class=\"elementor-element elementor-element-d7f6f9d e-flex e-con-boxed e-con e-parent\" data-id=\"d7f6f9d\" data-element_type=\"container\">\n\t\t\t\t\t<div class=\"e-con-inner\">\n\t\t<div class=\"elementor-element elementor-element-cd62d71 e-con-full e-flex e-con e-child\" data-id=\"cd62d71\" data-element_type=\"container\">\n\t\t\t\t<div class=\"elementor-element elementor-element-674816f animated-slow elementor-grid-1 elementor-posts--thumbnail-left elementor-grid-tablet-1 elementor-grid-mobile-1 elementor-invisible elementor-widget elementor-widget-posts\" data-id=\"674816f\" data-element_type=\"widget\" data-settings=\"{&quot;_animation&quot;:&quot;fadeIn&quot;,&quot;pagination_type&quot;:&quot;load_more_infinite_scroll&quot;,&quot;classic_columns&quot;:&quot;1&quot;,&quot;classic_columns_tablet&quot;:&quot;1&quot;,&quot;classic_columns_mobile&quot;:&quot;1&quot;,&quot;classic_row_gap&quot;:{&quot;unit&quot;:&quot;px&quot;,&quot;size&quot;:35,&quot;sizes&quot;:[]},&quot;classic_row_gap_tablet&quot;:{&quot;unit&quot;:&quot;px&quot;,&quot;size&quot;:&quot;&quot;,&quot;sizes&quot;:[]},&quot;classic_row_gap_mobile&quot;:{&quot;unit&quot;:&quot;px&quot;,&quot;size&quot;:&quot;&quot;,&quot;sizes&quot;:[]},&quot;load_more_spinner&quot;:{&quot;value&quot;:&quot;fas fa-spinner&quot;,&quot;library&quot;:&quot;fa-solid&quot;}}\" data-widget_type=\"posts.classic\">\n\t\t\t\t<div class=\"elementor-widget-container\">\n\t\t\t\t\t\t\t<div class=\"elementor-posts-container elementor-posts elementor-posts--skin-classic elementor-grid\">\n\t\t\t\t<article class=\"elementor-post elementor-grid-item post-3953 post type-post status-publish format-standard has-post-thumbnail hentry category-que-dice-la-investigacion\">\n\t\t\t\t<a class=\"elementor-post__thumbnail__link\" href=\"https:\/\/grupo.us.es\/redlectin\/descubriendo-la-metacomprension-en-estudiantes-sordos-y-con-dificultades-auditivas-una-nueva-perspectiva\/\" tabindex=\"-1\" >\n\t\t\t<div class=\"elementor-post__thumbnail\"><img fetchpriority=\"high\" decoding=\"async\" width=\"768\" height=\"1152\" src=\"https:\/\/grupo.us.es\/redlectin\/wp-content\/uploads\/2025\/09\/assets_task_01k593n676eqqrhakxse5vesha_1758021321_img_0-768x1152.webp\" class=\"attachment-medium_large size-medium_large wp-image-3955\" alt=\"\" srcset=\"https:\/\/grupo.us.es\/redlectin\/wp-content\/uploads\/2025\/09\/assets_task_01k593n676eqqrhakxse5vesha_1758021321_img_0-768x1152.webp 768w, https:\/\/grupo.us.es\/redlectin\/wp-content\/uploads\/2025\/09\/assets_task_01k593n676eqqrhakxse5vesha_1758021321_img_0-200x300.webp 200w, https:\/\/grupo.us.es\/redlectin\/wp-content\/uploads\/2025\/09\/assets_task_01k593n676eqqrhakxse5vesha_1758021321_img_0-683x1024.webp 683w, https:\/\/grupo.us.es\/redlectin\/wp-content\/uploads\/2025\/09\/assets_task_01k593n676eqqrhakxse5vesha_1758021321_img_0.webp 1024w\" sizes=\"(max-width: 768px) 100vw, 768px\" \/><\/div>\n\t\t<\/a>\n\t\t\t\t<div class=\"elementor-post__text\">\n\t\t\t\t<h3 class=\"elementor-post__title\">\n\t\t\t<a href=\"https:\/\/grupo.us.es\/redlectin\/descubriendo-la-metacomprension-en-estudiantes-sordos-y-con-dificultades-auditivas-una-nueva-perspectiva\/\" >\n\t\t\t\tDescubriendo la Metacomprensi\u00f3n en Estudiantes Sordos y con Dificultades Auditivas: Una Nueva Perspectiva\t\t\t<\/a>\n\t\t<\/h3>\n\t\t\t\t<div class=\"elementor-post__meta-data\">\n\t\t\t\t\t<span class=\"elementor-post-date\">\n\t\t\t16 de septiembre de 2025\t\t<\/span>\n\t\t\t\t<\/div>\n\t\t\t\t<div class=\"elementor-post__excerpt\">\n\t\t\t<p>La comprensi\u00f3n lectora es una habilidad fundamental para el \u00e9xito acad\u00e9mico y personal, pero para los estudiantes sordos y con dificultades auditivas, a menudo presenta desaf\u00edos \u00fanicos.<\/p>\n\t\t<\/div>\n\t\t\n\t\t<a class=\"elementor-post__read-more\" href=\"https:\/\/grupo.us.es\/redlectin\/descubriendo-la-metacomprension-en-estudiantes-sordos-y-con-dificultades-auditivas-una-nueva-perspectiva\/\" aria-label=\"M\u00e1s informaci\u00f3n sobre Descubriendo la Metacomprensi\u00f3n en Estudiantes Sordos y con Dificultades Auditivas: Una Nueva Perspectiva\" tabindex=\"-1\" >\n\t\t\tLeer m\u00e1s \u00bb\t\t<\/a>\n\n\t\t\t\t<\/div>\n\t\t\t\t<\/article>\n\t\t\t\t<article class=\"elementor-post elementor-grid-item post-3940 post type-post status-publish format-standard has-post-thumbnail hentry category-que-dice-la-investigacion\">\n\t\t\t\t<a class=\"elementor-post__thumbnail__link\" href=\"https:\/\/grupo.us.es\/redlectin\/resena-del-libro-ripoll-j-c-gomez-merino-n-avila-v-2024-aprender-a-ensenar-a-leer-y-a-escribir\/\" tabindex=\"-1\" >\n\t\t\t<div class=\"elementor-post__thumbnail\"><img decoding=\"async\" width=\"768\" height=\"1032\" src=\"https:\/\/grupo.us.es\/redlectin\/wp-content\/uploads\/2025\/01\/imagen-resena-768x1032.jpeg\" class=\"attachment-medium_large size-medium_large wp-image-3941\" alt=\"\" srcset=\"https:\/\/grupo.us.es\/redlectin\/wp-content\/uploads\/2025\/01\/imagen-resena-768x1032.jpeg 768w, https:\/\/grupo.us.es\/redlectin\/wp-content\/uploads\/2025\/01\/imagen-resena-223x300.jpeg 223w, https:\/\/grupo.us.es\/redlectin\/wp-content\/uploads\/2025\/01\/imagen-resena-762x1024.jpeg 762w, https:\/\/grupo.us.es\/redlectin\/wp-content\/uploads\/2025\/01\/imagen-resena-1143x1536.jpeg 1143w, https:\/\/grupo.us.es\/redlectin\/wp-content\/uploads\/2025\/01\/imagen-resena.jpeg 1524w\" sizes=\"(max-width: 768px) 100vw, 768px\" \/><\/div>\n\t\t<\/a>\n\t\t\t\t<div class=\"elementor-post__text\">\n\t\t\t\t<h3 class=\"elementor-post__title\">\n\t\t\t<a href=\"https:\/\/grupo.us.es\/redlectin\/resena-del-libro-ripoll-j-c-gomez-merino-n-avila-v-2024-aprender-a-ensenar-a-leer-y-a-escribir\/\" >\n\t\t\t\tRese\u00f1a del libro: Ripoll, J. C., G\u00f3mez-Merino, N., \u00c1vila, V (2024). Aprender a ense\u00f1ar a leer y a escribir.\t\t\t<\/a>\n\t\t<\/h3>\n\t\t\t\t<div class=\"elementor-post__meta-data\">\n\t\t\t\t\t<span class=\"elementor-post-date\">\n\t\t\t23 de enero de 2025\t\t<\/span>\n\t\t\t\t<\/div>\n\t\t\t\t<div class=\"elementor-post__excerpt\">\n\t\t\t<p>Rese\u00f1a del libro: Ripoll, J. C., G\u00f3mez-Merino, N., \u00c1vila, V (2024). Aprender a ense\u00f1ar a leer y a escribir. SM.<br \/>\nBook review: Ripoll, J. C., G\u00f3mez-Merino, N., Avila, V (2024). Aprender a ense\u00f1ar a leer y a escribir [Learning to teach to reading and writing]. SM.<\/p>\n\t\t<\/div>\n\t\t\n\t\t<a class=\"elementor-post__read-more\" href=\"https:\/\/grupo.us.es\/redlectin\/resena-del-libro-ripoll-j-c-gomez-merino-n-avila-v-2024-aprender-a-ensenar-a-leer-y-a-escribir\/\" aria-label=\"M\u00e1s informaci\u00f3n sobre Rese\u00f1a del libro: Ripoll, J. C., G\u00f3mez-Merino, N., \u00c1vila, V (2024). Aprender a ense\u00f1ar a leer y a escribir.\" tabindex=\"-1\" >\n\t\t\tLeer m\u00e1s \u00bb\t\t<\/a>\n\n\t\t\t\t<\/div>\n\t\t\t\t<\/article>\n\t\t\t\t<article class=\"elementor-post elementor-grid-item post-3920 post type-post status-publish format-standard has-post-thumbnail hentry category-que-dice-la-investigacion\">\n\t\t\t\t<a class=\"elementor-post__thumbnail__link\" href=\"https:\/\/grupo.us.es\/redlectin\/resena-del-articulo-arfe-b-fajardo-i-vespignani-f-in-press-making-texts-understandable\/\" tabindex=\"-1\" >\n\t\t\t<div class=\"elementor-post__thumbnail\"><img decoding=\"async\" width=\"768\" height=\"512\" src=\"https:\/\/grupo.us.es\/redlectin\/wp-content\/uploads\/2024\/01\/books-2606859_1280-768x512.jpg\" class=\"attachment-medium_large size-medium_large wp-image-3469\" alt=\"Imagen de una estanter\u00eda llena de libros antiguos\" srcset=\"https:\/\/grupo.us.es\/redlectin\/wp-content\/uploads\/2024\/01\/books-2606859_1280-768x512.jpg 768w, https:\/\/grupo.us.es\/redlectin\/wp-content\/uploads\/2024\/01\/books-2606859_1280-300x200.jpg 300w, https:\/\/grupo.us.es\/redlectin\/wp-content\/uploads\/2024\/01\/books-2606859_1280-1024x682.jpg 1024w, https:\/\/grupo.us.es\/redlectin\/wp-content\/uploads\/2024\/01\/books-2606859_1280.jpg 1280w\" sizes=\"(max-width: 768px) 100vw, 768px\" \/><\/div>\n\t\t<\/a>\n\t\t\t\t<div class=\"elementor-post__text\">\n\t\t\t\t<h3 class=\"elementor-post__title\">\n\t\t\t<a href=\"https:\/\/grupo.us.es\/redlectin\/resena-del-articulo-arfe-b-fajardo-i-vespignani-f-in-press-making-texts-understandable\/\" >\n\t\t\t\tRese\u00f1a del art\u00edculo: Arf\u00e9, B., Fajardo, I., Vespignani, F (in press). Making texts understandable\t\t\t<\/a>\n\t\t<\/h3>\n\t\t\t\t<div class=\"elementor-post__meta-data\">\n\t\t\t\t\t<span class=\"elementor-post-date\">\n\t\t\t27 de agosto de 2024\t\t<\/span>\n\t\t\t\t<\/div>\n\t\t\t\t<div class=\"elementor-post__excerpt\">\n\t\t\t<p>Rese\u00f1a del art\u00edculo: Arf\u00e9, B., Fajardo, I., Vespignani, F (in press). Making texts understandable: The trade-off between linguistic and cognitive text simplification. In C. Jim\u00e9nez Hurtado &#038; L. Carlucci (Eds.), Lectura f\u00e1cil, Procesos y entornos de una modalidad de traducci\u00f3n. Tib\u00f2n, ULPGC Ediciones, Las Palmas de Gran Canarias.<\/p>\n\t\t<\/div>\n\t\t\n\t\t<a class=\"elementor-post__read-more\" href=\"https:\/\/grupo.us.es\/redlectin\/resena-del-articulo-arfe-b-fajardo-i-vespignani-f-in-press-making-texts-understandable\/\" aria-label=\"M\u00e1s informaci\u00f3n sobre Rese\u00f1a del art\u00edculo: Arf\u00e9, B., Fajardo, I., Vespignani, F (in press). Making texts understandable\" tabindex=\"-1\" >\n\t\t\tLeer m\u00e1s \u00bb\t\t<\/a>\n\n\t\t\t\t<\/div>\n\t\t\t\t<\/article>\n\t\t\t\t<\/div>\n\t\t\t\t\t<span class=\"e-load-more-spinner\">\n\t\t\t\t<i aria-hidden=\"true\" class=\"fas fa-spinner\"><\/i>\t\t\t<\/span>\n\t\t\n\t\t\t\t<div class=\"e-load-more-anchor\" data-page=\"1\" data-max-page=\"2\" data-next-page=\"https:\/\/grupo.us.es\/redlectin\/wp-json\/wp\/v2\/pages\/84\/page\/2\/\"><\/div>\n\t\t\t\t<div class=\"e-load-more-message\"><\/div>\n\t\t\t\t\t\t<\/div>\n\t\t\t\t<\/div>\n\t\t\t\t<\/div>\n\t\t\t\t\t<\/div>\n\t\t\t\t<\/div>\n\t\t<div class=\"elementor-element elementor-element-e0bd65b e-flex e-con-boxed e-con e-parent\" data-id=\"e0bd65b\" data-element_type=\"container\">\n\t\t\t\t\t<div class=\"e-con-inner\">\n\t\t\t\t\t<\/div>\n\t\t\t\t<\/div>\n\t\t\t\t<\/div>\n\t\t","protected":false},"excerpt":{"rendered":"<p>Aqu\u00ed podr\u00e1s consultar los art\u00edculos de divulgaci\u00f3n\/comentarios\/reflexiones sobre temas relacionados con nuestras investigaciones y de m\u00e1xima actualidad que iremos publicando.<\/p>\n","protected":false},"author":1,"featured_media":0,"parent":0,"menu_order":0,"comment_status":"closed","ping_status":"closed","template":"","meta":{"footnotes":""},"class_list":["post-84","page","type-page","status-publish","hentry"],"yoast_head":"<!-- This site is optimized with the Yoast SEO plugin v27.4 - https:\/\/yoast.com\/product\/yoast-seo-wordpress\/ -->\n<title>Qu\u00e9 dice la investigaci\u00f3n - Red Lectin<\/title>\n<meta name=\"robots\" content=\"index, follow, max-snippet:-1, max-image-preview:large, max-video-preview:-1\" \/>\n<link rel=\"canonical\" href=\"https:\/\/grupo.us.es\/redlectin\/la-investigacion\/\" \/>\n<meta property=\"og:locale\" content=\"es_ES\" \/>\n<meta property=\"og:type\" content=\"article\" \/>\n<meta property=\"og:title\" content=\"Qu\u00e9 dice la investigaci\u00f3n - Red Lectin\" \/>\n<meta property=\"og:description\" content=\"Aqu\u00ed podr\u00e1s consultar los art\u00edculos de divulgaci\u00f3n\/comentarios\/reflexiones sobre temas relacionados con nuestras investigaciones y de m\u00e1xima actualidad que iremos publicando.\" \/>\n<meta property=\"og:url\" content=\"https:\/\/grupo.us.es\/redlectin\/la-investigacion\/\" \/>\n<meta property=\"og:site_name\" content=\"Red Lectin\" \/>\n<meta property=\"article:modified_time\" content=\"2025-09-16T11:33:46+00:00\" \/>\n<meta name=\"twitter:card\" content=\"summary_large_image\" \/>\n<meta name=\"twitter:label1\" content=\"Tiempo de lectura\" \/>\n\t<meta name=\"twitter:data1\" content=\"2 minutos\" \/>\n<script type=\"application\/ld+json\" class=\"yoast-schema-graph\">{\"@context\":\"https:\\\/\\\/schema.org\",\"@graph\":[{\"@type\":\"WebPage\",\"@id\":\"https:\\\/\\\/grupo.us.es\\\/redlectin\\\/la-investigacion\\\/\",\"url\":\"https:\\\/\\\/grupo.us.es\\\/redlectin\\\/la-investigacion\\\/\",\"name\":\"Qu\u00e9 dice la investigaci\u00f3n - Red Lectin\",\"isPartOf\":{\"@id\":\"https:\\\/\\\/grupo.us.es\\\/redlectin\\\/#website\"},\"datePublished\":\"2022-03-14T11:14:53+00:00\",\"dateModified\":\"2025-09-16T11:33:46+00:00\",\"inLanguage\":\"es\",\"potentialAction\":[{\"@type\":\"ReadAction\",\"target\":[\"https:\\\/\\\/grupo.us.es\\\/redlectin\\\/la-investigacion\\\/\"]}]},{\"@type\":\"WebSite\",\"@id\":\"https:\\\/\\\/grupo.us.es\\\/redlectin\\\/#website\",\"url\":\"https:\\\/\\\/grupo.us.es\\\/redlectin\\\/\",\"name\":\"Red Lectin\",\"description\":\"Red Lectura inclusiva: Red para la investigaci\u00f3n e innovaci\u00f3n en lectura at\u00edpica\",\"publisher\":{\"@id\":\"https:\\\/\\\/grupo.us.es\\\/redlectin\\\/#organization\"},\"potentialAction\":[{\"@type\":\"SearchAction\",\"target\":{\"@type\":\"EntryPoint\",\"urlTemplate\":\"https:\\\/\\\/grupo.us.es\\\/redlectin\\\/?s={search_term_string}\"},\"query-input\":{\"@type\":\"PropertyValueSpecification\",\"valueRequired\":true,\"valueName\":\"search_term_string\"}}],\"inLanguage\":\"es\"},{\"@type\":\"Organization\",\"@id\":\"https:\\\/\\\/grupo.us.es\\\/redlectin\\\/#organization\",\"name\":\"Red Lectin\",\"url\":\"https:\\\/\\\/grupo.us.es\\\/redlectin\\\/\",\"logo\":{\"@type\":\"ImageObject\",\"inLanguage\":\"es\",\"@id\":\"https:\\\/\\\/grupo.us.es\\\/redlectin\\\/#\\\/schema\\\/logo\\\/image\\\/\",\"url\":\"https:\\\/\\\/grupo.us.es\\\/redlectin\\\/wp-content\\\/uploads\\\/2022\\\/03\\\/logo_us.png\",\"contentUrl\":\"https:\\\/\\\/grupo.us.es\\\/redlectin\\\/wp-content\\\/uploads\\\/2022\\\/03\\\/logo_us.png\",\"width\":300,\"height\":307,\"caption\":\"Red Lectin\"},\"image\":{\"@id\":\"https:\\\/\\\/grupo.us.es\\\/redlectin\\\/#\\\/schema\\\/logo\\\/image\\\/\"}}]}<\/script>\n<!-- \/ Yoast SEO plugin. -->","yoast_head_json":{"title":"Qu\u00e9 dice la investigaci\u00f3n - Red Lectin","robots":{"index":"index","follow":"follow","max-snippet":"max-snippet:-1","max-image-preview":"max-image-preview:large","max-video-preview":"max-video-preview:-1"},"canonical":"https:\/\/grupo.us.es\/redlectin\/la-investigacion\/","og_locale":"es_ES","og_type":"article","og_title":"Qu\u00e9 dice la investigaci\u00f3n - Red Lectin","og_description":"Aqu\u00ed podr\u00e1s consultar los art\u00edculos de divulgaci\u00f3n\/comentarios\/reflexiones sobre temas relacionados con nuestras investigaciones y de m\u00e1xima actualidad que iremos publicando.","og_url":"https:\/\/grupo.us.es\/redlectin\/la-investigacion\/","og_site_name":"Red Lectin","article_modified_time":"2025-09-16T11:33:46+00:00","twitter_card":"summary_large_image","twitter_misc":{"Tiempo de lectura":"2 minutos"},"schema":{"@context":"https:\/\/schema.org","@graph":[{"@type":"WebPage","@id":"https:\/\/grupo.us.es\/redlectin\/la-investigacion\/","url":"https:\/\/grupo.us.es\/redlectin\/la-investigacion\/","name":"Qu\u00e9 dice la investigaci\u00f3n - Red Lectin","isPartOf":{"@id":"https:\/\/grupo.us.es\/redlectin\/#website"},"datePublished":"2022-03-14T11:14:53+00:00","dateModified":"2025-09-16T11:33:46+00:00","inLanguage":"es","potentialAction":[{"@type":"ReadAction","target":["https:\/\/grupo.us.es\/redlectin\/la-investigacion\/"]}]},{"@type":"WebSite","@id":"https:\/\/grupo.us.es\/redlectin\/#website","url":"https:\/\/grupo.us.es\/redlectin\/","name":"Red Lectin","description":"Red Lectura inclusiva: Red para la investigaci\u00f3n e innovaci\u00f3n en lectura at\u00edpica","publisher":{"@id":"https:\/\/grupo.us.es\/redlectin\/#organization"},"potentialAction":[{"@type":"SearchAction","target":{"@type":"EntryPoint","urlTemplate":"https:\/\/grupo.us.es\/redlectin\/?s={search_term_string}"},"query-input":{"@type":"PropertyValueSpecification","valueRequired":true,"valueName":"search_term_string"}}],"inLanguage":"es"},{"@type":"Organization","@id":"https:\/\/grupo.us.es\/redlectin\/#organization","name":"Red Lectin","url":"https:\/\/grupo.us.es\/redlectin\/","logo":{"@type":"ImageObject","inLanguage":"es","@id":"https:\/\/grupo.us.es\/redlectin\/#\/schema\/logo\/image\/","url":"https:\/\/grupo.us.es\/redlectin\/wp-content\/uploads\/2022\/03\/logo_us.png","contentUrl":"https:\/\/grupo.us.es\/redlectin\/wp-content\/uploads\/2022\/03\/logo_us.png","width":300,"height":307,"caption":"Red Lectin"},"image":{"@id":"https:\/\/grupo.us.es\/redlectin\/#\/schema\/logo\/image\/"}}]}},"_links":{"self":[{"href":"https:\/\/grupo.us.es\/redlectin\/wp-json\/wp\/v2\/pages\/84","targetHints":{"allow":["GET"]}}],"collection":[{"href":"https:\/\/grupo.us.es\/redlectin\/wp-json\/wp\/v2\/pages"}],"about":[{"href":"https:\/\/grupo.us.es\/redlectin\/wp-json\/wp\/v2\/types\/page"}],"author":[{"embeddable":true,"href":"https:\/\/grupo.us.es\/redlectin\/wp-json\/wp\/v2\/users\/1"}],"replies":[{"embeddable":true,"href":"https:\/\/grupo.us.es\/redlectin\/wp-json\/wp\/v2\/comments?post=84"}],"version-history":[{"count":0,"href":"https:\/\/grupo.us.es\/redlectin\/wp-json\/wp\/v2\/pages\/84\/revisions"}],"wp:attachment":[{"href":"https:\/\/grupo.us.es\/redlectin\/wp-json\/wp\/v2\/media?parent=84"}],"curies":[{"name":"wp","href":"https:\/\/api.w.org\/{rel}","templated":true}]}}