{"id":198,"date":"2017-08-01T09:00:06","date_gmt":"2017-08-01T09:00:06","guid":{"rendered":"http:\/\/rushmore.wpcolorlab.com\/?page_id=198"},"modified":"2022-06-21T23:36:53","modified_gmt":"2022-06-21T23:36:53","slug":"equipo","status":"publish","type":"page","link":"https:\/\/grupo.us.es\/psycoms\/equipo\/","title":{"rendered":"Equipo"},"content":{"rendered":"<p><section class=\"kc-elm kc-css-744481 kc_row\"><div class=\"kc-row-container  kc-container\"><div class=\"kc-wrap-columns\"><div class=\"kc-elm kc-css-122716 kc_col-sm-4 kc_column kc_col-sm-4\"><div class=\"kc-col-container\"><article class=\"sabbi-thumlinepost-card solitude-bg__x profile-card kc-elm kc-css-330755\"><figure class=\"sabbi-thumlinepost-card-figure\">\n                    <img decoding=\"async\" width=\"200\" height=\"200\" data-src=\"https:\/\/grupo.us.es\/psycoms\/wp-content\/uploads\/2020\/09\/cropped-isabel-herrera-2.jpg\" class=\"img-thumpost img-responsive lazyload\" alt=\"\" data-srcset=\"https:\/\/grupo.us.es\/psycoms\/wp-content\/uploads\/2020\/09\/cropped-isabel-herrera-2.jpg 200w, https:\/\/grupo.us.es\/psycoms\/wp-content\/uploads\/2020\/09\/cropped-isabel-herrera-2-150x150.jpg 150w\" data-sizes=\"(max-width: 200px) 100vw, 200px\" src=\"data:image\/svg+xml;base64,PHN2ZyB3aWR0aD0iMSIgaGVpZ2h0PSIxIiB4bWxucz0iaHR0cDovL3d3dy53My5vcmcvMjAwMC9zdmciPjwvc3ZnPg==\" style=\"--smush-placeholder-width: 200px; --smush-placeholder-aspect-ratio: 200\/200;\" \/><figcaption><h3 class=\"fig-title\">Contacto<\/h3><div class=\"fig-meta\"><p class=\"fig-cal\"><strong>Call:<\/strong> <span>+34954557709<\/span><\/p><p class=\"fig-mail\"><strong>Email:<\/strong> <span>iherrera@us.es<\/span><\/p><\/div>\n                    <\/figcaption><\/figure><div class=\"profile-card-meta\">\n                                    <ul class=\"pfofile-social list-unstyled list-inline\"><\/ul>\n                                <\/div><div class=\"card_st_fix\"><\/div><\/article><\/div><\/div><div class=\"kc-elm kc-css-285902 kc_col-sm-8 kc_column kc_col-sm-8\"><div class=\"kc-col-container\"><article class=\"profile-glimps\"><h2 class=\"entry-title title-foc-md\">Isabel Mar\u00eda Herrera S\u00e1nchez<\/h2>\n        <p class=\"text-foc-md\">Responsable del Proyecto<\/p>\n        <p class=\"text-foc-md\"><\/p><div class=\"stage-content-biog\">\n            <style type=\"text\/css\"><\/style><section class=\"kc-elm kc-css-189993 kc_row\"><div class=\"kc-row-container  kc-container\"><div class=\"kc-wrap-columns\"><div class=\"kc-elm kc-css-530342 kc_col-sm-12 kc_column kc_col-sm-12\"><div class=\"kc-col-container\"><div class=\"kc-elm kc-css-866447 kc_text_block\"><p>Profesora Contratada Doctora del Departamento de Psicolog\u00eda Social de la Universidad de Sevilla. Ha ocupado el cargo Vicedecana de Estudios de la Facultad de Psicolog\u00eda (2014-2019). Miembro del Comit\u00e9 Cient\u00edfico del Observatorio Andaluz sobre Drogas y Adicciones (Junta de Andaluc\u00eda) y miembro del Comit\u00e9 Permanente de Psicolog\u00eda Comunitaria de la Federaci\u00f3n Europea de Asociaciones de Psicolog\u00eda (EFPA). Ha participado en proyectos de investigaci\u00f3n I+D, y en proyectos por convenio a nivel regional y local. Ha sido responsable de proyectos de aprendizaje-servicio que impulsan la colaboraci\u00f3n entre la universidad y las entidades sociales. En la actualidad dirige el proyecto \u201cAn\u00e1lisis de la efectividad de la narraci\u00f3n de historias como estrategia para la prevenci\u00f3n selectiva del consumo perjudicial y dependencia al cannabis en menores infractores (Expediente 2018I006) financiado por el Plan Nacional sobre Drogas del Gobierno de Espa\u00f1a. Sus l\u00edneas de investigaci\u00f3n son: psicolog\u00eda de la intervenci\u00f3n social y comunitaria, implementaci\u00f3n y evaluaci\u00f3n de programas, metodolog\u00eda de investigaci\u00f3n cualitativa y prevenci\u00f3n de las adicciones en colectivos vulnerables.<\/p>\n<\/div><\/div><\/div><\/div><\/div><\/section>\n        <\/div><\/article><\/div><\/div><\/div><\/div><\/section><section class=\"kc-elm kc-css-929484 kc_row\"><div class=\"kc-row-container  kc-container\"><div class=\"kc-wrap-columns\"><div class=\"kc-elm kc-css-113913 kc_col-sm-4 kc_column kc_col-sm-4\"><div class=\"kc-col-container\"><article class=\"sabbi-thumlinepost-card solitude-bg__x profile-card kc-elm kc-css-133385\"><figure class=\"sabbi-thumlinepost-card-figure\">\n                    <img decoding=\"async\" width=\"203\" height=\"270\" data-src=\"https:\/\/grupo.us.es\/psycoms\/wp-content\/uploads\/2020\/09\/silvia-manzano.jpg\" class=\"img-thumpost img-responsive lazyload\" alt=\"\" src=\"data:image\/svg+xml;base64,PHN2ZyB3aWR0aD0iMSIgaGVpZ2h0PSIxIiB4bWxucz0iaHR0cDovL3d3dy53My5vcmcvMjAwMC9zdmciPjwvc3ZnPg==\" style=\"--smush-placeholder-width: 203px; --smush-placeholder-aspect-ratio: 203\/270;\" \/><figcaption><h3 class=\"fig-title\">Contacto<\/h3><div class=\"fig-meta\"><p class=\"fig-cal\"><strong>Call:<\/strong> <span>+34954557651<\/span><\/p><p class=\"fig-mail\"><strong>Email:<\/strong> <span><\/span><\/p><\/div>\n                    <\/figcaption><\/figure><div class=\"profile-card-meta\">\n                                    <ul class=\"pfofile-social list-unstyled list-inline\"><\/ul>\n                                <\/div><div class=\"card_st_fix\"><\/div><\/article><\/div><\/div><div class=\"kc-elm kc-css-893105 kc_col-sm-8 kc_column kc_col-sm-8\"><div class=\"kc-col-container\"><article class=\"profile-glimps\"><h2 class=\"entry-title title-foc-md\">Silvia Medina Anzano<\/h2>\n        <p class=\"text-foc-md\"><\/p>\n        <p class=\"text-foc-md\"><\/p><div class=\"stage-content-biog\">\n            <style type=\"text\/css\"><\/style><section class=\"kc-elm kc-css-846254 kc_row\"><div class=\"kc-row-container  kc-container\"><div class=\"kc-wrap-columns\"><div class=\"kc-elm kc-css-658391 kc_col-sm-12 kc_column kc_col-sm-12\"><div class=\"kc-col-container\"><div class=\"kc-elm kc-css-990516 kc_text_block\"><p>Profesora Titular del Departamento de Psicolog\u00eda Social de la Universidad de Sevilla. Realiz\u00f3 su Tesis Doctoral dentro del Departamento de Psicolog\u00eda Social de la U.S. Fue realizada siguiendo el enfoque de las Habilidades Sociales. Su curriculum est\u00e1 centrado en el \u00e1rea de Psicolog\u00eda social de la salud, m\u00e1s espec\u00edficamente en los modelos explicativos de los comportamientos relacionados con la salud. La teor\u00eda de la Autoeficacia es el constructo central que gu\u00eda la investigaci\u00f3n. Las habilidades sociales como herramienta para la formaci\u00f3n de profesionales de la salud y\/o usuarios ser\u00eda a nivel aplicado el \u00e1rea principal de las intervenciones investigadoras y publicaciones. Ha dirigido y participado en numerosos proyectos financiados a nivel Nacional, Auton\u00f3mico y local, relacionados con la formaci\u00f3n, el dise\u00f1o, la evaluaci\u00f3n e implementaci\u00f3n de programas de Entrenamientos en Habilidades Sociales, orientados a la mejora del bienestar y a la resoluci\u00f3n de problemas sociales y\/o de la salud. En los \u00faltimos a\u00f1os se ha centrado en el desarrollo de programas de Cooperaci\u00f3n para el desarrollo local e internacional, utilizando estos modelos explicativos y el enfoque de las habilidades sociales para su desarrollo.<\/p>\n<\/div><\/div><\/div><\/div><\/div><\/section>\n        <\/div><\/article><\/div><\/div><\/div><\/div><\/section><section class=\"kc-elm kc-css-208195 kc_row\"><div class=\"kc-row-container  kc-container\"><div class=\"kc-wrap-columns\"><div class=\"kc-elm kc-css-866234 kc_col-sm-4 kc_column kc_col-sm-4\"><div class=\"kc-col-container\"><article class=\"sabbi-thumlinepost-card solitude-bg__x profile-card kc-elm kc-css-842222\"><figure class=\"sabbi-thumlinepost-card-figure\">\n                    <img decoding=\"async\" width=\"186\" height=\"270\" data-src=\"https:\/\/grupo.us.es\/psycoms\/wp-content\/uploads\/2020\/09\/samuel-rueda.jpg\" class=\"img-thumpost img-responsive lazyload\" alt=\"\" src=\"data:image\/svg+xml;base64,PHN2ZyB3aWR0aD0iMSIgaGVpZ2h0PSIxIiB4bWxucz0iaHR0cDovL3d3dy53My5vcmcvMjAwMC9zdmciPjwvc3ZnPg==\" style=\"--smush-placeholder-width: 186px; --smush-placeholder-aspect-ratio: 186\/270;\" \/><figcaption><h3 class=\"fig-title\">Contacto<\/h3><div class=\"fig-meta\"><p class=\"fig-cal\"><strong>Call:<\/strong> <span>+34954557742<\/span><\/p><p class=\"fig-mail\"><strong>Email:<\/strong> <span><\/span><\/p><\/div>\n                    <\/figcaption><\/figure><div class=\"profile-card-meta\">\n                                    <ul class=\"pfofile-social list-unstyled list-inline\"><\/ul>\n                                <\/div><div class=\"card_st_fix\"><\/div><\/article><\/div><\/div><div class=\"kc-elm kc-css-184732 kc_col-sm-8 kc_column kc_col-sm-8\"><div class=\"kc-col-container\"><article class=\"profile-glimps\"><h2 class=\"entry-title title-foc-md\">Samuel Rueda M\u00e9ndez<\/h2>\n        <p class=\"text-foc-md\"><\/p>\n        <p class=\"text-foc-md\"><\/p><div class=\"stage-content-biog\">\n            <style type=\"text\/css\"><\/style><section class=\"kc-elm kc-css-951567 kc_row\"><div class=\"kc-row-container  kc-container\"><div class=\"kc-wrap-columns\"><div class=\"kc-elm kc-css-300930 kc_col-sm-12 kc_column kc_col-sm-12\"><div class=\"kc-col-container\"><div class=\"kc-elm kc-css-141031 kc_text_block\"><p>Doctor en Psicolog\u00eda por la Universidad de Sevilla, con una tesis de intervenci\u00f3n para la prevenci\u00f3n de reca\u00eddas de drogodependientes. Durante su formaci\u00f3n predoctoral realiz\u00f3 una estancia de investigaci\u00f3n el Addictive Behavior Research Center de Seattle (WA) en Estados Unidos de Am\u00e9rica. M\u00e1ster Universitario en Promoci\u00f3n de la Salud y Apoyo Psicosocial al Paciente y T\u00e9cnico Superior en Prevenci\u00f3n de Riesgos Laborales. En la actualidad, trabaja como Profesor Colaborador en el Departamento de Psicolog\u00eda Social de la Universidad de Sevilla, y como Director del <a href=\"http:\/\/www.master.us.es\/mastersexologia\/\" target=\"_blank\" rel=\"noopener\">M\u00e1ster Propio en Sexolog\u00eda de la Universidad de Sevilla<\/a>. Es Miembro de la Sociedad Espa\u00f1ola de Intervenci\u00f3n en Sexolog\u00eda.<\/p>\n<p>Ha participado en proyectos de investigaci\u00f3n I+D, y en proyectos por convenio a nivel regional y local, as\u00ed como en proyectos de aprendizaje-servicio que impulsan la colaboraci\u00f3n entre la universidad y las entidades sociales en materia de prevenci\u00f3n de las adicciones y de la diversidad sexual.<\/p>\n<p>\u00a0Sus l\u00edneas de investigaci\u00f3n son: Promoci\u00f3n de la salud sexual, Psicolog\u00eda de la intervenci\u00f3n social y comunitaria, prevenci\u00f3n y promoci\u00f3n en salud y prevenci\u00f3n de las adicciones.<\/p>\n<\/div><\/div><\/div><\/div><\/div><\/section>\n        <\/div><\/article><\/div><\/div><\/div><\/div><\/section><section class=\"kc-elm kc-css-78764 kc_row\"><div class=\"kc-row-container  kc-container\"><div class=\"kc-wrap-columns\"><div class=\"kc-elm kc-css-142709 kc_col-sm-4 kc_column kc_col-sm-4\"><div class=\"kc-col-container\"><article class=\"sabbi-thumlinepost-card solitude-bg__x profile-card kc-elm kc-css-689778\"><figure class=\"sabbi-thumlinepost-card-figure\">\n                    <img decoding=\"async\" width=\"240\" height=\"240\" data-src=\"https:\/\/grupo.us.es\/psycoms\/wp-content\/uploads\/2020\/09\/laia-serra.png\" class=\"img-thumpost img-responsive lazyload\" alt=\"\" data-srcset=\"https:\/\/grupo.us.es\/psycoms\/wp-content\/uploads\/2020\/09\/laia-serra.png 240w, https:\/\/grupo.us.es\/psycoms\/wp-content\/uploads\/2020\/09\/laia-serra-150x150.png 150w\" data-sizes=\"(max-width: 240px) 100vw, 240px\" src=\"data:image\/svg+xml;base64,PHN2ZyB3aWR0aD0iMSIgaGVpZ2h0PSIxIiB4bWxucz0iaHR0cDovL3d3dy53My5vcmcvMjAwMC9zdmciPjwvc3ZnPg==\" style=\"--smush-placeholder-width: 240px; --smush-placeholder-aspect-ratio: 240\/240;\" \/><figcaption><h3 class=\"fig-title\">Contacto<\/h3><div class=\"fig-meta\"><p class=\"fig-cal\"><strong>Call:<\/strong> <span><\/span><\/p><p class=\"fig-mail\"><strong>Email:<\/strong> <span><\/span><\/p><\/div>\n                    <\/figcaption><\/figure><div class=\"profile-card-meta\">\n                                    <ul class=\"pfofile-social list-unstyled list-inline\"><\/ul>\n                                <\/div><div class=\"card_st_fix\"><\/div><\/article><\/div><\/div><div class=\"kc-elm kc-css-986647 kc_col-sm-8 kc_column kc_col-sm-8\"><div class=\"kc-col-container\"><article class=\"profile-glimps\"><h2 class=\"entry-title title-foc-md\">Laia Serra Duart<\/h2>\n        <p class=\"text-foc-md\"><\/p>\n        <p class=\"text-foc-md\"><\/p><div class=\"stage-content-biog\">\n            <style type=\"text\/css\">@media only screen and (min-width: 1000px) and (max-width: 5000px){body.kc-css-system .kc-css-438503{width: 100%;}}<\/style><section class=\"kc-elm kc-css-907580 kc_row\"><div class=\"kc-row-container  kc-container\"><div class=\"kc-wrap-columns\"><div class=\"kc-elm kc-css-438503 kc_col-sm-12 kc_column kc_col-sm-12\"><div class=\"kc-col-container\"><div class=\"kc-elm kc-css-650674 kc_text_block\"><p>Licenciada en Psicolog\u00eda. M\u00e1ster en Sexolog\u00eda por la Universidad de Sevilla. M\u00e1ster en Terapia breve estrat\u00e9gica. Organizado por centro de terapia estrat\u00e9gica centro di terapia strategica di Arezzo. M\u00e1ster en Terapia Familiar y de Sistemas. Experto en Psicoterapia din\u00e1mica por la Universidad de Sevilla. Certificado de formaci\u00f3n pedag\u00f3gica y did\u00e1ctica. Formaci\u00f3n superior en Terapia Gestalt, en Jera, Escuela Sevilla de Terapia Gestalt. Formaci\u00f3n especializada en Transexualidad (Colegio Oficial de Psicolog\u00eda de Andalucia Occidental) Experiencia en Educaci\u00f3n Sexual, Terapia Sexual y de Grupos. Miembro promotor del Grupo de Sexolog\u00eda de del Colegio Oficial de Psicolog\u00eda Andaluc\u00eda Occidental. Delegaci\u00f3n Sevilla. Impartici\u00f3n de Talleres Educaci\u00f3n Afectivo-sexual, Prevenci\u00f3n de ITS-VIH-SIDA y Bullying Homof\u00f3bico en j\u00f3venes y profesionales de diferentes \u00e1mbitos de actuaci\u00f3n. Terapeuta y Docente en diversos programas de Educaci\u00f3n Sexual y educaci\u00f3n para la salud realizados desde <a href=\"https:\/\/www.arteasexologia.es\/\" target=\"_blank\" rel=\"noopener\">ARTEA Psicolog\u00eda y Sexolog\u00eda\u00a0S.L.<\/a> Formadora en Talleres de Educaci\u00f3n Sexual para Familias y personas con Discapacidad. Experiencia en el trabajo de Crecimiento personal con grupos de mujeres. Equipos de tratamiento familiar. Delegaci\u00f3n de bienestar Social y Solidaridad. Ayuntamiento de Sevilla.<\/p>\n<\/div><\/div><\/div><\/div><\/div><\/section>\n        <\/div><\/article><\/div><\/div><\/div><\/div><\/section><section class=\"kc-elm kc-css-380121 kc_row\"><div class=\"kc-row-container  kc-container\"><div class=\"kc-wrap-columns\"><div class=\"kc-elm kc-css-212945 kc_col-sm-4 kc_column kc_col-sm-4\"><div class=\"kc-col-container\"><article class=\"sabbi-thumlinepost-card solitude-bg__x profile-card kc-elm kc-css-723351\"><figure class=\"sabbi-thumlinepost-card-figure\">\n                    <img decoding=\"async\" width=\"180\" height=\"270\" data-src=\"https:\/\/grupo.us.es\/psycoms\/wp-content\/uploads\/2020\/09\/maribel-garcia.png\" class=\"img-thumpost img-responsive lazyload\" alt=\"\" src=\"data:image\/svg+xml;base64,PHN2ZyB3aWR0aD0iMSIgaGVpZ2h0PSIxIiB4bWxucz0iaHR0cDovL3d3dy53My5vcmcvMjAwMC9zdmciPjwvc3ZnPg==\" style=\"--smush-placeholder-width: 180px; --smush-placeholder-aspect-ratio: 180\/270;\" \/><figcaption><h3 class=\"fig-title\">Contacto<\/h3><div class=\"fig-meta\"><p class=\"fig-cal\"><strong>Call:<\/strong> <span><\/span><\/p><p class=\"fig-mail\"><strong>Email:<\/strong> <span><\/span><\/p><\/div>\n                    <\/figcaption><\/figure><div class=\"profile-card-meta\">\n                                    <ul class=\"pfofile-social list-unstyled list-inline\"><\/ul>\n                                <\/div><div class=\"card_st_fix\"><\/div><\/article><\/div><\/div><div class=\"kc-elm kc-css-306499 kc_col-sm-8 kc_column kc_col-sm-8\"><div class=\"kc-col-container\"><article class=\"profile-glimps\"><h2 class=\"entry-title title-foc-md\">Maribel Garc\u00eda Cantero<\/h2>\n        <p class=\"text-foc-md\"><\/p>\n        <p class=\"text-foc-md\"><\/p><div class=\"stage-content-biog\">\n            <style type=\"text\/css\"><\/style><section class=\"kc-elm kc-css-843178 kc_row\"><div class=\"kc-row-container  kc-container\"><div class=\"kc-wrap-columns\"><div class=\"kc-elm kc-css-216093 kc_col-sm-12 kc_column kc_col-sm-12\"><div class=\"kc-col-container\"><div class=\"kc-elm kc-css-929805 kc_text_block\"><p>Psic\u00f3loga con habilitaci\u00f3n sanitaria por la Consejer\u00eda de Salud de la Junta de Andaluc\u00eda. Sex\u00f3loga. Directora de\u00a0<a href=\"https:\/\/www.arteasexologia.es\/\" target=\"_blank\" rel=\"noopener\">ARTEA Sexolog\u00eda y Psicolog\u00eda<\/a>\u00a0desde hace m\u00e1s de 15 a\u00f1os. Miembro de la Junta directiva la Sociedad Espa\u00f1ola de Intervenci\u00f3n en Sexolog\u00eda. Responsable del Grupo de Trabajo de Sexolog\u00eda de la Delegaci\u00f3n de Sevilla del Colegio Oficial de Psicolog\u00eda Andaluc\u00eda Occidental. Vocal de la Junta Rectora de la Delegaci\u00f3n de Sevilla del Colegio Oficial de Psicolog\u00eda de Andaluc\u00eda Occidental.\u00a0 Profesora del M\u00e1ster en Sexolog\u00eda de la Universidad Aut\u00f3noma de Chile. Coordinadora y docente del Curso de Especializaci\u00f3n en Transexualidad organizado por la Delegaci\u00f3n de Sevilla del Colegio Oficial de Psicolog\u00eda de Andaluc\u00eda Occidental. Profesora de la libre configuraci\u00f3n Afectividad y Sexualidad en la discapacidad, Unidad de Atenci\u00f3n a estudiantes con discapacidad. Servicio de Atenci\u00f3n a la Comunidad Universitaria. Universidad de Sevilla. \u00a0Gesti\u00f3n, coordinaci\u00f3n y docencia de Programas de educaci\u00f3n sexual enmarcados dentro del programa Forma Joven. Amplia experiencia en la Gesti\u00f3n y docencia de programas de Educaci\u00f3n Sexual en diferentes Instituciones tanto p\u00fablicas como privadas. Revisi\u00f3n, colaboraci\u00f3n y elaboraci\u00f3n de materiales de Educaci\u00f3n sexual en la Consejer\u00eda de Salud de la Junta de Andaluc\u00eda.<\/p>\n<\/div><\/div><\/div><\/div><\/div><\/section>\n        <\/div><\/article><\/div><\/div><\/div><\/div><\/section><section class=\"kc-elm kc-css-164039 kc_row\"><div class=\"kc-row-container  kc-container\"><div class=\"kc-wrap-columns\"><div class=\"kc-elm kc-css-331686 kc_col-sm-4 kc_column kc_col-sm-4\"><div class=\"kc-col-container\"><article class=\"sabbi-thumlinepost-card solitude-bg__x profile-card kc-elm kc-css-880372\"><figure class=\"sabbi-thumlinepost-card-figure\">\n                    <img decoding=\"async\" width=\"297\" height=\"270\" data-src=\"https:\/\/grupo.us.es\/psycoms\/wp-content\/uploads\/2022\/06\/Sara_Vera-350-297x270.png\" class=\"img-thumpost img-responsive lazyload\" alt=\"\" src=\"data:image\/svg+xml;base64,PHN2ZyB3aWR0aD0iMSIgaGVpZ2h0PSIxIiB4bWxucz0iaHR0cDovL3d3dy53My5vcmcvMjAwMC9zdmciPjwvc3ZnPg==\" style=\"--smush-placeholder-width: 297px; --smush-placeholder-aspect-ratio: 297\/270;\" \/><figcaption><h3 class=\"fig-title\">Contact Information<\/h3><div class=\"fig-meta\"><p class=\"fig-cal\"><strong>Call:<\/strong> <span><\/span><\/p><p class=\"fig-mail\"><strong>Email:<\/strong> <span><\/span><\/p><\/div>\n                    <\/figcaption><\/figure><div class=\"profile-card-meta\">\n                                    <ul class=\"pfofile-social list-unstyled list-inline\"><\/ul>\n                                <\/div><div class=\"card_st_fix\"><\/div><\/article><\/div><\/div><div class=\"kc-elm kc-css-811185 kc_col-sm-8 kc_column kc_col-sm-8\"><div class=\"kc-col-container\"><article class=\"profile-glimps\"><h2 class=\"entry-title title-foc-md\">Sara Vera Gil<\/h2>\n        <p class=\"text-foc-md\"><\/p>\n        <p class=\"text-foc-md\"><\/p><div class=\"stage-content-biog\">\n            <style type=\"text\/css\"><\/style><section class=\"kc-elm kc-css-120317 kc_row\"><div class=\"kc-row-container  kc-container\"><div class=\"kc-wrap-columns\"><div class=\"kc-elm kc-css-942936 kc_col-sm-12 kc_column kc_col-sm-12\"><div class=\"kc-col-container\"><div class=\"kc-elm kc-css-370890 kc_text_block\"><p>Doctora en Psicolog\u00eda por la Universidad de Sevilla y actualmente PSI en el Departamento de Psicolog\u00eda Social. M\u00e1ster en estudios de g\u00e9nero por la US y, m\u00e1s recientemente, Especialista en Terapias Contextuales por la UAL. Sus \u00e1reas de inter\u00e9s son la influencia de los estereotipos de g\u00e9nero en el comportamiento humano y la prevenci\u00f3n de problemas de salud mental mediante un enfoque contextual, psicosocial y de g\u00e9nero.<br \/>Ha participado en proyectos de investigaci\u00f3n I+D sobre los techos de cristal en el \u00e1mbito de la Ciencia y la Tecnolog\u00eda y la prevenci\u00f3n de la violencia de g\u00e9nero.<br \/>Ha realizado estancias de investigaci\u00f3n en centros de prestigio internacional como el Centro de Investigaci\u00f3n y G\u00e9nero de la Universidad de Oslo, el Departamento de Estudios de G\u00e9nero de la Universidad de Estocolmo y el Centro de Atenci\u00f3n Psicol\u00f3gica de la Universidad de Almer\u00eda.<br \/>Ha colaborado con la Unidad para la Igualdad de la Universidad de Sevilla en el Diagn\u00f3stico del II Plan de Igualdad y como coordinadora de \u00c1rea de la Red de Voluntariado para la detecci\u00f3n y apoyo a las v\u00edctimas de violencia de g\u00e9nero.<\/p>\n<\/div><\/div><\/div><\/div><\/div><\/section>\n        <\/div><\/article><\/div><\/div><\/div><\/div><\/section><\/p>\n","protected":false},"excerpt":{"rendered":"","protected":false},"author":1,"featured_media":0,"parent":0,"menu_order":0,"comment_status":"closed","ping_status":"closed","template":"","meta":{"footnotes":""},"class_list":["post-198","page","type-page","status-publish","hentry"],"yoast_head":"<!-- This site is optimized with the Yoast SEO plugin v27.5 - https:\/\/yoast.com\/product\/yoast-seo-wordpress\/ -->\n<title>Equipo - Grupo de Investigaci\u00f3n<\/title>\n<meta name=\"robots\" content=\"index, follow, max-snippet:-1, max-image-preview:large, max-video-preview:-1\" \/>\n<link rel=\"canonical\" href=\"https:\/\/grupo.us.es\/psycoms\/equipo\/\" \/>\n<meta property=\"og:locale\" content=\"es_ES\" \/>\n<meta property=\"og:type\" content=\"article\" \/>\n<meta property=\"og:title\" content=\"Equipo - Grupo de Investigaci\u00f3n\" \/>\n<meta property=\"og:description\" content=\"Contacto Call: +34954557709 Email: iherrera@us.es Isabel Mar\u00eda Herrera S\u00e1nchez Responsable del Proyecto Profesora Contratada Doctora del Departamento de Psicolog\u00eda Social de la Universidad de Sevilla. Ha ocupado el cargo Vicedecana de Estudios de la Facultad de Psicolog\u00eda (2014-2019). Miembro del Comit\u00e9 Cient\u00edfico del Observatorio Andaluz sobre Drogas y Adicciones (Junta de Andaluc\u00eda) y miembro del [&hellip;]\" \/>\n<meta property=\"og:url\" content=\"https:\/\/grupo.us.es\/psycoms\/equipo\/\" \/>\n<meta property=\"og:site_name\" content=\"Grupo de Investigaci\u00f3n\" \/>\n<meta property=\"article:modified_time\" content=\"2022-06-21T23:36:53+00:00\" \/>\n<meta property=\"og:image\" content=\"http:\/\/grupo.us.es\/psycoms\/wp-content\/uploads\/2020\/09\/cropped-isabel-herrera-2.jpg\" \/>\n<meta name=\"twitter:card\" content=\"summary_large_image\" \/>\n<meta name=\"twitter:label1\" content=\"Tiempo de lectura\" \/>\n\t<meta name=\"twitter:data1\" content=\"7 minutos\" \/>\n<script type=\"application\/ld+json\" class=\"yoast-schema-graph\">{\"@context\":\"https:\\\/\\\/schema.org\",\"@graph\":[{\"@type\":\"WebPage\",\"@id\":\"https:\\\/\\\/grupo.us.es\\\/psycoms\\\/equipo\\\/\",\"url\":\"https:\\\/\\\/grupo.us.es\\\/psycoms\\\/equipo\\\/\",\"name\":\"Equipo - Grupo de Investigaci\u00f3n\",\"isPartOf\":{\"@id\":\"https:\\\/\\\/grupo.us.es\\\/psycoms\\\/#website\"},\"primaryImageOfPage\":{\"@id\":\"https:\\\/\\\/grupo.us.es\\\/psycoms\\\/equipo\\\/#primaryimage\"},\"image\":{\"@id\":\"https:\\\/\\\/grupo.us.es\\\/psycoms\\\/equipo\\\/#primaryimage\"},\"thumbnailUrl\":\"http:\\\/\\\/grupo.us.es\\\/psycoms\\\/wp-content\\\/uploads\\\/2020\\\/09\\\/cropped-isabel-herrera-2.jpg\",\"datePublished\":\"2017-08-01T09:00:06+00:00\",\"dateModified\":\"2022-06-21T23:36:53+00:00\",\"breadcrumb\":{\"@id\":\"https:\\\/\\\/grupo.us.es\\\/psycoms\\\/equipo\\\/#breadcrumb\"},\"inLanguage\":\"es\",\"potentialAction\":[{\"@type\":\"ReadAction\",\"target\":[\"https:\\\/\\\/grupo.us.es\\\/psycoms\\\/equipo\\\/\"]}]},{\"@type\":\"ImageObject\",\"inLanguage\":\"es\",\"@id\":\"https:\\\/\\\/grupo.us.es\\\/psycoms\\\/equipo\\\/#primaryimage\",\"url\":\"https:\\\/\\\/grupo.us.es\\\/psycoms\\\/wp-content\\\/uploads\\\/2020\\\/09\\\/cropped-isabel-herrera-2.jpg\",\"contentUrl\":\"https:\\\/\\\/grupo.us.es\\\/psycoms\\\/wp-content\\\/uploads\\\/2020\\\/09\\\/cropped-isabel-herrera-2.jpg\",\"width\":200,\"height\":200},{\"@type\":\"BreadcrumbList\",\"@id\":\"https:\\\/\\\/grupo.us.es\\\/psycoms\\\/equipo\\\/#breadcrumb\",\"itemListElement\":[{\"@type\":\"ListItem\",\"position\":1,\"name\":\"Inicio\",\"item\":\"https:\\\/\\\/grupo.us.es\\\/psycoms\\\/\"},{\"@type\":\"ListItem\",\"position\":2,\"name\":\"Equipo\"}]},{\"@type\":\"WebSite\",\"@id\":\"https:\\\/\\\/grupo.us.es\\\/psycoms\\\/#website\",\"url\":\"https:\\\/\\\/grupo.us.es\\\/psycoms\\\/\",\"name\":\"Grupo de Investigaci\u00f3n\",\"description\":\"Departamento de Psicolog\u00eda Social de la Universidad de Sevilla\",\"potentialAction\":[{\"@type\":\"SearchAction\",\"target\":{\"@type\":\"EntryPoint\",\"urlTemplate\":\"https:\\\/\\\/grupo.us.es\\\/psycoms\\\/?s={search_term_string}\"},\"query-input\":{\"@type\":\"PropertyValueSpecification\",\"valueRequired\":true,\"valueName\":\"search_term_string\"}}],\"inLanguage\":\"es\"}]}<\/script>\n<!-- \/ Yoast SEO plugin. -->","yoast_head_json":{"title":"Equipo - Grupo de Investigaci\u00f3n","robots":{"index":"index","follow":"follow","max-snippet":"max-snippet:-1","max-image-preview":"max-image-preview:large","max-video-preview":"max-video-preview:-1"},"canonical":"https:\/\/grupo.us.es\/psycoms\/equipo\/","og_locale":"es_ES","og_type":"article","og_title":"Equipo - Grupo de Investigaci\u00f3n","og_description":"Contacto Call: +34954557709 Email: iherrera@us.es Isabel Mar\u00eda Herrera S\u00e1nchez Responsable del Proyecto Profesora Contratada Doctora del Departamento de Psicolog\u00eda Social de la Universidad de Sevilla. Ha ocupado el cargo Vicedecana de Estudios de la Facultad de Psicolog\u00eda (2014-2019). Miembro del Comit\u00e9 Cient\u00edfico del Observatorio Andaluz sobre Drogas y Adicciones (Junta de Andaluc\u00eda) y miembro del [&hellip;]","og_url":"https:\/\/grupo.us.es\/psycoms\/equipo\/","og_site_name":"Grupo de Investigaci\u00f3n","article_modified_time":"2022-06-21T23:36:53+00:00","og_image":[{"url":"http:\/\/grupo.us.es\/psycoms\/wp-content\/uploads\/2020\/09\/cropped-isabel-herrera-2.jpg","type":"","width":"","height":""}],"twitter_card":"summary_large_image","twitter_misc":{"Tiempo de lectura":"7 minutos"},"schema":{"@context":"https:\/\/schema.org","@graph":[{"@type":"WebPage","@id":"https:\/\/grupo.us.es\/psycoms\/equipo\/","url":"https:\/\/grupo.us.es\/psycoms\/equipo\/","name":"Equipo - Grupo de Investigaci\u00f3n","isPartOf":{"@id":"https:\/\/grupo.us.es\/psycoms\/#website"},"primaryImageOfPage":{"@id":"https:\/\/grupo.us.es\/psycoms\/equipo\/#primaryimage"},"image":{"@id":"https:\/\/grupo.us.es\/psycoms\/equipo\/#primaryimage"},"thumbnailUrl":"http:\/\/grupo.us.es\/psycoms\/wp-content\/uploads\/2020\/09\/cropped-isabel-herrera-2.jpg","datePublished":"2017-08-01T09:00:06+00:00","dateModified":"2022-06-21T23:36:53+00:00","breadcrumb":{"@id":"https:\/\/grupo.us.es\/psycoms\/equipo\/#breadcrumb"},"inLanguage":"es","potentialAction":[{"@type":"ReadAction","target":["https:\/\/grupo.us.es\/psycoms\/equipo\/"]}]},{"@type":"ImageObject","inLanguage":"es","@id":"https:\/\/grupo.us.es\/psycoms\/equipo\/#primaryimage","url":"https:\/\/grupo.us.es\/psycoms\/wp-content\/uploads\/2020\/09\/cropped-isabel-herrera-2.jpg","contentUrl":"https:\/\/grupo.us.es\/psycoms\/wp-content\/uploads\/2020\/09\/cropped-isabel-herrera-2.jpg","width":200,"height":200},{"@type":"BreadcrumbList","@id":"https:\/\/grupo.us.es\/psycoms\/equipo\/#breadcrumb","itemListElement":[{"@type":"ListItem","position":1,"name":"Inicio","item":"https:\/\/grupo.us.es\/psycoms\/"},{"@type":"ListItem","position":2,"name":"Equipo"}]},{"@type":"WebSite","@id":"https:\/\/grupo.us.es\/psycoms\/#website","url":"https:\/\/grupo.us.es\/psycoms\/","name":"Grupo de Investigaci\u00f3n","description":"Departamento de Psicolog\u00eda Social de la Universidad de Sevilla","potentialAction":[{"@type":"SearchAction","target":{"@type":"EntryPoint","urlTemplate":"https:\/\/grupo.us.es\/psycoms\/?s={search_term_string}"},"query-input":{"@type":"PropertyValueSpecification","valueRequired":true,"valueName":"search_term_string"}}],"inLanguage":"es"}]}},"_links":{"self":[{"href":"https:\/\/grupo.us.es\/psycoms\/wp-json\/wp\/v2\/pages\/198","targetHints":{"allow":["GET"]}}],"collection":[{"href":"https:\/\/grupo.us.es\/psycoms\/wp-json\/wp\/v2\/pages"}],"about":[{"href":"https:\/\/grupo.us.es\/psycoms\/wp-json\/wp\/v2\/types\/page"}],"author":[{"embeddable":true,"href":"https:\/\/grupo.us.es\/psycoms\/wp-json\/wp\/v2\/users\/1"}],"replies":[{"embeddable":true,"href":"https:\/\/grupo.us.es\/psycoms\/wp-json\/wp\/v2\/comments?post=198"}],"version-history":[{"count":0,"href":"https:\/\/grupo.us.es\/psycoms\/wp-json\/wp\/v2\/pages\/198\/revisions"}],"wp:attachment":[{"href":"https:\/\/grupo.us.es\/psycoms\/wp-json\/wp\/v2\/media?parent=198"}],"curies":[{"name":"wp","href":"https:\/\/api.w.org\/{rel}","templated":true}]}}