{"id":530,"date":"2022-02-23T12:03:09","date_gmt":"2022-02-23T12:03:09","guid":{"rendered":"https:\/\/grupo.us.es\/proyectodeter\/?page_id=530"},"modified":"2023-07-12T17:54:38","modified_gmt":"2023-07-12T17:54:38","slug":"noticias","status":"publish","type":"page","link":"https:\/\/grupo.us.es\/proyectodeter\/noticias\/","title":{"rendered":"Actualidad"},"content":{"rendered":"\t\t<div data-elementor-type=\"wp-page\" data-elementor-id=\"530\" class=\"elementor elementor-530\" data-elementor-post-type=\"page\">\n\t\t\t\t\t\t<section class=\"elementor-section elementor-top-section elementor-element elementor-element-1808b8c elementor-section-stretched elementor-section-boxed elementor-section-height-default elementor-section-height-default\" data-id=\"1808b8c\" data-element_type=\"section\" data-settings=\"{&quot;stretch_section&quot;:&quot;section-stretched&quot;,&quot;shape_divider_top&quot;:&quot;opacity-tilt&quot;,&quot;shape_divider_bottom&quot;:&quot;opacity-tilt&quot;}\">\n\t\t\t\t\t<div class=\"elementor-shape elementor-shape-top\" data-negative=\"false\">\n\t\t\t<svg xmlns=\"http:\/\/www.w3.org\/2000\/svg\" viewBox=\"0 0 2600 131.1\" preserveAspectRatio=\"none\">\n\t<path class=\"elementor-shape-fill\" d=\"M0 0L2600 0 2600 69.1 0 0z\"\/>\n\t<path class=\"elementor-shape-fill\" style=\"opacity:0.5\" d=\"M0 0L2600 0 2600 69.1 0 69.1z\"\/>\n\t<path class=\"elementor-shape-fill\" style=\"opacity:0.25\" d=\"M2600 0L0 0 0 130.1 2600 69.1z\"\/>\n<\/svg>\t\t<\/div>\n\t\t\t\t<div class=\"elementor-shape elementor-shape-bottom\" data-negative=\"false\">\n\t\t\t<svg xmlns=\"http:\/\/www.w3.org\/2000\/svg\" viewBox=\"0 0 2600 131.1\" preserveAspectRatio=\"none\">\n\t<path class=\"elementor-shape-fill\" d=\"M0 0L2600 0 2600 69.1 0 0z\"\/>\n\t<path class=\"elementor-shape-fill\" style=\"opacity:0.5\" d=\"M0 0L2600 0 2600 69.1 0 69.1z\"\/>\n\t<path class=\"elementor-shape-fill\" style=\"opacity:0.25\" d=\"M2600 0L0 0 0 130.1 2600 69.1z\"\/>\n<\/svg>\t\t<\/div>\n\t\t\t\t\t<div class=\"elementor-container elementor-column-gap-default\">\n\t\t\t\t\t<div class=\"elementor-column elementor-col-100 elementor-top-column elementor-element elementor-element-c6c8bf2\" data-id=\"c6c8bf2\" data-element_type=\"column\">\n\t\t\t<div class=\"elementor-widget-wrap elementor-element-populated\">\n\t\t\t\t\t\t<div class=\"elementor-element elementor-element-ce41c14 elementor-grid-3 elementor-grid-tablet-2 elementor-grid-mobile-1 elementor-posts--thumbnail-top elementor-card-shadow-yes elementor-posts__hover-gradient elementor-widget elementor-widget-posts\" data-id=\"ce41c14\" data-element_type=\"widget\" data-settings=\"{&quot;pagination_type&quot;:&quot;load_more_infinite_scroll&quot;,&quot;cards_columns&quot;:&quot;3&quot;,&quot;cards_columns_tablet&quot;:&quot;2&quot;,&quot;cards_columns_mobile&quot;:&quot;1&quot;,&quot;cards_row_gap&quot;:{&quot;unit&quot;:&quot;px&quot;,&quot;size&quot;:35,&quot;sizes&quot;:[]},&quot;cards_row_gap_tablet&quot;:{&quot;unit&quot;:&quot;px&quot;,&quot;size&quot;:&quot;&quot;,&quot;sizes&quot;:[]},&quot;cards_row_gap_mobile&quot;:{&quot;unit&quot;:&quot;px&quot;,&quot;size&quot;:&quot;&quot;,&quot;sizes&quot;:[]},&quot;load_more_spinner&quot;:{&quot;value&quot;:&quot;fas fa-spinner&quot;,&quot;library&quot;:&quot;fa-solid&quot;}}\" data-widget_type=\"posts.cards\">\n\t\t\t\t<div class=\"elementor-widget-container\">\n\t\t\t<link rel=\"stylesheet\" href=\"https:\/\/grupo.us.es\/proyectodeter\/wp-content\/plugins\/elementor-pro\/assets\/css\/widget-posts.min.css\">\t\t<div class=\"elementor-posts-container elementor-posts elementor-posts--skin-cards elementor-grid\">\n\t\t\t\t<article class=\"elementor-post elementor-grid-item post-2542 post type-post status-publish format-standard has-post-thumbnail hentry category-noticias\">\n\t\t\t<div class=\"elementor-post__card\">\n\t\t\t\t<a class=\"elementor-post__thumbnail__link\" href=\"https:\/\/grupo.us.es\/proyectodeter\/2024\/02\/08\/el-crea-se-hace-eco-de-la-tesis-doctoral-de-pablo-valero-flores\/\" tabindex=\"-1\" ><div class=\"elementor-post__thumbnail\"><img fetchpriority=\"high\" decoding=\"async\" width=\"1061\" height=\"847\" src=\"https:\/\/grupo.us.es\/proyectodeter\/wp-content\/uploads\/2024\/02\/Blog-CREA-04.jpg\" class=\"attachment-medium size-medium wp-image-2544\" alt=\"\" \/><\/div><\/a>\n\t\t\t\t<div class=\"elementor-post__text\">\n\t\t\t\t<h3 class=\"elementor-post__title\">\n\t\t\t<a href=\"https:\/\/grupo.us.es\/proyectodeter\/2024\/02\/08\/el-crea-se-hace-eco-de-la-tesis-doctoral-de-pablo-valero-flores\/\" >\n\t\t\t\tEl CRE Alzheimer del IMSERSO referencia la TESIS de PABLO J. VALERO FLORES\t\t\t<\/a>\n\t\t<\/h3>\n\t\t\t\t<div class=\"elementor-post__excerpt\">\n\t\t\t<p>SEVILLA \/ 7 de febrero de 2024<\/p>\n\t\t<\/div>\n\t\t\n\t\t<a class=\"elementor-post__read-more\" href=\"https:\/\/grupo.us.es\/proyectodeter\/2024\/02\/08\/el-crea-se-hace-eco-de-la-tesis-doctoral-de-pablo-valero-flores\/\" aria-label=\"M\u00e1s informaci\u00f3n sobre El CRE Alzheimer del IMSERSO referencia la TESIS de PABLO J. VALERO FLORES\" tabindex=\"-1\" >\n\t\t\tLeer m\u00e1s \u00bb\t\t<\/a>\n\n\t\t\t\t<\/div>\n\t\t\t\t\t<\/div>\n\t\t<\/article>\n\t\t\t\t<article class=\"elementor-post elementor-grid-item post-2433 post type-post status-publish format-standard has-post-thumbnail hentry category-noticias\">\n\t\t\t<div class=\"elementor-post__card\">\n\t\t\t\t<a class=\"elementor-post__thumbnail__link\" href=\"https:\/\/grupo.us.es\/proyectodeter\/2023\/11\/06\/abc-sobre-las-investigaciones-del-proyecto-deter\/\" tabindex=\"-1\" ><div class=\"elementor-post__thumbnail\"><img decoding=\"async\" width=\"535\" height=\"407\" src=\"https:\/\/grupo.us.es\/proyectodeter\/wp-content\/uploads\/2023\/12\/Prototipo-casa.jpg\" class=\"attachment-medium size-medium wp-image-2422\" alt=\"Prototipo de casa adaptada a accesibilidad cognitiva en realidad virtual\" \/><\/div><\/a>\n\t\t\t\t<div class=\"elementor-post__text\">\n\t\t\t\t<h3 class=\"elementor-post__title\">\n\t\t\t<a href=\"https:\/\/grupo.us.es\/proyectodeter\/2023\/11\/06\/abc-sobre-las-investigaciones-del-proyecto-deter\/\" >\n\t\t\t\tDiario ABC recoge las investigaciones en REALIDAD VIRTUAL del Proyecto DETER\t\t\t<\/a>\n\t\t<\/h3>\n\t\t\t\t<div class=\"elementor-post__excerpt\">\n\t\t\t<p>SEVILLA \/ 6 de noviembre de 2023<\/p>\n\t\t<\/div>\n\t\t\n\t\t<a class=\"elementor-post__read-more\" href=\"https:\/\/grupo.us.es\/proyectodeter\/2023\/11\/06\/abc-sobre-las-investigaciones-del-proyecto-deter\/\" aria-label=\"M\u00e1s informaci\u00f3n sobre Diario ABC recoge las investigaciones en REALIDAD VIRTUAL del Proyecto DETER\" tabindex=\"-1\" >\n\t\t\tLeer m\u00e1s \u00bb\t\t<\/a>\n\n\t\t\t\t<\/div>\n\t\t\t\t\t<\/div>\n\t\t<\/article>\n\t\t\t\t<article class=\"elementor-post elementor-grid-item post-2328 post type-post status-publish format-standard has-post-thumbnail hentry category-noticias\">\n\t\t\t<div class=\"elementor-post__card\">\n\t\t\t\t<a class=\"elementor-post__thumbnail__link\" href=\"https:\/\/grupo.us.es\/proyectodeter\/2023\/10\/30\/iii-congreso-intersectorial-de-envejecimiento-y-dependencia\/\" tabindex=\"-1\" ><div class=\"elementor-post__thumbnail\"><img decoding=\"async\" width=\"300\" height=\"105\" src=\"https:\/\/grupo.us.es\/proyectodeter\/wp-content\/uploads\/2023\/10\/ALZ_DIF_NOT_C231030_Imagen-01-300x105.jpg\" class=\"attachment-medium size-medium wp-image-2334\" alt=\"\" srcset=\"https:\/\/grupo.us.es\/proyectodeter\/wp-content\/uploads\/2023\/10\/ALZ_DIF_NOT_C231030_Imagen-01-300x105.jpg 300w, https:\/\/grupo.us.es\/proyectodeter\/wp-content\/uploads\/2023\/10\/ALZ_DIF_NOT_C231030_Imagen-01-1024x358.jpg 1024w, https:\/\/grupo.us.es\/proyectodeter\/wp-content\/uploads\/2023\/10\/ALZ_DIF_NOT_C231030_Imagen-01-768x268.jpg 768w, https:\/\/grupo.us.es\/proyectodeter\/wp-content\/uploads\/2023\/10\/ALZ_DIF_NOT_C231030_Imagen-01.jpg 1134w\" sizes=\"(max-width: 300px) 100vw, 300px\" \/><\/div><\/a>\n\t\t\t\t<div class=\"elementor-post__text\">\n\t\t\t\t<h3 class=\"elementor-post__title\">\n\t\t\t<a href=\"https:\/\/grupo.us.es\/proyectodeter\/2023\/10\/30\/iii-congreso-intersectorial-de-envejecimiento-y-dependencia\/\" >\n\t\t\t\tIII CONGRESO INTERSECTORIAL DE ENVEJECIMIENTO Y DEPENDENCIA\t\t\t<\/a>\n\t\t<\/h3>\n\t\t\t\t<div class=\"elementor-post__excerpt\">\n\t\t\t<p>M\u00c1LAGA \/ 25 y 26 de octubre de 2023<\/p>\n\t\t<\/div>\n\t\t\n\t\t<a class=\"elementor-post__read-more\" href=\"https:\/\/grupo.us.es\/proyectodeter\/2023\/10\/30\/iii-congreso-intersectorial-de-envejecimiento-y-dependencia\/\" aria-label=\"M\u00e1s informaci\u00f3n sobre III CONGRESO INTERSECTORIAL DE ENVEJECIMIENTO Y DEPENDENCIA\" tabindex=\"-1\" >\n\t\t\tLeer m\u00e1s \u00bb\t\t<\/a>\n\n\t\t\t\t<\/div>\n\t\t\t\t\t<\/div>\n\t\t<\/article>\n\t\t\t\t<article class=\"elementor-post elementor-grid-item post-2318 post type-post status-publish format-standard has-post-thumbnail hentry category-noticias\">\n\t\t\t<div class=\"elementor-post__card\">\n\t\t\t\t<a class=\"elementor-post__thumbnail__link\" href=\"https:\/\/grupo.us.es\/proyectodeter\/2023\/10\/20\/premio-a-la-mejor-publicacion-cientifica\/\" tabindex=\"-1\" ><div class=\"elementor-post__thumbnail\"><img loading=\"lazy\" decoding=\"async\" width=\"300\" height=\"260\" src=\"https:\/\/grupo.us.es\/proyectodeter\/wp-content\/uploads\/2023\/10\/ALZ_DIF_NOT_C231011_IUACC_PORTADAjpg-300x260.jpg\" class=\"attachment-medium size-medium wp-image-2322\" alt=\"\" srcset=\"https:\/\/grupo.us.es\/proyectodeter\/wp-content\/uploads\/2023\/10\/ALZ_DIF_NOT_C231011_IUACC_PORTADAjpg-300x260.jpg 300w, https:\/\/grupo.us.es\/proyectodeter\/wp-content\/uploads\/2023\/10\/ALZ_DIF_NOT_C231011_IUACC_PORTADAjpg-1024x887.jpg 1024w, https:\/\/grupo.us.es\/proyectodeter\/wp-content\/uploads\/2023\/10\/ALZ_DIF_NOT_C231011_IUACC_PORTADAjpg-768x665.jpg 768w, https:\/\/grupo.us.es\/proyectodeter\/wp-content\/uploads\/2023\/10\/ALZ_DIF_NOT_C231011_IUACC_PORTADAjpg-1536x1331.jpg 1536w, https:\/\/grupo.us.es\/proyectodeter\/wp-content\/uploads\/2023\/10\/ALZ_DIF_NOT_C231011_IUACC_PORTADAjpg-2048x1775.jpg 2048w\" sizes=\"(max-width: 300px) 100vw, 300px\" \/><\/div><\/a>\n\t\t\t\t<div class=\"elementor-post__text\">\n\t\t\t\t<h3 class=\"elementor-post__title\">\n\t\t\t<a href=\"https:\/\/grupo.us.es\/proyectodeter\/2023\/10\/20\/premio-a-la-mejor-publicacion-cientifica\/\" >\n\t\t\t\tPREMIO A LA MEJOR PUBLICACI\u00d3N CIENT\u00cdFICA\t\t\t<\/a>\n\t\t<\/h3>\n\t\t\t\t<div class=\"elementor-post__excerpt\">\n\t\t\t<p>SEVILLA \/ 11 de octubre de 2023<\/p>\n\t\t<\/div>\n\t\t\n\t\t<a class=\"elementor-post__read-more\" href=\"https:\/\/grupo.us.es\/proyectodeter\/2023\/10\/20\/premio-a-la-mejor-publicacion-cientifica\/\" aria-label=\"M\u00e1s informaci\u00f3n sobre PREMIO A LA MEJOR PUBLICACI\u00d3N CIENT\u00cdFICA\" tabindex=\"-1\" >\n\t\t\tLeer m\u00e1s \u00bb\t\t<\/a>\n\n\t\t\t\t<\/div>\n\t\t\t\t\t<\/div>\n\t\t<\/article>\n\t\t\t\t<article class=\"elementor-post elementor-grid-item post-2294 post type-post status-publish format-standard has-post-thumbnail hentry category-noticias\">\n\t\t\t<div class=\"elementor-post__card\">\n\t\t\t\t<a class=\"elementor-post__thumbnail__link\" href=\"https:\/\/grupo.us.es\/proyectodeter\/2023\/09\/19\/maria-lozano-gomez-seleccionada-para-ulysseus-compass-conference\/\" tabindex=\"-1\" ><div class=\"elementor-post__thumbnail\"><img loading=\"lazy\" decoding=\"async\" width=\"300\" height=\"209\" src=\"https:\/\/grupo.us.es\/proyectodeter\/wp-content\/uploads\/2023\/09\/ALZ_DIF_NOT_C231004_ULYSSUES_V02-300x209.png\" class=\"attachment-medium size-medium wp-image-2300\" alt=\"\" srcset=\"https:\/\/grupo.us.es\/proyectodeter\/wp-content\/uploads\/2023\/09\/ALZ_DIF_NOT_C231004_ULYSSUES_V02-300x209.png 300w, https:\/\/grupo.us.es\/proyectodeter\/wp-content\/uploads\/2023\/09\/ALZ_DIF_NOT_C231004_ULYSSUES_V02-1024x713.png 1024w, https:\/\/grupo.us.es\/proyectodeter\/wp-content\/uploads\/2023\/09\/ALZ_DIF_NOT_C231004_ULYSSUES_V02-768x535.png 768w, https:\/\/grupo.us.es\/proyectodeter\/wp-content\/uploads\/2023\/09\/ALZ_DIF_NOT_C231004_ULYSSUES_V02-1536x1070.png 1536w, https:\/\/grupo.us.es\/proyectodeter\/wp-content\/uploads\/2023\/09\/ALZ_DIF_NOT_C231004_ULYSSUES_V02-392x272.png 392w, https:\/\/grupo.us.es\/proyectodeter\/wp-content\/uploads\/2023\/09\/ALZ_DIF_NOT_C231004_ULYSSUES_V02-130x90.png 130w, https:\/\/grupo.us.es\/proyectodeter\/wp-content\/uploads\/2023\/09\/ALZ_DIF_NOT_C231004_ULYSSUES_V02-600x417.png 600w, https:\/\/grupo.us.es\/proyectodeter\/wp-content\/uploads\/2023\/09\/ALZ_DIF_NOT_C231004_ULYSSUES_V02.png 1900w\" sizes=\"(max-width: 300px) 100vw, 300px\" \/><\/div><\/a>\n\t\t\t\t<div class=\"elementor-post__text\">\n\t\t\t\t<h3 class=\"elementor-post__title\">\n\t\t\t<a href=\"https:\/\/grupo.us.es\/proyectodeter\/2023\/09\/19\/maria-lozano-gomez-seleccionada-para-ulysseus-compass-conference\/\" >\n\t\t\t\tMAR\u00cdA LOZANO G\u00d3MEZ PARTICIPA en COMPASS CONFERENCE de Ulysseus\t\t\t<\/a>\n\t\t<\/h3>\n\t\t\t\t<div class=\"elementor-post__excerpt\">\n\t\t\t<p>HELSINKI \/ 4 y 5 de octubre de 2023 | Haaga-Helia University of Applied Sciences<\/p>\n\t\t<\/div>\n\t\t\n\t\t<a class=\"elementor-post__read-more\" href=\"https:\/\/grupo.us.es\/proyectodeter\/2023\/09\/19\/maria-lozano-gomez-seleccionada-para-ulysseus-compass-conference\/\" aria-label=\"M\u00e1s informaci\u00f3n sobre MAR\u00cdA LOZANO G\u00d3MEZ PARTICIPA en COMPASS CONFERENCE de Ulysseus\" tabindex=\"-1\" >\n\t\t\tLeer m\u00e1s \u00bb\t\t<\/a>\n\n\t\t\t\t<\/div>\n\t\t\t\t\t<\/div>\n\t\t<\/article>\n\t\t\t\t<article class=\"elementor-post elementor-grid-item post-1091 post type-post status-publish format-standard has-post-thumbnail hentry category-noticias\">\n\t\t\t<div class=\"elementor-post__card\">\n\t\t\t\t<a class=\"elementor-post__thumbnail__link\" href=\"https:\/\/grupo.us.es\/proyectodeter\/2023\/07\/12\/noticia-1\/\" tabindex=\"-1\" ><div class=\"elementor-post__thumbnail\"><img loading=\"lazy\" decoding=\"async\" width=\"300\" height=\"169\" src=\"https:\/\/grupo.us.es\/proyectodeter\/wp-content\/uploads\/2023\/05\/Cartel-defensa-tesis-Pablo-Valero-4-300x169.jpg\" class=\"attachment-medium size-medium wp-image-1822\" alt=\"\" srcset=\"https:\/\/grupo.us.es\/proyectodeter\/wp-content\/uploads\/2023\/05\/Cartel-defensa-tesis-Pablo-Valero-4-300x169.jpg 300w, https:\/\/grupo.us.es\/proyectodeter\/wp-content\/uploads\/2023\/05\/Cartel-defensa-tesis-Pablo-Valero-4-1024x576.jpg 1024w, https:\/\/grupo.us.es\/proyectodeter\/wp-content\/uploads\/2023\/05\/Cartel-defensa-tesis-Pablo-Valero-4-768x432.jpg 768w, https:\/\/grupo.us.es\/proyectodeter\/wp-content\/uploads\/2023\/05\/Cartel-defensa-tesis-Pablo-Valero-4.jpg 1080w\" sizes=\"(max-width: 300px) 100vw, 300px\" \/><\/div><\/a>\n\t\t\t\t<div class=\"elementor-post__text\">\n\t\t\t\t<h3 class=\"elementor-post__title\">\n\t\t\t<a href=\"https:\/\/grupo.us.es\/proyectodeter\/2023\/07\/12\/noticia-1\/\" >\n\t\t\t\tLECTURA DE TESIS DOCTORAL PABLO J. VALERO FLORES\t\t\t<\/a>\n\t\t<\/h3>\n\t\t\t\t<div class=\"elementor-post__excerpt\">\n\t\t\t<p>M\u00c1LAGA \/ 16 de junio de 2023<br \/>\nCampus de Teatinos | Facultad de Medicina | Aula Magna<\/p>\n\t\t<\/div>\n\t\t\n\t\t<a class=\"elementor-post__read-more\" href=\"https:\/\/grupo.us.es\/proyectodeter\/2023\/07\/12\/noticia-1\/\" aria-label=\"M\u00e1s informaci\u00f3n sobre LECTURA DE TESIS DOCTORAL PABLO J. VALERO FLORES\" tabindex=\"-1\" >\n\t\t\tLeer m\u00e1s \u00bb\t\t<\/a>\n\n\t\t\t\t<\/div>\n\t\t\t\t\t<\/div>\n\t\t<\/article>\n\t\t\t\t<\/div>\n\t\t\t\t\t<span class=\"e-load-more-spinner\">\n\t\t\t\t<i aria-hidden=\"true\" class=\"fas fa-spinner\"><\/i>\t\t\t<\/span>\n\t\t\n\t\t\t\t<div class=\"e-load-more-anchor\" data-page=\"1\" data-max-page=\"2\" data-next-page=\"https:\/\/grupo.us.es\/proyectodeter\/wp-json\/wp\/v2\/pages\/530\/page\/2\/\"><\/div>\n\t\t\t\t<div class=\"e-load-more-message\"><\/div>\n\t\t\t\t<\/div>\n\t\t\t\t<\/div>\n\t\t\t\t\t<\/div>\n\t\t<\/div>\n\t\t\t\t\t<\/div>\n\t\t<\/section>\n\t\t\t\t<\/div>\n\t\t","protected":false},"excerpt":{"rendered":"","protected":false},"author":1,"featured_media":0,"parent":0,"menu_order":0,"comment_status":"closed","ping_status":"closed","template":"","meta":{"footnotes":""},"yoast_head":"<!-- This site is optimized with the Yoast SEO plugin v22.2 - https:\/\/yoast.com\/wordpress\/plugins\/seo\/ -->\n<title>Actualidad - DETER<\/title>\n<meta name=\"robots\" content=\"index, follow, max-snippet:-1, max-image-preview:large, max-video-preview:-1\" \/>\n<link rel=\"canonical\" href=\"https:\/\/grupo.us.es\/proyectodeter\/noticias\/\" \/>\n<meta property=\"og:locale\" content=\"es_ES\" \/>\n<meta property=\"og:type\" content=\"article\" \/>\n<meta property=\"og:title\" content=\"Actualidad - DETER\" \/>\n<meta property=\"og:url\" content=\"https:\/\/grupo.us.es\/proyectodeter\/noticias\/\" \/>\n<meta property=\"og:site_name\" content=\"DETER\" \/>\n<meta property=\"article:modified_time\" content=\"2023-07-12T17:54:38+00:00\" \/>\n<meta name=\"twitter:card\" content=\"summary_large_image\" \/>\n<meta name=\"twitter:label1\" content=\"Tiempo de lectura\" \/>\n\t<meta name=\"twitter:data1\" content=\"1 minuto\" \/>\n<script type=\"application\/ld+json\" class=\"yoast-schema-graph\">{\"@context\":\"https:\/\/schema.org\",\"@graph\":[{\"@type\":\"WebPage\",\"@id\":\"https:\/\/grupo.us.es\/proyectodeter\/noticias\/\",\"url\":\"https:\/\/grupo.us.es\/proyectodeter\/noticias\/\",\"name\":\"Actualidad - DETER\",\"isPartOf\":{\"@id\":\"https:\/\/grupo.us.es\/proyectodeter\/#website\"},\"datePublished\":\"2022-02-23T12:03:09+00:00\",\"dateModified\":\"2023-07-12T17:54:38+00:00\",\"inLanguage\":\"es\",\"potentialAction\":[{\"@type\":\"ReadAction\",\"target\":[\"https:\/\/grupo.us.es\/proyectodeter\/noticias\/\"]}]},{\"@type\":\"WebSite\",\"@id\":\"https:\/\/grupo.us.es\/proyectodeter\/#website\",\"url\":\"https:\/\/grupo.us.es\/proyectodeter\/\",\"name\":\"DETER\",\"description\":\"Proyecto de investigaci\u00f3n FEDER US-1381654\",\"publisher\":{\"@id\":\"https:\/\/grupo.us.es\/proyectodeter\/#organization\"},\"potentialAction\":[{\"@type\":\"SearchAction\",\"target\":{\"@type\":\"EntryPoint\",\"urlTemplate\":\"https:\/\/grupo.us.es\/proyectodeter\/?s={search_term_string}\"},\"query-input\":\"required name=search_term_string\"}],\"inLanguage\":\"es\"},{\"@type\":\"Organization\",\"@id\":\"https:\/\/grupo.us.es\/proyectodeter\/#organization\",\"name\":\"DETER\",\"url\":\"https:\/\/grupo.us.es\/proyectodeter\/\",\"logo\":{\"@type\":\"ImageObject\",\"inLanguage\":\"es\",\"@id\":\"https:\/\/grupo.us.es\/proyectodeter\/#\/schema\/logo\/image\/\",\"url\":\"https:\/\/grupo.us.es\/proyectodeter\/wp-content\/uploads\/2022\/02\/logotipo_deter-1.jpg\",\"contentUrl\":\"https:\/\/grupo.us.es\/proyectodeter\/wp-content\/uploads\/2022\/02\/logotipo_deter-1.jpg\",\"width\":202,\"height\":60,\"caption\":\"DETER\"},\"image\":{\"@id\":\"https:\/\/grupo.us.es\/proyectodeter\/#\/schema\/logo\/image\/\"}}]}<\/script>\n<!-- \/ Yoast SEO plugin. -->","yoast_head_json":{"title":"Actualidad - DETER","robots":{"index":"index","follow":"follow","max-snippet":"max-snippet:-1","max-image-preview":"max-image-preview:large","max-video-preview":"max-video-preview:-1"},"canonical":"https:\/\/grupo.us.es\/proyectodeter\/noticias\/","og_locale":"es_ES","og_type":"article","og_title":"Actualidad - DETER","og_url":"https:\/\/grupo.us.es\/proyectodeter\/noticias\/","og_site_name":"DETER","article_modified_time":"2023-07-12T17:54:38+00:00","twitter_card":"summary_large_image","twitter_misc":{"Tiempo de lectura":"1 minuto"},"schema":{"@context":"https:\/\/schema.org","@graph":[{"@type":"WebPage","@id":"https:\/\/grupo.us.es\/proyectodeter\/noticias\/","url":"https:\/\/grupo.us.es\/proyectodeter\/noticias\/","name":"Actualidad - DETER","isPartOf":{"@id":"https:\/\/grupo.us.es\/proyectodeter\/#website"},"datePublished":"2022-02-23T12:03:09+00:00","dateModified":"2023-07-12T17:54:38+00:00","inLanguage":"es","potentialAction":[{"@type":"ReadAction","target":["https:\/\/grupo.us.es\/proyectodeter\/noticias\/"]}]},{"@type":"WebSite","@id":"https:\/\/grupo.us.es\/proyectodeter\/#website","url":"https:\/\/grupo.us.es\/proyectodeter\/","name":"DETER","description":"Proyecto de investigaci\u00f3n FEDER US-1381654","publisher":{"@id":"https:\/\/grupo.us.es\/proyectodeter\/#organization"},"potentialAction":[{"@type":"SearchAction","target":{"@type":"EntryPoint","urlTemplate":"https:\/\/grupo.us.es\/proyectodeter\/?s={search_term_string}"},"query-input":"required name=search_term_string"}],"inLanguage":"es"},{"@type":"Organization","@id":"https:\/\/grupo.us.es\/proyectodeter\/#organization","name":"DETER","url":"https:\/\/grupo.us.es\/proyectodeter\/","logo":{"@type":"ImageObject","inLanguage":"es","@id":"https:\/\/grupo.us.es\/proyectodeter\/#\/schema\/logo\/image\/","url":"https:\/\/grupo.us.es\/proyectodeter\/wp-content\/uploads\/2022\/02\/logotipo_deter-1.jpg","contentUrl":"https:\/\/grupo.us.es\/proyectodeter\/wp-content\/uploads\/2022\/02\/logotipo_deter-1.jpg","width":202,"height":60,"caption":"DETER"},"image":{"@id":"https:\/\/grupo.us.es\/proyectodeter\/#\/schema\/logo\/image\/"}}]}},"_links":{"self":[{"href":"https:\/\/grupo.us.es\/proyectodeter\/wp-json\/wp\/v2\/pages\/530"}],"collection":[{"href":"https:\/\/grupo.us.es\/proyectodeter\/wp-json\/wp\/v2\/pages"}],"about":[{"href":"https:\/\/grupo.us.es\/proyectodeter\/wp-json\/wp\/v2\/types\/page"}],"author":[{"embeddable":true,"href":"https:\/\/grupo.us.es\/proyectodeter\/wp-json\/wp\/v2\/users\/1"}],"replies":[{"embeddable":true,"href":"https:\/\/grupo.us.es\/proyectodeter\/wp-json\/wp\/v2\/comments?post=530"}],"version-history":[{"count":0,"href":"https:\/\/grupo.us.es\/proyectodeter\/wp-json\/wp\/v2\/pages\/530\/revisions"}],"wp:attachment":[{"href":"https:\/\/grupo.us.es\/proyectodeter\/wp-json\/wp\/v2\/media?parent=530"}],"curies":[{"name":"wp","href":"https:\/\/api.w.org\/{rel}","templated":true}]}}