{"id":253,"date":"2018-02-27T18:49:01","date_gmt":"2018-02-27T18:49:01","guid":{"rendered":"http:\/\/grupo.us.es\/newtutsosmodhum\/?page_id=253"},"modified":"2021-07-21T09:56:48","modified_gmt":"2021-07-21T09:56:48","slug":"a1-2","status":"publish","type":"page","link":"https:\/\/grupo.us.es\/newtutsosmodhum\/?page_id=253","title":{"rendered":"A1.2"},"content":{"rendered":"<ul>\n<li style=\"text-align: center;\"><span style=\"color: #000000;\"><strong>MODELOS DIGITALES PARA EL AN\u00c1LISIS DE FORTIFICACIONES MEDIEVALES DE LA BANDA MORISCA. <\/strong><\/span><\/li>\n<li style=\"text-align: center;\"><span style=\"color: #000000;\"><strong>CONJUNTO DISPERSO DE EDIFICIOS Y APENAS DOCUMENTADOS.<\/strong><\/span><\/li>\n<li><\/li>\n<\/ul>\n<p style=\"padding-left: 30px;\"><span style=\"color: #000000;\">\u00a0 \u00a0 <a href=\"http:\/\/grupo.us.es\/newtutsosmodhum\/?page_id=420\"><span style=\"color: #808080;\">&lt; Anterior<\/span><\/a>\u00a0 \u00a0 \u00a0 \u00a0 \u00a0 \u00a0 \u00a0\u00a0<a href=\"http:\/\/grupo.us.es\/newtutsosmodhum\/wp-content\/uploads\/2018\/02\/A1.2_COLLAGE-1.png\"><img loading=\"lazy\" decoding=\"async\" class=\"wp-image-271 alignnone\" src=\"http:\/\/grupo.us.es\/newtutsosmodhum\/wp-content\/uploads\/2018\/02\/A1.2_COLLAGE-1.png\" alt=\"\" width=\"810\" height=\"540\" data-action=\"zoom\" srcset=\"https:\/\/grupo.us.es\/newtutsosmodhum\/wp-content\/uploads\/2018\/02\/A1.2_COLLAGE-1.png 900w, https:\/\/grupo.us.es\/newtutsosmodhum\/wp-content\/uploads\/2018\/02\/A1.2_COLLAGE-1-300x200.png 300w, https:\/\/grupo.us.es\/newtutsosmodhum\/wp-content\/uploads\/2018\/02\/A1.2_COLLAGE-1-768x512.png 768w\" sizes=\"auto, (max-width: 810px) 100vw, 810px\" \/><\/a>\u00a0 \u00a0 \u00a0 \u00a0 \u00a0 \u00a0 \u00a0<a href=\"http:\/\/grupo.us.es\/newtutsosmodhum\/?page_id=423\"><span style=\"color: #808080;\">Siguiente &gt;<\/span><\/a><\/span><\/p>\n<p>&nbsp;<\/p>\n<ul>\n<li style=\"padding-left: 30px; text-align: center;\"><span style=\"color: #000000;\">Investigadores:\u00a0<\/span><\/li>\n<li style=\"padding-left: 30px; text-align: center;\"><a href=\"http:\/\/grupo.us.es\/newtutsosmodhum\/?page_id=323\"><strong><span style=\"color: #000000;\">Juan Francisco Molina Rozalem<\/span><\/strong><\/a><\/li>\n<li style=\"padding-left: 30px; text-align: center;\"><a href=\"http:\/\/grupo.us.es\/newtutsosmodhum\/?page_id=321\"><strong><span style=\"color: #000000;\">Federico Ar\u00e9valo Rodr\u00edguez<\/span><\/strong><\/a><\/li>\n<\/ul>\n<p style=\"color: #000000; padding-left: 30px;\" align=\"justify\">Esta acci\u00f3n pretende dar a conocer unos elementos arquitect\u00f3nicos y patrimoniales pr\u00e1cticamente olvidados por la historiograf\u00eda: las torres vig\u00edas y las peque\u00f1as fortalezas de la banda morisca en la provincia de Sevilla. A pesar del alto n\u00famero que salpican nuestra provincia y la conservaci\u00f3n relativamente aceptable de algunas de ellas, la planimetr\u00eda es casi inexistente y el conocimiento hist\u00f3rico de las mismas se reduce en la mayor\u00eda de los casos a breves citas inmersas en leyendas locales. Creemos que es justo sacarlas del olvido mediante un estudio que constituya una base de conocimiento, desde los \u00e1ngulos de la historia y la arquitectura, con el fin de obtener unos resultados que puedan servir para valorar cada uno de estos elementos en el futuro, y que adem\u00e1s funcionen como documento con utilidad pr\u00e1ctica y operativa en la b\u00fasqueda de estrategias de intervenci\u00f3n para su conservaci\u00f3n.<\/p>\n<p>&nbsp;<\/p>\n<ul>\n<li style=\"padding-left: 30px; text-align: center;\"><span style=\"color: #000000;\">Resultados:<\/span><\/li>\n<\/ul>\n<p>&nbsp;<\/p>\n<p style=\"padding-left: 30px;\"><span style=\"color: #000000;\"><strong><a href=\"http:\/\/grupo.us.es\/newtutsosmodhum\/wp-content\/uploads\/2021\/07\/Captura-de-pantalla-2021-07-21-115543.png\"><img loading=\"lazy\" decoding=\"async\" class=\"wp-image-1781 alignleft\" src=\"http:\/\/grupo.us.es\/newtutsosmodhum\/wp-content\/uploads\/2021\/07\/Captura-de-pantalla-2021-07-21-115543.png\" alt=\"\" width=\"200\" height=\"275\" data-action=\"zoom\" srcset=\"https:\/\/grupo.us.es\/newtutsosmodhum\/wp-content\/uploads\/2021\/07\/Captura-de-pantalla-2021-07-21-115543.png 667w, https:\/\/grupo.us.es\/newtutsosmodhum\/wp-content\/uploads\/2021\/07\/Captura-de-pantalla-2021-07-21-115543-218x300.png 218w\" sizes=\"auto, (max-width: 200px) 100vw, 200px\" \/><\/a><\/strong><\/span><\/p>\n<p>&nbsp;<\/p>\n<p style=\"padding-left: 30px;\"><span style=\"color: #000000;\"><strong><a style=\"color: #000000;\" href=\"http:\/\/grupo.us.es\/newtutsosmodhum\/?page_id=323\"><u>Molina Rozalem, Juan Francisco<\/u><\/a><\/strong>; <a style=\"color: #000000;\" href=\"http:\/\/grupo.us.es\/newtutsosmodhum\/?page_id=321\"><strong><u>Ar\u00e9valo Rodr\u00edguez, Federico<\/u><\/strong><\/a>; <strong><u><a style=\"color: #000000;\" href=\"http:\/\/grupo.us.es\/newtutsosmodhum\/?page_id=356\">Atanasio Guisado, Alberto<\/a><\/u><\/strong>. \u00abLas fuentes gr\u00e1ficas como \u00fanico testimonio del patrimonio arquitect\u00f3nico olvidado. La arquitectura fronteriza del reino de Sevilla en la<b>\u00a0<\/b>Baja Edad Media\u00bb. en <em>Revista\u00a0EGA Expresi\u00f3n Gr\u00e1fica Arquitect\u00f3nica<\/em><i>.\u00a0<\/i>v. 26. n. 41, pp. 92-101.<i>\u00a0<\/i>\u00a0ISSN: 1133-6137.\u00a0<b>\u00a0<\/b><\/span><\/p>\n<p><span style=\"color: #000000;\">Enlace a\u00a0<span style=\"color: #ff0000;\"><a style=\"color: #ff0000;\" href=\"https:\/\/doi.org\/10.4995\/ega.2021.14625\"><strong><u>DOI<\/u><\/strong><\/a><\/span>.<\/span><\/p>\n<p>&nbsp;<\/p>\n<p>&nbsp;<\/p>\n<p>&nbsp;<\/p>\n<p>&nbsp;<\/p>\n<p style=\"padding-left: 30px;\"><a href=\"http:\/\/grupo.us.es\/newtutsosmodhum\/wp-content\/uploads\/2020\/12\/Cap\u00edtulo.-Dos-Fronteras....jpg\"><img loading=\"lazy\" decoding=\"async\" class=\"wp-image-1667 alignleft\" src=\"http:\/\/grupo.us.es\/newtutsosmodhum\/wp-content\/uploads\/2020\/12\/Cap\u00edtulo.-Dos-Fronteras....jpg\" alt=\"\" width=\"200\" height=\"102\" data-action=\"zoom\" srcset=\"https:\/\/grupo.us.es\/newtutsosmodhum\/wp-content\/uploads\/2020\/12\/Cap\u00edtulo.-Dos-Fronteras....jpg 851w, https:\/\/grupo.us.es\/newtutsosmodhum\/wp-content\/uploads\/2020\/12\/Cap\u00edtulo.-Dos-Fronteras...-300x153.jpg 300w, https:\/\/grupo.us.es\/newtutsosmodhum\/wp-content\/uploads\/2020\/12\/Cap\u00edtulo.-Dos-Fronteras...-768x393.jpg 768w\" sizes=\"auto, (max-width: 200px) 100vw, 200px\" \/><\/a><u><a href=\"http:\/\/grupo.us.es\/newtutsosmodhum\/?page_id=323\"><strong><span style=\"color: #000000;\">Molina Rozalem, Juan Francisco<\/span><\/strong><\/a><\/u><span style=\"color: #000000;\">. \u00abDos Fronteras coexistentes, dos maneras de plantear la defensa. La banda gallega y la banda morisca en el reino de Sevilla\u00bb, en<i>: Las Fronteras en la Edad Media hisp\u00e1nica, siglos XIII-XV,\u00a0<\/i>Ed. Universidad de Granada\/ Universidad De Sevilla, pp. 187-205.\u00a0ISBN 978-84-33864-89-5<\/span><\/p>\n<p>&nbsp;<\/p>\n<p>&nbsp;<\/p>\n<p style=\"padding-left: 30px;\"><span style=\"color: #000000;\"><strong><u><\/u><u><a href=\"http:\/\/grupo.us.es\/newtutsosmodhum\/wp-content\/uploads\/2020\/12\/Fig.-3-Vista-del-puente-de-Alcantarilla.jpg\"><img loading=\"lazy\" decoding=\"async\" class=\"wp-image-1664 alignleft\" src=\"http:\/\/grupo.us.es\/newtutsosmodhum\/wp-content\/uploads\/2020\/12\/Fig.-3-Vista-del-puente-de-Alcantarilla2.jpg\" alt=\"\" width=\"200\" height=\"94\" data-action=\"zoom\" srcset=\"https:\/\/grupo.us.es\/newtutsosmodhum\/wp-content\/uploads\/2020\/12\/Fig.-3-Vista-del-puente-de-Alcantarilla2.jpg 1503w, https:\/\/grupo.us.es\/newtutsosmodhum\/wp-content\/uploads\/2020\/12\/Fig.-3-Vista-del-puente-de-Alcantarilla2-300x142.jpg 300w, https:\/\/grupo.us.es\/newtutsosmodhum\/wp-content\/uploads\/2020\/12\/Fig.-3-Vista-del-puente-de-Alcantarilla2-768x362.jpg 768w, https:\/\/grupo.us.es\/newtutsosmodhum\/wp-content\/uploads\/2020\/12\/Fig.-3-Vista-del-puente-de-Alcantarilla2-1024x483.jpg 1024w\" sizes=\"auto, (max-width: 200px) 100vw, 200px\" \/><\/a><\/u><\/strong><\/span><\/p>\n<p style=\"padding-left: 30px;\"><span style=\"color: #000000;\"><strong><a style=\"color: #000000;\" href=\"http:\/\/grupo.us.es\/newtutsosmodhum\/?page_id=323\"><u>Molina Rozalem, Juan Francisco<\/u><\/a><\/strong>. \u00abCuando la representaci\u00f3n gr\u00e1fica<b>\u00a0<\/b>y pict\u00f3rica es el \u00fanico testimonio del Patrimonio perdido. El caso de las torres medievales del reino d<span lang=\"EN-US\">e Sevilla\u00bb,\u00a0<em>Congreso Internacional de Expresi\u00f3n Gr\u00e1fica Arquitect\u00f3nica 2020<\/em>,<\/span>\u00a0Zaragoza. 21-25 de septiembre 2020.\u00a0<\/span><\/p>\n<p>&nbsp;<\/p>\n<p>&nbsp;<\/p>\n<p style=\"padding-left: 30px;\"><span style=\"color: #000000;\"><strong><u><a href=\"http:\/\/grupo.us.es\/newtutsosmodhum\/wp-content\/uploads\/2020\/12\/fig.8.SITU_.jpg\"><img loading=\"lazy\" decoding=\"async\" class=\"wp-image-1636 alignleft\" src=\"http:\/\/grupo.us.es\/newtutsosmodhum\/wp-content\/uploads\/2020\/12\/fig.8.SITU_.jpg\" alt=\"\" width=\"200\" height=\"140\" data-action=\"zoom\" srcset=\"https:\/\/grupo.us.es\/newtutsosmodhum\/wp-content\/uploads\/2020\/12\/fig.8.SITU_.jpg 2364w, https:\/\/grupo.us.es\/newtutsosmodhum\/wp-content\/uploads\/2020\/12\/fig.8.SITU_-300x210.jpg 300w, https:\/\/grupo.us.es\/newtutsosmodhum\/wp-content\/uploads\/2020\/12\/fig.8.SITU_-768x538.jpg 768w, https:\/\/grupo.us.es\/newtutsosmodhum\/wp-content\/uploads\/2020\/12\/fig.8.SITU_-1024x718.jpg 1024w\" sizes=\"auto, (max-width: 200px) 100vw, 200px\" \/><\/a><a style=\"color: #000000;\" href=\"http:\/\/grupo.us.es\/newtutsosmodhum\/?page_id=356\">Atanasio Guisado, Alberto<\/a><\/u><\/strong>;\u00a0<a style=\"color: #000000;\" href=\"http:\/\/grupo.us.es\/newtutsosmodhum\/?page_id=321\"><strong><u>Ar\u00e9valo Rodr\u00edguez, Federico<\/u><\/strong><\/a>;\u00a0<strong><a style=\"color: #000000;\" href=\"http:\/\/grupo.us.es\/newtutsosmodhum\/?page_id=323\"><u>Molina Rozalem, Juan Francisco<\/u><\/a><\/strong>.\u00a0\u00abRecursos gr\u00e1ficos para el posicionamiento SIG y an\u00e1lisis de la fortificaci\u00f3n del siglo XX. B\u00fankeres en el entorno del pe\u00f1\u00f3n de Gibraltar\u00bb, en <em>Revista\u00a0EGA Expresi\u00f3n Gr\u00e1fica Arquitect\u00f3nica<\/em>, [S.l.], v. 25, n. 40, p. 134-145, nov. 2020. ISSN 2254-6103.<\/span><\/p>\n<p><span style=\"color: #000000;\">Enlace a\u00a0<span style=\"color: #ff0000;\"><a style=\"color: #ff0000;\" href=\"https:\/\/polipapers.upv.es\/index.php\/EGA\/article\/view\/13698\"><strong><u>DOI<\/u><\/strong><\/a><\/span>.<\/span><\/p>\n<p>&nbsp;<\/p>\n<p>&nbsp;<\/p>\n<p style=\"padding-left: 30px;\"><span style=\"color: #000000;\"><strong><a href=\"http:\/\/grupo.us.es\/newtutsosmodhum\/wp-content\/uploads\/2019\/12\/A1.2_MON_03-1.jpg\"><img loading=\"lazy\" decoding=\"async\" class=\"alignleft wp-image-1304\" src=\"http:\/\/grupo.us.es\/newtutsosmodhum\/wp-content\/uploads\/2019\/12\/A1.2_MON_03.jpg\" alt=\"\" width=\"200\" height=\"200\" data-action=\"zoom\" srcset=\"https:\/\/grupo.us.es\/newtutsosmodhum\/wp-content\/uploads\/2019\/12\/A1.2_MON_03.jpg 1362w, https:\/\/grupo.us.es\/newtutsosmodhum\/wp-content\/uploads\/2019\/12\/A1.2_MON_03-150x150.jpg 150w, https:\/\/grupo.us.es\/newtutsosmodhum\/wp-content\/uploads\/2019\/12\/A1.2_MON_03-300x300.jpg 300w, https:\/\/grupo.us.es\/newtutsosmodhum\/wp-content\/uploads\/2019\/12\/A1.2_MON_03-768x768.jpg 768w, https:\/\/grupo.us.es\/newtutsosmodhum\/wp-content\/uploads\/2019\/12\/A1.2_MON_03-1024x1024.jpg 1024w\" sizes=\"auto, (max-width: 200px) 100vw, 200px\" \/><\/a><\/strong><\/span><\/p>\n<p>&nbsp;<\/p>\n<p>&nbsp;<\/p>\n<p style=\"padding-left: 30px;\"><span style=\"color: #000000;\"><strong><a style=\"color: #000000;\" href=\"http:\/\/grupo.us.es\/newtutsosmodhum\/?page_id=323\"><u>Molina Rozalem, Juan Francisco<\/u><\/a><\/strong>. \u00abKnowledge and socio-cultural activation of a dispersed heritage: the defensive architecture of the moorish strip in southern Spain\u00bb en\u00a0<em>Small Towns &#8230; from problem to resource<\/em>,\u00a0Cooperativa universitaria ATHENA CUA, 2019, pp. 137-138.\u00a0ISBN:\u00a0978-888944245-<wbr \/>2-2<\/span><\/p>\n<p>&nbsp;<\/p>\n<p>&nbsp;<\/p>\n<p style=\"padding-left: 30px;\"><span style=\"color: #000000;\"><strong><a href=\"http:\/\/grupo.us.es\/newtutsosmodhum\/wp-content\/uploads\/2019\/12\/A1.2_MON_04-1.jpg\"><img loading=\"lazy\" decoding=\"async\" class=\"wp-image-1303 alignleft\" src=\"http:\/\/grupo.us.es\/newtutsosmodhum\/wp-content\/uploads\/2019\/12\/A1.2_MON_04-1.jpg\" alt=\"\" width=\"200\" height=\"199\" data-action=\"zoom\" srcset=\"https:\/\/grupo.us.es\/newtutsosmodhum\/wp-content\/uploads\/2019\/12\/A1.2_MON_04-1.jpg 758w, https:\/\/grupo.us.es\/newtutsosmodhum\/wp-content\/uploads\/2019\/12\/A1.2_MON_04-1-150x150.jpg 150w, https:\/\/grupo.us.es\/newtutsosmodhum\/wp-content\/uploads\/2019\/12\/A1.2_MON_04-1-300x300.jpg 300w\" sizes=\"auto, (max-width: 200px) 100vw, 200px\" \/><\/a><\/strong><\/span><\/p>\n<p>&nbsp;<\/p>\n<p style=\"padding-left: 30px;\"><span style=\"color: #000000;\"><strong><a style=\"color: #000000;\" href=\"http:\/\/grupo.us.es\/newtutsosmodhum\/?page_id=323\"><u>Molina Rozalem, Juan Francisco<\/u><\/a><\/strong>. \u00abIn search of the most efficient way to make a three-dimensional analysis of a multitude of architectural elements for a unitary project: The Moorish strip\u00bb en<em> Science and Digital Technology for Cultural Heritage.\u00a0Interdisciplinary Approach to Diagnosis, Vulnerability, Risk Assessment and Graphic Information Mod<span style=\"color: #000000;\">els<\/span><\/em>,\u00a0CRC Press\/Balkema,\u00a0Taylor &amp; Francis Group, London, UK, 2019.<i> <\/i>ISBN:\u00a0<a style=\"color: #000000;\" href=\"https:\/\/www.worldcat.org\/isbn\/9780367363680\" target=\"_blank\" rel=\"noopener\" data-saferedirecturl=\"https:\/\/www.google.com\/url?q=https:\/\/www.worldcat.org\/isbn\/9780367363680&amp;source=gmail&amp;ust=1574873962460000&amp;usg=AFQjCNGus_0Kr_rNytPRKPOZeg1YuSDpvQ\">978-03-67363-<wbr \/>68-0<\/a>.<\/span><\/p>\n<p>&nbsp;<\/p>\n<p>&nbsp;<\/p>\n<p>&nbsp;<\/p>\n<p style=\"padding-left: 30px;\"><span style=\"color: #000000;\"><strong><a href=\"http:\/\/grupo.us.es\/newtutsosmodhum\/wp-content\/uploads\/2019\/12\/A1.2_CON_03.jpg\"><img loading=\"lazy\" decoding=\"async\" class=\"wp-image-1305 alignleft\" src=\"http:\/\/grupo.us.es\/newtutsosmodhum\/wp-content\/uploads\/2019\/12\/A1.2_CON_03.jpg\" alt=\"\" width=\"200\" height=\"201\" data-action=\"zoom\" srcset=\"https:\/\/grupo.us.es\/newtutsosmodhum\/wp-content\/uploads\/2019\/12\/A1.2_CON_03.jpg 772w, https:\/\/grupo.us.es\/newtutsosmodhum\/wp-content\/uploads\/2019\/12\/A1.2_CON_03-150x150.jpg 150w, https:\/\/grupo.us.es\/newtutsosmodhum\/wp-content\/uploads\/2019\/12\/A1.2_CON_03-300x300.jpg 300w, https:\/\/grupo.us.es\/newtutsosmodhum\/wp-content\/uploads\/2019\/12\/A1.2_CON_03-768x770.jpg 768w\" sizes=\"auto, (max-width: 200px) 100vw, 200px\" \/><\/a><\/strong><\/span><\/p>\n<p>&nbsp;<\/p>\n<p>&nbsp;<\/p>\n<p><span style=\"color: #000000;\"><strong><a style=\"color: #000000;\" href=\"http:\/\/grupo.us.es\/newtutsosmodhum\/?page_id=323\"><u>Molina Rozalem, Juan Francisco<\/u><\/a><\/strong>. \u00abDigital modeling as an architectural analysis tool. The case of the towers of the Moorish strip\u00bb en congreso <em>IV International Congress Science and Technology for the Conservation of Cultural Heritage<\/em>, Sevilla, 26-30 de marzo de 2019.\u00a0<\/span><\/p>\n<p>&nbsp;<\/p>\n<p>&nbsp;<\/p>\n<p style=\"padding-left: 30px;\"><span style=\"color: #000000;\"><strong><a href=\"http:\/\/grupo.us.es\/newtutsosmodhum\/wp-content\/uploads\/2019\/12\/A1.2_CON_04.jpg\"><img loading=\"lazy\" decoding=\"async\" class=\"wp-image-1306 alignleft\" src=\"http:\/\/grupo.us.es\/newtutsosmodhum\/wp-content\/uploads\/2019\/12\/A1.2_CON_04.jpg\" alt=\"\" width=\"200\" height=\"199\" data-action=\"zoom\" srcset=\"https:\/\/grupo.us.es\/newtutsosmodhum\/wp-content\/uploads\/2019\/12\/A1.2_CON_04.jpg 770w, https:\/\/grupo.us.es\/newtutsosmodhum\/wp-content\/uploads\/2019\/12\/A1.2_CON_04-150x150.jpg 150w, https:\/\/grupo.us.es\/newtutsosmodhum\/wp-content\/uploads\/2019\/12\/A1.2_CON_04-300x300.jpg 300w, https:\/\/grupo.us.es\/newtutsosmodhum\/wp-content\/uploads\/2019\/12\/A1.2_CON_04-768x766.jpg 768w\" sizes=\"auto, (max-width: 200px) 100vw, 200px\" \/><\/a><\/strong><\/span><\/p>\n<p>&nbsp;<\/p>\n<p>&nbsp;<\/p>\n<p style=\"padding-left: 30px;\"><span style=\"color: #000000;\"><strong><a style=\"color: #000000;\" href=\"http:\/\/grupo.us.es\/newtutsosmodhum\/?page_id=323\"><u>Molina Rozalem, Juan Francisco<\/u><\/a><\/strong>. \u00abLas fortificaciones de Jerez y su entorno\u00bb en <em>Jornada Torres, Atalayas y Miradores. Oteando el Patrimonio Cultural y Tur\u00edstico de Jerez de la Frontera<\/em>,\u00a0Jerez de la Frontera, 2019.<\/span><\/p>\n<p>&nbsp;<\/p>\n<p>&nbsp;<\/p>\n<p>&nbsp;<\/p>\n<p style=\"padding-left: 30px;\"><a href=\"http:\/\/grupo.us.es\/newtutsosmodhum\/wp-content\/uploads\/2018\/10\/A2_ART_03.jpg\"><img loading=\"lazy\" decoding=\"async\" class=\"wp-image-1178 alignleft\" src=\"http:\/\/grupo.us.es\/newtutsosmodhum\/wp-content\/uploads\/2018\/10\/A2_ART_03-1.jpg\" alt=\"\" width=\"200\" height=\"200\" data-action=\"zoom\" srcset=\"https:\/\/grupo.us.es\/newtutsosmodhum\/wp-content\/uploads\/2018\/10\/A2_ART_03-1.jpg 1184w, https:\/\/grupo.us.es\/newtutsosmodhum\/wp-content\/uploads\/2018\/10\/A2_ART_03-1-150x150.jpg 150w, https:\/\/grupo.us.es\/newtutsosmodhum\/wp-content\/uploads\/2018\/10\/A2_ART_03-1-300x300.jpg 300w, https:\/\/grupo.us.es\/newtutsosmodhum\/wp-content\/uploads\/2018\/10\/A2_ART_03-1-768x768.jpg 768w, https:\/\/grupo.us.es\/newtutsosmodhum\/wp-content\/uploads\/2018\/10\/A2_ART_03-1-1024x1024.jpg 1024w\" sizes=\"auto, (max-width: 200px) 100vw, 200px\" \/><\/a><\/p>\n<p>&nbsp;<\/p>\n<p style=\"padding-left: 30px;\"><span style=\"color: #000000;\"><u><strong><a style=\"color: #000000;\" href=\"http:\/\/grupo.us.es\/newtutsosmodhum\/?page_id=370\">Ferreira Lopes, Patricia<\/a><\/strong><\/u>;\u00a0<strong><a style=\"color: #000000;\" href=\"http:\/\/grupo.us.es\/newtutsosmodhum\/?page_id=323\"><u>Molina Rozalem, Juan Francisco<\/u><\/a><\/strong>. \u00abHistorical SDI, thematic maps and analysis of a complex network of medieval towers (13th-15th century) in the Moorish Strip\u00bb en <em>The International Archives of the Photogrammetry, Remote Sensing and Spatial Information Sciences<\/em>, vol. XLII-4, 2018, pp. 177-183.\u00a0<\/span><\/p>\n<p><span style=\"color: #000000;\">Enlace a\u00a0<span style=\"color: #ff0000;\"><a style=\"color: #ff0000;\" href=\"https:\/\/www.int-arch-photogramm-remote-sens-spatial-inf-sci.net\/XLII-4\/177\/2018\/\"><strong><u>ISPRS<\/u><\/strong><\/a><\/span>.<\/span><\/p>\n<p><span style=\"color: #000000;\">Enlace a\u00a0<a href=\"http:\/\/grupo.us.es\/newtutsosmodhum\/wp-content\/uploads\/2018\/10\/isprs-archives-XLII-4-177-2018.pdf\"><span style=\"color: #ff0000;\"><strong><u>descarga<\/u><\/strong><\/span><\/a>.<\/span><\/p>\n<p>&nbsp;<\/p>\n<p style=\"padding-left: 30px;\"><a href=\"http:\/\/grupo.us.es\/newtutsosmodhum\/wp-content\/uploads\/2018\/05\/A1.2_CON_04.jpg\"><img loading=\"lazy\" decoding=\"async\" class=\"wp-image-1068 alignleft\" src=\"http:\/\/grupo.us.es\/newtutsosmodhum\/wp-content\/uploads\/2018\/05\/A1.2_CON_04.jpg\" alt=\"\" width=\"200\" height=\"200\" data-action=\"zoom\" srcset=\"https:\/\/grupo.us.es\/newtutsosmodhum\/wp-content\/uploads\/2018\/05\/A1.2_CON_04.jpg 6000w, https:\/\/grupo.us.es\/newtutsosmodhum\/wp-content\/uploads\/2018\/05\/A1.2_CON_04-150x150.jpg 150w, https:\/\/grupo.us.es\/newtutsosmodhum\/wp-content\/uploads\/2018\/05\/A1.2_CON_04-300x300.jpg 300w, https:\/\/grupo.us.es\/newtutsosmodhum\/wp-content\/uploads\/2018\/05\/A1.2_CON_04-768x768.jpg 768w, https:\/\/grupo.us.es\/newtutsosmodhum\/wp-content\/uploads\/2018\/05\/A1.2_CON_04-1024x1024.jpg 1024w\" sizes=\"auto, (max-width: 200px) 100vw, 200px\" \/><\/a><\/p>\n<p>&nbsp;<\/p>\n<p><span style=\"color: #000000;\"><a style=\"color: #000000;\" href=\"http:\/\/grupo.us.es\/newtutsosmodhum\/?page_id=356\"><u><strong>Atanasio Guisado, Alberto<\/strong><\/u><\/a>;\u00a0<strong><a style=\"color: #000000;\" href=\"http:\/\/grupo.us.es\/newtutsosmodhum\/?page_id=323\"><u>Molina Rozalem, Juan Francisco<\/u><\/a><\/strong>. \u00abThe almohad sebka as a reference element in the Gothic-Mudejar architecture of Seville\u00bb, <em>VI International Conference on Heritage and Sustainable Development<\/em>,\u00a0Green Lines Institute for Sustainable Development y Universidad de Granada, Granada (Espa\u00f1a), 12-15 junio 2018 (en prensa).\u00a0<\/span><\/p>\n<p>&nbsp;<\/p>\n<p>&nbsp;<\/p>\n<p>&nbsp;<\/p>\n<p style=\"padding-left: 30px;\"><a href=\"http:\/\/grupo.us.es\/newtutsosmodhum\/wp-content\/uploads\/2018\/05\/A1.2_ART_01.jpg\"><img loading=\"lazy\" decoding=\"async\" class=\"wp-image-1070 alignleft\" src=\"http:\/\/grupo.us.es\/newtutsosmodhum\/wp-content\/uploads\/2018\/05\/A1.2_ART_01.jpg\" alt=\"\" width=\"200\" height=\"200\" data-action=\"zoom\" srcset=\"https:\/\/grupo.us.es\/newtutsosmodhum\/wp-content\/uploads\/2018\/05\/A1.2_ART_01.jpg 1682w, https:\/\/grupo.us.es\/newtutsosmodhum\/wp-content\/uploads\/2018\/05\/A1.2_ART_01-150x150.jpg 150w, https:\/\/grupo.us.es\/newtutsosmodhum\/wp-content\/uploads\/2018\/05\/A1.2_ART_01-300x300.jpg 300w, https:\/\/grupo.us.es\/newtutsosmodhum\/wp-content\/uploads\/2018\/05\/A1.2_ART_01-768x768.jpg 768w, https:\/\/grupo.us.es\/newtutsosmodhum\/wp-content\/uploads\/2018\/05\/A1.2_ART_01-1024x1024.jpg 1024w\" sizes=\"auto, (max-width: 200px) 100vw, 200px\" \/><\/a><\/p>\n<p>&nbsp;<\/p>\n<p><span style=\"color: #000000;\"><a style=\"color: #000000;\" href=\"http:\/\/grupo.us.es\/newtutsosmodhum\/?page_id=356\"><u><strong>Atanasio Guisado, Alberto<\/strong><\/u><\/a>;\u00a0<strong><a style=\"color: #000000;\" href=\"http:\/\/grupo.us.es\/newtutsosmodhum\/?page_id=323\"><u>Molina Rozalem, Juan Francisco<\/u><\/a><\/strong>.\u00a0\u00abTowards the incorporation of a raised walkway at the Royal Alc\u00e1zar of Seville: status and execution of the works\u00bb en\u00a0<em>Conservar Patrim\u00f3nio<\/em>, n. 30, 2018, pp. 35-46.\u00a0<\/span><\/p>\n<p><span style=\"color: #000000;\">Enlace a\u00a0<\/span><a href=\"http:\/\/revista.arp.org.pt\/pt\/artigos\/2017044.html\"><strong><span style=\"color: #ff0000;\"><u>art\u00edculo<\/u><\/span><\/strong><\/a><span style=\"color: #000000;\">.\u00a0<\/span><\/p>\n<p>&nbsp;<\/p>\n<p>&nbsp;<\/p>\n<p>&nbsp;<\/p>\n<p style=\"padding-left: 30px;\"><span style=\"color: #000000;\"><a style=\"color: #000000;\" href=\"http:\/\/grupo.us.es\/newtutsosmodhum\/wp-content\/uploads\/2018\/03\/A1.2_CON_02.jpg\"><img loading=\"lazy\" decoding=\"async\" class=\"wp-image-292 alignleft\" src=\"http:\/\/grupo.us.es\/newtutsosmodhum\/wp-content\/uploads\/2018\/03\/A1.2_CON_02.jpg\" alt=\"\" width=\"200\" height=\"200\" data-action=\"zoom\" srcset=\"https:\/\/grupo.us.es\/newtutsosmodhum\/wp-content\/uploads\/2018\/03\/A1.2_CON_02.jpg 3000w, https:\/\/grupo.us.es\/newtutsosmodhum\/wp-content\/uploads\/2018\/03\/A1.2_CON_02-150x150.jpg 150w, https:\/\/grupo.us.es\/newtutsosmodhum\/wp-content\/uploads\/2018\/03\/A1.2_CON_02-300x300.jpg 300w, https:\/\/grupo.us.es\/newtutsosmodhum\/wp-content\/uploads\/2018\/03\/A1.2_CON_02-768x768.jpg 768w, https:\/\/grupo.us.es\/newtutsosmodhum\/wp-content\/uploads\/2018\/03\/A1.2_CON_02-1024x1024.jpg 1024w\" sizes=\"auto, (max-width: 200px) 100vw, 200px\" \/><\/a><\/span><\/p>\n<p>&nbsp;<\/p>\n<p><span style=\"color: #000000;\"><u><\/u><strong><u><a style=\"color: #000000;\" href=\"http:\/\/grupo.us.es\/newtutsosmodhum\/?page_id=323\">Molina Rozalem, Juan Francisco<\/a><\/u><\/strong>. \u00abDos Fronteras coexistentes, dos maneras de plantear la defensa. La banda gallega y la banda morisca en el Reino de Sevilla\u00bb,\u00a0<em>Seminario internacional Las Fronteras en la Edad Media Hisp\u00e1nica (siglos XIII-XVI). Revisi\u00f3n Historiogr\u00e1fica de un concepto polis\u00e9mico,\u00a0<\/em>Sociedad espa\u00f1ola de Estudios Medievales. Facultad de Geograf\u00eda e Historia. Universidad de Sevilla (Espa\u00f1a). 24-28 octubre 2017.\u00a0<\/span><\/p>\n<p><span style=\"color: #000000;\">Descargar<span style=\"color: #ff0000;\"> <u><a style=\"color: #ff0000;\" href=\"https:\/\/tutsosmod.files.wordpress.com\/2018\/02\/a1-2_con_01.pdf\"><strong>PDF<\/strong><\/a><\/u><\/span>.<\/span><\/p>\n<p>&nbsp;<\/p>\n<p>&nbsp;<\/p>\n<p style=\"padding-left: 30px;\"><a href=\"http:\/\/grupo.us.es\/newtutsosmodhum\/wp-content\/uploads\/2018\/03\/A1.2_CON_03.jpg\"><img loading=\"lazy\" decoding=\"async\" class=\"wp-image-670 alignleft\" src=\"http:\/\/grupo.us.es\/newtutsosmodhum\/wp-content\/uploads\/2018\/03\/A1.2_CON_03.jpg\" alt=\"\" width=\"200\" height=\"200\" data-action=\"zoom\" srcset=\"https:\/\/grupo.us.es\/newtutsosmodhum\/wp-content\/uploads\/2018\/03\/A1.2_CON_03.jpg 738w, https:\/\/grupo.us.es\/newtutsosmodhum\/wp-content\/uploads\/2018\/03\/A1.2_CON_03-150x150.jpg 150w, https:\/\/grupo.us.es\/newtutsosmodhum\/wp-content\/uploads\/2018\/03\/A1.2_CON_03-300x300.jpg 300w\" sizes=\"auto, (max-width: 200px) 100vw, 200px\" \/><\/a><\/p>\n<p>&nbsp;<\/p>\n<p><span style=\"color: #000000;\"><a style=\"color: #000000;\" href=\"http:\/\/grupo.us.es\/newtutsosmodhum\/?page_id=356\"><u><strong>Atanasio Guisado, Alberto<\/strong><\/u><\/a>;\u00a0<strong><a style=\"color: #000000;\" href=\"http:\/\/grupo.us.es\/newtutsosmodhum\/?page_id=323\"><u>Molina Rozalem, Juan Francisco<\/u><\/a><\/strong>. \u00abEl b\u00fanker de Torre Nueva. En busca de una caracterizaci\u00f3n\u00bb, <em>V Congreso internacional sobre documentaci\u00f3n, conservaci\u00f3n y reutilizaci\u00f3n del Patrimonio Arquitect\u00f3nico y Paisaj\u00edstico, ReUSO<\/em>. Universidad de Granada, Granada, 18-21 octubre 2017.<\/span><\/p>\n<p><span style=\"color: #000000;\">Descargar<span style=\"color: #ff0000;\"> <u><a style=\"color: #ff0000;\" href=\"http:\/\/grupo.us.es\/newtutsosmodhum\/wp-content\/uploads\/2018\/03\/A1.3_CON_02.pdf\"><strong>PDF<\/strong><\/a><\/u><\/span>.<\/span><\/p>\n<p>&nbsp;<\/p>\n<p>&nbsp;<\/p>\n<p style=\"padding-left: 30px;\"><span style=\"color: #000000;\"><a style=\"color: #000000;\" href=\"http:\/\/grupo.us.es\/newtutsosmodhum\/wp-content\/uploads\/2018\/03\/A1.2_VIS_02.jpg\"><img loading=\"lazy\" decoding=\"async\" class=\"wp-image-295 alignleft\" src=\"http:\/\/grupo.us.es\/newtutsosmodhum\/wp-content\/uploads\/2018\/03\/A1.2_VIS_02.jpg\" alt=\"\" width=\"200\" height=\"200\" data-action=\"zoom\" srcset=\"https:\/\/grupo.us.es\/newtutsosmodhum\/wp-content\/uploads\/2018\/03\/A1.2_VIS_02.jpg 1920w, https:\/\/grupo.us.es\/newtutsosmodhum\/wp-content\/uploads\/2018\/03\/A1.2_VIS_02-150x150.jpg 150w, https:\/\/grupo.us.es\/newtutsosmodhum\/wp-content\/uploads\/2018\/03\/A1.2_VIS_02-300x300.jpg 300w, https:\/\/grupo.us.es\/newtutsosmodhum\/wp-content\/uploads\/2018\/03\/A1.2_VIS_02-768x768.jpg 768w, https:\/\/grupo.us.es\/newtutsosmodhum\/wp-content\/uploads\/2018\/03\/A1.2_VIS_02-1024x1024.jpg 1024w\" sizes=\"auto, (max-width: 200px) 100vw, 200px\" \/><\/a><\/span><\/p>\n<p>&nbsp;<\/p>\n<p style=\"padding-left: 30px;\"><span style=\"color: #000000;\"><u><\/u><strong><u><a style=\"color: #000000;\" href=\"http:\/\/grupo.us.es\/newtutsosmodhum\/?page_id=323\">Molina Rozalem, Juan Francisco<\/a><\/u><\/strong>; <a style=\"color: #000000;\" href=\"http:\/\/grupo.us.es\/newtutsosmodhum\/?page_id=203\"><strong><u>Pinto Puerto, Francisco<\/u><\/strong><\/a>; <u><a style=\"color: #000000;\" href=\"http:\/\/grupo.us.es\/newtutsosmodhum\/?page_id=370\"><strong>Ferreira Lopes, Patricia<\/strong><\/a><\/u>; <u><a style=\"color: #000000;\" href=\"http:\/\/grupo.us.es\/newtutsosmodhum\/?page_id=364\"><strong>Guerrero Vega, Jos\u00e9 Mar\u00eda<\/strong><\/a><\/u>. Visita de trabajo al Puente sobre el arroyo Salado, a las canteras de Mogarejo y a las fortificaciones de Lopera y las Aguzaderas, en la Sierra Sur de Sevilla, junio de 2017.\u00a0<\/span><\/p>\n<p>&nbsp;<\/p>\n<p>&nbsp;<\/p>\n<p>&nbsp;<\/p>\n<p style=\"padding-left: 30px;\"><a href=\"http:\/\/grupo.us.es\/newtutsosmodhum\/wp-content\/uploads\/2018\/05\/A1.2_MON_02.jpg\"><img loading=\"lazy\" decoding=\"async\" class=\"wp-image-1073 alignleft\" src=\"http:\/\/grupo.us.es\/newtutsosmodhum\/wp-content\/uploads\/2018\/05\/A1.2_MON_02.jpg\" alt=\"\" width=\"200\" height=\"200\" data-action=\"zoom\" srcset=\"https:\/\/grupo.us.es\/newtutsosmodhum\/wp-content\/uploads\/2018\/05\/A1.2_MON_02.jpg 2645w, https:\/\/grupo.us.es\/newtutsosmodhum\/wp-content\/uploads\/2018\/05\/A1.2_MON_02-150x150.jpg 150w, https:\/\/grupo.us.es\/newtutsosmodhum\/wp-content\/uploads\/2018\/05\/A1.2_MON_02-300x300.jpg 300w, https:\/\/grupo.us.es\/newtutsosmodhum\/wp-content\/uploads\/2018\/05\/A1.2_MON_02-768x768.jpg 768w, https:\/\/grupo.us.es\/newtutsosmodhum\/wp-content\/uploads\/2018\/05\/A1.2_MON_02-1024x1024.jpg 1024w\" sizes=\"auto, (max-width: 200px) 100vw, 200px\" \/><\/a><\/p>\n<p>&nbsp;<\/p>\n<p><u><a href=\"http:\/\/grupo.us.es\/newtutsosmodhum\/?page_id=323\"><strong><span style=\"color: #000000;\">Molina Rozalem, Juan Francisco<\/span><\/strong><\/a><\/u><span style=\"color: #000000;\">. \u00abUna fortaleza en la frontera occidental castellano-nazar\u00ed: la torre Lopera\u00bb en\u00a0<em>Actas de las Segundas Jornadas sobre Historia, arquitectura y construcci\u00f3n fortificada,\u00a0<\/em>Ed. Instituto Juan de Herrera, pp.\u00a0515-532, 2016 (ISBN 978-84-946000-1-2)<em>.\u00a0<\/em><\/span><\/p>\n<p><span style=\"color: #000000;\">Enlace a\u00a0<\/span><a href=\"http:\/\/grupo.us.es\/newtutsosmodhum\/wp-content\/uploads\/2018\/05\/Cap\u00edtulo-libro.-Una-fortaleza-en-la-frontera.pdf\"><strong><span style=\"color: #ff0000;\"><u>cap\u00edtulo<\/u><\/span><\/strong><\/a><span style=\"color: #000000;\">.\u00a0<\/span><\/p>\n<p>&nbsp;<\/p>\n<p>&nbsp;<\/p>\n<p style=\"padding-left: 30px;\"><a href=\"http:\/\/grupo.us.es\/newtutsosmodhum\/wp-content\/uploads\/2018\/05\/A1.2_MON_01-1.jpg\"><img loading=\"lazy\" decoding=\"async\" class=\"wp-image-1085 alignleft\" src=\"http:\/\/grupo.us.es\/newtutsosmodhum\/wp-content\/uploads\/2018\/05\/A1.2_MON_01.jpg\" alt=\"\" width=\"200\" height=\"200\" data-action=\"zoom\" srcset=\"https:\/\/grupo.us.es\/newtutsosmodhum\/wp-content\/uploads\/2018\/05\/A1.2_MON_01.jpg 888w, https:\/\/grupo.us.es\/newtutsosmodhum\/wp-content\/uploads\/2018\/05\/A1.2_MON_01-150x150.jpg 150w, https:\/\/grupo.us.es\/newtutsosmodhum\/wp-content\/uploads\/2018\/05\/A1.2_MON_01-300x300.jpg 300w, https:\/\/grupo.us.es\/newtutsosmodhum\/wp-content\/uploads\/2018\/05\/A1.2_MON_01-768x768.jpg 768w\" sizes=\"auto, (max-width: 200px) 100vw, 200px\" \/><\/a><\/p>\n<p>&nbsp;<\/p>\n<p><u><a href=\"http:\/\/grupo.us.es\/newtutsosmodhum\/?page_id=323\"><strong><span style=\"color: #000000;\">Molina Rozalem, Juan Francisco<\/span><\/strong><\/a><\/u><span style=\"color: #000000;\">. <em>Fortificaciones de la Banda Morisca en la provincia de Sevilla<\/em>, Colecci\u00f3n Arte Hispalense, n\u00ba 109. Ed. Diputaci\u00f3n de Sevilla. Servicio de Archivos y Publicaciones, 2017. ISBN 978-84-7798-397-2. Dep\u00f3sito Legal: SE 1794-2016.<\/span><\/p>\n<p><span style=\"color: #000000;\">Descargar<span style=\"color: #ff0000;\"> <u><a style=\"color: #ff0000;\" href=\"http:\/\/grupo.us.es\/newtutsosmodhum\/wp-content\/uploads\/2018\/03\/A1.2_MON_01_PDF.pdf\"><strong>PDF<\/strong><\/a><\/u><\/span>.<\/span><\/p>\n<p>&nbsp;<\/p>\n<p>&nbsp;<\/p>\n<p>&nbsp;<\/p>\n<p style=\"padding-left: 30px;\"><a href=\"http:\/\/grupo.us.es\/newtutsosmodhum\/wp-content\/uploads\/2018\/03\/A1.2_VIS_01.jpg\"><img loading=\"lazy\" decoding=\"async\" class=\"wp-image-294 alignleft\" src=\"http:\/\/grupo.us.es\/newtutsosmodhum\/wp-content\/uploads\/2018\/03\/A1.2_VIS_01.jpg\" alt=\"\" width=\"200\" height=\"200\" data-action=\"zoom\" srcset=\"https:\/\/grupo.us.es\/newtutsosmodhum\/wp-content\/uploads\/2018\/03\/A1.2_VIS_01.jpg 533w, https:\/\/grupo.us.es\/newtutsosmodhum\/wp-content\/uploads\/2018\/03\/A1.2_VIS_01-150x150.jpg 150w, https:\/\/grupo.us.es\/newtutsosmodhum\/wp-content\/uploads\/2018\/03\/A1.2_VIS_01-300x300.jpg 300w\" sizes=\"auto, (max-width: 200px) 100vw, 200px\" \/><\/a><\/p>\n<p>&nbsp;<\/p>\n<p>&nbsp;<\/p>\n<p style=\"padding-left: 30px;\"><span style=\"color: #000000;\"><u><\/u><strong><u><a style=\"color: #000000;\" href=\"http:\/\/grupo.us.es\/newtutsosmodhum\/?page_id=323\">Molina Rozalem, Juan Francisco<\/a><\/u><\/strong>. Visita de trabajo a las Torres de Cote, Lopera y el \u00c1guila, en la Sierra Sur de Sevilla, diciembre de 2016.\u00a0<\/span><\/p>\n<p>&nbsp;<\/p>\n","protected":false},"excerpt":{"rendered":"<p>MODELOS DIGITALES PARA EL AN\u00c1LISIS DE FORTIFICACIONES MEDIEVALES DE LA BANDA MORISCA. CONJUNTO DISPERSO DE EDIFICIOS Y APENAS DOCUMENTADOS. \u00a0 [&hellip;]<\/p>\n","protected":false},"author":1,"featured_media":0,"parent":88,"menu_order":2,"comment_status":"closed","ping_status":"closed","template":"","meta":{"footnotes":""},"class_list":["post-253","page","type-page","status-publish","hentry"],"_links":{"self":[{"href":"https:\/\/grupo.us.es\/newtutsosmodhum\/index.php?rest_route=\/wp\/v2\/pages\/253","targetHints":{"allow":["GET"]}}],"collection":[{"href":"https:\/\/grupo.us.es\/newtutsosmodhum\/index.php?rest_route=\/wp\/v2\/pages"}],"about":[{"href":"https:\/\/grupo.us.es\/newtutsosmodhum\/index.php?rest_route=\/wp\/v2\/types\/page"}],"author":[{"embeddable":true,"href":"https:\/\/grupo.us.es\/newtutsosmodhum\/index.php?rest_route=\/wp\/v2\/users\/1"}],"replies":[{"embeddable":true,"href":"https:\/\/grupo.us.es\/newtutsosmodhum\/index.php?rest_route=%2Fwp%2Fv2%2Fcomments&post=253"}],"version-history":[{"count":0,"href":"https:\/\/grupo.us.es\/newtutsosmodhum\/index.php?rest_route=\/wp\/v2\/pages\/253\/revisions"}],"up":[{"embeddable":true,"href":"https:\/\/grupo.us.es\/newtutsosmodhum\/index.php?rest_route=\/wp\/v2\/pages\/88"}],"wp:attachment":[{"href":"https:\/\/grupo.us.es\/newtutsosmodhum\/index.php?rest_route=%2Fwp%2Fv2%2Fmedia&parent=253"}],"curies":[{"name":"wp","href":"https:\/\/api.w.org\/{rel}","templated":true}]}}