{"id":27,"date":"2014-11-06T17:55:15","date_gmt":"2014-11-06T16:55:15","guid":{"rendered":"http:\/\/grupo.us.es\/naturib\/?page_id=27"},"modified":"2025-11-11T13:29:38","modified_gmt":"2025-11-11T12:29:38","slug":"el-equipo","status":"publish","type":"page","link":"https:\/\/grupo.us.es\/naturib\/el-equipo\/","title":{"rendered":"El equipo"},"content":{"rendered":"<p><strong>Responsable:<\/strong>\u00a0Dr. <a href=\"https:\/\/investigacion.us.es\/sisius\/sis_showpub.php?idpers=13384\">Luis Perez Urrestarazu<\/a><\/p>\n<p><strong>Componentes:<\/strong><\/p>\n<ul>\n<li>Dr. <a href=\"https:\/\/investigacion.us.es\/sisius\/sis_showpub.php?idpers=11932\">Rafael Fernandez Ca\u00f1ero<\/a><\/li>\n<li>Dr. <a href=\"https:\/\/investigacion.us.es\/sisius\/sis_showpub.php?idpers=8127\">Antonio Franco Salas<\/a><\/li>\n<li>Dr. <a href=\"https:\/\/investigacion.us.es\/sisius\/sis_showpub.php?idpers=17009\">Isabel Diaz de la Torre<\/a><\/li>\n<li>Dr. <a href=\"https:\/\/investigacion.us.es\/sisius\/sis_showpub.php?idpers=4233\">V\u00edctor Manuel\u00a0Fern\u00e1ndez Caban\u00e1s<\/a><\/li>\n<li>Dr.\u00a0<a href=\"https:\/\/investigacion.us.es\/sisius\/sis_showpub.php?idpers=11936\">Rafael Jesus Monje Jim\u00e9nez<\/a><\/li>\n<li><a href=\"https:\/\/investigacion.us.es\/sisius\/sis_showpub.php?idpers=6705\">Dr. Miguel Calixto L\u00f3pez Gordillo<\/a><\/li>\n<li>Dra. <a href=\"https:\/\/investigacion.us.es\/sisius\/sis_showpub.php?idpers=25244\">Gina Patricia Su\u00e1rez C\u00e1ceres<\/a><\/li>\n<\/ul>\n<p><strong>Responsable:<\/strong>\u00a0Dr. <a href=\"https:\/\/investigacion.us.es\/sisius\/sis_showpub.php?idpers=13384\">Luis Perez Urrestarazu<\/a><\/p>\n<p><a href=\"http:\/\/grupo.us.es\/naturib\/wp-content\/uploads\/2022\/09\/Luis-Perez_1.jpg\"><img loading=\"lazy\" decoding=\"async\" class=\"aligncenter wp-image-274 \" src=\"http:\/\/grupo.us.es\/naturib\/wp-content\/uploads\/2022\/09\/Luis-Perez_1.jpg\" alt=\"\" width=\"150\" height=\"143\" srcset=\"https:\/\/grupo.us.es\/naturib\/wp-content\/uploads\/2022\/09\/Luis-Perez_1.jpg 1422w, https:\/\/grupo.us.es\/naturib\/wp-content\/uploads\/2022\/09\/Luis-Perez_1-300x287.jpg 300w, https:\/\/grupo.us.es\/naturib\/wp-content\/uploads\/2022\/09\/Luis-Perez_1-1024x979.jpg 1024w, https:\/\/grupo.us.es\/naturib\/wp-content\/uploads\/2022\/09\/Luis-Perez_1-768x734.jpg 768w\" sizes=\"auto, (max-width: 150px) 100vw, 150px\" \/><\/a><\/p>\n<p>El<strong> Dr. Luis P\u00e9rez Urrestarazu<\/strong> es Catedr\u00e1tico de Ingenier\u00eda Agroforestal de la Universidad de Sevilla. Es Ingeniero Agr\u00f3nomo (especialidad Ingenier\u00eda Rural) titulado en 2003 y Doctor por la Universidad de C\u00f3rdoba en 2007. Tambi\u00e9n es T\u00e9cnico de nivel superior en Prevenci\u00f3n de Riesgos Laborales desde 2003. Realiz\u00f3 estancias de Investigaci\u00f3n en las universidades de Cranfield y Loughborough (Reino Unido) y en la Polit\u00e9cnica de California (Estados Unidos). Fue el ganador del X Premio de Investigaci\u00f3n Agraria (Fundaci\u00f3n Unicaja, 2008) y del IX Premio de Tesis Doctoral (Colegio Oficial de Ingenieros Agr\u00f3nomos de Andaluc\u00eda, 2009).\u00a0 En la actualidad es Director de la Escuela T\u00e9cnica Superior de Ingenier\u00eda Agron\u00f3mica. Sus intereses en investigaci\u00f3n se centran en tres \u00e1reas principales: la gesti\u00f3n del agua para el riego (indicadores de comportamiento, ahorro de energ\u00eda, an\u00e1lisis de redes), la acuapon\u00eda (producci\u00f3n conjunta de peces y plantas) y la Naturaci\u00f3n Urbana (techos verdes y jardines verticales, \u00e1reas verdes convencionales\u2026).<\/p>\n<p>Dr. <a href=\"https:\/\/investigacion.us.es\/sisius\/sis_showpub.php?idpers=11932\">Rafael Fernandez Ca\u00f1ero<\/a><\/p>\n<p><a href=\"http:\/\/grupo.us.es\/naturib\/wp-content\/uploads\/2014\/11\/\u00edndice.jpg\"><img loading=\"lazy\" decoding=\"async\" class=\"aligncenter wp-image-7 \" src=\"http:\/\/grupo.us.es\/naturib\/wp-content\/uploads\/2014\/11\/\u00edndice-220x300.jpg\" alt=\"Rafael Fernandez Ca\u00f1ero\" width=\"142\" height=\"194\" srcset=\"https:\/\/grupo.us.es\/naturib\/wp-content\/uploads\/2014\/11\/\u00edndice-220x300.jpg 220w, https:\/\/grupo.us.es\/naturib\/wp-content\/uploads\/2014\/11\/\u00edndice.jpg 460w\" sizes=\"auto, (max-width: 142px) 100vw, 142px\" \/><\/a><\/p>\n<p>El Dr. <a title=\"Rafael Fern\u00e1ndez Ca\u00f1ero\" href=\"http:\/\/personal.us.es\/rafafc\/?lang=es\" target=\"_blank\" rel=\"noopener\">Rafael Fern\u00e1ndez Ca\u00f1ero<\/a> es Ingeniero Agr\u00f3nomo (2001) por la Universidad de C\u00f3rdoba, y Doctor (con Menci\u00f3n de Doctorado Europeo) por la Universidad de Sevilla en 2011. Tras una etapa inicial de actividad profesional en el sector de la jardiner\u00eda es desde el a\u00f1o 2005 profesor del Departamento de Ciencias Agroforestales de la Universidad de Sevilla donde imparte docencia y coordina el Perfil de Jardiner\u00eda y Paisajismo. Su principal \u00e1rea de investigaci\u00f3n dentro de la jardiner\u00eda y el paisajismo es la Naturaci\u00f3n Urbana (Jardines Verticales, Techos Verdes y Xerojardiner\u00eda). Es autor de tres patentes en explotaci\u00f3n, con extensi\u00f3n internacional. Ha realizado tres estancias de investigaci\u00f3n, transferencia y docencia: Una primera en la Swedish University of Agricultural Sciences en Suecia (2008), otra en la Michigan State University (2013) y como Profesor Visitante en la Universidade Estadual Paulista (Unesp) en Brasil (2014).<\/p>\n<p>Tiene numerosas publicaciones nacionales e internacionales en el \u00e1mbito de la jardiner\u00eda y el paisajismo. Ha realizado numerosas ponencias invitadas en eventos a nivel nacional e internacional y m\u00faltiples contribuciones a congresos y en revistas especializadas. Complementariamente es socio fundador de la empresa de Base Tecnol\u00f3gica <em>Terapia Urbana<\/em>, SPINOFF de la Universidad de Sevilla. Es miembro de la AEPJP, donde participa en la Comisi\u00f3n de Estudios de Jardines Hist\u00f3ricos.<\/p>\n","protected":false},"excerpt":{"rendered":"<p>Responsable:\u00a0Dr. Luis Perez Urrestarazu Componentes: Dr. Rafael Fernandez Ca\u00f1ero Dr. Antonio Franco Salas Dr. Isabel Diaz de la Torre Dr. V\u00edctor Manuel\u00a0Fern\u00e1ndez Caban\u00e1s Dr.\u00a0Rafael Jesus Monje Jim\u00e9nez Dr. Miguel Calixto L\u00f3pez Gordillo Dra. Gina Patricia Su\u00e1rez C\u00e1ceres Responsable:\u00a0Dr. Luis Perez Urrestarazu El Dr. Luis P\u00e9rez Urrestarazu es Catedr\u00e1tico de Ingenier\u00eda Agroforestal de la Universidad de [&hellip;]<\/p>\n","protected":false},"author":1,"featured_media":0,"parent":0,"menu_order":0,"comment_status":"closed","ping_status":"open","template":"","meta":{"site-sidebar-layout":"default","site-content-layout":"","ast-site-content-layout":"default","site-content-style":"default","site-sidebar-style":"default","ast-global-header-display":"","ast-banner-title-visibility":"","ast-main-header-display":"","ast-hfb-above-header-display":"","ast-hfb-below-header-display":"","ast-hfb-mobile-header-display":"","site-post-title":"","ast-breadcrumbs-content":"","ast-featured-img":"","footer-sml-layout":"","ast-disable-related-posts":"","theme-transparent-header-meta":"","adv-header-id-meta":"","stick-header-meta":"","header-above-stick-meta":"","header-main-stick-meta":"","header-below-stick-meta":"","astra-migrate-meta-layouts":"set","ast-page-background-enabled":"default","ast-page-background-meta":{"desktop":{"background-color":"var(--ast-global-color-4)","background-image":"","background-repeat":"repeat","background-position":"center center","background-size":"auto","background-attachment":"scroll","background-type":"","background-media":"","overlay-type":"","overlay-color":"","overlay-opacity":"","overlay-gradient":""},"tablet":{"background-color":"","background-image":"","background-repeat":"repeat","background-position":"center center","background-size":"auto","background-attachment":"scroll","background-type":"","background-media":"","overlay-type":"","overlay-color":"","overlay-opacity":"","overlay-gradient":""},"mobile":{"background-color":"","background-image":"","background-repeat":"repeat","background-position":"center center","background-size":"auto","background-attachment":"scroll","background-type":"","background-media":"","overlay-type":"","overlay-color":"","overlay-opacity":"","overlay-gradient":""}},"ast-content-background-meta":{"desktop":{"background-color":"var(--ast-global-color-5)","background-image":"","background-repeat":"repeat","background-position":"center center","background-size":"auto","background-attachment":"scroll","background-type":"","background-media":"","overlay-type":"","overlay-color":"","overlay-opacity":"","overlay-gradient":""},"tablet":{"background-color":"var(--ast-global-color-5)","background-image":"","background-repeat":"repeat","background-position":"center center","background-size":"auto","background-attachment":"scroll","background-type":"","background-media":"","overlay-type":"","overlay-color":"","overlay-opacity":"","overlay-gradient":""},"mobile":{"background-color":"var(--ast-global-color-5)","background-image":"","background-repeat":"repeat","background-position":"center center","background-size":"auto","background-attachment":"scroll","background-type":"","background-media":"","overlay-type":"","overlay-color":"","overlay-opacity":"","overlay-gradient":""}},"footnotes":""},"class_list":["post-27","page","type-page","status-publish","hentry"],"yoast_head":"<!-- This site is optimized with the Yoast SEO plugin v27.5 - https:\/\/yoast.com\/product\/yoast-seo-wordpress\/ -->\n<title>El equipoThe team - NATURIB<\/title>\n<meta name=\"robots\" content=\"index, follow, max-snippet:-1, max-image-preview:large, max-video-preview:-1\" \/>\n<link rel=\"canonical\" href=\"https:\/\/grupo.us.es\/naturib\/el-equipo\/\" \/>\n<meta property=\"og:locale\" content=\"es_ES\" \/>\n<meta property=\"og:type\" content=\"article\" \/>\n<meta property=\"og:title\" content=\"El equipoThe team - NATURIB\" \/>\n<meta property=\"og:description\" content=\"Responsable:\u00a0Dr. Luis Perez Urrestarazu Componentes: Dr. Rafael Fernandez Ca\u00f1ero Dr. Antonio Franco Salas Dr. Isabel Diaz de la Torre Dr. V\u00edctor Manuel\u00a0Fern\u00e1ndez Caban\u00e1s Dr.\u00a0Rafael Jesus Monje Jim\u00e9nez Dr. Miguel Calixto L\u00f3pez Gordillo Dra. Gina Patricia Su\u00e1rez C\u00e1ceres Responsable:\u00a0Dr. Luis Perez Urrestarazu El Dr. Luis P\u00e9rez Urrestarazu es Catedr\u00e1tico de Ingenier\u00eda Agroforestal de la Universidad de [&hellip;]\" \/>\n<meta property=\"og:url\" content=\"https:\/\/grupo.us.es\/naturib\/el-equipo\/\" \/>\n<meta property=\"og:site_name\" content=\"NATURIB\" \/>\n<meta property=\"article:modified_time\" content=\"2025-11-11T12:29:38+00:00\" \/>\n<meta property=\"og:image\" content=\"http:\/\/grupo.us.es\/naturib\/wp-content\/uploads\/2022\/09\/Luis-Perez_1.jpg\" \/>\n<meta name=\"twitter:label1\" content=\"Tiempo de lectura\" \/>\n\t<meta name=\"twitter:data1\" content=\"5 minutes\" \/>\n<script type=\"application\/ld+json\" class=\"yoast-schema-graph\">{\"@context\":\"https:\\\/\\\/schema.org\",\"@graph\":[{\"@type\":\"WebPage\",\"@id\":\"https:\\\/\\\/grupo.us.es\\\/naturib\\\/el-equipo\\\/\",\"url\":\"https:\\\/\\\/grupo.us.es\\\/naturib\\\/el-equipo\\\/\",\"name\":\"El equipoThe team - NATURIB\",\"isPartOf\":{\"@id\":\"https:\\\/\\\/grupo.us.es\\\/naturib\\\/#website\"},\"primaryImageOfPage\":{\"@id\":\"https:\\\/\\\/grupo.us.es\\\/naturib\\\/el-equipo\\\/#primaryimage\"},\"image\":{\"@id\":\"https:\\\/\\\/grupo.us.es\\\/naturib\\\/el-equipo\\\/#primaryimage\"},\"thumbnailUrl\":\"http:\\\/\\\/grupo.us.es\\\/naturib\\\/wp-content\\\/uploads\\\/2022\\\/09\\\/Luis-Perez_1.jpg\",\"datePublished\":\"2014-11-06T16:55:15+00:00\",\"dateModified\":\"2025-11-11T12:29:38+00:00\",\"breadcrumb\":{\"@id\":\"https:\\\/\\\/grupo.us.es\\\/naturib\\\/el-equipo\\\/#breadcrumb\"},\"inLanguage\":\"es-ES\",\"potentialAction\":[{\"@type\":\"ReadAction\",\"target\":[\"https:\\\/\\\/grupo.us.es\\\/naturib\\\/el-equipo\\\/\"]}]},{\"@type\":\"ImageObject\",\"inLanguage\":\"es-ES\",\"@id\":\"https:\\\/\\\/grupo.us.es\\\/naturib\\\/el-equipo\\\/#primaryimage\",\"url\":\"http:\\\/\\\/grupo.us.es\\\/naturib\\\/wp-content\\\/uploads\\\/2022\\\/09\\\/Luis-Perez_1.jpg\",\"contentUrl\":\"http:\\\/\\\/grupo.us.es\\\/naturib\\\/wp-content\\\/uploads\\\/2022\\\/09\\\/Luis-Perez_1.jpg\"},{\"@type\":\"BreadcrumbList\",\"@id\":\"https:\\\/\\\/grupo.us.es\\\/naturib\\\/el-equipo\\\/#breadcrumb\",\"itemListElement\":[{\"@type\":\"ListItem\",\"position\":1,\"name\":\"Home\",\"item\":\"https:\\\/\\\/grupo.us.es\\\/naturib\\\/\"},{\"@type\":\"ListItem\",\"position\":2,\"name\":\"The team\"}]},{\"@type\":\"WebSite\",\"@id\":\"https:\\\/\\\/grupo.us.es\\\/naturib\\\/#website\",\"url\":\"https:\\\/\\\/grupo.us.es\\\/naturib\\\/\",\"name\":\"NATURIB\",\"description\":\"Grupo de Investigaci\u00f3n de Naturaci\u00f3n Urbana e Ingenier\u00eda de Biosistemas\",\"publisher\":{\"@id\":\"https:\\\/\\\/grupo.us.es\\\/naturib\\\/#organization\"},\"potentialAction\":[{\"@type\":\"SearchAction\",\"target\":{\"@type\":\"EntryPoint\",\"urlTemplate\":\"https:\\\/\\\/grupo.us.es\\\/naturib\\\/?s={search_term_string}\"},\"query-input\":{\"@type\":\"PropertyValueSpecification\",\"valueRequired\":true,\"valueName\":\"search_term_string\"}}],\"inLanguage\":\"es-ES\"},{\"@type\":\"Organization\",\"@id\":\"https:\\\/\\\/grupo.us.es\\\/naturib\\\/#organization\",\"name\":\"NATURIB\",\"url\":\"https:\\\/\\\/grupo.us.es\\\/naturib\\\/\",\"logo\":{\"@type\":\"ImageObject\",\"inLanguage\":\"es-ES\",\"@id\":\"https:\\\/\\\/grupo.us.es\\\/naturib\\\/#\\\/schema\\\/logo\\\/image\\\/\",\"url\":\"https:\\\/\\\/grupo.us.es\\\/naturib\\\/wp-content\\\/uploads\\\/2022\\\/09\\\/logo-web-transparente.png\",\"contentUrl\":\"https:\\\/\\\/grupo.us.es\\\/naturib\\\/wp-content\\\/uploads\\\/2022\\\/09\\\/logo-web-transparente.png\",\"width\":249,\"height\":250,\"caption\":\"NATURIB\"},\"image\":{\"@id\":\"https:\\\/\\\/grupo.us.es\\\/naturib\\\/#\\\/schema\\\/logo\\\/image\\\/\"}}]}<\/script>\n<!-- \/ Yoast SEO plugin. -->","yoast_head_json":{"title":"El equipoThe team - NATURIB","robots":{"index":"index","follow":"follow","max-snippet":"max-snippet:-1","max-image-preview":"max-image-preview:large","max-video-preview":"max-video-preview:-1"},"canonical":"https:\/\/grupo.us.es\/naturib\/el-equipo\/","og_locale":"es_ES","og_type":"article","og_title":"El equipoThe team - NATURIB","og_description":"Responsable:\u00a0Dr. Luis Perez Urrestarazu Componentes: Dr. Rafael Fernandez Ca\u00f1ero Dr. Antonio Franco Salas Dr. Isabel Diaz de la Torre Dr. V\u00edctor Manuel\u00a0Fern\u00e1ndez Caban\u00e1s Dr.\u00a0Rafael Jesus Monje Jim\u00e9nez Dr. Miguel Calixto L\u00f3pez Gordillo Dra. Gina Patricia Su\u00e1rez C\u00e1ceres Responsable:\u00a0Dr. Luis Perez Urrestarazu El Dr. Luis P\u00e9rez Urrestarazu es Catedr\u00e1tico de Ingenier\u00eda Agroforestal de la Universidad de [&hellip;]","og_url":"https:\/\/grupo.us.es\/naturib\/el-equipo\/","og_site_name":"NATURIB","article_modified_time":"2025-11-11T12:29:38+00:00","og_image":[{"url":"http:\/\/grupo.us.es\/naturib\/wp-content\/uploads\/2022\/09\/Luis-Perez_1.jpg","type":"","width":"","height":""}],"twitter_misc":{"Tiempo de lectura":"5 minutes"},"schema":{"@context":"https:\/\/schema.org","@graph":[{"@type":"WebPage","@id":"https:\/\/grupo.us.es\/naturib\/el-equipo\/","url":"https:\/\/grupo.us.es\/naturib\/el-equipo\/","name":"El equipoThe team - NATURIB","isPartOf":{"@id":"https:\/\/grupo.us.es\/naturib\/#website"},"primaryImageOfPage":{"@id":"https:\/\/grupo.us.es\/naturib\/el-equipo\/#primaryimage"},"image":{"@id":"https:\/\/grupo.us.es\/naturib\/el-equipo\/#primaryimage"},"thumbnailUrl":"http:\/\/grupo.us.es\/naturib\/wp-content\/uploads\/2022\/09\/Luis-Perez_1.jpg","datePublished":"2014-11-06T16:55:15+00:00","dateModified":"2025-11-11T12:29:38+00:00","breadcrumb":{"@id":"https:\/\/grupo.us.es\/naturib\/el-equipo\/#breadcrumb"},"inLanguage":"es-ES","potentialAction":[{"@type":"ReadAction","target":["https:\/\/grupo.us.es\/naturib\/el-equipo\/"]}]},{"@type":"ImageObject","inLanguage":"es-ES","@id":"https:\/\/grupo.us.es\/naturib\/el-equipo\/#primaryimage","url":"http:\/\/grupo.us.es\/naturib\/wp-content\/uploads\/2022\/09\/Luis-Perez_1.jpg","contentUrl":"http:\/\/grupo.us.es\/naturib\/wp-content\/uploads\/2022\/09\/Luis-Perez_1.jpg"},{"@type":"BreadcrumbList","@id":"https:\/\/grupo.us.es\/naturib\/el-equipo\/#breadcrumb","itemListElement":[{"@type":"ListItem","position":1,"name":"Home","item":"https:\/\/grupo.us.es\/naturib\/"},{"@type":"ListItem","position":2,"name":"The team"}]},{"@type":"WebSite","@id":"https:\/\/grupo.us.es\/naturib\/#website","url":"https:\/\/grupo.us.es\/naturib\/","name":"NATURIB","description":"Grupo de Investigaci\u00f3n de Naturaci\u00f3n Urbana e Ingenier\u00eda de Biosistemas","publisher":{"@id":"https:\/\/grupo.us.es\/naturib\/#organization"},"potentialAction":[{"@type":"SearchAction","target":{"@type":"EntryPoint","urlTemplate":"https:\/\/grupo.us.es\/naturib\/?s={search_term_string}"},"query-input":{"@type":"PropertyValueSpecification","valueRequired":true,"valueName":"search_term_string"}}],"inLanguage":"es-ES"},{"@type":"Organization","@id":"https:\/\/grupo.us.es\/naturib\/#organization","name":"NATURIB","url":"https:\/\/grupo.us.es\/naturib\/","logo":{"@type":"ImageObject","inLanguage":"es-ES","@id":"https:\/\/grupo.us.es\/naturib\/#\/schema\/logo\/image\/","url":"https:\/\/grupo.us.es\/naturib\/wp-content\/uploads\/2022\/09\/logo-web-transparente.png","contentUrl":"https:\/\/grupo.us.es\/naturib\/wp-content\/uploads\/2022\/09\/logo-web-transparente.png","width":249,"height":250,"caption":"NATURIB"},"image":{"@id":"https:\/\/grupo.us.es\/naturib\/#\/schema\/logo\/image\/"}}]}},"_links":{"self":[{"href":"https:\/\/grupo.us.es\/naturib\/wp-json\/wp\/v2\/pages\/27","targetHints":{"allow":["GET"]}}],"collection":[{"href":"https:\/\/grupo.us.es\/naturib\/wp-json\/wp\/v2\/pages"}],"about":[{"href":"https:\/\/grupo.us.es\/naturib\/wp-json\/wp\/v2\/types\/page"}],"author":[{"embeddable":true,"href":"https:\/\/grupo.us.es\/naturib\/wp-json\/wp\/v2\/users\/1"}],"replies":[{"embeddable":true,"href":"https:\/\/grupo.us.es\/naturib\/wp-json\/wp\/v2\/comments?post=27"}],"version-history":[{"count":13,"href":"https:\/\/grupo.us.es\/naturib\/wp-json\/wp\/v2\/pages\/27\/revisions"}],"predecessor-version":[{"id":340,"href":"https:\/\/grupo.us.es\/naturib\/wp-json\/wp\/v2\/pages\/27\/revisions\/340"}],"wp:attachment":[{"href":"https:\/\/grupo.us.es\/naturib\/wp-json\/wp\/v2\/media?parent=27"}],"curies":[{"name":"wp","href":"https:\/\/api.w.org\/{rel}","templated":true}]}}