{"id":4735,"date":"2023-07-27T14:40:10","date_gmt":"2023-07-27T14:40:10","guid":{"rendered":"https:\/\/grupo.us.es\/mujeryeducacion\/?page_id=4735"},"modified":"2023-09-07T10:15:28","modified_gmt":"2023-09-07T10:15:28","slug":"064-cajitas-de-lata","status":"publish","type":"page","link":"https:\/\/grupo.us.es\/mujeryeducacion\/064-cajitas-de-lata\/","title":{"rendered":"064. Cajitas de lata"},"content":{"rendered":"<p>[et_pb_section fb_built=\u00bb1&#8243; _builder_version=\u00bb4.17.4&#8243; _module_preset=\u00bbdefault\u00bb background_color=\u00bb#F6EFE7&#8243; custom_padding=\u00bb2px|||||\u00bb custom_css_main_element=\u00bbdisplay=flex;\u00bb global_colors_info=\u00bb{}\u00bb][et_pb_row _builder_version=\u00bb4.17.4&#8243; _module_preset=\u00bbdefault\u00bb width=\u00bb100%\u00bb max_width=\u00bb2560px\u00bb custom_padding=\u00bb0px|||||\u00bb global_colors_info=\u00bb{}\u00bb][et_pb_column type=\u00bb4_4&#8243; _builder_version=\u00bb4.17.4&#8243; _module_preset=\u00bbdefault\u00bb global_colors_info=\u00bb{}\u00bb][et_pb_slider _builder_version=\u00bb4.17.4&#8243; _module_preset=\u00bbdefault\u00bb global_colors_info=\u00bb{}\u00bb][et_pb_slide image=\u00bbhttps:\/\/grupo.us.es\/mujeryeducacion\/wp-content\/uploads\/2023\/06\/64.png\u00bb _builder_version=\u00bb4.17.4&#8243; _module_preset=\u00bbdefault\u00bb background_color=\u00bbRGBA(255,255,255,0)\u00bb background_enable_color=\u00bbon\u00bb background_image=\u00bbhttps:\/\/grupo.us.es\/mujeryeducacion\/wp-content\/uploads\/2023\/06\/64.png\u00bb background_enable_image=\u00bbon\u00bb global_colors_info=\u00bb{}\u00bb sticky_transition=\u00bbon\u00bb][\/et_pb_slide][\/et_pb_slider][\/et_pb_column][\/et_pb_row][et_pb_row column_structure=\u00bb2_5,3_5&#8243; make_equal=\u00bbon\u00bb _builder_version=\u00bb4.17.4&#8243; _module_preset=\u00bbdefault\u00bb width=\u00bb100%\u00bb max_width=\u00bb2560px\u00bb global_colors_info=\u00bb{}\u00bb][et_pb_column type=\u00bb2_5&#8243; _builder_version=\u00bb4.17.4&#8243; _module_preset=\u00bbdefault\u00bb global_colors_info=\u00bb{}\u00bb][et_pb_image src=\u00bbhttps:\/\/grupo.us.es\/mujeryeducacion\/wp-content\/uploads\/2023\/07\/0-Logo-Museo-Pedagogico-transparente-e1689854632950.png\u00bb title_text=\u00bb0-Logo-Museo-Pedagogico-transparente-recortado\u00bb align_tablet=\u00bb\u00bb align_phone=\u00bbcenter\u00bb align_last_edited=\u00bbon|phone\u00bb _builder_version=\u00bb4.17.4&#8243; _module_preset=\u00bbdefault\u00bb width=\u00bb50%\u00bb hover_enabled=\u00bb0&#8243; global_colors_info=\u00bb{}\u00bb sticky_enabled=\u00bb0&#8243; width_last_edited=\u00bbon|tablet\u00bb width_tablet=\u00bb70%\u00bb module_alignment_last_edited=\u00bbon|tablet\u00bb module_alignment_tablet=\u00bbcenter\u00bb width_phone=\u00bb70%\u00bb module_alignment_phone=\u00bbcenter\u00bb][\/et_pb_image][\/et_pb_column][et_pb_column type=\u00bb3_5&#8243; _builder_version=\u00bb4.17.4&#8243; _module_preset=\u00bbdefault\u00bb global_colors_info=\u00bb{}\u00bb][et_pb_text content_tablet=\u00bb<\/p>\n<p><strong><\/strong><\/p>\n<p style=%22text-align: center;%22><strong>CAJITAS DE LATA PARA<\/strong><\/p>\n<p style=%22text-align: center;%22><strong> GUARDADOS DE NI\u00d1AS<\/strong><\/p>\n<p>\u00bb content_phone=\u00bb<\/p>\n<p><strong><\/strong><\/p>\n<p style=%22text-align: center;%22><strong>CAJITAS DE LATA <\/strong><\/p>\n<p style=%22text-align: center;%22><strong>PARA GUARDADOS <\/strong><\/p>\n<p style=%22text-align: center;%22><strong>DE NI\u00d1AS<\/strong><\/p>\n<p>\u00bb content_last_edited=\u00bbon|phone\u00bb _builder_version=\u00bb4.17.4&#8243; _module_preset=\u00bbdefault\u00bb text_text_color=\u00bb#000000&#8243; text_font_size=\u00bb58px\u00bb transform_scale_tablet=\u00bb\u00bb transform_scale_phone=\u00bb\u00bb transform_scale_last_edited=\u00bbon|tablet\u00bb transform_translate_tablet=\u00bb72px|-7px\u00bb transform_translate_phone=\u00bb64px|-7px\u00bb transform_translate_last_edited=\u00bbon|tablet\u00bb transform_rotate_tablet=\u00bb\u00bb transform_rotate_phone=\u00bb\u00bb transform_rotate_last_edited=\u00bbon|tablet\u00bb transform_skew_tablet=\u00bb\u00bb transform_skew_phone=\u00bb\u00bb transform_skew_last_edited=\u00bbon|tablet\u00bb transform_origin_tablet=\u00bb\u00bb transform_origin_phone=\u00bb\u00bb transform_origin_last_edited=\u00bbon|tablet\u00bb transform_styles_last_edited=\u00bbon|tablet\u00bb custom_margin=\u00bb|||-127px||\u00bb hover_enabled=\u00bb0&#8243; text_font_size_tablet=\u00bb58px\u00bb text_font_size_phone=\u00bb42px\u00bb text_font_size_last_edited=\u00bbon|phone\u00bb transform_styles_tablet=\u00bb\u00bb transform_styles_phone=\u00bb\u00bb module_alignment_tablet=\u00bbcenter\u00bb module_alignment_phone=\u00bbcenter\u00bb module_alignment_last_edited=\u00bbon|tablet\u00bb global_colors_info=\u00bb{}\u00bb sticky_enabled=\u00bb0&#8243; transform_translate=\u00bb-83px|-12px\u00bb]<\/p>\n<p><strong><\/strong><\/p>\n<p><strong>CAJITAS DE LATA PARA<\/strong><\/p>\n<p><strong> GUARDADOS DE NI\u00d1AS <\/strong><\/p>\n<p>[\/et_pb_text][et_pb_text content_tablet=\u00bb<\/p>\n<p style=%22text-align: center;%22><strong><\/strong><\/p>\n<p style=%22text-align: center;%22><strong>CARAMELOS<\/strong><\/p>\n<p>\u00bb content_phone=\u00bb<\/p>\n<p style=%22text-align: center;%22><strong><\/strong><\/p>\n<p style=%22text-align: center;%22><strong>CARAMELOS<\/strong><\/p>\n<p>\u00bb content_last_edited=\u00bbon|phone\u00bb _builder_version=\u00bb4.17.4&#8243; _module_preset=\u00bbdefault\u00bb text_text_color=\u00bb#8E8E8E\u00bb text_font_size=\u00bb32px\u00bb text_line_height=\u00bb1.8em\u00bb transform_scale_tablet=\u00bb\u00bb transform_scale_phone=\u00bb\u00bb transform_scale_last_edited=\u00bbon|tablet\u00bb transform_translate_tablet=\u00bb151px|-10px\u00bb transform_translate_phone=\u00bb151px|-10px\u00bb transform_translate_last_edited=\u00bbon|tablet\u00bb transform_rotate_tablet=\u00bb\u00bb transform_rotate_phone=\u00bb\u00bb transform_rotate_last_edited=\u00bbon|tablet\u00bb transform_skew_tablet=\u00bb\u00bb transform_skew_phone=\u00bb\u00bb transform_skew_last_edited=\u00bbon|tablet\u00bb transform_origin_tablet=\u00bb\u00bb transform_origin_phone=\u00bb\u00bb transform_origin_last_edited=\u00bbon|tablet\u00bb transform_styles_last_edited=\u00bbon|tablet\u00bb custom_margin=\u00bb|||-295px||\u00bb text_font_size_tablet=\u00bb32px\u00bb text_font_size_phone=\u00bb24px\u00bb text_font_size_last_edited=\u00bbon|desktop\u00bb transform_styles_tablet=\u00bb\u00bb transform_styles_phone=\u00bb\u00bb global_colors_info=\u00bb{}\u00bb]<\/p>\n<p><strong>\u00a0 \u00a0 \u00a0 \u00a0 \u00a0 \u00a0 \u00a0 \u00a0 \u00a0 \u00a0 \u00a0 \u00a0 \u00a0 \u00a0 \u00a0 \u00a0 \u00a0 \u00a0 \u00a0 CARAMELOS<\/strong><\/p>\n<p>[\/et_pb_text][\/et_pb_column][\/et_pb_row][et_pb_row _builder_version=\u00bb4.17.4&#8243; _module_preset=\u00bbdefault\u00bb global_colors_info=\u00bb{}\u00bb][et_pb_column type=\u00bb4_4&#8243; _builder_version=\u00bb4.17.4&#8243; _module_preset=\u00bbdefault\u00bb global_colors_info=\u00bb{}\u00bb][et_pb_text _builder_version=\u00bb4.17.4&#8243; _module_preset=\u00bbdefault\u00bb global_colors_info=\u00bb{}\u00bb]<\/p>\n<h1 style=\"text-align: center;\">Macarena Recio Pastor<\/h1>\n<p><span class=\"EOP SCXW150617363 BCX9\" data-ccp-props=\"{&quot;201341983&quot;:0,&quot;335551550&quot;:3,&quot;335551620&quot;:3,&quot;335559739&quot;:0,&quot;335559740&quot;:240}\"><span class=\"EOP SCXW184100114 BCX9\" data-ccp-props=\"{&quot;201341983&quot;:0,&quot;335551550&quot;:3,&quot;335551620&quot;:3,&quot;335559739&quot;:0,&quot;335559740&quot;:240}\"><span data-contrast=\"auto\" xml:lang=\"ES-ES\" lang=\"ES-ES\" class=\"TextRun SCXW37953205 BCX9\"><span class=\"NormalTextRun SCXW37953205 BCX9\"><span data-contrast=\"auto\" xml:lang=\"ES-ES\" lang=\"ES-ES\" class=\"TextRun SCXW144867011 BCX9\"><span class=\"NormalTextRun SCXW144867011 BCX9\"><span class=\"EOP SCXW91137730 BCX9\" data-ccp-props=\"{&quot;335551550&quot;:3,&quot;335551620&quot;:3}\"><\/span><\/span><\/span><\/span><\/span><\/span><\/span><\/p>\n<h4 style=\"text-align: center;\">Profesora de Ense\u00f1anza Secundaria<\/h4>\n<p><span data-contrast=\"auto\" xml:lang=\"ES-ES\" lang=\"ES-ES\" class=\"TextRun SCXW38795511 BCX9\"><span class=\"NormalTextRun SCXW38795511 BCX9\"><\/span><\/span><\/p>\n<p style=\"text-align: center;\"><span data-contrast=\"auto\"><\/span><\/p>\n<h6 style=\"text-align: center;\"><span style=\"color: #8e8e8e;\"><span data-contrast=\"none\" xml:lang=\"ES-ES\" lang=\"ES-ES\" class=\"TextRun Underlined SCXW183494506 BCX9\" style=\"color: #8e8e8e;\"><span class=\"NormalTextRun SCXW183494506 BCX9\" data-ccp-charstyle=\"Hyperlink\"><a class=\"Hyperlink SCXW183494506 BCX9\" href=\"mailto:eulalia@uvic.cat\" target=\"_blank\" rel=\"noreferrer noopener\">marepa7@gmail.com<\/a><\/span><\/span><\/span><\/h6>\n<p>[\/et_pb_text][\/et_pb_column][\/et_pb_row][et_pb_row column_structure=\u00bb1_4,3_4&#8243; _builder_version=\u00bb4.17.4&#8243; _module_preset=\u00bbdefault\u00bb width=\u00bb100%\u00bb max_width=\u00bb2560px\u00bb global_colors_info=\u00bb{}\u00bb][et_pb_column type=\u00bb1_4&#8243; _builder_version=\u00bb4.17.4&#8243; _module_preset=\u00bbdefault\u00bb global_colors_info=\u00bb{}\u00bb][et_pb_image src=\u00bbhttps:\/\/grupo.us.es\/mujeryeducacion\/wp-content\/uploads\/2023\/06\/64.png\u00bb title_text=\u00bb64&#8243; align_tablet=\u00bbcenter\u00bb align_phone=\u00bbcenter\u00bb align_last_edited=\u00bbon|tablet\u00bb _builder_version=\u00bb4.17.4&#8243; _module_preset=\u00bbdefault\u00bb width=\u00bb100%\u00bb max_width=\u00bb100%\u00bb max_width_tablet=\u00bb100%\u00bb max_width_phone=\u00bb89%\u00bb max_width_last_edited=\u00bbon|phone\u00bb custom_margin=\u00bb||28px|20px|false|false\u00bb global_colors_info=\u00bb{}\u00bb][\/et_pb_image][et_pb_text content_tablet=\u00bb<\/p>\n<p style=%22text-align: center;%22><strong>Pandereta. Museo Pedag\u00f3gico de la Facultad de Ciencias de la Educaci\u00f3n de la Universidad de Sevilla<\/strong><\/p>\n<p>\u00bb content_phone=\u00bb<\/p>\n<p style=%22text-align: center;%22><strong>Pandereta. Museo Pedag\u00f3gico de la Facultad de Ciencias de la Educaci\u00f3n de la Universidad de Sevilla<\/strong><\/p>\n<p>\u00bb content_last_edited=\u00bboff|desktop\u00bb _builder_version=\u00bb4.17.4&#8243; _module_preset=\u00bbdefault\u00bb custom_margin=\u00bb|||20px|false|false\u00bb global_colors_info=\u00bb{}\u00bb]<\/p>\n<p><strong>Cajitas de lata para guardados de ni\u00f1as.<\/strong><br \/><strong>Museo Andaluz de la Educaci\u00f3n<\/strong><\/p>\n<p>[\/et_pb_text][\/et_pb_column][et_pb_column type=\u00bb3_4&#8243; _builder_version=\u00bb4.17.4&#8243; _module_preset=\u00bbdefault\u00bb global_colors_info=\u00bb{}\u00bb][et_pb_text _builder_version=\u00bb4.17.4&#8243; _module_preset=\u00bbdefault\u00bb text_text_color=\u00bb#000000&#8243; text_font_size=\u00bb18px\u00bb text_line_height=\u00bb1.8em\u00bb max_width_tablet=\u00bb95%\u00bb max_width_phone=\u00bb90%\u00bb max_width_last_edited=\u00bbon|tablet\u00bb custom_margin_tablet=\u00bb|||20px|false|false\u00bb custom_margin_phone=\u00bb|||20px|false|false\u00bb custom_margin_last_edited=\u00bbon|tablet\u00bb text_font_size_tablet=\u00bb16px\u00bb text_font_size_phone=\u00bb16px\u00bb text_font_size_last_edited=\u00bbon|tablet\u00bb global_colors_info=\u00bb{}\u00bb]<\/p>\n<p><strong>\u201cEl aut\u00e9ntico comedor de caramelos no los chupa, los mastica\u201d.<\/strong><\/p>\n<p><strong>Esta frase resume las ganas de comerse la vida que siempre tuvo mi madre. Naci\u00f3 en 1948, en \u201cla casa de las cadenas\u201d, en el Puerto de Santa Mar\u00eda. Pero no fue una ni\u00f1a de la \u00e9poca, fue una mujer pionera que siempre se sali\u00f3 del camino trazado. \u00bfC\u00f3mo se esperaba que fuese una chiquilla por entonces?, \u00bfobediente?, \u00bfrebelde?, \u00bfaventurera?, \u00bfd\u00f3cil? Libre, ella ansiaba ser libre e independiente. Y lo consigui\u00f3. Como otras tantas j\u00f3venes de aquellos a\u00f1os ella quer\u00eda ser locutora de radio y aclarase la voz con esas pastillas a las que los presentadores se agarraban como n\u00e1ufragos a la madera que resiste en la zozobra. Pero la escuela de Magisterio se cruz\u00f3 en su camino y se convirti\u00f3 en Maestra. Maestra de escuela y de vida. \u201cNi\u00f1a, t\u00fa s\u00e1cate unas oposiciones y no dependas de nadie\u201d, \u201cni\u00f1a, que siendo profesora no vas a ser rica pero nunca te va a faltar un platito lentejas\u201d, \u201cni\u00f1a, el mundo es tuyo. C\u00f3metelo\u201d. Y yo lo intentaba, deseaba comerme la vida como ella se com\u00eda los caramelos, a bocados, machac\u00e1ndolos, sac\u00e1ndoles todo el sabor. Disfrut\u00e1ndola cada segundo.<\/strong><\/p>\n<p><strong>Como en una sonora caja met\u00e1lica de anta\u00f1o, conservo en mi memoria cada una de sus frases llenas de amor, de sabidur\u00eda, de ilusi\u00f3n. Porque si algo sab\u00eda hacer mi madre era vivir. Y querer. Y compartir. Y luchar. <\/strong><\/p>\n<p>[\/et_pb_text][\/et_pb_column][\/et_pb_row][et_pb_row column_structure=\u00bb2_3,1_3&#8243; _builder_version=\u00bb4.17.4&#8243; _module_preset=\u00bbdefault\u00bb width=\u00bb100%\u00bb max_width=\u00bb2560px\u00bb custom_padding=\u00bb41px|||||\u00bb global_colors_info=\u00bb{}\u00bb][et_pb_column type=\u00bb2_3&#8243; _builder_version=\u00bb4.17.4&#8243; _module_preset=\u00bbdefault\u00bb global_colors_info=\u00bb{}\u00bb][et_pb_text _builder_version=\u00bb4.17.4&#8243; _module_preset=\u00bbdefault\u00bb text_text_color=\u00bb#000000&#8243; text_font_size=\u00bb18px\u00bb text_line_height=\u00bb1.8em\u00bb max_width_tablet=\u00bb95%\u00bb max_width_phone=\u00bb90%\u00bb max_width_last_edited=\u00bbon|tablet\u00bb custom_margin=\u00bb|||20px|false|false\u00bb text_font_size_tablet=\u00bb16px\u00bb text_font_size_phone=\u00bb16px\u00bb text_font_size_last_edited=\u00bbon|tablet\u00bb global_colors_info=\u00bb{}\u00bb]<\/p>\n<p><strong>Muchos a\u00f1os despu\u00e9s guardo, en una de aquellas cajas de caramelos, dientes de sus nietas quienes siguen creyendo que su abuela, que ten\u00eda de segundo apellido P\u00e9rez, ten\u00eda influencia en el rat\u00f3n y por eso \u00e9ste les dejaba una buena cantidad de monedas. Tambi\u00e9n retengo recuerdos y el sonido de su voz. Y su risa contagiosa en torno a la que todo el que la escuchaba era incapaz de no hacer un alto en el camino y compartirla.<\/strong><\/p>\n<p><strong>Ahora soy yo quien intenta transmitir a sus alumnas e hijas aquellas ense\u00f1anzas. Pero las cajas de caramelos no son tan bonitas.<\/strong><\/p>\n<p>[\/et_pb_text][\/et_pb_column][et_pb_column type=\u00bb1_3&#8243; _builder_version=\u00bb4.17.4&#8243; _module_preset=\u00bbdefault\u00bb global_colors_info=\u00bb{}\u00bb][et_pb_image src=\u00bbhttps:\/\/grupo.us.es\/mujeryeducacion\/wp-content\/uploads\/2023\/06\/64.png\u00bb title_text=\u00bb64&#8243; align_tablet=\u00bbcenter\u00bb align_phone=\u00bbcenter\u00bb align_last_edited=\u00bbon|tablet\u00bb _builder_version=\u00bb4.17.4&#8243; _module_preset=\u00bbdefault\u00bb global_colors_info=\u00bb{}\u00bb][\/et_pb_image][\/et_pb_column][\/et_pb_row][\/et_pb_section]<\/p>\n","protected":false},"excerpt":{"rendered":"<p>CAJITAS DE LATA PARA GUARDADOS DE NI\u00d1AS \u00a0 \u00a0 \u00a0 \u00a0 \u00a0 \u00a0 \u00a0 \u00a0 \u00a0 \u00a0 \u00a0 \u00a0 \u00a0 \u00a0 \u00a0 \u00a0 \u00a0 \u00a0 \u00a0 CARAMELOSMacarena Recio Pastor Profesora de Ense\u00f1anza Secundaria marepa7@gmail.comCajitas de lata para guardados de ni\u00f1as.Museo Andaluz de la Educaci\u00f3n\u201cEl aut\u00e9ntico comedor de caramelos no los chupa, los mastica\u201d. Esta frase [&hellip;]<\/p>\n","protected":false},"author":1,"featured_media":0,"parent":0,"menu_order":0,"comment_status":"closed","ping_status":"closed","template":"","meta":{"_et_pb_use_builder":"on","_et_pb_old_content":"","_et_gb_content_width":"","footnotes":""},"class_list":["post-4735","page","type-page","status-publish","hentry"],"_links":{"self":[{"href":"https:\/\/grupo.us.es\/mujeryeducacion\/wp-json\/wp\/v2\/pages\/4735","targetHints":{"allow":["GET"]}}],"collection":[{"href":"https:\/\/grupo.us.es\/mujeryeducacion\/wp-json\/wp\/v2\/pages"}],"about":[{"href":"https:\/\/grupo.us.es\/mujeryeducacion\/wp-json\/wp\/v2\/types\/page"}],"author":[{"embeddable":true,"href":"https:\/\/grupo.us.es\/mujeryeducacion\/wp-json\/wp\/v2\/users\/1"}],"replies":[{"embeddable":true,"href":"https:\/\/grupo.us.es\/mujeryeducacion\/wp-json\/wp\/v2\/comments?post=4735"}],"version-history":[{"count":5,"href":"https:\/\/grupo.us.es\/mujeryeducacion\/wp-json\/wp\/v2\/pages\/4735\/revisions"}],"predecessor-version":[{"id":5137,"href":"https:\/\/grupo.us.es\/mujeryeducacion\/wp-json\/wp\/v2\/pages\/4735\/revisions\/5137"}],"wp:attachment":[{"href":"https:\/\/grupo.us.es\/mujeryeducacion\/wp-json\/wp\/v2\/media?parent=4735"}],"curies":[{"name":"wp","href":"https:\/\/api.w.org\/{rel}","templated":true}]}}