{"id":4729,"date":"2023-07-27T14:35:21","date_gmt":"2023-07-27T14:35:21","guid":{"rendered":"https:\/\/grupo.us.es\/mujeryeducacion\/?page_id=4729"},"modified":"2023-09-07T10:12:36","modified_gmt":"2023-09-07T10:12:36","slug":"063b-plumas-de-dibujo","status":"publish","type":"page","link":"https:\/\/grupo.us.es\/mujeryeducacion\/063b-plumas-de-dibujo\/","title":{"rendered":"063b. Plumas de dibujo"},"content":{"rendered":"<p>[et_pb_section fb_built=\u00bb1&#8243; _builder_version=\u00bb4.17.4&#8243; _module_preset=\u00bbdefault\u00bb background_color=\u00bb#F6EFE7&#8243; custom_padding=\u00bb2px|||||\u00bb custom_css_main_element=\u00bbdisplay=flex;\u00bb global_colors_info=\u00bb{}\u00bb][et_pb_row _builder_version=\u00bb4.17.4&#8243; _module_preset=\u00bbdefault\u00bb width=\u00bb100%\u00bb max_width=\u00bb2560px\u00bb custom_padding=\u00bb0px|||||\u00bb global_colors_info=\u00bb{}\u00bb][et_pb_column type=\u00bb4_4&#8243; _builder_version=\u00bb4.17.4&#8243; _module_preset=\u00bbdefault\u00bb global_colors_info=\u00bb{}\u00bb][et_pb_slider _builder_version=\u00bb4.17.4&#8243; _module_preset=\u00bbdefault\u00bb global_colors_info=\u00bb{}\u00bb][et_pb_slide image=\u00bbhttps:\/\/grupo.us.es\/mujeryeducacion\/wp-content\/uploads\/2023\/05\/WhatsApp-Image-2023-05-09-at-13.04.57-5-e1685463538442.jpeg\u00bb _builder_version=\u00bb4.17.4&#8243; _module_preset=\u00bbdefault\u00bb background_color=\u00bbRGBA(255,255,255,0)\u00bb background_enable_color=\u00bbon\u00bb background_image=\u00bbhttps:\/\/grupo.us.es\/mujeryeducacion\/wp-content\/uploads\/2023\/05\/WhatsApp-Image-2023-05-09-at-13.04.57-5-e1685463538442.jpeg\u00bb background_enable_image=\u00bbon\u00bb global_colors_info=\u00bb{}\u00bb sticky_transition=\u00bbon\u00bb][\/et_pb_slide][\/et_pb_slider][\/et_pb_column][\/et_pb_row][et_pb_row column_structure=\u00bb2_5,3_5&#8243; make_equal=\u00bbon\u00bb _builder_version=\u00bb4.17.4&#8243; _module_preset=\u00bbdefault\u00bb width=\u00bb100%\u00bb max_width=\u00bb2560px\u00bb global_colors_info=\u00bb{}\u00bb][et_pb_column type=\u00bb2_5&#8243; _builder_version=\u00bb4.17.4&#8243; _module_preset=\u00bbdefault\u00bb global_colors_info=\u00bb{}\u00bb][et_pb_image src=\u00bbhttps:\/\/grupo.us.es\/mujeryeducacion\/wp-content\/uploads\/2023\/07\/0-Logo-Museo-Pedagogico-transparente-e1689854632950.png\u00bb title_text=\u00bb0-Logo-Museo-Pedagogico-transparente-recortado\u00bb align_tablet=\u00bb\u00bb align_phone=\u00bbcenter\u00bb align_last_edited=\u00bbon|phone\u00bb _builder_version=\u00bb4.17.4&#8243; _module_preset=\u00bbdefault\u00bb width=\u00bb50%\u00bb hover_enabled=\u00bb0&#8243; global_colors_info=\u00bb{}\u00bb width_last_edited=\u00bbon|tablet\u00bb sticky_enabled=\u00bb0&#8243; width_tablet=\u00bb70%\u00bb module_alignment_last_edited=\u00bbon|tablet\u00bb module_alignment_tablet=\u00bbcenter\u00bb width_phone=\u00bb70%\u00bb module_alignment_phone=\u00bbcenter\u00bb][\/et_pb_image][\/et_pb_column][et_pb_column type=\u00bb3_5&#8243; _builder_version=\u00bb4.17.4&#8243; _module_preset=\u00bbdefault\u00bb global_colors_info=\u00bb{}\u00bb][et_pb_text content_tablet=\u00bb<\/p>\n<p><strong><\/strong><\/p>\n<p style=%22text-align: center;%22><strong>EL GARABATO DE <\/strong><\/p>\n<p style=%22text-align: center;%22><strong>MI MADRE<\/strong><\/p>\n<p>\u00bb content_phone=\u00bb<\/p>\n<p><strong><\/strong><\/p>\n<p style=%22text-align: center;%22><strong>EL GARABATO <\/strong><\/p>\n<p style=%22text-align: center;%22><strong>DE MI MADRE<\/strong><\/p>\n<p>\u00bb content_last_edited=\u00bbon|phone\u00bb _builder_version=\u00bb4.17.4&#8243; _module_preset=\u00bbdefault\u00bb text_text_color=\u00bb#000000&#8243; text_font_size=\u00bb58px\u00bb transform_scale_tablet=\u00bb\u00bb transform_scale_phone=\u00bb\u00bb transform_scale_last_edited=\u00bbon|tablet\u00bb transform_translate_tablet=\u00bb72px|-7px\u00bb transform_translate_phone=\u00bb64px|-7px\u00bb transform_translate_last_edited=\u00bbon|tablet\u00bb transform_rotate_tablet=\u00bb\u00bb transform_rotate_phone=\u00bb\u00bb transform_rotate_last_edited=\u00bbon|tablet\u00bb transform_skew_tablet=\u00bb\u00bb transform_skew_phone=\u00bb\u00bb transform_skew_last_edited=\u00bbon|tablet\u00bb transform_origin_tablet=\u00bb\u00bb transform_origin_phone=\u00bb\u00bb transform_origin_last_edited=\u00bbon|tablet\u00bb transform_styles_last_edited=\u00bbon|tablet\u00bb custom_margin=\u00bb|||-127px||\u00bb hover_enabled=\u00bb0&#8243; text_font_size_tablet=\u00bb58px\u00bb text_font_size_phone=\u00bb42px\u00bb text_font_size_last_edited=\u00bbon|phone\u00bb transform_styles_tablet=\u00bb\u00bb transform_styles_phone=\u00bb\u00bb module_alignment_tablet=\u00bbcenter\u00bb module_alignment_phone=\u00bbcenter\u00bb module_alignment_last_edited=\u00bbon|tablet\u00bb global_colors_info=\u00bb{}\u00bb transform_translate=\u00bb-143px|-8px\u00bb sticky_enabled=\u00bb0&#8243;]<\/p>\n<p><strong><\/strong><\/p>\n<p><strong>EL GARABATO DE MI MADRE<\/strong><\/p>\n<p>[\/et_pb_text][\/et_pb_column][\/et_pb_row][et_pb_row _builder_version=\u00bb4.17.4&#8243; _module_preset=\u00bbdefault\u00bb global_colors_info=\u00bb{}\u00bb][et_pb_column type=\u00bb4_4&#8243; _builder_version=\u00bb4.17.4&#8243; _module_preset=\u00bbdefault\u00bb global_colors_info=\u00bb{}\u00bb][et_pb_text _builder_version=\u00bb4.17.4&#8243; _module_preset=\u00bbdefault\u00bb global_colors_info=\u00bb{}\u00bb]<\/p>\n<h1 style=\"text-align: center;\">Manuel Barrios Lucena<\/h1>\n<p><span class=\"EOP SCXW150617363 BCX9\" data-ccp-props=\"{&quot;201341983&quot;:0,&quot;335551550&quot;:3,&quot;335551620&quot;:3,&quot;335559739&quot;:0,&quot;335559740&quot;:240}\"><span class=\"EOP SCXW184100114 BCX9\" data-ccp-props=\"{&quot;201341983&quot;:0,&quot;335551550&quot;:3,&quot;335551620&quot;:3,&quot;335559739&quot;:0,&quot;335559740&quot;:240}\"><span data-contrast=\"auto\" xml:lang=\"ES-ES\" lang=\"ES-ES\" class=\"TextRun SCXW37953205 BCX9\"><span class=\"NormalTextRun SCXW37953205 BCX9\"><span data-contrast=\"auto\" xml:lang=\"ES-ES\" lang=\"ES-ES\" class=\"TextRun SCXW144867011 BCX9\"><span class=\"NormalTextRun SCXW144867011 BCX9\"><span class=\"EOP SCXW91137730 BCX9\" data-ccp-props=\"{&quot;335551550&quot;:3,&quot;335551620&quot;:3}\"><\/span><\/span><\/span><\/span><\/span><\/span><\/span><\/p>\n<h4 style=\"text-align: center;\">Director y realizador de programas<br \/>Corporaci\u00f3 Catalana de Mitjans Audiovisuals<\/h4>\n<p><span data-contrast=\"auto\" xml:lang=\"ES-ES\" lang=\"ES-ES\" class=\"TextRun SCXW38795511 BCX9\"><span class=\"NormalTextRun SCXW38795511 BCX9\"><\/span><\/span><\/p>\n<p style=\"text-align: center;\"><span data-contrast=\"auto\"><\/span><\/p>\n<h6 style=\"text-align: center;\"><span style=\"color: #8e8e8e;\"><span data-contrast=\"none\" xml:lang=\"ES-ES\" lang=\"ES-ES\" class=\"TextRun Underlined SCXW183494506 BCX9\" style=\"color: #8e8e8e;\"><span class=\"NormalTextRun SCXW183494506 BCX9\" data-ccp-charstyle=\"Hyperlink\"><a class=\"Hyperlink SCXW183494506 BCX9\" href=\"mailto:eulalia@uvic.cat\" target=\"_blank\" rel=\"noreferrer noopener\">adamuzmanuel@gmail.com<\/a><\/span><\/span><\/span><\/h6>\n<p>[\/et_pb_text][\/et_pb_column][\/et_pb_row][et_pb_row column_structure=\u00bb1_4,3_4&#8243; _builder_version=\u00bb4.17.4&#8243; _module_preset=\u00bbdefault\u00bb width=\u00bb100%\u00bb max_width=\u00bb2560px\u00bb global_colors_info=\u00bb{}\u00bb][et_pb_column type=\u00bb1_4&#8243; _builder_version=\u00bb4.17.4&#8243; _module_preset=\u00bbdefault\u00bb global_colors_info=\u00bb{}\u00bb][et_pb_image src=\u00bbhttps:\/\/grupo.us.es\/mujeryeducacion\/wp-content\/uploads\/2023\/05\/WhatsApp-Image-2023-05-09-at-13.04.57-5-e1685463538442.jpeg\u00bb title_text=\u00bbplumas\u00bb align_tablet=\u00bbcenter\u00bb align_phone=\u00bbcenter\u00bb align_last_edited=\u00bbon|tablet\u00bb _builder_version=\u00bb4.17.4&#8243; _module_preset=\u00bbdefault\u00bb width=\u00bb100%\u00bb max_width=\u00bb100%\u00bb max_width_tablet=\u00bb100%\u00bb max_width_phone=\u00bb89%\u00bb max_width_last_edited=\u00bbon|phone\u00bb custom_margin=\u00bb||28px|20px|false|false\u00bb global_colors_info=\u00bb{}\u00bb][\/et_pb_image][et_pb_text content_tablet=\u00bb<\/p>\n<p style=%22text-align: center;%22><strong>Pandereta. Museo Pedag\u00f3gico de la Facultad de Ciencias de la Educaci\u00f3n de la Universidad de Sevilla<\/strong><\/p>\n<p>\u00bb content_phone=\u00bb<\/p>\n<p style=%22text-align: center;%22><strong>Pandereta. Museo Pedag\u00f3gico de la Facultad de Ciencias de la Educaci\u00f3n de la Universidad de Sevilla<\/strong><\/p>\n<p>\u00bb content_last_edited=\u00bboff|desktop\u00bb _builder_version=\u00bb4.17.4&#8243; _module_preset=\u00bbdefault\u00bb custom_margin=\u00bb|||20px|false|false\u00bb global_colors_info=\u00bb{}\u00bb]<\/p>\n<p><strong>Plumas de dibujo.<\/strong><br \/><strong>Museo Andaluz de la Educaci\u00f3n<\/strong><\/p>\n<p>[\/et_pb_text][\/et_pb_column][et_pb_column type=\u00bb3_4&#8243; _builder_version=\u00bb4.17.4&#8243; _module_preset=\u00bbdefault\u00bb global_colors_info=\u00bb{}\u00bb][et_pb_text _builder_version=\u00bb4.17.4&#8243; _module_preset=\u00bbdefault\u00bb text_text_color=\u00bb#000000&#8243; text_font_size=\u00bb18px\u00bb text_line_height=\u00bb1.8em\u00bb max_width_tablet=\u00bb95%\u00bb max_width_phone=\u00bb90%\u00bb max_width_last_edited=\u00bbon|tablet\u00bb custom_margin_tablet=\u00bb|||20px|false|false\u00bb custom_margin_phone=\u00bb|||20px|false|false\u00bb custom_margin_last_edited=\u00bbon|tablet\u00bb text_font_size_tablet=\u00bb16px\u00bb text_font_size_phone=\u00bb16px\u00bb text_font_size_last_edited=\u00bbon|tablet\u00bb global_colors_info=\u00bb{}\u00bb]<\/p>\n<p><strong>Cuando era un ni\u00f1o mis padres me hicieron un regalo que, con el tiempo, acabar\u00eda alentando lo que despu\u00e9s ser\u00eda mi vocaci\u00f3n. Mis padres hab\u00edan nacido en los albores del siglo XX. En una peque\u00f1a aldea de C\u00f3rdoba, mi educaci\u00f3n se alimentar\u00eda todav\u00eda con algunos restos desperdigados del siglo anterior: el XIX. Quiz\u00e1s por eso, llegado el d\u00eda, mi padre me regal\u00f3 un tintero, unas plumillas y un cuaderno de caligraf\u00eda. Cosa que mi madre celebr\u00f3 con alegr\u00eda. Para aquella mujer voluntariosa que apenas sab\u00eda escribir, todo energ\u00eda y cari\u00f1o, que zurc\u00eda y bordaba como los \u00e1ngeles y que hac\u00eda volar la aguja en el sal\u00f3n familiar, moviendo sus manos como si fuera un pajarillo; para aquella mujer, digo, una de sus m\u00e1ximas aspiraciones literarias era que su hijo supiera escribir bien y como es debido una carta. Y que, acabada, se la leyera en voz alta para firmarla despu\u00e9s de su pu\u00f1o y letra si era el caso: para sus hermanas, para alg\u00fan primo lejano, para el abuelo o para el propietario de la casa en la que viv\u00edamos en alquiler si era menester. Por aquel entonces, las m\u00e1quinas de escribir todav\u00eda eran una rareza y ya exist\u00edan los bol\u00edgrafos, pero saber utilizar una plumilla o una estilogr\u00e1fica era, cuanto menos, un signo de distinci\u00f3n. Quiz\u00e1s por eso mi madre se cas\u00f3 con mi padre, porque sab\u00eda escribirle, tintero y pluma en mano, lo que a ella le gustaba o\u00edr. Ella dec\u00eda que por debajo estaban los que escrib\u00edan con torpeza, como ella, y por encima los que utilizaban la escritura como una herramienta m\u00e1s, los que ten\u00edan una profesi\u00f3n y no depend\u00edan de nadie. Caso aparte eran los m\u00e9dicos. Aquellos galimat\u00edas que escrib\u00edan en las recetas, no estaba claro si realmente dec\u00edan algo o eran conjuros que solo el boticario pod\u00eda entender.<\/strong><\/p>\n<p>[\/et_pb_text][\/et_pb_column][\/et_pb_row][et_pb_row column_structure=\u00bb2_3,1_3&#8243; _builder_version=\u00bb4.17.4&#8243; _module_preset=\u00bbdefault\u00bb width=\u00bb100%\u00bb max_width=\u00bb2560px\u00bb custom_padding=\u00bb41px|||||\u00bb global_colors_info=\u00bb{}\u00bb][et_pb_column type=\u00bb2_3&#8243; _builder_version=\u00bb4.17.4&#8243; _module_preset=\u00bbdefault\u00bb global_colors_info=\u00bb{}\u00bb][et_pb_text _builder_version=\u00bb4.17.4&#8243; _module_preset=\u00bbdefault\u00bb text_text_color=\u00bb#000000&#8243; text_font_size=\u00bb18px\u00bb text_line_height=\u00bb1.8em\u00bb max_width_tablet=\u00bb95%\u00bb max_width_phone=\u00bb90%\u00bb max_width_last_edited=\u00bbon|tablet\u00bb custom_margin=\u00bb|||20px|false|false\u00bb text_font_size_tablet=\u00bb16px\u00bb text_font_size_phone=\u00bb16px\u00bb text_font_size_last_edited=\u00bbon|tablet\u00bb global_colors_info=\u00bb{}\u00bb]<\/p>\n<p><strong>Yo era un ni\u00f1o enfermizo y era habitual ver por casa aquellos garabatos indescifrables. Para mis ojos infantiles, condicionados por las sinuosas curvas de la caligraf\u00eda decimon\u00f3nica, aquellas manchas y borrones estaban m\u00e1s cerca del dibujo que de la escritura. En el fulgor de la fiebre \u00a1Cuantos monstruos y criaturas fant\u00e1sticas no llegu\u00e9 a ver engastados entre los laberintos de tinta que guardaban el secreto de mi propia salud!<\/strong><\/p>\n<p><strong>Pens\u00e1ndolo bien y evocando las fant\u00e1sticas r\u00fabricas de mi madre al pie de las cartas que escrib\u00eda en su nombre, quiz\u00e1s aquellos garabatos no eran algo exclusivo de los doctores y las gentes de alta alcurnia. El resto de los mortales, m\u00e1s o menos letrados, m\u00e1s o menos diestros con el plum\u00edn, con la estilogr\u00e1fica o con el bol\u00edgrafo, tambi\u00e9n tenemos nuestro reino particular, nuestra ciencia y nuestro saber sobre una materia a la que solo nosotros, cada uno por su parte, puede acceder: nosotros mismos. Un saber que hoy reconozco en aquel gesto de mi madre firmando una carta. En nuestra firma, ese garabato ilegible para los dem\u00e1s, como los boticarios con las conjuras del doctor, somos capaces de reconocer nuestro propio nombre atrapado en una mara\u00f1a, en un bordado hilvanado con trazos fant\u00e1sticos. Ah\u00ed, en este reino peculiar y particular, incluso los menos diestros, los m\u00e1s torpes o los iletrados tienen una ventaja. A fin de cuentas, una firma solo es un garabato, un gesto aprendido. Una huella que, para bien o para mal, nos autoriza ante la autoridad cuando reclaman nuestra identidad. <\/strong><\/p>\n<p>[\/et_pb_text][\/et_pb_column][et_pb_column type=\u00bb1_3&#8243; _builder_version=\u00bb4.17.4&#8243; _module_preset=\u00bbdefault\u00bb global_colors_info=\u00bb{}\u00bb][et_pb_image src=\u00bbhttps:\/\/grupo.us.es\/mujeryeducacion\/wp-content\/uploads\/2023\/05\/WhatsApp-Image-2023-05-09-at-13.04.57-5-e1685463538442.jpeg\u00bb title_text=\u00bbplumas\u00bb align_tablet=\u00bbcenter\u00bb align_phone=\u00bbcenter\u00bb align_last_edited=\u00bbon|tablet\u00bb _builder_version=\u00bb4.17.4&#8243; _module_preset=\u00bbdefault\u00bb global_colors_info=\u00bb{}\u00bb][\/et_pb_image][\/et_pb_column][\/et_pb_row][et_pb_row _builder_version=\u00bb4.17.4&#8243; _module_preset=\u00bbdefault\u00bb width=\u00bb90%\u00bb max_width=\u00bb2560px\u00bb custom_margin=\u00bb|||20px|false|false\u00bb global_colors_info=\u00bb{}\u00bb][et_pb_column type=\u00bb4_4&#8243; _builder_version=\u00bb4.17.4&#8243; _module_preset=\u00bbdefault\u00bb global_colors_info=\u00bb{}\u00bb][et_pb_text _builder_version=\u00bb4.17.4&#8243; _module_preset=\u00bbdefault\u00bb text_text_color=\u00bb#000000&#8243; text_font_size=\u00bb18px\u00bb text_line_height=\u00bb1.8em\u00bb max_width_tablet=\u00bb100%\u00bb max_width_phone=\u00bb100%\u00bb max_width_last_edited=\u00bbon|tablet\u00bb text_font_size_tablet=\u00bb16px\u00bb text_font_size_phone=\u00bb16px\u00bb text_font_size_last_edited=\u00bbon|tablet\u00bb global_colors_info=\u00bb{}\u00bb]<\/p>\n<p><strong>Y as\u00ed fue como aprend\u00ed a escribir, ante la mirada impaciente de mi madre, sin entender muy bien lo que hac\u00eda, dibujando lazos y puentecitos con una plumilla que hab\u00eda que ir cargando en el tintero para despu\u00e9s pasearla por el papel sin salirme de los renglones. Pero si mi padre encendi\u00f3 la mecha, mi madre aviv\u00f3 el fuego. Al cabo y de alguna manera, la escritura no dejaba de ser para mi la repetici\u00f3n de un c\u00f3digo cerrado, con sus variables y sus combinaciones. En cambio, aquel garabato que era la firma de mi madre cerrando lo que yo hab\u00eda escrito, me abri\u00f3 el camino hacia el dibujo. Dominada ya la caligraf\u00eda, empec\u00e9 por deformar mi nombre sobre el papel buscando mi propia r\u00fabrica. Continu\u00e9 jugando con las manchas de tinta que se escapaban del tintero o de la plumilla y que manchaban la inmaculada blancura de la hoja de papel, cuando no, el mantel de la mesa o mi propia ropa para disgusto de aquella mujer que me inspiraba. As\u00ed, intentando emular a mi madre, sus manos volando en el aire cuando cos\u00eda o bailando sobre el papel cuando firmaba, buscando mi propia identidad en un simple garabato, llegu\u00e9 a descubrir un nuevo mundo. Un mundo que no se agotaba nunca, un mundo lleno de monstruos y de criaturas fant\u00e1sticas y en el que me pod\u00eda expandir sin l\u00edmites m\u00e1s all\u00e1 de los renglones del cuaderno de caligraf\u00eda para descubrir cada d\u00eda cosas nuevas e inesperadas. Mi mundo, mi vocaci\u00f3n: el dibujo.<\/strong><\/p>\n<p><strong>Hoy s\u00e9, ya adulto, que dibujar y escribir, hilvanar y coser son casi la misma cosa. M\u00e1s all\u00e1 de lo que queramos decir o expresar, cuando nos sentamos ante la mesa, frente a un papel en blanco o una tela, pincel, bol\u00edgrafo, l\u00e1piz, estilogr\u00e1fica, aguja de coser o plumilla en mano, hacemos algo m\u00e1s que coser, bordar, escribir o dibujar. Repetimos un ritual que hunde sus ra\u00edces en lo m\u00e1s profundo de nuestro ser. Tanto en lo referente a nuestra existencia individual e irrepetible, como a nuestra condici\u00f3n humana. Cuando por primera vez una criatura junta los dedos pulgar e \u00edndice para coger algo, por ejemplo, una plumilla, para proyectar una acci\u00f3n, est\u00e1 recreando con su gesto, como en un eterno retorno, el preciso instante en que nuestra especie liber\u00f3 su mano para convertirse en lo que somos hoy. Con la mano, tambi\u00e9n se liber\u00f3 el rostro y con el rostro la capacidad de gobernar nuestras acciones con los ojos, con la mirada. Y con la mirada, la de distanciarnos de las cosas para tomar conciencia de d\u00f3nde estamos y de lo que somos.<\/strong><\/p>\n<p><strong>Aquellas tardes de costura y cuaderno cont\u00e1ndole a mi madre mis anhelos y aventuras mientras ella vigilaba mi fiebre.<\/strong><\/p>\n<p>[\/et_pb_text][\/et_pb_column][\/et_pb_row][\/et_pb_section]<\/p>\n","protected":false},"excerpt":{"rendered":"<p>EL GARABATO DE MI MADREManuel Barrios Lucena Director y realizador de programasCorporaci\u00f3 Catalana de Mitjans Audiovisuals adamuzmanuel@gmail.comPlumas de dibujo.Museo Andaluz de la Educaci\u00f3nCuando era un ni\u00f1o mis padres me hicieron un regalo que, con el tiempo, acabar\u00eda alentando lo que despu\u00e9s ser\u00eda mi vocaci\u00f3n. Mis padres hab\u00edan nacido en los albores del siglo XX. En [&hellip;]<\/p>\n","protected":false},"author":1,"featured_media":0,"parent":0,"menu_order":0,"comment_status":"closed","ping_status":"closed","template":"","meta":{"_et_pb_use_builder":"on","_et_pb_old_content":"","_et_gb_content_width":"","footnotes":""},"class_list":["post-4729","page","type-page","status-publish","hentry"],"_links":{"self":[{"href":"https:\/\/grupo.us.es\/mujeryeducacion\/wp-json\/wp\/v2\/pages\/4729","targetHints":{"allow":["GET"]}}],"collection":[{"href":"https:\/\/grupo.us.es\/mujeryeducacion\/wp-json\/wp\/v2\/pages"}],"about":[{"href":"https:\/\/grupo.us.es\/mujeryeducacion\/wp-json\/wp\/v2\/types\/page"}],"author":[{"embeddable":true,"href":"https:\/\/grupo.us.es\/mujeryeducacion\/wp-json\/wp\/v2\/users\/1"}],"replies":[{"embeddable":true,"href":"https:\/\/grupo.us.es\/mujeryeducacion\/wp-json\/wp\/v2\/comments?post=4729"}],"version-history":[{"count":5,"href":"https:\/\/grupo.us.es\/mujeryeducacion\/wp-json\/wp\/v2\/pages\/4729\/revisions"}],"predecessor-version":[{"id":5136,"href":"https:\/\/grupo.us.es\/mujeryeducacion\/wp-json\/wp\/v2\/pages\/4729\/revisions\/5136"}],"wp:attachment":[{"href":"https:\/\/grupo.us.es\/mujeryeducacion\/wp-json\/wp\/v2\/media?parent=4729"}],"curies":[{"name":"wp","href":"https:\/\/api.w.org\/{rel}","templated":true}]}}