{"id":54,"date":"2022-03-15T08:43:24","date_gmt":"2022-03-15T08:43:24","guid":{"rendered":"https:\/\/grupo.us.es\/labhtlnet\/?page_id=54"},"modified":"2024-06-12T10:40:44","modified_gmt":"2024-06-12T10:40:44","slug":"articulos-de-revista","status":"publish","type":"page","link":"https:\/\/grupo.us.es\/labhtlnet\/articulos-de-revista\/","title":{"rendered":"Art\u00edculos de revista"},"content":{"rendered":"\t\t<div data-elementor-type=\"wp-page\" data-elementor-id=\"54\" class=\"elementor elementor-54\" data-elementor-post-type=\"page\">\n\t\t\t\t\t\t<section class=\"elementor-section elementor-top-section elementor-element elementor-element-d94bddc elementor-section-boxed elementor-section-height-default elementor-section-height-default\" data-id=\"d94bddc\" data-element_type=\"section\">\n\t\t\t\t\t\t<div class=\"elementor-container elementor-column-gap-default\">\n\t\t\t\t\t<div class=\"elementor-column elementor-col-100 elementor-top-column elementor-element elementor-element-a191611\" data-id=\"a191611\" data-element_type=\"column\">\n\t\t\t<div class=\"elementor-widget-wrap elementor-element-populated\">\n\t\t\t\t\t\t<div class=\"elementor-element elementor-element-a11f6db elementor-widget elementor-widget-text-editor\" data-id=\"a11f6db\" data-element_type=\"widget\" data-widget_type=\"text-editor.default\">\n\t\t\t\t<div class=\"elementor-widget-container\">\n\t\t\t\t\t\t\t\t\t<p><u>Bertini, V.<\/u> (2021). Imparare, costruire, immaginare. Le scuole di Hassan Fathy. <em>Festival dell\u2019Architettura Magazine<\/em>, 56, 150-159. <a href=\"http:\/\/dx.doi.org\/10.12838\/fam\/issn2039-0491\/n56-2021\">http:\/\/dx.doi.org\/10.12838\/fam\/issn2039-0491\/n56-2021<\/a><\/p><p><u>Bertini, V.<\/u> (2020). Hassan Fathy (1900-1989). <em>The Architectural Review<\/em>, 1468.<\/p><p><u>Bertini, V.<\/u> (2019). Le scimmie e le giraffe. L\u2019eredit\u00e0 culturale del pensiero di Hassan Fathy. <em>Festival dell\u2019Architettura Magazine<\/em>, 47, 83-95. <a href=\"http:\/\/dx.doi.org\/10.12838\/fam\/issn2039-0491\/n47-2019\">http:\/\/dx.doi.org\/10.12838\/fam\/issn2039-0491\/n47-2019<\/a><\/p><p>Cabrera Revuelta, E., <u>Mascort Albea, E.J., Hidalgo S\u00e1nchez, F.M.<\/u>, Romero Hern\u00e1ndez, R. y Canivell, J. (2021). Modelado 3D de la muralla de la Macarena (Sevilla). Propuesta metodol\u00f3gica para su integraci\u00f3n en trabajos de gesti\u00f3n cartogr\u00e1fica digital.\u00a0<em> EGE: Expresi\u00f3n Gr\u00e1fica en la Edificaci\u00f3n<\/em>, 14, 4-23. <a href=\"https:\/\/doi.org\/10.4995\/ege.2021.15584\">https:\/\/doi.org\/10.4995\/ege.2021.15584<\/a><\/p><p>Canivell, J., <u>Mascort Albea, E.J.<\/u>, Romero Hern\u00e1ndez, R., Jaramillo Morilla, A., Serrano, A, et. al. (2020). Marco metodol\u00f3gico para la conservaci\u00f3n preventiva de murallas hist\u00f3ricas emplazadas en contextos urbanos. Normalizaci\u00f3n de datos espaciales relativos a la muralla medieval de Sevilla (Espa\u00f1a): el caso del sector de la Macarena. <em>Ge-Conservaci\u00f3n<\/em>, 18(1), pp. 44-55. <a href=\"https:\/\/doi.org\/10.37558\/gec.v18i1.762\">https:\/\/doi.org\/10.37558\/gec.v18i1.762<\/a><\/p><p>Diz Mellado, Eduardo M., <u>Mascort Albea, E.J.<\/u>, Romero Hern\u00e1ndez, R., Galan Marin, C., Rivera Gomez, C.A., et. al. (2021). Non-destructive testing and Finite Element Method integrated procedure for heritage diagnosis: The Seville Cathedral case study. <em>Journal of Building Engineering<\/em>, 37 (102134), pp. 1-17. <a href=\"https:\/\/doi.org\/10.1016\/j.jobe.2020.102134\">https:\/\/doi.org\/10.1016\/j.jobe.2020.102134<\/a><\/p><p>Frigo, E., <span style=\"text-decoration: underline;\">Tejedor cabrera, A. y Linares G\u00f3mez del Pulgar, M<\/span>. (2023). Entre vanguardia y tradici\u00f3n: Escenograf\u00edas de Ettore Fagiuoli en la arena de Verona. <em>Proyecto Progreso Arquitectura<\/em>, 28, 70-87.<\/p><p><u>G\u00f3rgolas, P.<\/u> (2021). El Plan General de Madrid de 1985 y la reorientaci\u00f3n del urbanismo tras la \u00faltima burbuja inmobiliaria: de la expansividad insostenible a la regeneraci\u00f3n urbana integrada. <em>Tempor\u00e1nea. Revista de historia de la arquitectura<\/em>, 2, 116-123. <a href=\"https:\/\/doi.org\/10.12795\/TEMPORANEA.2021.02.07\">https:\/\/doi.org\/10.12795\/TEMPORANEA.2021.02.07<\/a><\/p><p><u>G\u00f3rgolas, P.<\/u> (2021). Urbanismo transformacional y Plan General Estructural. Reflexiones para un debate disciplinar. <em>Ciudad y Territorio. Estudios Territoriales<\/em>, 208, 311-330. <a href=\"https:\/\/doi.org\/10.37230\/CyTET.2021.208.02\">https:\/\/doi.org\/10.37230\/CyTET.2021.208.02<\/a><\/p><p><u>G\u00f3rgolas, P.<\/u>, Olmedo, S, Puerto, J.C., Lobato, J.A. (2021). El modelo de ciudad del nuevo Plan General de Palma: de la expansividad insostenible a la contenci\u00f3n regenerativa. <em>Planur-e: territorio, urbanismo, paisaje, sostenibilidad y dise\u00f1o urbano<\/em>, 20, 64-85.<\/p><p><u>G\u00f3rgolas, P.<\/u> (2020). Sevilla ante el reto metropolitano: del fracaso institucional a la mercantilizaci\u00f3n territorial. <em>Astr\u00e1galo. Cultura de la Arquitectura y la Ciudad,<\/em> 26, 15-48. <a href=\"https:\/\/dx.doi.org\/10.12795\/astragalo.2019.i26.02\">https:\/\/dx.doi.org\/10.12795\/astragalo.2019.i26.02<\/a><\/p><p><u>G\u00f3rgolas, P.<\/u> (2019). Del \u201curbanismo expansivo\u201d al \u201curbanismo regenerativo\u201d: directrices y recomendaciones para reconducir la herencia territorial de la d\u00e9cada prodigiosa del urbanismo espa\u00f1ol (1997-2007). Aplicaci\u00f3n al caso de estudio del litoral andaluz. <em>Ciudad y Territorio. Estudios Territoriales<\/em>, 51(199), 81-100. Disponible en: https:\/\/recyt.fecyt.es\/index.php\/CyTET\/article\/view\/76716<\/p><p><u>G\u00f3rgolas, P.<\/u> (2019). La paradoja del Decreto 11\/2008, de 22 de enero, de la Comunidad Andaluza: \u201cagilizar la adaptaci\u00f3n\u201d del planeamiento general a la legislaci\u00f3n urban\u00edstica para \u201cperpetuar su inadaptaci\u00f3n\u201d al modelo de ciudad compacta. <em>Revista Derecho Urban\u00edstico y Medio Ambiente<\/em>, 327, 149-190.<\/p><p><u>G\u00f3rgolas, P.<\/u> (2019). La burbuja inmobiliaria de la \u201cd\u00e9cada prodigiosa\u201d en Espa\u00f1a (1997-2007): Pol\u00edticas neoliberales, consecuencias territoriales e inmunodeficiencia social. Reflexiones para evitar su reproducci\u00f3n. <em>EURE, Revista Latinoamericana de Estudios Urbano Regionales<\/em>, 45(136), 163-182. http:\/\/dx.doi.org\/10.4067\/S0250-71612019000300163\u00a0<\/p><p><u>G\u00f3rgolas, P.<\/u> (2018). El reto de compactar la periferia residencial contempor\u00e1nea: densificaci\u00f3n eficaz, centralidades selectivas y diversidad funcional. <em>ACE: Arquitectura, Ciudad y Entorno<\/em>, 13 (38), 57-80. <a href=\"https:\/\/doi.org\/10.5821\/ace.13.38.5211\">https:\/\/doi.org\/10.5821\/ace.13.38.5211<\/a><\/p><p><u>G\u00f3rgolas, P.<\/u> (2018). La deriva interpretativa de los l\u00edmites al crecimiento urban\u00edstico del Plan de Ordenaci\u00f3n del Territorio de Andaluc\u00eda. <em>Revista Andaluza de Administraci\u00f3n P\u00fablica,<\/em> 101, 333-374. <a href=\"https:\/\/doi.org\/10.46735\/raap.n101.731\">https:\/\/doi.org\/10.46735\/raap.n101.731<\/a><\/p><p><u>G\u00f3rgolas, P.<\/u> (2018). Planeamiento urbano y suburbanizaci\u00f3n irregular en el litoral andaluz: directrices y recomendaciones para impulsar la integraci\u00f3n urbano-territorial de asentamientos. <em>Ciudad y Territorio. Estudios Territoriales<\/em>, 50(195), 33-52. Disponible en: https:\/\/recyt.fecyt.es\/index.php\/CyTET\/article\/view\/76608<\/p><p><u>G\u00f3rgolas, P.<\/u> (2018). Reflexiones sobre la necesidad de una nueva legislaci\u00f3n urban\u00edstica para la Comunidad Andaluza: \u00bfobsolescencia o inobservancia del marco legislativo actual? <em>Revista de Derecho Urban\u00edstico y Medio Ambiente<\/em>, 319, 43-83.<\/p><p><u>G\u00f3rgolas, P.<\/u> (2018). La regulaci\u00f3n de los campos de golf en la Comunidad Aut\u00f3noma de Andaluc\u00eda: \u00bfinter\u00e9s tur\u00edstico o inter\u00e9s inmobiliario? <em>Cuadernos Geogr\u00e1ficos de la Universidad de Granada<\/em>, 57(1), 283-304. <a href=\"https:\/\/doi.org\/10.30827\/cuadgeo.v57i1.5634\">https:\/\/doi.org\/10.30827\/cuadgeo.v57i1.5634<\/a><\/p><p><u>G\u00f3rgolas, P.<\/u> (2017). Burbujas inmobiliarias y planeamiento urbano en Espa\u00f1a: \u201cuna amistad peligrosa\u201d. <em>Cuadernos de Investigaci\u00f3n Urban\u00edstica<\/em>, 111, 1-65. <a href=\"https:\/\/doi.org\/10.20868\/ciur.2017.111.3536\">https:\/\/doi.org\/10.20868\/ciur.2017.111.3536<\/a><\/p><p><u>G\u00f3rgolas, P.<\/u> (2017). La planificaci\u00f3n territorial de \u00e1mbito subregional en el litoral andaluz: de la \u00abcondescendencia\u00bb con el planeamiento general en vigor a la \u201cadulteraci\u00f3n\u201d del modelo de ciudad regulado en el Plan de Ordenaci\u00f3n del Territorio de Andaluc\u00eda. <em>Pr\u00e1ctica urban\u00edstica. Revista mensual de urbanismo<\/em>, 147, 1-19. Disponible en: <a href=\"https:\/\/hdl.handle.net\/11441\/88018\">https:\/\/hdl.handle.net\/11441\/88018<\/a><\/p><p><u>G\u00f3rgolas, P.<\/u> (2017). Diez a\u00f1os de vigencia del Plan de Ordenaci\u00f3n del Territorio de Andaluc\u00eda: luces y sombras de la planificaci\u00f3n territorial. La desnaturalizaci\u00f3n del modelo de ciudad compacta. <em>Revista Andaluza de Administraci\u00f3n P\u00fablica<\/em>, 97, 319-350. Disponible en: <a href=\"https:\/\/hdl.handle.net\/11441\/88017\">https:\/\/hdl.handle.net\/11441\/88017<\/a><\/p><p>Heruzo Dom\u00ednguez, G. y <span style=\"text-decoration: underline;\">Tejedor Cabrera, A.<\/span> (2022). Heritage Cross-Disciplinarity. Arquitectura_Textos de Doctorado Collection. Conservation Science in Cultural Heritage, Historical-Technical Journal, 22, 171-180. <a href=\"https:\/\/doi.org\/10.6092\/issn.1973-9494\/v22-n1-2022\">https:\/\/doi.org\/10.6092\/issn.1973-9494\/v22-n1-2022<\/a><\/p><p><u>Hidalgo S\u00e1nchez, F.M., Merino del R\u00edo, R., Mascort Albea, E.J., Ruiz Moreno, I., Linares G\u00f3mez del Pulgar, M., y Tejedor Cabrera, A.<\/u><br \/>(2024). Digital reactivation of territories through geospatial cultural itineraries: the VIDA-HTL web application. <em>Heritage Science,<\/em> 12 (56), <a href=\"https:\/\/doi.org\/10.1186\/s40494-024-01173-w\">https:\/\/doi.org\/10.1186\/s40494-024-01173-w<\/a><br \/><u><\/u><\/p><p><u>Hidalgo S\u00e1nchez, F.M.,<\/u> Torres Gonz\u00e1lez, M.,<u> Mascort Albea, E.J.,<\/u>\u00a0Canivell, J. y Romero Hern\u00e1ndez, R. (2023).\u00a0NDT spatial data integration for monumental buildings: technical information management for the Royal Alcazar of Seville. <i>Building Research and Information<\/i>, 51, 1-23.\u00a0<a style=\"font-size: 16px;\" href=\"https:\/\/doi.org\/10.1080\/09613218.2022.2162476\" target=\"_blank\" rel=\"noopener\">https:\/\/doi.org\/10.1080\/09613218.2022.2162476<\/a><\/p><p><u>Hidalgo S\u00e1nchez, F.M.,<\/u><span style=\"font-family: 'Open Sans', sans-serif; font-size: 16px; font-style: normal; font-variant-ligatures: normal; font-variant-caps: normal; font-weight: 400;\">\u00a0Carrascal P\u00e9rez, M.F., Rey P\u00e9rez, J., Plaza, C. y<\/span><u>\u00a0Mascort Albea, E.J.\u00a0<\/u><span style=\"font-family: 'Open Sans', sans-serif; font-size: 16px; font-style: normal; font-variant-ligatures: normal; font-variant-caps: normal; font-weight: 400;\">(2022).\u00a0<\/span>Cultural Heritage, Sustainability, Conservation, and Social Welfare. A Management Plan for the Historic Municipal Buildings of Seville (Andalusia, Spain). <i>The Historic Environment: Policy &amp; Practice,\u00a0<\/i>13 (4), 1-33.\u00a0<a style=\"font-size: 16px;\" href=\"https:\/\/doi.org\/10.1080\/17567505.2022.2146332\" target=\"_blank\" rel=\"noopener\">https:\/\/doi.org\/10.1080\/17567505.2022.2146332<\/a><\/p><p><u>Hidalgo S\u00e1nchez, F.M., Mascort Albea, E.M.<\/u>, Martin, K., Romero Hern\u00e1ndez, R., Canivell, J., et. al. (2022). 3d GIS semi-automatized modelling procedure for the conservation of the PHiM: Heritage Municipal Buildings of Seville (Spain).<em> ACM Journal on Computing and Cultural Heritage<\/em>. <a href=\"http:\/\/dx.doi.org\/10.1145\/3467976\">http:\/\/dx.doi.org\/10.1145\/3467976<\/a><\/p><p>Jaramillo Morilla, A.,\u00a0<u style=\"font-family: inherit; font-style: inherit; font-variant-ligatures: inherit; font-variant-caps: inherit; font-weight: inherit; color: var( --e-global-color-text );\">Hidalgo S\u00e1nchez, F.M.,<\/u><span style=\"font-family: inherit; font-style: inherit; font-variant-ligatures: inherit; font-variant-caps: inherit; font-weight: inherit; color: var( --e-global-color-text );\">y<\/span><span style=\"font-family: inherit; font-style: inherit; font-variant-ligatures: inherit; font-variant-caps: inherit; font-weight: inherit; color: var( --e-global-color-text );\">\u00a0Panenque, J. (2023).\u00a0<\/span>El Ayuntamiento de Utrera inicia la recuperaci\u00f3n y puesta en valor de la reci\u00e9n descubierta sinagoga del Ni\u00f1o Perdido.\u00a0<i>Revista PH<\/i>, 109, 36-37.\u00a0<a style=\"font-size: 16px;\" href=\"https:\/\/doi.org\/10.33349\/2023.109.5341\" target=\"_blank\" rel=\"noopener\">https:\/\/doi.org\/10.33349\/2023.109.5341<\/a><\/p><p><u>Linares G\u00f3mez del Pulgar, M.<\/u><span style=\"font-family: 'Open Sans', sans-serif; font-size: 16px; font-style: normal; font-variant-ligatures: normal; font-variant-caps: normal; font-weight: 400;\">(2023). Dos versiones de un mismo proyecto. Francesco Venezia, John Hejduk y el arte de la memoria. Rese\u00f1a del libro de Gabriel Bascones.\u00a0<\/span><em style=\"font-variant-ligatures: normal; font-variant-caps: normal; font-family: 'Open Sans', sans-serif; font-size: 16px; font-weight: 400;\">Astr\u00e1galo<\/em><span style=\"font-family: 'Open Sans', sans-serif; font-size: 16px; font-style: normal; font-variant-ligatures: normal; font-variant-caps: normal; font-weight: 400;\">, 31, 231-234.<\/span><\/p><p><span style=\"font-variant-ligatures: normal; font-variant-caps: normal; font-family: 'Open Sans', sans-serif; font-size: 16px; font-style: normal; font-weight: 400; color: var( --e-global-color-text ); text-decoration-line: underline;\">L\u00f3pez S\u00e1nchez, M., y\u00a0Vicente Gilabert, C<\/span><span style=\"font-variant-ligatures: normal; font-variant-caps: normal; font-family: 'Open Sans', sans-serif; font-size: 16px; font-style: normal; font-weight: 400; color: var( --e-global-color-text );\">. (2023). Networked Heritage Management in the Lower Guadalquivir (Spain).\u00a0<\/span><em style=\"font-variant-ligatures: normal; font-variant-caps: normal; font-family: 'Open Sans', sans-serif; font-size: 16px; font-weight: 400; color: var( --e-global-color-text );\">Heritage, 6<\/em><span style=\"font-variant-ligatures: normal; font-variant-caps: normal; font-family: 'Open Sans', sans-serif; font-size: 16px; font-style: normal; font-weight: 400; color: var( --e-global-color-text );\">(10), 6822-6842.\u00a0<\/span><a style=\"font-variant-ligatures: normal; font-variant-caps: normal; font-family: 'Open Sans', sans-serif; font-size: 16px; font-style: normal; font-weight: 400;\" href=\"https:\/\/doi.org\/10.3390\/heritage6100356\">https:\/\/doi.org\/10.3390\/heritage6100356<\/a><span style=\"font-family: 'Open Sans', sans-serif; font-size: 16px; font-style: normal; font-variant-ligatures: normal; font-variant-caps: normal; font-weight: 400;\"><br \/><\/span><\/p><p style=\"font-variant-ligatures: normal; font-variant-caps: normal; font-family: 'Open Sans', sans-serif; font-size: 16px; font-style: normal; font-weight: 400;\"><u style=\"font-family: inherit; font-style: inherit; font-variant-ligatures: inherit; font-variant-caps: inherit; font-weight: inherit; color: var( --e-global-color-text );\">L\u00f3pez S\u00e1nchez, M.,\u00a0<\/u><span style=\"font-size: 16px; color: var( --e-global-color-text );\">Salerno, R.,<\/span><u style=\"font-family: inherit; font-style: inherit; font-variant-ligatures: inherit; font-variant-caps: inherit; font-weight: inherit; color: var( --e-global-color-text );\">\u00a0Linares G\u00f3mez del Pulgar, M. y Tejedor Cabrera, A.\u00a0<\/u><span style=\"font-size: 16px; color: var( --e-global-color-text );\">(2022). Pianificazione del paesaggio e patrimonio digitalizzato: verso una convergenza necessaria.\u00a0<\/span><em style=\"font-size: 16px; color: var( --e-global-color-text );\">Territorio<\/em><span style=\"font-size: 16px; color: var( --e-global-color-text );\">, 99.\u00a0<\/span><a style=\"font-size: 16px;\" href=\"https:\/\/doi.org\/10.3280\/TR2021-099014\">https:\/\/doi.org\/10.3280\/TR2021-099014<\/a><span style=\"font-size: 16px; color: var( --e-global-color-text );\">.<\/span><\/p><p style=\"font-variant-ligatures: normal; font-variant-caps: normal; font-family: 'Open Sans', sans-serif; font-size: 16px; font-style: normal; font-weight: 400;\"><u>L\u00f3pez S\u00e1nchez, M.,<\/u><u>\u00a0Linares G\u00f3mez del Pulgar, M. y Tejedor Cabrera, A.\u00a0<\/u>(2022). Definici\u00f3n de un m\u00e9todo cartogr\u00e1fico para intervenir en paisajes patrimoniales periurbanos.\u00a0<em style=\"font-size: 16px;\">EGA Revista de Expresi\u00f3n Gr\u00e1fica Arquitect\u00f3nica<\/em>, 27 (44).\u00a0<a style=\"font-size: 16px;\" href=\"https:\/\/doi.org\/10.4995\/ega.2022.15354\">https:\/\/doi.org\/10.4995\/ega.2022.15354<\/a><\/p><p style=\"font-variant-ligatures: normal; font-variant-caps: normal; font-family: 'Open Sans', sans-serif; font-size: 16px; font-style: normal; font-weight: 400;\"><u>L\u00f3pez S\u00e1nchez, M.,<\/u><u>\u00a0Linares G\u00f3mez del Pulgar, M. y Tejedor Cabrera, A.\u00a0<\/u>(2022). El paisaje como proyecto de vinculaci\u00f3n patrimonial: una propuesta metodol\u00f3gica.\u00a0<em style=\"font-size: 16px;\">Ge-Conservacion<\/em>, 21(1), 117-128.\u00a0<a style=\"font-size: 16px;\" href=\"https:\/\/doi.org\/10.37558\/gec.v21i1.1018\">https:\/\/doi.org\/10.37558\/gec.v21i1.1018<\/a><\/p><p style=\"font-variant-ligatures: normal; font-variant-caps: normal; font-family: 'Open Sans', sans-serif; font-size: 16px; font-style: normal; font-weight: 400;\"><u>L\u00f3pez S\u00e1nchez, M.,<\/u><u>\u00a0Linares G\u00f3mez del Pulgar, M. y Tejedor Cabrera, A.\u00a0<\/u>(2022). Mapping the anthropic occupation of the territory. Tracing dynamics of human settlement from archaeological records and historic cartographies.\u00a0<em style=\"font-size: 16px;\">Journal of Maps<\/em>, 18.\u00a0<a style=\"font-size: 16px;\" href=\"https:\/\/doi.org\/10.1080\/17445647.2021.2009924\">https:\/\/doi.org\/10.1080\/17445647.2021.2009924<\/a>\u00a0<\/p><p style=\"font-variant-ligatures: normal; font-variant-caps: normal; font-family: 'Open Sans', sans-serif; font-size: 16px; font-style: normal; font-weight: 400;\"><u style=\"font-family: inherit; font-style: inherit; font-variant-ligatures: inherit; font-variant-caps: inherit; font-weight: inherit; color: var( --e-global-color-text );\">L\u00f3pez S\u00e1nchez, M., Linares G\u00f3mez del Pulgar, M. y Tejedor Cabrera, A.<\/u><span style=\"font-size: 16px; color: var( --e-global-color-text );\">\u00a0(2021). Perspectives on proximity tourism planning in peri-urban areas.\u00a0<\/span><em style=\"font-size: 16px; color: var( --e-global-color-text );\">European Planning Studies<\/em><span style=\"font-size: 16px; color: var( --e-global-color-text );\">.\u00a0<\/span><a style=\"font-size: 16px;\" href=\"http:\/\/dx.doi.org\/10.1080\/09654313.2021.1961690\">http:\/\/dx.doi.org\/10.1080\/09654313.2021.1961690<\/a><\/p><p style=\"font-variant-ligatures: normal; font-variant-caps: normal; font-family: 'Open Sans', sans-serif; font-size: 16px; font-style: normal; font-weight: 400;\"><u>L\u00f3pez S\u00e1nchez, M., Linares G\u00f3mez del Pulgar, M. y Tejedor Cabrera, A<\/u>. (2021). Historic construction of diffuse cultural landscapes: Towards a GIS-based method for mapping the interlinkages of heritage.\u00a0<em style=\"font-size: 16px;\">Landscape Research<\/em>, 46(7), 916-931.\u00a0<a style=\"font-size: 16px;\" href=\"http:\/\/dx.doi.org\/10.1080\/01426397.2021.1921717\">http:\/\/dx.doi.org\/10.1080\/01426397.2021.1921717<\/a><\/p><p style=\"font-variant-ligatures: normal; font-variant-caps: normal; font-family: 'Open Sans', sans-serif; font-size: 16px; font-style: normal; font-weight: 400;\"><u>L\u00f3pez S\u00e1nchez, M., Linares G\u00f3mez del Pulgar, M. y Tejedor Cabrera, A.<\/u>\u00a0(2021). Acknowledging heritage through the landscape: towards a networked interpretation of the historical context of the territory.\u00a0<em style=\"font-size: 16px;\">Disegnarecon<\/em>, 14(26), 10.1-10.17.\u00a0<a style=\"font-size: 16px;\" href=\"http:\/\/dx.doi.org\/10.20365\/disegnarecon.26.2021.10\">http:\/\/dx.doi.org\/10.20365\/disegnarecon.26.2021.10<\/a><\/p><p style=\"font-variant-ligatures: normal; font-variant-caps: normal; font-family: 'Open Sans', sans-serif; font-size: 16px; font-style: normal; font-weight: 400;\"><u style=\"color: var( --e-global-color-text ); font-family: inherit; font-style: inherit; font-variant-ligatures: inherit; font-variant-caps: inherit; font-weight: inherit;\">L\u00f3pez S\u00e1nchez, M.,<\/u><u style=\"color: var( --e-global-color-text ); font-family: inherit; font-style: inherit; font-variant-ligatures: inherit; font-variant-caps: inherit; font-weight: inherit;\">\u00a0Linares G\u00f3mez del Pulgar, M. y Tejedor Cabrera, A.\u00a0<\/u><span style=\"font-variant-ligatures: normal; font-variant-caps: normal; font-family: 'Open Sans', sans-serif; font-size: 16px; font-style: normal; font-weight: 400; color: var( --e-global-color-text );\">(2021). Claves operativas para la gesti\u00f3n del paisaje desde el reconocimiento patrimonial del territorio.\u00a0<\/span><em style=\"font-variant-ligatures: normal; font-variant-caps: normal; font-family: 'Open Sans', sans-serif; font-size: 16px; font-weight: 400; color: var( --e-global-color-text );\">ACE Architecture, City and Environment,\u00a0<\/em><span style=\"font-variant-ligatures: normal; font-variant-caps: normal; font-family: 'Open Sans', sans-serif; font-size: 16px; font-style: normal; font-weight: 400; color: var( --e-global-color-text );\">46.\u00a0<\/span><a style=\"font-variant-ligatures: normal; font-variant-caps: normal; font-family: 'Open Sans', sans-serif; font-size: 16px; font-style: normal; font-weight: 400;\" href=\"https:\/\/dx.doi.org\/10.5821\/ace.16.46.9524\">https:\/\/dx.doi.org\/10.5821\/ace.16.46.9524<\/a><\/p><p><u>L\u00f3pez S\u00e1nchez, M. y Linares G\u00f3mez del Pulgar, M.<\/u> (2021). GIS-based architectural design in heritage landscapes: towards a knowledge-based definition of touristic routes. <em>IOP Conference Series-Materials Science and Engineering. 1165, IOP Science, 2021. <\/em><a href=\"http:\/\/dx.doi.org\/10.1088\/1757-899X\/1165\/1\/012006\">http:\/\/dx.doi.org\/10.1088\/1757-899X\/1165\/1\/012006<\/a><\/p><p><u style=\"color: var( --e-global-color-text );\">L\u00f3pez S\u00e1nchez, M., Tejedor Cabrera, A. y Linares G\u00f3mez del Pulgar, M.<\/u><span style=\"font-family: 'Open Sans', sans-serif; font-size: 16px; font-style: normal; font-variant-ligatures: normal; font-variant-caps: normal; font-weight: 400; color: var( --e-global-color-text );\">\u00a0(2020). Guidelines from the Heritage Field for the Integration of Landscape and Heritage Planning: A Systematic Literature Review.\u00a0<\/span><em style=\"font-family: 'Open Sans', sans-serif; font-size: 16px; font-variant-ligatures: normal; font-variant-caps: normal; font-weight: 400; color: var( --e-global-color-text );\">Landscape and Urban Planning<\/em><span style=\"font-family: 'Open Sans', sans-serif; font-size: 16px; font-style: normal; font-variant-ligatures: normal; font-variant-caps: normal; font-weight: 400; color: var( --e-global-color-text );\">, 204, 103931.\u00a0<\/span><a style=\"font-family: 'Open Sans', sans-serif; font-size: 16px; font-style: normal; font-variant-ligatures: normal; font-variant-caps: normal; font-weight: 400;\" href=\"http:\/\/dx.doi.org\/10.1016\/j.landurbplan.2020.103931\">http:\/\/dx.doi.org\/10.1016\/j.landurbplan.2020.103931<\/a><\/p><p style=\"font-variant-ligatures: normal; font-variant-caps: normal; font-family: 'Open Sans', sans-serif; font-size: 16px; font-style: normal; font-weight: 400;\"><u>L\u00f3pez S\u00e1nchez, M., Tejedor Cabrera, A. y Linares G\u00f3mez del Pulgar, M.\u00a0<\/u>(2020). The potential role of cultural ecosystem services in heritage research through a set of indicators.\u00a0<em style=\"font-size: 16px;\">Ecological Indicators<\/em>, 117, 106670.\u00a0<a style=\"font-size: 16px;\" href=\"http:\/\/dx.doi.org\/10.1016\/j.ecolind.2020.106670\">http:\/\/dx.doi.org\/10.1016\/j.ecolind.2020.106670<\/a><\/p><p style=\"font-variant-ligatures: normal; font-variant-caps: normal; font-family: 'Open Sans', sans-serif; font-size: 16px; font-style: normal; font-weight: 400;\"><u>L\u00f3pez S\u00e1nchez, M., Tejedor Cabrera, A. y Linares G\u00f3mez del Pulgar, M.<\/u>\u00a0(2020). Indicadores de paisaje: evoluci\u00f3n y pautas para su incorporaci\u00f3n en la gesti\u00f3n del territorio.\u00a0<em style=\"font-size: 16px;\">Ciudad y Territorio Estudios Territoriales (CyTET)<\/em>, 206, 719-738.\u00a0<a style=\"font-size: 16px;\" href=\"http:\/\/dx.doi.org\/10.37230\/CyTET.2020.206.01\">http:\/\/dx.doi.org\/10.37230\/CyTET.2020.206.01<\/a><\/p><p style=\"font-variant-ligatures: normal; font-variant-caps: normal; font-family: 'Open Sans', sans-serif; font-size: 16px; font-style: normal; font-weight: 400;\"><u>L\u00f3pez S\u00e1nchez, M., Tejedor Cabrera, A. y Linares G\u00f3mez del Pulgar, M.<\/u>\u00a0(2020). El paisaje como vector estrat\u00e9gico para la gesti\u00f3n integral del patrimonio. Una observaci\u00f3n desde el marco espa\u00f1ol.\u00a0<em style=\"font-size: 16px;\">Revista electr\u00f3nica de patrimonio hist\u00f3rico e-rph<\/em>, 27, 164-184.\u00a0<a style=\"font-size: 16px;\" href=\"http:\/\/dx.doi.org\/10.30827\/erph.v0i27.442\">http:\/\/dx.doi.org\/10.30827\/erph.v0i27.442<\/a><\/p><p style=\"font-variant-ligatures: normal; font-variant-caps: normal; font-family: 'Open Sans', sans-serif; font-size: 16px; font-style: normal; font-weight: 400;\"><u>L\u00f3pez S\u00e1nchez, M., Tejedor Cabrera, A. y Linares G\u00f3mez del Pulgar, M.<\/u>\u00a0(2020). Arquitectura y Sistemas de Informaci\u00f3n Geogr\u00e1fica: Hacia un Proyecto de Paisaje Informado.\u00a0<em style=\"font-size: 16px;\">Proyecto, Progreso, Arquitectura<\/em>, 22, 72-87.\u00a0<a style=\"font-size: 16px;\" href=\"http:\/\/dx.doi.org\/10.12795\/ppa.2020.i22.04\">http:\/\/dx.doi.org\/10.12795\/ppa.2020.i22.04<\/a><\/p><p>Mart\u00edn del R\u00edo, J.J., Canivell, J., Torres Gonz\u00e1lez, M., <u>Mascort Albea, E.J.<\/u>, et. al. (2021). Analysis of the materials and state of conservation of the medieval rammed earthwalls of Seville (Spain). <em>Journal of Building Engineering<\/em>, 44. <a href=\"https:\/\/doi.org\/10.1016\/j.jobe.2021.103381\">https:\/\/doi.org\/10.1016\/j.jobe.2021.103381<\/a><\/p><p><u>Marzo, M. y Bertini, V<\/u>. (2021). Progetti per il nuovo Atrio dell\u2019Alhambra. Figure di tempo rappreso per un luogo simbolo del Mediterraneo. <em>Bloom. Rivista semestrale di Architettura<\/em>, 33, 20-35. Disponible en: <a href=\"http:\/\/www.bloomarchitettura.com\/2022\/01\/25\/numero-33\/\">http:\/\/www.bloomarchitettura.com\/2022\/01\/25\/numero-33\/<\/a><\/p><p><u>Marzo, M. y Bertini, V.<\/u> (2019). Luigi Vietti. Progetti veneziani. <em>Festival dell\u2019Architettura Magazine<\/em>, 48-49, 73-85.\u00a0<a style=\"font-size: 16px;\" href=\"http:\/\/dx.doi.org\/10.12838\/fam\/issn2039-0491\/n48\/49-2019\">http:\/\/dx.doi.org\/10.12838\/fam\/issn2039-0491\/n48\/49-2019<\/a><\/p><p><u>Marzo, M.<\/u> (2019). Towards a project for the boundary between land and water in the Venetian lagoon. <em>P+C Proyecto y Ciudad. Revista de temas de arquitectura<\/em>, 10, 2019, 111-126. Disponible en: <a href=\"http:\/\/hdl.handle.net\/10317\/7736\">http:\/\/hdl.handle.net\/10317\/7736<\/a><\/p><p><u>Marzo, M.<\/u> (2017). Francesco Venezia. L\u2019azione del tempo. <em>Firenze Architettura<\/em>, 21(2), 92-101. <a href=\"https:\/\/doi.org\/10.13128\/FiAr-22645\">https:\/\/doi.org\/10.13128\/FiAr-22645<\/a><\/p><p><u>Mascort-Albea, E.J.<\/u> (2017). Datos geogr\u00e1ficos abiertos para la conservaci\u00f3n preventiva del patrimonio arquitect\u00f3nico. <em>Revista PH<\/em>, 92, 228-229. <a href=\"https:\/\/doi.org\/10.33349\/2017.0.3948\">https:\/\/doi.org\/10.33349\/2017.0.3948<\/a><\/p><p><u>Merino del R\u00edo, R., Linares G\u00f3mez del Pulgar, M. y Tejedor Cabrera, A. <\/u>(2024). Polycentric and Reticular Nature of the Urban and Infrastructural Settlement Systems of the Territory of the Lower Guadalquivir: Method and Applications. <em>Scienze Regionali.\u00a0<\/em><a style=\"font-size: 16px;\" href=\"https:\/\/doi.org\/10.14650\/112442\" target=\"_blank\" rel=\"noopener\">https:\/\/doi.org\/10.14650\/112442<\/a><\/p><p><u>Merino del R\u00edo, R.<\/u><span style=\"font-family: 'Open Sans', sans-serif; font-size: 16px; font-style: normal; font-variant-ligatures: normal; font-variant-caps: normal; font-weight: 400;\">(2023).\u00a0<\/span>El territorio en torno al Real Alc\u00e1zar de Sevilla: su transformaci\u00f3n a trav\u00e9s del an\u00e1lisis de mapas hist\u00f3ricos (1572-1890). <i>Anales de Geograf\u00eda de la Universidad Complutense,\u00a0<\/i>43 (2), 385-412.\u00a0<a href=\"https:\/\/doi.org\/10.5209\/aguc.90581\" target=\"_blank\" rel=\"noopener\">https:\/\/doi.org\/10.5209\/aguc.90581<\/a>\u00a0<\/p><p><u>Merino del R\u00edo, R.<\/u><span style=\"font-family: 'Open Sans', sans-serif; font-size: 16px; font-style: normal; font-variant-ligatures: normal; font-variant-caps: normal; font-weight: 400;\">\u00a0(2022).\u00a0<\/span>Hacia un proyecto de paisaje desde el patrimonio territorial. <i>Estudios Geogr\u00e1ficos<\/i>, 83 (292).\u00a0<a style=\"font-size: 16px;\" href=\"https:\/\/doi.org\/10.3989\/estgeogr.2022102.102\" target=\"_blank\" rel=\"noopener\">https:\/\/doi.org\/10.3989\/estgeogr.2022102.102<\/a><\/p><p><u>Merino del R\u00edo, R.<\/u> (2021). Historical Cartography Analysis for a Design of Cultural Itineraries in the Lower Guadalquivir. <em>Abstracts of the ICA<\/em>, 3, 206. <a href=\"https:\/\/doi.org\/10.5194\/ica-abs-3-206-2021\">https:\/\/doi.org\/10.5194\/ica-abs-3-206-2021<\/a><\/p><p><u>Merino del R\u00edo, R., Tejedor Cabrera, A. y Linares G\u00f3mez del Pulgar, M.<\/u> (2021). An\u00e1lisis de los procesos de territorializaci\u00f3n en el bajo Guadalquivir a trav\u00e9s de la cartograf\u00eda hist\u00f3rica. <em>EGA Expresi\u00f3n Gr\u00e1fica Arquitect\u00f3nica<\/em>, 26, 41, 102-119. <a href=\"https:\/\/doi.org\/10.4995\/ega.2021.14255\">https:\/\/doi.org\/10.4995\/ega.2021.14255<\/a><\/p><p><u>Merino del R\u00edo, R.<\/u> (2021). El planeamiento paisaj\u00edstico territorialista: an\u00e1lisis del grado de adaptaci\u00f3n de la metodolog\u00eda anal\u00edtica para la proyecci\u00f3n identitaria del territorio. <em>Ciudad y Territorio<\/em>, 53(209), 647-666. <a href=\"https:\/\/doi.org\/10.37230\/CyTET.2021.209.03\">https:\/\/doi.org\/10.37230\/CyTET.2021.209.03<\/a><\/p><p><u>Merino del R\u00edo, R.<\/u> (2021). Connecting the Archaeological Site of Italica (Spain) to its Landscape: A Three-Step Method to Unveil and Enhance Landscape Values through the Design of Cultural Routes. <em>Landscapes<\/em>, 21(2). <a href=\"https:\/\/doi.org\/10.1080\/14662035.2021.1969792\">https:\/\/doi.org\/10.1080\/14662035.2021.1969792<\/a><\/p><p><u>Merino del R\u00edo, R.<\/u> (2021). Del paisaje cultural al patrimonio territorial, y viceversa: una conversi\u00f3n necesaria para un proyecto de paisaje desde el patrimonio. <em>Ciudades<\/em>, 24, 191-205. <a href=\"https:\/\/doi.org\/10.24197\/ciudades.24.2021.191-205\">https:\/\/doi.org\/10.24197\/ciudades.24.2021.191-205<\/a><\/p><p><u>Merino del R\u00edo, R.<\/u> (2020). Criteria for Designing Cultural Itineraries as a Strategy for Restoring the Dynamics of Cultural Landscape Formation. <em>Ri-vista. Ricerche per la progettazione del paesaggio<\/em>, 18(1), 238-263. <a href=\"https:\/\/doi.org\/10.13128\/rv-8093\">https:\/\/doi.org\/10.13128\/rv-8093<\/a><\/p><p><u>Merino del R\u00edo, R.<\/u> (2020). Opportunities and precautions in the implementation of GIS-based analysis tools to cultural landscape restoration. <em>Abstracts of the ICA<\/em>, 2(44). <a href=\"https:\/\/doi.org\/10.5194\/ica-abs-2-44-2020\">https:\/\/doi.org\/10.5194\/ica-abs-2-44-2020<\/a><\/p><p><u>Merino del R\u00edo, R., Tejedor Cabrera, A. y Linares G\u00f3mez del Pulgar, M.<\/u> (2020). Methodological Approach to integrate a GIS-Based Analysis into the Design of Cultural Itineraries in the Framework of an Integrated Plan for Territory. <em>International Archives of the Photogrammetry, Remote Sensing and Spatial Information Sciences<\/em>, XLIV-M-1-2020, 271-278. <a href=\"https:\/\/doi.org\/10.5194\/isprs-archives-XLIV-M-1-2020-271-2020\">https:\/\/doi.org\/10.5194\/isprs-archives-XLIV-M-1-2020-271-2020<\/a><\/p><p><u>Plaza Morillo, C.<\/u> (2022). Memoria di al-Andalus e architettura \u201calla moresca\u201d nella Siviglia rinascimentale. <em>DAr. Design, Architecture, Research<\/em>, 1, 110-130.<\/p><p><u>Plaza Morillo, C.<\/u> (2018). De la \u201cSevilla Tiburtina\u201d a la ciudad \u201cfundada en el agua\u201d. Arquitectura, ciudad y paisaje en Italia en el viaje a Jerusal\u00e9n de Fadrique Enr\u00edquez de Ribera (1518-1520). <em>ACTA\/ARTIS. Estudis d\u2019Art Modern<\/em>, 6, 13-37. <a href=\"https:\/\/doi.org\/10.1344\/actaartis.6.2018.27481\">https:\/\/doi.org\/10.1344\/actaartis.6.2018.27481<\/a><\/p><p><u>Plaza Morillo, C.<\/u> (2018). \u201cIl palcho della sala\u201d del palacio Ram\u00edrez de Montalvo. <em>Opus Incertum<\/em>, 3, 62-67. <a href=\"https:\/\/doi.org\/10.13128\/opus-23050\">https:\/\/doi.org\/10.13128\/opus-23050<\/a><\/p><p><u>Plaza Morillo, C.<\/u> (2018). \u201cInter Graecos et Arabes Concordia\u201d. Antig\u00fcedad, arquitectura \u201calla moresca\u201d e identidad local en el Renacimiento en Sevilla. <em>Mitteilungen des Kunsthistorisches Institut in Florenz<\/em>, 60, 170-199. <a href=\"https:\/\/doi.org\/10.11588\/mkhi.2018.1.81633\">https:\/\/doi.org\/10.11588\/mkhi.2018.1.81633<\/a><\/p><p>Serrano, A.R., Mascort Albea, E.J., Canivell, J., Romero Hern\u00e1ndez, R. y Jaramillo Morilla, A. (2021). Multi-criteria parametric verifications for stability diagnosis of rammed-earth historic urban ramparts working as retaining walls<em>. <\/em><em>Applied Sciences<\/em>, 11 (6). <a href=\"https:\/\/doi.org\/10.3390\/app11062744\">https:\/\/doi.org\/10.3390\/app11062744<\/a><\/p><p><u>Sobrino Simal, J.<\/u> (2018). Los paisajes hist\u00f3ricos de la producci\u00f3n en Sevilla. <em>Gremium<\/em>, 5(9), pp. 51-66. Disponible en: <a href=\"https:\/\/editorialrestauro.com.mx\/gremium\/index.php\/gremium\/article\/view\/249\">https:\/\/editorialrestauro.com.mx\/gremium\/index.php\/gremium\/article\/view\/249<\/a><\/p><p><span style=\"font-size: 16px; color: var( --e-global-color-text ); text-decoration-line: underline;\">Vicente Gilabert, C., L\u00f3pez S\u00e1nchez, M., y\u00a0Linares G\u00f3mez del Pulgar, M<\/span><span style=\"font-size: 16px; color: var( --e-global-color-text );\">. (2022). GIS-Based Design for Urban Heritage Routes. <\/span><em style=\"font-size: 16px; color: var( --e-global-color-text );\">Springer Series in Design and Innovation, 21<\/em><span style=\"font-size: 16px; color: var( --e-global-color-text );\">, 117-127. <\/span><a style=\"font-size: 16px;\" href=\"https:\/\/doi.org\/10.1007\/978-3-031-04632-2_13\">https:\/\/doi.org\/10.1007\/978-3-031-04632-2_13<\/a><\/p><p><span style=\"text-decoration: underline;\">Vicente Gilabert, C., L\u00f3pez S\u00e1nchez, M., y\u00a0Linares G\u00f3mez del Pulgar, M.<\/span> (2022). Turismo cultural de km 0 en Sevilla: dise\u00f1o de rutas culturales a trav\u00e9s de t\u00e9cnicas de an\u00e1lisis cartogr\u00e1fico con datos espaciales. En\u00a0<em>M\u00e1s All\u00e1 de Las L\u00edneas. La Gr\u00e1fica y Sus Usos. Congreso de Expresi\u00f3n Gr\u00e1fica Arquitect\u00f3nica<\/em>, 551\u2013554. <a href=\"https:\/\/hdl.handle.net\/11441\/145517\">https:\/\/hdl.handle.net\/11441\/145517<\/a><\/p><p><span style=\"text-decoration: underline;\">Vicente Gilabert, C., Linares G\u00f3mez del Pulgar, M., y\u00a0Tejedor Cabrera, A<\/span>. (2022). Activar, integrar y cohesionar: estrategia para la re-conexi\u00f3n del patrimonio industrial minero de Melilla desde el Paisaje.\u00a0<em>XXIV Jornadas Internacionales de Patrimonio Industrial Patrimonio Mundial. Sitios Industriales y Obra P\u00fablica<\/em>.<\/p><p><span style=\"text-decoration: underline;\">Vicente Gilabert, C., Linares G\u00f3mez del Pulgar, M., y Tejedor Cabrera, A.<\/span> (2023). Cartografiando la percepci\u00f3n: an\u00e1lisis de la legibilidad social del paisaje patrimonial de la miner\u00eda en Melilla.\u00a0<em>ACE: Architecture, City and Environment, 17<\/em>(51).\u00a0<a href=\"https:\/\/doi.org\/10.5821\/ace.17.51.11044\">https:\/\/doi.org\/10.5821\/ace.17.51.11044<\/a><\/p><p><span style=\"text-decoration: underline;\">Vicente Gilabert, C., L\u00f3pez S\u00e1nchez, M., y\u00a0Linares G\u00f3mez del Pulgar, M.<\/span> (2023). Una aproximaci\u00f3n contempor\u00e1nea a la representaci\u00f3n gr\u00e1fica de la experiencia urbana<em>. VLC Arquitectura. Research Journal, 10<\/em>(2), 275-298.\u00a0<a href=\"https:\/\/doi.org\/10.4995\/vlc.2023.19770\">https:\/\/doi.org\/10.4995\/vlc.2023.19770<\/a>\u00a0<\/p>\t\t\t\t\t\t\t\t<\/div>\n\t\t\t\t<\/div>\n\t\t\t\t\t<\/div>\n\t\t<\/div>\n\t\t\t\t\t<\/div>\n\t\t<\/section>\n\t\t\t\t<\/div>\n\t\t","protected":false},"excerpt":{"rendered":"<p>Bertini, V. (2021). Imparare, costruire, immaginare. Le scuole di Hassan Fathy. Festival dell\u2019Architettura Magazine, 56, 150-159. http:\/\/dx.doi.org\/10.12838\/fam\/issn2039-0491\/n56-2021 Bertini, V. (2020). Hassan Fathy (1900-1989). The Architectural Review, 1468. Bertini, V. (2019). Le scimmie e le giraffe. L\u2019eredit\u00e0 culturale del pensiero di Hassan Fathy. Festival dell\u2019Architettura Magazine, 47, 83-95. http:\/\/dx.doi.org\/10.12838\/fam\/issn2039-0491\/n47-2019 Cabrera Revuelta, E., Mascort Albea, E.J., Hidalgo [&hellip;]<\/p>\n","protected":false},"author":1,"featured_media":0,"parent":0,"menu_order":0,"comment_status":"closed","ping_status":"closed","template":"","meta":{"footnotes":""},"class_list":["post-54","page","type-page","status-publish","hentry"],"yoast_head":"<!-- This site is optimized with the Yoast SEO plugin v26.2 - https:\/\/yoast.com\/wordpress\/plugins\/seo\/ -->\n<title>Art\u00edculos de revista - Laboratorio de Redes de Patrimonio Turismo y Paisaje<\/title>\n<meta name=\"robots\" content=\"index, follow, max-snippet:-1, max-image-preview:large, max-video-preview:-1\" \/>\n<link rel=\"canonical\" href=\"https:\/\/grupo.us.es\/labhtlnet\/articulos-de-revista\/\" \/>\n<meta property=\"og:locale\" content=\"es_ES\" \/>\n<meta property=\"og:type\" content=\"article\" \/>\n<meta property=\"og:title\" content=\"Art\u00edculos de revista - Laboratorio de Redes de Patrimonio Turismo y Paisaje\" \/>\n<meta property=\"og:description\" content=\"Bertini, V. (2021). Imparare, costruire, immaginare. Le scuole di Hassan Fathy. Festival dell\u2019Architettura Magazine, 56, 150-159. http:\/\/dx.doi.org\/10.12838\/fam\/issn2039-0491\/n56-2021 Bertini, V. (2020). Hassan Fathy (1900-1989). The Architectural Review, 1468. Bertini, V. (2019). Le scimmie e le giraffe. L\u2019eredit\u00e0 culturale del pensiero di Hassan Fathy. Festival dell\u2019Architettura Magazine, 47, 83-95. http:\/\/dx.doi.org\/10.12838\/fam\/issn2039-0491\/n47-2019 Cabrera Revuelta, E., Mascort Albea, E.J., Hidalgo [&hellip;]\" \/>\n<meta property=\"og:url\" content=\"https:\/\/grupo.us.es\/labhtlnet\/articulos-de-revista\/\" \/>\n<meta property=\"og:site_name\" content=\"Laboratorio de Redes de Patrimonio Turismo y Paisaje\" \/>\n<meta property=\"article:modified_time\" content=\"2024-06-12T10:40:44+00:00\" \/>\n<meta name=\"twitter:card\" content=\"summary_large_image\" \/>\n<meta name=\"twitter:label1\" content=\"Tiempo de lectura\" \/>\n\t<meta name=\"twitter:data1\" content=\"11 minutos\" \/>\n<script type=\"application\/ld+json\" class=\"yoast-schema-graph\">{\"@context\":\"https:\/\/schema.org\",\"@graph\":[{\"@type\":\"WebPage\",\"@id\":\"https:\/\/grupo.us.es\/labhtlnet\/articulos-de-revista\/\",\"url\":\"https:\/\/grupo.us.es\/labhtlnet\/articulos-de-revista\/\",\"name\":\"Art\u00edculos de revista - Laboratorio de Redes de Patrimonio Turismo y Paisaje\",\"isPartOf\":{\"@id\":\"https:\/\/grupo.us.es\/labhtlnet\/#website\"},\"datePublished\":\"2022-03-15T08:43:24+00:00\",\"dateModified\":\"2024-06-12T10:40:44+00:00\",\"inLanguage\":\"es\",\"potentialAction\":[{\"@type\":\"ReadAction\",\"target\":[\"https:\/\/grupo.us.es\/labhtlnet\/articulos-de-revista\/\"]}]},{\"@type\":\"WebSite\",\"@id\":\"https:\/\/grupo.us.es\/labhtlnet\/#website\",\"url\":\"https:\/\/grupo.us.es\/labhtlnet\/\",\"name\":\"Laboratorio de Redes de Patrimonio Turismo y Paisaje\",\"description\":\"\",\"publisher\":{\"@id\":\"https:\/\/grupo.us.es\/labhtlnet\/#organization\"},\"potentialAction\":[{\"@type\":\"SearchAction\",\"target\":{\"@type\":\"EntryPoint\",\"urlTemplate\":\"https:\/\/grupo.us.es\/labhtlnet\/?s={search_term_string}\"},\"query-input\":{\"@type\":\"PropertyValueSpecification\",\"valueRequired\":true,\"valueName\":\"search_term_string\"}}],\"inLanguage\":\"es\"},{\"@type\":\"Organization\",\"@id\":\"https:\/\/grupo.us.es\/labhtlnet\/#organization\",\"name\":\"Laboratorio de Redes de Patrimonio Turismo y Paisaje\",\"url\":\"https:\/\/grupo.us.es\/labhtlnet\/\",\"logo\":{\"@type\":\"ImageObject\",\"inLanguage\":\"es\",\"@id\":\"https:\/\/grupo.us.es\/labhtlnet\/#\/schema\/logo\/image\/\",\"url\":\"https:\/\/grupo.us.es\/labhtlnet\/wp-content\/uploads\/2022\/06\/cropped-Logo-LAB-1.jpg\",\"contentUrl\":\"https:\/\/grupo.us.es\/labhtlnet\/wp-content\/uploads\/2022\/06\/cropped-Logo-LAB-1.jpg\",\"width\":200,\"height\":44,\"caption\":\"Laboratorio de Redes de Patrimonio Turismo y Paisaje\"},\"image\":{\"@id\":\"https:\/\/grupo.us.es\/labhtlnet\/#\/schema\/logo\/image\/\"}}]}<\/script>\n<!-- \/ Yoast SEO plugin. -->","yoast_head_json":{"title":"Art\u00edculos de revista - Laboratorio de Redes de Patrimonio Turismo y Paisaje","robots":{"index":"index","follow":"follow","max-snippet":"max-snippet:-1","max-image-preview":"max-image-preview:large","max-video-preview":"max-video-preview:-1"},"canonical":"https:\/\/grupo.us.es\/labhtlnet\/articulos-de-revista\/","og_locale":"es_ES","og_type":"article","og_title":"Art\u00edculos de revista - Laboratorio de Redes de Patrimonio Turismo y Paisaje","og_description":"Bertini, V. (2021). Imparare, costruire, immaginare. Le scuole di Hassan Fathy. Festival dell\u2019Architettura Magazine, 56, 150-159. http:\/\/dx.doi.org\/10.12838\/fam\/issn2039-0491\/n56-2021 Bertini, V. (2020). Hassan Fathy (1900-1989). The Architectural Review, 1468. Bertini, V. (2019). Le scimmie e le giraffe. L\u2019eredit\u00e0 culturale del pensiero di Hassan Fathy. Festival dell\u2019Architettura Magazine, 47, 83-95. http:\/\/dx.doi.org\/10.12838\/fam\/issn2039-0491\/n47-2019 Cabrera Revuelta, E., Mascort Albea, E.J., Hidalgo [&hellip;]","og_url":"https:\/\/grupo.us.es\/labhtlnet\/articulos-de-revista\/","og_site_name":"Laboratorio de Redes de Patrimonio Turismo y Paisaje","article_modified_time":"2024-06-12T10:40:44+00:00","twitter_card":"summary_large_image","twitter_misc":{"Tiempo de lectura":"11 minutos"},"schema":{"@context":"https:\/\/schema.org","@graph":[{"@type":"WebPage","@id":"https:\/\/grupo.us.es\/labhtlnet\/articulos-de-revista\/","url":"https:\/\/grupo.us.es\/labhtlnet\/articulos-de-revista\/","name":"Art\u00edculos de revista - Laboratorio de Redes de Patrimonio Turismo y Paisaje","isPartOf":{"@id":"https:\/\/grupo.us.es\/labhtlnet\/#website"},"datePublished":"2022-03-15T08:43:24+00:00","dateModified":"2024-06-12T10:40:44+00:00","inLanguage":"es","potentialAction":[{"@type":"ReadAction","target":["https:\/\/grupo.us.es\/labhtlnet\/articulos-de-revista\/"]}]},{"@type":"WebSite","@id":"https:\/\/grupo.us.es\/labhtlnet\/#website","url":"https:\/\/grupo.us.es\/labhtlnet\/","name":"Laboratorio de Redes de Patrimonio Turismo y Paisaje","description":"","publisher":{"@id":"https:\/\/grupo.us.es\/labhtlnet\/#organization"},"potentialAction":[{"@type":"SearchAction","target":{"@type":"EntryPoint","urlTemplate":"https:\/\/grupo.us.es\/labhtlnet\/?s={search_term_string}"},"query-input":{"@type":"PropertyValueSpecification","valueRequired":true,"valueName":"search_term_string"}}],"inLanguage":"es"},{"@type":"Organization","@id":"https:\/\/grupo.us.es\/labhtlnet\/#organization","name":"Laboratorio de Redes de Patrimonio Turismo y Paisaje","url":"https:\/\/grupo.us.es\/labhtlnet\/","logo":{"@type":"ImageObject","inLanguage":"es","@id":"https:\/\/grupo.us.es\/labhtlnet\/#\/schema\/logo\/image\/","url":"https:\/\/grupo.us.es\/labhtlnet\/wp-content\/uploads\/2022\/06\/cropped-Logo-LAB-1.jpg","contentUrl":"https:\/\/grupo.us.es\/labhtlnet\/wp-content\/uploads\/2022\/06\/cropped-Logo-LAB-1.jpg","width":200,"height":44,"caption":"Laboratorio de Redes de Patrimonio Turismo y Paisaje"},"image":{"@id":"https:\/\/grupo.us.es\/labhtlnet\/#\/schema\/logo\/image\/"}}]}},"_links":{"self":[{"href":"https:\/\/grupo.us.es\/labhtlnet\/wp-json\/wp\/v2\/pages\/54","targetHints":{"allow":["GET"]}}],"collection":[{"href":"https:\/\/grupo.us.es\/labhtlnet\/wp-json\/wp\/v2\/pages"}],"about":[{"href":"https:\/\/grupo.us.es\/labhtlnet\/wp-json\/wp\/v2\/types\/page"}],"author":[{"embeddable":true,"href":"https:\/\/grupo.us.es\/labhtlnet\/wp-json\/wp\/v2\/users\/1"}],"replies":[{"embeddable":true,"href":"https:\/\/grupo.us.es\/labhtlnet\/wp-json\/wp\/v2\/comments?post=54"}],"version-history":[{"count":0,"href":"https:\/\/grupo.us.es\/labhtlnet\/wp-json\/wp\/v2\/pages\/54\/revisions"}],"wp:attachment":[{"href":"https:\/\/grupo.us.es\/labhtlnet\/wp-json\/wp\/v2\/media?parent=54"}],"curies":[{"name":"wp","href":"https:\/\/api.w.org\/{rel}","templated":true}]}}