{"id":28,"date":"2025-02-19T18:31:49","date_gmt":"2025-02-19T17:31:49","guid":{"rendered":"http:\/\/grupo.us.es\/labdescyc\/?page_id=28"},"modified":"2026-04-18T10:09:18","modified_gmt":"2026-04-18T08:09:18","slug":"laboratorio-de-derechos-sociales-y-del-cuidado","status":"publish","type":"page","link":"http:\/\/grupo.us.es\/labdescyc\/","title":{"rendered":"Inicio"},"content":{"rendered":"\n<figure class=\"wp-block-image size-full\"><img fetchpriority=\"high\" decoding=\"async\" width=\"660\" height=\"137\" src=\"http:\/\/grupo.us.es\/labdescyc\/wp-content\/uploads\/2025\/03\/cropped-photo_2025-03-11_10-59-28.jpg\" alt=\"\" class=\"wp-image-105\" srcset=\"http:\/\/grupo.us.es\/labdescyc\/wp-content\/uploads\/2025\/03\/cropped-photo_2025-03-11_10-59-28.jpg 660w, http:\/\/grupo.us.es\/labdescyc\/wp-content\/uploads\/2025\/03\/cropped-photo_2025-03-11_10-59-28-300x62.jpg 300w\" sizes=\"(max-width: 660px) 100vw, 660px\" \/><\/figure>\n\n\n\n<p class=\"has-text-align-left\">Los derechos econ\u00f3micos, sociales y culturales constituyen una categor\u00eda central para la organizaci\u00f3n de los Estados y sociedades democr\u00e1ticas. Lejos de suponer solo el fundamento normativo de servicios p\u00fablicos como la educaci\u00f3n o la sanidad, un alto est\u00e1ndar en su efectividad es un indicador fiel de la calidad de vida y bienestar de la ciudadan\u00eda. Debido a su impacto democratizante e igualador, su positivizaci\u00f3n y efectividad ha quedado subordinada a la de otros objetivos del Estado y normas jur\u00eddicas, tanto en la pr\u00e1ctica como en las agendas de investigaci\u00f3n.<\/p>\n\n\n\n<p>En las \u00faltima d\u00e9cadas, ello se hace patente respecto a los derechos implicados en la organizaci\u00f3n social de los cuidados. Los avances el reconocimiento de nuevos derechos y posiciones jur\u00eddicas tanto para personas receptoras como proveedoras de cuidados no han logrado cerrar las brechas de reconocimiento, distribuci\u00f3n y participaci\u00f3n en esta esfera de la reproducci\u00f3n social.<\/p>\n\n\n\n<p>Todo ello exige una acci\u00f3n comprometida con los derechos pero tambi\u00e9n la extensi\u00f3n de ese v\u00ednculo al campo cient\u00edfico y divulgativo. Para ello hemos apostado por la investigaci\u00f3n del derecho desde la metodolog\u00eda propia de la sociolog\u00eda jur\u00eddica. Entendemos que otorgar un rol prevalente a la investigaci\u00f3n emp\u00edrica dentro de nuestros programas, con sus dificultades y costes, puede permitir aproximarse con mayor realismo al funcionamiento del derecho y la efectividad de las pol\u00edticas p\u00fablicas en la materia.<\/p>\n\n\n\n<div style=\"height:28px\" aria-hidden=\"true\" class=\"wp-block-spacer\"><\/div>\n\n\n\n<h2 class=\"wp-block-heading has-text-color has-link-color wp-elements-8b2ad06e76044e56c276ccb2829deb79\" style=\"color:#a8003b\">Proyectos:<\/h2>\n\n\n\n<h3 class=\"wp-block-heading has-background\" style=\"border-style:none;border-width:0px;background-color:#f4eee0;font-size:23px;line-height:0.8\">Proyectos en curso<\/h3>\n\n\n\n<p class=\"has-text-color has-link-color wp-elements-2c113445a7c444d7f77322e7a1a8d273\" style=\"color:#a8003b\">El derecho al cuidado en la sociedad digital. An\u00e1lisis de la efectividad de los derechos relacionados con los cuidados de larga duraci\u00f3n, en el contexto de su creciente digitalizaci\u00f3n (e-CARE) (2024-2027)<\/p>\n\n\n\n<div class=\"wp-block-media-text is-stacked-on-mobile\" style=\"grid-template-columns:41% auto\"><figure class=\"wp-block-media-text__media\"><img decoding=\"async\" width=\"1024\" height=\"198\" src=\"http:\/\/grupo.us.es\/labdescyc\/wp-content\/uploads\/2025\/05\/imagen-1-1024x198.png\" alt=\"\" class=\"wp-image-230 size-full\" srcset=\"http:\/\/grupo.us.es\/labdescyc\/wp-content\/uploads\/2025\/05\/imagen-1-1024x198.png 1024w, http:\/\/grupo.us.es\/labdescyc\/wp-content\/uploads\/2025\/05\/imagen-1-300x58.png 300w, http:\/\/grupo.us.es\/labdescyc\/wp-content\/uploads\/2025\/05\/imagen-1-768x149.png 768w, http:\/\/grupo.us.es\/labdescyc\/wp-content\/uploads\/2025\/05\/imagen-1.png 1280w\" sizes=\"(max-width: 1024px) 100vw, 1024px\" \/><\/figure><div class=\"wp-block-media-text__content\">\n<p>Ref. PID2023-152437NB-I00. David Vila-Vi\u00f1as y Teresa Picont\u00f3 Novales (IPs)<\/p>\n\n\n\n<p class=\"has-text-color has-link-color wp-elements-6d760785810cc01f0ce146f604e3a64e\" style=\"color:#a8003b\"><\/p>\n<\/div><\/div>\n\n\n\n<div style=\"height:40px\" aria-hidden=\"true\" class=\"wp-block-spacer\"><\/div>\n\n\n\n<p class=\"has-text-color has-link-color wp-elements-002b6ac405da4449b7d24b8e4b757e19\" style=\"color:#a8003b\">\u201cDerecho, literatura y nuevas tecnolog\u00edas. El papel de la ciencia ficci\u00f3n en el legal drafting en materia de rob\u00f3tica e inteligencia artificial\u201d (2024-2027.)<\/p>\n\n\n\n<div class=\"wp-block-media-text is-stacked-on-mobile\"><figure class=\"wp-block-media-text__media\"><img decoding=\"async\" width=\"1024\" height=\"136\" src=\"http:\/\/grupo.us.es\/labdescyc\/wp-content\/uploads\/2025\/06\/Screenshot-2025-06-03-at-12.48.35\u202fPM-5-1024x136.png\" alt=\"\" class=\"wp-image-376 size-full\" srcset=\"http:\/\/grupo.us.es\/labdescyc\/wp-content\/uploads\/2025\/06\/Screenshot-2025-06-03-at-12.48.35\u202fPM-5-1024x136.png 1024w, http:\/\/grupo.us.es\/labdescyc\/wp-content\/uploads\/2025\/06\/Screenshot-2025-06-03-at-12.48.35\u202fPM-5-300x40.png 300w, http:\/\/grupo.us.es\/labdescyc\/wp-content\/uploads\/2025\/06\/Screenshot-2025-06-03-at-12.48.35\u202fPM-5-768x102.png 768w, http:\/\/grupo.us.es\/labdescyc\/wp-content\/uploads\/2025\/06\/Screenshot-2025-06-03-at-12.48.35\u202fPM-5.png 1086w\" sizes=\"(max-width: 1024px) 100vw, 1024px\" \/><\/figure><div class=\"wp-block-media-text__content\">\n<p>Ref. (JA.B1-28)- Ref. (PPRO-B1-2023-020), Modalidad B.1. Maria Pina Fersini (IP)<\/p>\n<\/div><\/div>\n\n\n\n<div style=\"height:40px\" aria-hidden=\"true\" class=\"wp-block-spacer\"><\/div>\n\n\n\n<p class=\"has-text-color has-link-color wp-elements-e86453994b45c5bc3a4064a61bf5e90e\" style=\"color:#a8003b\">La efectividad de los derechos sociales desde la perspectiva de los estudios de la gubernamentalidad. Especial atenci\u00f3n a su garant\u00eda en la sociedad del conocimiento.<\/p>\n\n\n\n<div class=\"wp-block-media-text is-stacked-on-mobile\" style=\"grid-template-columns:41% auto\"><figure class=\"wp-block-media-text__media\"><img loading=\"lazy\" decoding=\"async\" width=\"1024\" height=\"164\" src=\"http:\/\/grupo.us.es\/labdescyc\/wp-content\/uploads\/2025\/05\/imagen-2-1024x164.png\" alt=\"\" class=\"wp-image-232 size-full\" srcset=\"http:\/\/grupo.us.es\/labdescyc\/wp-content\/uploads\/2025\/05\/imagen-2-1024x164.png 1024w, http:\/\/grupo.us.es\/labdescyc\/wp-content\/uploads\/2025\/05\/imagen-2-300x48.png 300w, http:\/\/grupo.us.es\/labdescyc\/wp-content\/uploads\/2025\/05\/imagen-2-768x123.png 768w, http:\/\/grupo.us.es\/labdescyc\/wp-content\/uploads\/2025\/05\/imagen-2.png 1280w\" sizes=\"(max-width: 1024px) 100vw, 1024px\" \/><\/figure><div class=\"wp-block-media-text__content\">\n<p><\/p>\n\n\n\n<p>Ref. RYC2021-032948-I -. David Vila-Vi\u00f1as (IP)<\/p>\n\n\n\n<div style=\"height:100px\" aria-hidden=\"true\" class=\"wp-block-spacer\"><\/div>\n<\/div><\/div>\n\n\n\n<h3 class=\"wp-block-heading has-background\" style=\"border-style:none;border-width:0px;background-color:#f4eee0;font-size:23px;line-height:0.8\">Otros proyectos en los que colaboramos<\/h3>\n\n\n\n<p class=\"has-text-color has-link-color wp-elements-fc24e708b7b234131e40ac7ea7481146\" style=\"color:#a8003b\">Observat\u00f3rio para as Condi\u00e7\u00f5es de Vida e Trabalho<br><br><\/p>\n\n\n\n<div class=\"wp-block-group is-nowrap is-layout-flex wp-container-core-group-is-layout-1 wp-block-group-is-layout-flex\">\n<div class=\"wp-block-media-text is-stacked-on-mobile\" style=\"grid-template-columns:32% auto\"><figure class=\"wp-block-media-text__media\"><img loading=\"lazy\" decoding=\"async\" width=\"646\" height=\"213\" src=\"http:\/\/grupo.us.es\/labdescyc\/wp-content\/uploads\/2025\/07\/ieflucfct-1.png\" alt=\"\" class=\"wp-image-437 size-full\" srcset=\"http:\/\/grupo.us.es\/labdescyc\/wp-content\/uploads\/2025\/07\/ieflucfct-1.png 646w, http:\/\/grupo.us.es\/labdescyc\/wp-content\/uploads\/2025\/07\/ieflucfct-1-300x99.png 300w\" sizes=\"(max-width: 646px) 100vw, 646px\" \/><\/figure><div class=\"wp-block-media-text__content\">\n<p><\/p>\n\n\n\n<p><\/p>\n<\/div><\/div>\n<\/div>\n\n\n\n<h3 class=\"wp-block-heading has-background\" style=\"border-style:none;border-width:0px;background-color:#f4eee0;font-size:23px;line-height:0.8\">Proyectos realizados<\/h3>\n\n\n\n<p class=\"has-text-color has-link-color wp-elements-35e1ea985b4a61229633f50ad1942fbc\" style=\"color:#a8003b\">Transformaciones socio-jur\u00eddicas en el empleo de hogar y de cuidados y su impacto sobre la sostenibilidad de la vida. Evaluaci\u00f3n de la reforma introducida por el RD-Ley 16\/2022<\/p>\n\n\n\n<div class=\"wp-block-group is-nowrap is-layout-flex wp-container-core-group-is-layout-2 wp-block-group-is-layout-flex\">\n<div class=\"wp-block-media-text is-stacked-on-mobile\" style=\"grid-template-columns:32% auto\"><figure class=\"wp-block-media-text__media\"><img loading=\"lazy\" decoding=\"async\" width=\"1395\" height=\"324\" src=\"http:\/\/grupo.us.es\/labdescyc\/wp-content\/uploads\/2025\/03\/nuevo-logotipo-inmujeres.bmp\" alt=\"\" class=\"wp-image-135 size-full\"\/><\/figure><div class=\"wp-block-media-text__content\">\n<p>Proyecto de investigaci\u00f3n 25-5-ID23 (2023-2024) -. David Vila-Vi\u00f1as (IP)<\/p>\n<\/div><\/div>\n<\/div>\n\n\n\n<div style=\"height:50px\" aria-hidden=\"true\" class=\"wp-block-spacer\"><\/div>\n\n\n\n<p class=\"has-text-color has-link-color wp-elements-090bc1f3c07e998fd7ae7266eafd9ed9\" style=\"color:#a8003b\">Factores que limitan la efectividad de los derechos sociales de las familias monoparentales con empleos en el sector del empleo de hogar y de limpieza.<\/p>\n\n\n\n<div class=\"wp-block-media-text is-stacked-on-mobile\" style=\"grid-template-columns:15% auto\"><figure class=\"wp-block-media-text__media\"><img loading=\"lazy\" decoding=\"async\" width=\"300\" height=\"261\" src=\"http:\/\/grupo.us.es\/labdescyc\/wp-content\/uploads\/2025\/03\/US-marca-principal-300x261.png\" alt=\"\" class=\"wp-image-137 size-medium\" srcset=\"http:\/\/grupo.us.es\/labdescyc\/wp-content\/uploads\/2025\/03\/US-marca-principal-300x261.png 300w, http:\/\/grupo.us.es\/labdescyc\/wp-content\/uploads\/2025\/03\/US-marca-principal.png 669w\" sizes=\"(max-width: 300px) 100vw, 300px\" \/><\/figure><div class=\"wp-block-media-text__content\">\n<p>Programa II.5A Atracci\u00f3n de investigadores con alto potencial VII Plan Propio de Investigaci\u00f3n (2023-2024) -. David Vila-Vi\u00f1as (IP)<\/p>\n<\/div><\/div>\n\n\n\n<div class=\"wp-block-group is-nowrap is-layout-flex wp-container-core-group-is-layout-3 wp-block-group-is-layout-flex\">\n<div style=\"height:100px;width:0px\" aria-hidden=\"true\" class=\"wp-block-spacer wp-container-content-1\"><\/div>\n\n\n\n<p><\/p>\n<\/div>\n\n\n\n<hr class=\"wp-block-separator has-alpha-channel-opacity\"\/>\n\n\n\n<div style=\"height:34px\" aria-hidden=\"true\" class=\"wp-block-spacer\"><\/div>\n\n\n\n<h2 class=\"wp-block-heading has-text-color has-link-color wp-elements-f949b007d20bbe78e36169286eb633d5\" style=\"color:#a8003b\">Participan:<\/h2>\n\n\n\n<div class=\"wp-block-columns is-layout-flex wp-container-core-columns-is-layout-1 wp-block-columns-is-layout-flex\">\n<div class=\"wp-block-column is-layout-flow wp-block-column-is-layout-flow\" style=\"flex-basis:20%\">\n<figure class=\"wp-block-image size-full is-resized\"><img loading=\"lazy\" decoding=\"async\" width=\"669\" height=\"582\" src=\"http:\/\/grupo.us.es\/labdescyc\/wp-content\/uploads\/2025\/03\/US-marca-principal.png\" alt=\"\" class=\"wp-image-137\" style=\"object-fit:contain;width:100px;height:100px\" srcset=\"http:\/\/grupo.us.es\/labdescyc\/wp-content\/uploads\/2025\/03\/US-marca-principal.png 669w, http:\/\/grupo.us.es\/labdescyc\/wp-content\/uploads\/2025\/03\/US-marca-principal-300x261.png 300w\" sizes=\"(max-width: 669px) 100vw, 669px\" \/><\/figure>\n<\/div>\n\n\n\n<div class=\"wp-block-column is-layout-flow wp-block-column-is-layout-flow\" style=\"flex-basis:20%\">\n<figure class=\"wp-block-image size-full is-resized\"><img loading=\"lazy\" decoding=\"async\" width=\"1662\" height=\"468\" src=\"http:\/\/grupo.us.es\/labdescyc\/wp-content\/uploads\/2025\/03\/logo-UZ-1474.png\" alt=\"\" class=\"wp-image-152\" style=\"object-fit:contain;width:100px;height:100px\" srcset=\"http:\/\/grupo.us.es\/labdescyc\/wp-content\/uploads\/2025\/03\/logo-UZ-1474.png 1662w, http:\/\/grupo.us.es\/labdescyc\/wp-content\/uploads\/2025\/03\/logo-UZ-1474-300x84.png 300w, http:\/\/grupo.us.es\/labdescyc\/wp-content\/uploads\/2025\/03\/logo-UZ-1474-1024x288.png 1024w, http:\/\/grupo.us.es\/labdescyc\/wp-content\/uploads\/2025\/03\/logo-UZ-1474-768x216.png 768w, http:\/\/grupo.us.es\/labdescyc\/wp-content\/uploads\/2025\/03\/logo-UZ-1474-1536x433.png 1536w\" sizes=\"(max-width: 1662px) 100vw, 1662px\" \/><\/figure>\n<\/div>\n\n\n\n<div class=\"wp-block-column is-layout-flow wp-block-column-is-layout-flow\" style=\"flex-basis:20%\">\n<figure class=\"wp-block-image size-full is-resized\"><img loading=\"lazy\" decoding=\"async\" width=\"946\" height=\"945\" src=\"http:\/\/grupo.us.es\/labdescyc\/wp-content\/uploads\/2025\/03\/MARCA-UNIV.-POSITIVA-VERTICAL.png\" alt=\"\" class=\"wp-image-153\" style=\"object-fit:contain;width:100px;height:100px\" srcset=\"http:\/\/grupo.us.es\/labdescyc\/wp-content\/uploads\/2025\/03\/MARCA-UNIV.-POSITIVA-VERTICAL.png 946w, http:\/\/grupo.us.es\/labdescyc\/wp-content\/uploads\/2025\/03\/MARCA-UNIV.-POSITIVA-VERTICAL-300x300.png 300w, http:\/\/grupo.us.es\/labdescyc\/wp-content\/uploads\/2025\/03\/MARCA-UNIV.-POSITIVA-VERTICAL-150x150.png 150w, http:\/\/grupo.us.es\/labdescyc\/wp-content\/uploads\/2025\/03\/MARCA-UNIV.-POSITIVA-VERTICAL-768x767.png 768w\" sizes=\"(max-width: 946px) 100vw, 946px\" \/><\/figure>\n<\/div>\n\n\n\n<div class=\"wp-block-column is-layout-flow wp-block-column-is-layout-flow\" style=\"flex-basis:20%\">\n<figure class=\"wp-block-image size-full is-resized\"><img loading=\"lazy\" decoding=\"async\" width=\"1611\" height=\"2321\" src=\"http:\/\/grupo.us.es\/labdescyc\/wp-content\/uploads\/2025\/03\/Marca-Vertical-UPO.png\" alt=\"\" class=\"wp-image-154\" style=\"object-fit:contain;width:100px;height:100px\" srcset=\"http:\/\/grupo.us.es\/labdescyc\/wp-content\/uploads\/2025\/03\/Marca-Vertical-UPO.png 1611w, http:\/\/grupo.us.es\/labdescyc\/wp-content\/uploads\/2025\/03\/Marca-Vertical-UPO-208x300.png 208w, http:\/\/grupo.us.es\/labdescyc\/wp-content\/uploads\/2025\/03\/Marca-Vertical-UPO-711x1024.png 711w, http:\/\/grupo.us.es\/labdescyc\/wp-content\/uploads\/2025\/03\/Marca-Vertical-UPO-768x1106.png 768w, http:\/\/grupo.us.es\/labdescyc\/wp-content\/uploads\/2025\/03\/Marca-Vertical-UPO-1066x1536.png 1066w, http:\/\/grupo.us.es\/labdescyc\/wp-content\/uploads\/2025\/03\/Marca-Vertical-UPO-1422x2048.png 1422w\" sizes=\"(max-width: 1611px) 100vw, 1611px\" \/><\/figure>\n<\/div>\n\n\n\n<div class=\"wp-block-column is-layout-flow wp-block-column-is-layout-flow\" style=\"flex-basis:20%\">\n<figure class=\"wp-block-image size-full is-resized\"><img loading=\"lazy\" decoding=\"async\" width=\"1341\" height=\"1411\" src=\"http:\/\/grupo.us.es\/labdescyc\/wp-content\/uploads\/2025\/03\/05-Logotipo-Vertical_almeria.png\" alt=\"\" class=\"wp-image-155\" style=\"object-fit:contain;width:100px;height:100px\" srcset=\"http:\/\/grupo.us.es\/labdescyc\/wp-content\/uploads\/2025\/03\/05-Logotipo-Vertical_almeria.png 1341w, http:\/\/grupo.us.es\/labdescyc\/wp-content\/uploads\/2025\/03\/05-Logotipo-Vertical_almeria-285x300.png 285w, http:\/\/grupo.us.es\/labdescyc\/wp-content\/uploads\/2025\/03\/05-Logotipo-Vertical_almeria-973x1024.png 973w, http:\/\/grupo.us.es\/labdescyc\/wp-content\/uploads\/2025\/03\/05-Logotipo-Vertical_almeria-768x808.png 768w\" sizes=\"(max-width: 1341px) 100vw, 1341px\" \/><\/figure>\n<\/div>\n<\/div>\n\n\n\n<div style=\"height:31px\" aria-hidden=\"true\" class=\"wp-block-spacer\"><\/div>\n\n\n\n<div class=\"wp-block-columns is-layout-flex wp-container-core-columns-is-layout-2 wp-block-columns-is-layout-flex\">\n<div class=\"wp-block-column is-layout-flow wp-block-column-is-layout-flow\" style=\"flex-basis:50%\">\n<figure class=\"wp-block-image size-large is-resized\"><img loading=\"lazy\" decoding=\"async\" width=\"1022\" height=\"1024\" src=\"http:\/\/grupo.us.es\/labdescyc\/wp-content\/uploads\/2025\/06\/UC_V_FundoClaro-verde_-1022x1024.png\" alt=\"\" class=\"wp-image-338\" style=\"object-fit:cover;width:150px;height:150px\" srcset=\"http:\/\/grupo.us.es\/labdescyc\/wp-content\/uploads\/2025\/06\/UC_V_FundoClaro-verde_-1022x1024.png 1022w, http:\/\/grupo.us.es\/labdescyc\/wp-content\/uploads\/2025\/06\/UC_V_FundoClaro-verde_-300x300.png 300w, http:\/\/grupo.us.es\/labdescyc\/wp-content\/uploads\/2025\/06\/UC_V_FundoClaro-verde_-150x150.png 150w, http:\/\/grupo.us.es\/labdescyc\/wp-content\/uploads\/2025\/06\/UC_V_FundoClaro-verde_-768x770.png 768w, http:\/\/grupo.us.es\/labdescyc\/wp-content\/uploads\/2025\/06\/UC_V_FundoClaro-verde_-1532x1536.png 1532w, http:\/\/grupo.us.es\/labdescyc\/wp-content\/uploads\/2025\/06\/UC_V_FundoClaro-verde_.png 1666w\" sizes=\"(max-width: 1022px) 100vw, 1022px\" \/><\/figure>\n<\/div>\n\n\n\n<div class=\"wp-block-column is-layout-flow wp-block-column-is-layout-flow\" style=\"flex-basis:50%\">\n<figure class=\"wp-block-image size-full is-resized\"><img loading=\"lazy\" decoding=\"async\" width=\"274\" height=\"310\" src=\"http:\/\/grupo.us.es\/labdescyc\/wp-content\/uploads\/2025\/06\/Logo-unimore.png\" alt=\"\" class=\"wp-image-343\" style=\"object-fit:contain;width:100px;height:100px\" srcset=\"http:\/\/grupo.us.es\/labdescyc\/wp-content\/uploads\/2025\/06\/Logo-unimore.png 274w, http:\/\/grupo.us.es\/labdescyc\/wp-content\/uploads\/2025\/06\/Logo-unimore-265x300.png 265w\" sizes=\"(max-width: 274px) 100vw, 274px\" \/><\/figure>\n<\/div>\n<\/div>\n\n\n\n<div style=\"height:31px\" aria-hidden=\"true\" class=\"wp-block-spacer\"><\/div>\n\n\n\n<div class=\"wp-block-columns is-layout-flex wp-container-core-columns-is-layout-3 wp-block-columns-is-layout-flex\">\n<div class=\"wp-block-column is-layout-flow wp-block-column-is-layout-flow\"><\/div>\n\n\n\n<div class=\"wp-block-column is-layout-flow wp-block-column-is-layout-flow\"><\/div>\n<\/div>\n\n\n\n<div class=\"wp-block-columns is-layout-flex wp-container-core-columns-is-layout-4 wp-block-columns-is-layout-flex\">\n<div class=\"wp-block-column is-layout-flow wp-block-column-is-layout-flow\">\n<figure class=\"wp-block-image alignleft size-large is-resized\"><img loading=\"lazy\" decoding=\"async\" width=\"1024\" height=\"198\" src=\"http:\/\/grupo.us.es\/labdescyc\/wp-content\/uploads\/2025\/05\/imagen-1-1024x198.png\" alt=\"\" class=\"wp-image-230\" style=\"width:auto;height:80px\" srcset=\"http:\/\/grupo.us.es\/labdescyc\/wp-content\/uploads\/2025\/05\/imagen-1-1024x198.png 1024w, http:\/\/grupo.us.es\/labdescyc\/wp-content\/uploads\/2025\/05\/imagen-1-300x58.png 300w, http:\/\/grupo.us.es\/labdescyc\/wp-content\/uploads\/2025\/05\/imagen-1-768x149.png 768w, http:\/\/grupo.us.es\/labdescyc\/wp-content\/uploads\/2025\/05\/imagen-1.png 1280w\" sizes=\"(max-width: 1024px) 100vw, 1024px\" \/><\/figure>\n<\/div>\n\n\n\n<div class=\"wp-block-column is-layout-flow wp-block-column-is-layout-flow\">\n<figure class=\"wp-block-image size-large is-resized\"><img loading=\"lazy\" decoding=\"async\" width=\"1024\" height=\"164\" src=\"http:\/\/grupo.us.es\/labdescyc\/wp-content\/uploads\/2025\/05\/imagen-2-1024x164.png\" alt=\"\" class=\"wp-image-232\" style=\"width:auto;height:80px\" srcset=\"http:\/\/grupo.us.es\/labdescyc\/wp-content\/uploads\/2025\/05\/imagen-2-1024x164.png 1024w, http:\/\/grupo.us.es\/labdescyc\/wp-content\/uploads\/2025\/05\/imagen-2-300x48.png 300w, http:\/\/grupo.us.es\/labdescyc\/wp-content\/uploads\/2025\/05\/imagen-2-768x123.png 768w, http:\/\/grupo.us.es\/labdescyc\/wp-content\/uploads\/2025\/05\/imagen-2.png 1280w\" sizes=\"(max-width: 1024px) 100vw, 1024px\" \/><\/figure>\n<\/div>\n<\/div>\n\n\n\n<div style=\"height:100px\" aria-hidden=\"true\" class=\"wp-block-spacer\"><\/div>\n","protected":false},"excerpt":{"rendered":"<p>Los derechos econ\u00f3micos, sociales y culturales constituyen una categor\u00eda central para la organizaci\u00f3n de los Estados y sociedades democr\u00e1ticas. Lejos de suponer solo el fundamento normativo de servicios p\u00fablicos como la educaci\u00f3n o la sanidad, un alto est\u00e1ndar en su efectividad es un indicador fiel de la calidad de vida y bienestar de la ciudadan\u00eda. [&hellip;]<\/p>\n","protected":false},"author":1,"featured_media":85,"parent":0,"menu_order":0,"comment_status":"closed","ping_status":"closed","template":"","meta":{"footnotes":""},"class_list":["post-28","page","type-page","status-publish","has-post-thumbnail","hentry"],"_links":{"self":[{"href":"http:\/\/grupo.us.es\/labdescyc\/index.php?rest_route=\/wp\/v2\/pages\/28","targetHints":{"allow":["GET"]}}],"collection":[{"href":"http:\/\/grupo.us.es\/labdescyc\/index.php?rest_route=\/wp\/v2\/pages"}],"about":[{"href":"http:\/\/grupo.us.es\/labdescyc\/index.php?rest_route=\/wp\/v2\/types\/page"}],"author":[{"embeddable":true,"href":"http:\/\/grupo.us.es\/labdescyc\/index.php?rest_route=\/wp\/v2\/users\/1"}],"replies":[{"embeddable":true,"href":"http:\/\/grupo.us.es\/labdescyc\/index.php?rest_route=%2Fwp%2Fv2%2Fcomments&post=28"}],"version-history":[{"count":139,"href":"http:\/\/grupo.us.es\/labdescyc\/index.php?rest_route=\/wp\/v2\/pages\/28\/revisions"}],"predecessor-version":[{"id":575,"href":"http:\/\/grupo.us.es\/labdescyc\/index.php?rest_route=\/wp\/v2\/pages\/28\/revisions\/575"}],"wp:featuredmedia":[{"embeddable":true,"href":"http:\/\/grupo.us.es\/labdescyc\/index.php?rest_route=\/wp\/v2\/media\/85"}],"wp:attachment":[{"href":"http:\/\/grupo.us.es\/labdescyc\/index.php?rest_route=%2Fwp%2Fv2%2Fmedia&parent=28"}],"curies":[{"name":"wp","href":"https:\/\/api.w.org\/{rel}","templated":true}]}}