{"id":538,"date":"2021-11-08T21:23:28","date_gmt":"2021-11-08T21:23:28","guid":{"rendered":"https:\/\/grupo.us.es\/hislabinst\/?page_id=538"},"modified":"2025-04-11T05:43:29","modified_gmt":"2025-04-11T05:43:29","slug":"marta-aguilar-gil","status":"publish","type":"page","link":"https:\/\/grupo.us.es\/hislabinst\/marta-aguilar-gil\/","title":{"rendered":"Marta Aguilar Gil"},"content":{"rendered":"<p>[et_pb_section fb_built=&#8221;1&#8243; custom_padding_last_edited=&#8221;on|phone&#8221; _builder_version=&#8221;4.10.8&#8243; _module_preset=&#8221;default&#8221; custom_padding=&#8221;|0px|0px||false|false&#8221; custom_padding_tablet=&#8221;||20px||false|false&#8221; custom_padding_phone=&#8221;&#8221; locked=&#8221;off&#8221; global_colors_info=&#8221;{}&#8221;][et_pb_row _builder_version=&#8221;4.10.8&#8243; _module_preset=&#8221;default&#8221; custom_padding=&#8221;||||false|false&#8221; global_colors_info=&#8221;{}&#8221;][et_pb_column type=&#8221;4_4&#8243; _builder_version=&#8221;4.10.8&#8243; _module_preset=&#8221;default&#8221; global_colors_info=&#8221;{}&#8221;][et_pb_text _builder_version=&#8221;4.10.8&#8243; _module_preset=&#8221;default&#8221; text_font=&#8221;|600|||||||&#8221; text_text_color=&#8221;#055169&#8243; text_font_size=&#8221;13px&#8221; link_text_color=&#8221;#055169&#8243; custom_padding=&#8221;||0px||false|false&#8221; global_colors_info=&#8221;{}&#8221;]<\/p>\n<p><a href=\"https:\/\/grupo.us.es\/hislabinst\/\">Home<\/a>\u00a0<svg xmlns=\"http:\/\/www.w3.org\/2000\/svg\" viewbox=\"-11 -2 30 17\" width=\"15\" fill=\"currentColor\"><path d=\"M5.314 7.071l-4.95-4.95A1 1 0 0 1 1.778.707l5.657 5.657a1 1 0 0 1 0 1.414l-5.657 5.657a1 1 0 0 1-1.414-1.414l4.95-4.95z\"><\/path><\/svg> <a href=\"https:\/\/grupo.us.es\/hislabinst\/team\/\">Team<\/a>\u00a0<svg xmlns=\"http:\/\/www.w3.org\/2000\/svg\" viewbox=\"-11 -2 30 17\" width=\"15\" fill=\"currentColor\"><path d=\"M5.314 7.071l-4.95-4.95A1 1 0 0 1 1.778.707l5.657 5.657a1 1 0 0 1 0 1.414l-5.657 5.657a1 1 0 0 1-1.414-1.414l4.95-4.95z\"><\/path><\/svg> Marta Aguilar Gil<\/p>\n<p>[\/et_pb_text][\/et_pb_column][\/et_pb_row][\/et_pb_section][et_pb_section fb_built=&#8221;1&#8243; use_custom_gutter=&#8221;on&#8221; gutter_width=&#8221;1&#8243; specialty=&#8221;on&#8221; _builder_version=&#8221;4.10.8&#8243; _module_preset=&#8221;default&#8221; inner_width=&#8221;90%&#8221; inner_width_tablet=&#8221;70%&#8221; inner_width_phone=&#8221;&#8221; inner_width_last_edited=&#8221;on|phone&#8221; inner_max_width=&#8221;100%&#8221; custom_padding=&#8221;0px||||false|false&#8221; locked=&#8221;off&#8221; global_colors_info=&#8221;{}&#8221;][et_pb_column type=&#8221;1_3&#8243; _builder_version=&#8221;3.25&#8243; global_colors_info=&#8221;{}&#8221; custom_padding__hover=&#8221;|||&#8221;][et_pb_image src=&#8221;https:\/\/grupo.us.es\/hislabinst\/wp-content\/uploads\/2022\/03\/Marta_Aguilar_Gil.png&#8221; title_text=&#8221;Marta_Aguilar_Gil&#8221; align=&#8221;center&#8221; _builder_version=&#8221;4.10.8&#8243; _module_preset=&#8221;default&#8221; width=&#8221;210px&#8221; module_alignment=&#8221;center&#8221; height=&#8221;200px&#8221; animation_style=&#8221;fade&#8221; border_radii=&#8221;on|1000px|1000px|1000px|1000px&#8221; border_width_all=&#8221;8px&#8221; border_color_all=&#8221;#E17E23&#8243; global_colors_info=&#8221;{}&#8221;][\/et_pb_image][et_pb_text _builder_version=&#8221;4.10.8&#8243; _module_preset=&#8221;default&#8221; text_font=&#8221;Prata|700|||||||&#8221; text_text_color=&#8221;#055169&#8243; text_font_size=&#8221;20px&#8221; text_line_height=&#8221;1.5em&#8221; text_orientation=&#8221;center&#8221; custom_margin=&#8221;20px||||false|false&#8221; animation_style=&#8221;fade&#8221; global_colors_info=&#8221;{}&#8221;]<\/p>\n<p>Marta Aguilar Gil<\/p>\n<p>[\/et_pb_text][\/et_pb_column][et_pb_column type=&#8221;2_3&#8243; specialty_columns=&#8221;2&#8243; _builder_version=&#8221;3.25&#8243; global_colors_info=&#8221;{}&#8221; custom_padding__hover=&#8221;|||&#8221;][et_pb_row_inner _builder_version=&#8221;4.10.8&#8243; _module_preset=&#8221;default&#8221; custom_margin=&#8221;||||false|false&#8221; custom_margin_tablet=&#8221;30px||||false|false&#8221; custom_margin_phone=&#8221;&#8221; custom_margin_last_edited=&#8221;on|phone&#8221; global_colors_info=&#8221;{}&#8221;][et_pb_column_inner saved_specialty_column_type=&#8221;2_3&#8243; _builder_version=&#8221;4.10.8&#8243; _module_preset=&#8221;default&#8221; global_colors_info=&#8221;{}&#8221;][et_pb_text _builder_version=&#8221;4.10.8&#8243; _module_preset=&#8221;default&#8221; text_font_size=&#8221;14px&#8221; text_orientation=&#8221;justified&#8221; custom_margin=&#8221;10px|50px||50px|false|true&#8221; custom_margin_tablet=&#8221;|-70px||-70px|false|true&#8221; custom_margin_phone=&#8221;|-35px||-35px|false|true&#8221; custom_margin_last_edited=&#8221;on|tablet&#8221; custom_padding=&#8221;|30px||30px|false|false&#8221; animation_style=&#8221;fade&#8221; border_radii=&#8221;on|20px|20px|20px|20px&#8221; border_width_right=&#8221;5px&#8221; border_color_right=&#8221;#DADADA&#8221; border_width_left=&#8221;5px&#8221; border_color_left=&#8221;#DADADA&#8221; global_colors_info=&#8221;{}&#8221;]<\/p>\n<p class=\"western\" align=\"justify\">Marta Aguilar Gil, es doctora en Sociolog\u00eda por la Universidad Pontificia de Salamanca, Graduada en Trabajo Social por la Universidad de Comillas y M\u00e1ster en Gesti\u00f3n y Administraci\u00f3n (MBA-Executive) por el ICADE.<\/p>\n<p class=\"western\" align=\"justify\">Ha sido profesora a tiempo completo en la Universidad de Castilla-La Mancha y en la Universidad Rey Juan Carlos, tambi\u00e9n ha colaborado durante m\u00e1s de 10 a\u00f1os en el M\u00e1ster de anticoncepci\u00f3n y salud sexual y reproductiva en la Facultad de Medicina de la Universidad de Alcal\u00e1 de Henares (Madrid), y ha sido profesora invitada en la Universidad San Carlos (Guatemala), en la Universidad de Coimbra (Portugal) y en la Universidad de la Sorbona &#8211; Paris 1 (Francia).<\/p>\n<p class=\"western\" align=\"justify\">En la actualidad es profesora de Sociolog\u00eda en la Universidad de Sevilla, su docencia se centra en las facultades de Ciencias de la Educaci\u00f3n y Ciencias del Trabajo.<\/p>\n<p class=\"western\" align=\"justify\">Ha publicado libros y art\u00edculos relacionados con sus l\u00edneas de investigaci\u00f3n : educaci\u00f3n, salud, sociolog\u00eda general, teor\u00edas sociol\u00f3gicas, evaluaci\u00f3n de pol\u00edticas p\u00fablicas y participaci\u00f3n ciudadana.<\/p>\n<p class=\"western\" align=\"justify\">Algunas de sus \u00faltimas publicaciones son :<\/p>\n<p class=\"western\" align=\"justify\">Aguilar, M., Bleda J.M. (2020) \u201cCrisis econ\u00f3mica y pol\u00edtica neoliberal en el sistema nacional de salud espa\u00f1ol\u201d en Cuadernos Gest\u00e3o P\u00fablica e Cidadania, v. 25, n. 82. Pp: 1-18.<\/p>\n<p class=\"western\" align=\"justify\">Aguilar, M; Bleda, JM. (2019) \u201cLos inmigrantes en el sistema sanitario espa\u00f1ol: aspectos participativos y de atenci\u00f3n a la salud\u201d en <i>Revista Espa\u00f1ola de Salud p\u00fablica. <\/i><span lang=\"en-US\">Indexada en Web of Scince-Clarivate. Scopus. Journal Citation Report.<\/span><\/p>\n<p class=\"western\" align=\"justify\">Aguilar, M; Bleda, JM. (2018) \u201cEl modelo de participaci\u00f3n ciudadana en salud en Puertollano (Espa\u00f1a): m\u00e1s all\u00e1 de la voluntad pol\u00edtica y del empoderamiento ciudadano\u201d en <i>Revista Cr\u00edtica de Ci\u00eancias Sociais<\/i>. <span lang=\"en-US\">Indexada Web of Science-Clarivate.<\/span><\/p>\n<p>[\/et_pb_text][\/et_pb_column_inner][\/et_pb_row_inner][et_pb_row_inner column_structure=&#8221;1_3,1_3,1_3&#8243; use_custom_gutter=&#8221;on&#8221; gutter_width=&#8221;1&#8243; _builder_version=&#8221;4.10.8&#8243; _module_preset=&#8221;default&#8221; width=&#8221;100%&#8221; max_width=&#8221;100%&#8221; module_alignment=&#8221;center&#8221; global_colors_info=&#8221;{}&#8221;][et_pb_column_inner type=&#8221;1_3&#8243; saved_specialty_column_type=&#8221;2_3&#8243; _builder_version=&#8221;4.10.8&#8243; _module_preset=&#8221;default&#8221; global_colors_info=&#8221;{}&#8221;][et_pb_button button_url=&#8221;http:\/\/www.departamento.us.es\/sociologia\/personal\/aguilar.html&#8221; url_new_window=&#8221;on&#8221; button_text=&#8221;WEB&#8221; button_alignment=&#8221;center&#8221; _builder_version=&#8221;4.10.8&#8243; _module_preset=&#8221;default&#8221; custom_button=&#8221;on&#8221; button_text_size=&#8221;13px&#8221; button_text_color=&#8221;#DADADA&#8221; button_bg_color=&#8221;#055169&#8243; button_border_radius=&#8221;10px&#8221; custom_margin=&#8221;||||false|false&#8221; custom_margin_tablet=&#8221;5px||5px||true|false&#8221; custom_margin_phone=&#8221;&#8221; custom_margin_last_edited=&#8221;on|phone&#8221; animation_style=&#8221;fade&#8221; locked=&#8221;off&#8221; global_colors_info=&#8221;{}&#8221;][\/et_pb_button][\/et_pb_column_inner][et_pb_column_inner type=&#8221;1_3&#8243; saved_specialty_column_type=&#8221;2_3&#8243; _builder_version=&#8221;4.10.8&#8243; _module_preset=&#8221;default&#8221; global_colors_info=&#8221;{}&#8221;][et_pb_button button_url=&#8221;https:\/\/investigacion.us.es\/sisius\/sis_showpub.php?idpers=19780&#8243; url_new_window=&#8221;on&#8221; button_text=&#8221;SISIUS&#8221; button_alignment=&#8221;center&#8221; _builder_version=&#8221;4.10.8&#8243; _module_preset=&#8221;default&#8221; custom_button=&#8221;on&#8221; button_text_size=&#8221;13px&#8221; button_text_color=&#8221;#DADADA&#8221; button_bg_color=&#8221;#055169&#8243; button_border_radius=&#8221;10px&#8221; custom_margin=&#8221;||||false|false&#8221; custom_margin_tablet=&#8221;5px||5px||true|false&#8221; custom_margin_phone=&#8221;&#8221; custom_margin_last_edited=&#8221;on|phone&#8221; animation_style=&#8221;fade&#8221; locked=&#8221;off&#8221; global_colors_info=&#8221;{}&#8221;][\/et_pb_button][\/et_pb_column_inner][et_pb_column_inner type=&#8221;1_3&#8243; saved_specialty_column_type=&#8221;2_3&#8243; _builder_version=&#8221;4.10.8&#8243; _module_preset=&#8221;default&#8221; global_colors_info=&#8221;{}&#8221;][et_pb_button button_url=&#8221;https:\/\/orcid.org\/0000-0002-8038-3421&#8243; url_new_window=&#8221;on&#8221; button_text=&#8221;ORCID&#8221; button_alignment=&#8221;center&#8221; _builder_version=&#8221;4.10.8&#8243; _module_preset=&#8221;default&#8221; custom_button=&#8221;on&#8221; button_text_size=&#8221;13px&#8221; button_text_color=&#8221;#DADADA&#8221; button_bg_color=&#8221;#055169&#8243; button_border_radius=&#8221;10px&#8221; custom_margin=&#8221;||||false|false&#8221; custom_margin_tablet=&#8221;5px||5px||true|false&#8221; custom_margin_phone=&#8221;&#8221; custom_margin_last_edited=&#8221;on|phone&#8221; animation_style=&#8221;fade&#8221; locked=&#8221;off&#8221; global_colors_info=&#8221;{}&#8221;][\/et_pb_button][\/et_pb_column_inner][\/et_pb_row_inner][\/et_pb_column][\/et_pb_section]<\/p>\n","protected":false},"excerpt":{"rendered":"<p>Home\u00a0 Team\u00a0 Marta Aguilar GilMarta Aguilar GilMarta Aguilar Gil, es doctora en Sociolog\u00eda por la Universidad Pontificia de Salamanca, Graduada en Trabajo Social por la Universidad de Comillas y M\u00e1ster en Gesti\u00f3n y Administraci\u00f3n (MBA-Executive) por el ICADE. Ha sido profesora a tiempo completo en la Universidad de Castilla-La Mancha y en la Universidad Rey [&hellip;]<\/p>\n","protected":false},"author":1,"featured_media":0,"parent":0,"menu_order":0,"comment_status":"closed","ping_status":"closed","template":"","meta":{"_et_pb_use_builder":"on","_et_pb_old_content":"","_et_gb_content_width":"","footnotes":""},"class_list":["post-538","page","type-page","status-publish","hentry"],"yoast_head":"<!-- This site is optimized with the Yoast SEO plugin v19.2 - https:\/\/yoast.com\/wordpress\/plugins\/seo\/ -->\n<title>Marta Aguilar Gil - History and Economic Institutions<\/title>\n<meta name=\"robots\" content=\"index, follow, max-snippet:-1, max-image-preview:large, max-video-preview:-1\" \/>\n<link rel=\"canonical\" href=\"https:\/\/grupo.us.es\/hislabinst\/marta-aguilar-gil\/\" \/>\n<meta property=\"og:locale\" content=\"en_GB\" \/>\n<meta property=\"og:type\" content=\"article\" \/>\n<meta property=\"og:title\" content=\"Marta Aguilar Gil - History and Economic Institutions\" \/>\n<meta property=\"og:description\" content=\"Home\u00a0 Team\u00a0 Marta Aguilar GilMarta Aguilar GilMarta Aguilar Gil, es doctora en Sociolog\u00eda por la Universidad Pontificia de Salamanca, Graduada en Trabajo Social por la Universidad de Comillas y M\u00e1ster en Gesti\u00f3n y Administraci\u00f3n (MBA-Executive) por el ICADE. Ha sido profesora a tiempo completo en la Universidad de Castilla-La Mancha y en la Universidad Rey [&hellip;]\" \/>\n<meta property=\"og:url\" content=\"https:\/\/grupo.us.es\/hislabinst\/marta-aguilar-gil\/\" \/>\n<meta property=\"og:site_name\" content=\"History and Economic Institutions\" \/>\n<meta property=\"article:modified_time\" content=\"2025-04-11T05:43:29+00:00\" \/>\n<meta name=\"author\" content=\"eheconomica\" \/>\n<meta name=\"twitter:card\" content=\"summary_large_image\" \/>\n<meta name=\"twitter:label1\" content=\"Estimated reading time\" \/>\n\t<meta name=\"twitter:data1\" content=\"5 minutes\" \/>\n<script type=\"application\/ld+json\" class=\"yoast-schema-graph\">{\"@context\":\"https:\/\/schema.org\",\"@graph\":[{\"@type\":\"WebSite\",\"@id\":\"https:\/\/grupo.us.es\/hislabinst\/#website\",\"url\":\"https:\/\/grupo.us.es\/hislabinst\/\",\"name\":\"History and Economic Institutions\",\"description\":\"\",\"potentialAction\":[{\"@type\":\"SearchAction\",\"target\":{\"@type\":\"EntryPoint\",\"urlTemplate\":\"https:\/\/grupo.us.es\/hislabinst\/?s={search_term_string}\"},\"query-input\":\"required name=search_term_string\"}],\"inLanguage\":\"en-GB\"},{\"@type\":\"WebPage\",\"@id\":\"https:\/\/grupo.us.es\/hislabinst\/marta-aguilar-gil\/#webpage\",\"url\":\"https:\/\/grupo.us.es\/hislabinst\/marta-aguilar-gil\/\",\"name\":\"Marta Aguilar Gil - History and Economic Institutions\",\"isPartOf\":{\"@id\":\"https:\/\/grupo.us.es\/hislabinst\/#website\"},\"datePublished\":\"2021-11-08T21:23:28+00:00\",\"dateModified\":\"2025-04-11T05:43:29+00:00\",\"breadcrumb\":{\"@id\":\"https:\/\/grupo.us.es\/hislabinst\/marta-aguilar-gil\/#breadcrumb\"},\"inLanguage\":\"en-GB\",\"potentialAction\":[{\"@type\":\"ReadAction\",\"target\":[\"https:\/\/grupo.us.es\/hislabinst\/marta-aguilar-gil\/\"]}]},{\"@type\":\"BreadcrumbList\",\"@id\":\"https:\/\/grupo.us.es\/hislabinst\/marta-aguilar-gil\/#breadcrumb\",\"itemListElement\":[{\"@type\":\"ListItem\",\"position\":1,\"name\":\"Portada\",\"item\":\"https:\/\/grupo.us.es\/hislabinst\/\"},{\"@type\":\"ListItem\",\"position\":2,\"name\":\"Marta Aguilar Gil\"}]}]}<\/script>\n<!-- \/ Yoast SEO plugin. -->","yoast_head_json":{"title":"Marta Aguilar Gil - History and Economic Institutions","robots":{"index":"index","follow":"follow","max-snippet":"max-snippet:-1","max-image-preview":"max-image-preview:large","max-video-preview":"max-video-preview:-1"},"canonical":"https:\/\/grupo.us.es\/hislabinst\/marta-aguilar-gil\/","og_locale":"en_GB","og_type":"article","og_title":"Marta Aguilar Gil - History and Economic Institutions","og_description":"Home\u00a0 Team\u00a0 Marta Aguilar GilMarta Aguilar GilMarta Aguilar Gil, es doctora en Sociolog\u00eda por la Universidad Pontificia de Salamanca, Graduada en Trabajo Social por la Universidad de Comillas y M\u00e1ster en Gesti\u00f3n y Administraci\u00f3n (MBA-Executive) por el ICADE. Ha sido profesora a tiempo completo en la Universidad de Castilla-La Mancha y en la Universidad Rey [&hellip;]","og_url":"https:\/\/grupo.us.es\/hislabinst\/marta-aguilar-gil\/","og_site_name":"History and Economic Institutions","article_modified_time":"2025-04-11T05:43:29+00:00","author":"eheconomica","twitter_card":"summary_large_image","twitter_misc":{"Estimated reading time":"5 minutes"},"schema":{"@context":"https:\/\/schema.org","@graph":[{"@type":"WebSite","@id":"https:\/\/grupo.us.es\/hislabinst\/#website","url":"https:\/\/grupo.us.es\/hislabinst\/","name":"History and Economic Institutions","description":"","potentialAction":[{"@type":"SearchAction","target":{"@type":"EntryPoint","urlTemplate":"https:\/\/grupo.us.es\/hislabinst\/?s={search_term_string}"},"query-input":"required name=search_term_string"}],"inLanguage":"en-GB"},{"@type":"WebPage","@id":"https:\/\/grupo.us.es\/hislabinst\/marta-aguilar-gil\/#webpage","url":"https:\/\/grupo.us.es\/hislabinst\/marta-aguilar-gil\/","name":"Marta Aguilar Gil - History and Economic Institutions","isPartOf":{"@id":"https:\/\/grupo.us.es\/hislabinst\/#website"},"datePublished":"2021-11-08T21:23:28+00:00","dateModified":"2025-04-11T05:43:29+00:00","breadcrumb":{"@id":"https:\/\/grupo.us.es\/hislabinst\/marta-aguilar-gil\/#breadcrumb"},"inLanguage":"en-GB","potentialAction":[{"@type":"ReadAction","target":["https:\/\/grupo.us.es\/hislabinst\/marta-aguilar-gil\/"]}]},{"@type":"BreadcrumbList","@id":"https:\/\/grupo.us.es\/hislabinst\/marta-aguilar-gil\/#breadcrumb","itemListElement":[{"@type":"ListItem","position":1,"name":"Portada","item":"https:\/\/grupo.us.es\/hislabinst\/"},{"@type":"ListItem","position":2,"name":"Marta Aguilar Gil"}]}]}},"_links":{"self":[{"href":"https:\/\/grupo.us.es\/hislabinst\/wp-json\/wp\/v2\/pages\/538","targetHints":{"allow":["GET"]}}],"collection":[{"href":"https:\/\/grupo.us.es\/hislabinst\/wp-json\/wp\/v2\/pages"}],"about":[{"href":"https:\/\/grupo.us.es\/hislabinst\/wp-json\/wp\/v2\/types\/page"}],"author":[{"embeddable":true,"href":"https:\/\/grupo.us.es\/hislabinst\/wp-json\/wp\/v2\/users\/1"}],"replies":[{"embeddable":true,"href":"https:\/\/grupo.us.es\/hislabinst\/wp-json\/wp\/v2\/comments?post=538"}],"version-history":[{"count":10,"href":"https:\/\/grupo.us.es\/hislabinst\/wp-json\/wp\/v2\/pages\/538\/revisions"}],"predecessor-version":[{"id":1209,"href":"https:\/\/grupo.us.es\/hislabinst\/wp-json\/wp\/v2\/pages\/538\/revisions\/1209"}],"wp:attachment":[{"href":"https:\/\/grupo.us.es\/hislabinst\/wp-json\/wp\/v2\/media?parent=538"}],"curies":[{"name":"wp","href":"https:\/\/api.w.org\/{rel}","templated":true}]}}