{"id":5074,"date":"2023-06-14T22:13:34","date_gmt":"2023-06-14T22:13:34","guid":{"rendered":"https:\/\/grupo.us.es\/hac\/dissemination\/publicaciones\/"},"modified":"2024-11-22T21:07:45","modified_gmt":"2024-11-22T21:07:45","slug":"publicaciones","status":"publish","type":"page","link":"https:\/\/grupo.us.es\/hac\/en\/dissemination\/publicaciones\/","title":{"rendered":"Publications"},"content":{"rendered":"<p>[et_pb_section fb_built=&#8221;1&#8243; _builder_version=&#8221;4.16&#8243; global_colors_info=&#8221;{}&#8221;][et_pb_row _builder_version=&#8221;4.16&#8243; background_size=&#8221;initial&#8221; background_position=&#8221;top_left&#8221; background_repeat=&#8221;repeat&#8221; global_colors_info=&#8221;{}&#8221;][et_pb_column type=&#8221;4_4&#8243; _builder_version=&#8221;4.16&#8243; custom_padding=&#8221;|||&#8221; global_colors_info=&#8221;{}&#8221; custom_padding__hover=&#8221;|||&#8221;][et_pb_text _builder_version=&#8221;4.27.2&#8243; global_colors_info=&#8221;{}&#8221;]<\/p>\n<h3 style=\"text-align: center;\"><strong>LATEST PUBLICATIONS<\/strong><\/h3>\n<p>[\/et_pb_text][\/et_pb_column][\/et_pb_row][et_pb_row column_structure=&#8221;1_2,1_2&#8243; _builder_version=&#8221;4.16&#8243; background_size=&#8221;initial&#8221; background_position=&#8221;top_left&#8221; background_repeat=&#8221;repeat&#8221; global_colors_info=&#8221;{}&#8221;][et_pb_column type=&#8221;1_2&#8243; _builder_version=&#8221;4.16&#8243; custom_padding=&#8221;|||&#8221; global_colors_info=&#8221;{}&#8221; custom_padding__hover=&#8221;|||&#8221;][et_pb_text _builder_version=&#8221;4.27.2&#8243; hover_enabled=&#8221;0&#8243; global_colors_info=&#8221;{}&#8221; sticky_enabled=&#8221;0&#8243;]<\/p>\n<h4><a href=\"https:\/\/grupo.us.es\/hac\/en\/guides-architecture-and-alzheimer\/\" target=\"_blank\" rel=\"noopener\"><span style=\"font-size: 11pt;\"><strong>GUIDES<\/strong><\/span><\/a><\/h4>\n<p><span style=\"color: #808080;\"><a style=\"color: #808080;\" href=\"https:\/\/grupo.us.es\/hac\/wp-content\/uploads\/2024\/11\/Guia-divulgativa-1.pdf\" target=\"_blank\" rel=\"noopener\"><strong>2024. <\/strong><\/a><em><a style=\"color: #808080;\" href=\"https:\/\/grupo.us.es\/hac\/wp-content\/uploads\/2024\/11\/Guia-divulgativa-1.pdf\" target=\"_blank\" rel=\"noopener\">Recommendations and practical advice to adapt the house<\/a><\/em><\/span><\/p>\n<p><span style=\"color: #808080;\"><a style=\"color: #808080;\" href=\"https:\/\/grupo.us.es\/hac\/wp-content\/uploads\/2024\/11\/Guia-divulgativa-2.pdf\" target=\"_blank\" rel=\"noopener\"><strong>2024<\/strong><em><strong>. <\/strong>Residence care centres for people with Alzheimer\u2019s disease<\/em><\/a><\/span><\/p>\n<p><a href=\"https:\/\/grupo.us.es\/hac\/en\/guides-architecture-and-alzheimer\/\" target=\"_blank\" rel=\"noopener\"><img loading=\"lazy\" decoding=\"async\" class=\"aligncenter wp-image-8511 size-full\" src=\"https:\/\/grupo.us.es\/hac\/wp-content\/uploads\/2024\/11\/Guia-2-residencias-alzheimer-web.jpg\" alt=\"\" width=\"825\" height=\"595\" srcset=\"https:\/\/grupo.us.es\/hac\/wp-content\/uploads\/2024\/11\/Guia-2-residencias-alzheimer-web.jpg 825w, https:\/\/grupo.us.es\/hac\/wp-content\/uploads\/2024\/11\/Guia-2-residencias-alzheimer-web-480x346.jpg 480w\" sizes=\"(min-width: 0px) and (max-width: 480px) 480px, (min-width: 481px) 825px, 100vw\" \/><\/a><\/p>\n<h4>\u00a0<\/h4>\n<h4><span style=\"font-size: 11pt;\"><b>BOOKS and BOOK CHAPTERS<\/b><\/span><\/h4>\n<p><a href=\"https:\/\/hdl.handle.net\/11441\/164801\" target=\"_blank\" rel=\"noopener\"><strong>2024<\/strong>.<em> Inteligencia Artificial aplicada a la neuroarquitectura para el dise\u00f1o de entornos educacionales destinados a personas con demencia de Alzheimer<\/em><\/a><\/p>\n<p><span style=\"color: #808080;\"><a style=\"color: #808080;\" href=\"https:\/\/www.santiagoquesada.com\/publicaciones\/libros\/\" target=\"_blank\" rel=\"noopener\"><b><strong>2023. <\/strong><\/b><em>T<\/em><em>orres, castillos e infraestructuras andalus\u00edes en la Sierra de Segura.Caracterizaci\u00f3n territorial, espacial, m\u00e9trica y constructiva. Resultados del #Proyecto<\/em><b style=\"caret-color: #808080;\"><em><strong>Segura<\/strong><\/em><\/b><\/a><\/span><\/p>\n<p id=\"titulo\"><span style=\"color: #808080;\"><a style=\"color: #808080;\" href=\"https:\/\/dialnet.unirioja.es\/servlet\/libro?codigo=869542\" target=\"_blank\" rel=\"noopener\"><strong>2022<\/strong>. <em>Intervenciones en el Alc\u00e1zar-Palacio de Estepa (Sevilla), <\/em>en libro: <em>Intervenci\u00f3n arquitect\u00f3nica y dise\u00f1o urbano en contextos hist\u00f3ricos<\/em><\/a><\/span><\/p>\n<p id=\"titulo\"><span style=\"color: #808080;\"><a style=\"color: #808080;\" href=\"https:\/\/dialnet.unirioja.es\/servlet\/articulo?codigo=8725096\" target=\"_blank\" rel=\"noopener\"><strong>2022<\/strong><em>. Flexibilidad e indeterminaci\u00f3n en el espacio dom\u00e9stico contempor\u00e1neo<\/em><\/a><\/span><\/p>\n<p><span style=\"color: #808080;\"><a style=\"color: #808080;\" href=\"https:\/\/www.taylorfrancis.com\/books\/e\/9780429469060\/chapters\/10.4324\/9780429469060-48\" target=\"_blank\" rel=\"noopener\"><b><strong>2020. <\/strong><\/b><em>Architecture, <\/em>chapter in book: <em>The Routledge Companion to Health Humanities<\/em><\/a><b><\/b><\/span><\/p>\n<p><span style=\"color: #808080;\"><a style=\"color: #808080;\" href=\"https:\/\/www.taylorfrancis.com\/books\/e\/9780429469060\/chapters\/10.4324\/9780429469060-48\" target=\"_blank\" rel=\"noopener\"><b><strong>2019.<\/strong><\/b><em> El sistema de torres musulmanas de la Sierra de Segura. Una contribuci\u00f3n al paisaje y el patrimonio rural de al-Andalus. #Proyecto<\/em><b><em><strong>Segura<\/strong><\/em><\/b><\/a><\/span><\/p>\n<h4>\u00a0<\/h4>\n<h4>\u00a0<\/h4>\n<h4><span style=\"font-size: 12pt;\"><b>ARTICLES<\/b><\/span><\/h4>\n<p><span style=\"color: #808080;\"><a style=\"color: #808080;\" href=\"https:\/\/doi.org\/10.3390\/buildings14103307\" target=\"_blank\" rel=\"noopener\"><strong>2024. <\/strong><em>Residential Care Facilities for Users with Alzheimer\u2019s Disease: Characterisation of Their Architectural Typology<\/em><\/a><\/span><\/p>\n<p><span style=\"color: #808080;\"><a style=\"color: #808080;\" href=\"https:\/\/doi.org\/10.3390\/buildings13082001\" target=\"_blank\" rel=\"noopener\"><strong>2023. <\/strong><em>Towards a Healthy Architecture: A New Paradigm in the Design and Construction of Buildings<\/em><\/a><\/span><\/p>\n<p><span style=\"color: #808080;\"><a style=\"color: #808080;\" href=\"https:\/\/www.mdpi.com\/1660-4601\/20\/10\/5886\" target=\"_blank\" rel=\"noopener\"><strong>2023. <\/strong><em>Active and Assisted Living, a Practice for the Ageing Population and People with Cognitive Disabilities: An Architectural Perspective<\/em><\/a><\/span><\/p>\n<p><span style=\"color: #808080;\"><a style=\"color: #808080;\" href=\"http:\/\/revistas.uach.cl\/index.php\/aus\/article\/view\/6764\/7872\" target=\"_blank\" rel=\"noopener\"><strong>2022. <\/strong><em>La arquitectura de las infraestructuras o la construcci\u00f3n de paisajes contempor\u00e1neos<\/em><\/a><\/span><\/p>\n<p><span style=\"color: #808080;\"><a style=\"color: #808080;\" href=\"https:\/\/www.sciencedirect.com\/science\/article\/pii\/S0305748822000044\" target=\"_blank\" rel=\"noopener\"><strong>2022<\/strong><em><strong>. <\/strong>A\u00a0cartography of al-Andalus\u2019 landscape: Mapping settlements of Muslim agricultural colonization in Europe applying GIS techniques<\/em><\/a><\/span><\/p>\n<h4>\u00a0<\/h4>\n<h4>\u00a0<\/h4>\n<h4><span style=\"font-size: 12pt;\"><strong>POSTERS<\/strong><\/span><\/h4>\n<p><span style=\"color: #808080;\"><a style=\"color: #808080;\" href=\"https:\/\/grupo.us.es\/hac\/wp-content\/uploads\/2023\/09\/ALZ_DIF_C230919_Poster_DEF_red.pdf\" target=\"_blank\" rel=\"noopener\"><strong>2023<\/strong><em>. <\/em>Spatial adaptation of the living environment for people with Alzheimer\u2019s disease: Advance results for a good practices manual<\/a><\/span><\/p>\n<p style=\"text-align: left;\"><span style=\"color: #808080;\"><strong><a style=\"color: #808080;\" href=\"http:\/\/grupo.us.es\/hac\/wp-content\/uploads\/2018\/02\/Poster-Lisboa.pdf\" target=\"_blank\" rel=\"noopener\">2017. <\/a><\/strong><a style=\"color: #808080;\" href=\"http:\/\/grupo.us.es\/hac\/wp-content\/uploads\/2018\/02\/Poster-Lisboa.pdf\" target=\"_blank\" rel=\"noopener\">New techniques in architectural research to determine the influence of the physical environment on people with Alzheimer\u2019s<\/a><\/span><\/p>\n<p style=\"text-align: left;\"><span style=\"font-weight: 400; color: #808080;\"><strong><a style=\"color: #808080;\" href=\"http:\/\/grupo.us.es\/hac\/wp-content\/uploads\/2018\/02\/P\u00f3ster-V-Conferencia-M\u00e1laga-Alzheimer.pdf\" target=\"_blank\" rel=\"noopener\">2017. <\/a><\/strong><a style=\"color: #808080;\" href=\"http:\/\/grupo.us.es\/hac\/wp-content\/uploads\/2018\/02\/P\u00f3ster-V-Conferencia-M\u00e1laga-Alzheimer.pdf\" target=\"_blank\" rel=\"noopener\">Proposal for a new architectural typology for patients with Alzheimer\u2019s: preliminary study<\/a><\/span><\/p>\n<p>&nbsp;<\/p>\n<p>[\/et_pb_text][\/et_pb_column][et_pb_column type=&#8221;1_2&#8243; _builder_version=&#8221;4.16&#8243; custom_padding=&#8221;|||&#8221; global_colors_info=&#8221;{}&#8221; custom_padding__hover=&#8221;|||&#8221;][et_pb_text _builder_version=&#8221;4.27.2&#8243; global_colors_info=&#8221;{}&#8221;]<\/p>\n<p><a href=\"https:\/\/doi.org\/10.3390\/buildings14103307\" target=\"_blank\" rel=\"noopener\"><strong>LAST ARTICLE<\/strong>. October 2024:<\/a><span style=\"color: #808080;\"><br \/><strong><em><a style=\"color: #808080;\" href=\"https:\/\/doi.org\/10.3390\/buildings14103307\" target=\"_blank\" rel=\"noopener\">2024. Residential Care Facilities for Users with Alzheimer\u2019s Disease: Characterisation of Their Architectural Typology<\/a>.<\/em><\/strong><\/span> <a href=\"https:\/\/doi.org\/10.3390\/buildings14103307\" target=\"_blank\" rel=\"noopener\">Santiago Quesada-Garc\u00eda, Pablo Valero-Flores, Mar\u00eda Lozano-G\u00f3mez<\/a><\/p>\n<p>[\/et_pb_text][et_pb_image src=&#8221;https:\/\/grupo.us.es\/hac\/wp-content\/uploads\/2022\/02\/Arquitectura-saludable-I_right-one.jpg&#8221; url=&#8221;https:\/\/doi.org\/10.3390\/buildings13082001&#8243; url_new_window=&#8221;on&#8221; align_tablet=&#8221;center&#8221; align_phone=&#8221;center&#8221; align_last_edited=&#8221;on|desktop&#8221; _builder_version=&#8221;4.16&#8243; always_center_on_mobile=&#8221;on&#8221; global_colors_info=&#8221;{}&#8221;][\/et_pb_image][et_pb_text _builder_version=&#8221;4.27.2&#8243; global_colors_info=&#8221;{}&#8221;]<\/p>\n<p>&nbsp;<\/p>\n<p>&nbsp;<\/p>\n<p><strong>LAST PAPER.<\/strong> April 2024:<br \/><span style=\"color: #808080;\"><a style=\"color: #808080;\" href=\"https:\/\/doi.org\/10.4995\/Fortmed2024.2024.18104\" target=\"_blank\" rel=\"noopener\"><b><em><strong>Levantamiento y an\u00e1lisis espacial de la presa de la garganta del ciervo y el paisaje regado por el embalse andalus\u00ed Albuhera (s. XII)<\/strong><\/em><\/b><strong><em>. <\/em><\/strong>Santiago Quesada-Garc\u00eda y Mar\u00eda Lozano-G\u00f3mez<\/a><\/span><\/p>\n<p>&nbsp;<\/p>\n<p>[\/et_pb_text][et_pb_image src=&#8221;https:\/\/grupo.us.es\/hac\/wp-content\/uploads\/2024\/01\/8_Reconstruccion-volumetrica-de-la-presa.jpg&#8221; alt=&#8221;Presa de la Garganta del Ciervo, Sierra de Segura, Ja\u00e9n&#8221; title_text=&#8221;Reconstruccion-volumetrica-de-la-presa&#8221; url=&#8221;https:\/\/doi.org\/10.3390\/buildings13082001&#8243; url_new_window=&#8221;on&#8221; align_tablet=&#8221;center&#8221; align_phone=&#8221;center&#8221; align_last_edited=&#8221;on|desktop&#8221; _builder_version=&#8221;4.27.2&#8243; always_center_on_mobile=&#8221;on&#8221; global_colors_info=&#8221;{}&#8221;][\/et_pb_image][et_pb_divider show_divider=&#8221;off&#8221; _builder_version=&#8221;4.16&#8243; global_colors_info=&#8221;{}&#8221;][\/et_pb_divider][et_pb_text _builder_version=&#8221;4.27.2&#8243; global_colors_info=&#8221;{}&#8221;]<\/p>\n<p><a href=\"https:\/\/www.santiagoquesada.com\/publicaciones\/libros\/\" target=\"_blank\" rel=\"noopener\"><strong>LAST BOOK<\/strong>. May 2023:<\/a><span style=\"color: #808080;\"><br \/><a style=\"color: #808080;\" href=\"https:\/\/www.santiagoquesada.com\/publicaciones\/libros\/\" target=\"_blank\" rel=\"noopener\"><strong><em>T<\/em><\/strong><em><strong>orres, castillos e infraestructuras andalus\u00edes en la Sierra de Segura. Caracterizaci\u00f3n territorial, espacial, m\u00e9trica y constructiva. Resultados del<\/strong> #Proyecto<\/em><b><em><strong>Segura. <\/strong><\/em><\/b>Santiago Quesada-Garc\u00eda<\/a><br \/><\/span><\/p>\n<p>[\/et_pb_text][et_pb_image src=&#8221;https:\/\/grupo.us.es\/hac\/wp-content\/uploads\/2023\/06\/El-paisaje-de-las-torres-de-Segura_tumbado_sin-fondo.jpg&#8221; url=&#8221;https:\/\/www.santiagoquesada.com\/publicaciones\/libros\/&#8221; url_new_window=&#8221;on&#8221; align_tablet=&#8221;center&#8221; align_phone=&#8221;center&#8221; align_last_edited=&#8221;on|desktop&#8221; _builder_version=&#8221;4.16&#8243; always_center_on_mobile=&#8221;on&#8221; global_colors_info=&#8221;{}&#8221;][\/et_pb_image][\/et_pb_column][\/et_pb_row][et_pb_row _builder_version=&#8221;4.16&#8243; background_size=&#8221;initial&#8221; background_position=&#8221;top_left&#8221; background_repeat=&#8221;repeat&#8221; global_colors_info=&#8221;{}&#8221;][et_pb_column type=&#8221;4_4&#8243; _builder_version=&#8221;4.16&#8243; custom_padding=&#8221;|||&#8221; global_colors_info=&#8221;{}&#8221; custom_padding__hover=&#8221;|||&#8221;][et_pb_text _builder_version=&#8221;4.27.2&#8243; global_colors_info=&#8221;{}&#8221;]<\/p>\n<h3 style=\"text-align: center;\"><strong>PUBLICATIONS<\/strong><\/h3>\n<h3 style=\"text-align: center;\"><strong>HAC research group bibliometric metrics<\/strong><br \/>(November 2024)<\/h3>\n<p>&nbsp;<\/p>\n<p>[\/et_pb_text][et_pb_image src=&#8221;https:\/\/grupo.us.es\/hac\/wp-content\/uploads\/2024\/11\/Captura-de-pantalla-2024-11-17-a-las-0.04.03.png&#8221; title_text=&#8221;Indicadores bibliometricos noviembre 2024&#8243; align_tablet=&#8221;center&#8221; align_phone=&#8221;center&#8221; align_last_edited=&#8221;on|desktop&#8221; _builder_version=&#8221;4.27.2&#8243; always_center_on_mobile=&#8221;on&#8221; global_colors_info=&#8221;{}&#8221;][\/et_pb_image][et_pb_text _builder_version=&#8221;4.16&#8243; global_colors_info=&#8221;{}&#8221;]<\/p>\n<h4 style=\"text-align: left;\"><strong>Publication citations in bibliographic databases:<\/strong><\/h4>\n<p>[\/et_pb_text][et_pb_image src=&#8221;https:\/\/grupo.us.es\/hac\/wp-content\/uploads\/2024\/11\/Captura-de-pantalla-2024-11-16-a-las-23.43.35.png&#8221; title_text=&#8221;Captura de pantalla 2024-11-16 a las 23.43.35&#8243; align_tablet=&#8221;center&#8221; align_phone=&#8221;center&#8221; align_last_edited=&#8221;on|desktop&#8221; _builder_version=&#8221;4.27.2&#8243; always_center_on_mobile=&#8221;on&#8221; global_colors_info=&#8221;{}&#8221;][\/et_pb_image][et_pb_text _builder_version=&#8221;4.16&#8243; global_colors_info=&#8221;{}&#8221;]<\/p>\n<h4 style=\"text-align: left;\"><strong>Publications compliled in journals with impact factors:<\/strong><\/h4>\n<p>[\/et_pb_text][et_pb_image src=&#8221;https:\/\/grupo.us.es\/hac\/wp-content\/uploads\/2024\/11\/Captura-de-pantalla-2024-11-16-a-las-23.43.13.png&#8221; title_text=&#8221;Publicaciones en revistas&#8221; align_tablet=&#8221;center&#8221; align_phone=&#8221;center&#8221; align_last_edited=&#8221;on|desktop&#8221; _builder_version=&#8221;4.27.2&#8243; always_center_on_mobile=&#8221;on&#8221; global_colors_info=&#8221;{}&#8221;][\/et_pb_image][et_pb_divider show_divider=&#8221;off&#8221; _builder_version=&#8221;4.27.2&#8243; height=&#8221;34px&#8221; global_colors_info=&#8221;{}&#8221;][\/et_pb_divider][et_pb_text _builder_version=&#8221;4.27.2&#8243; global_colors_info=&#8221;{}&#8221;]<\/p>\n<h4 style=\"text-align: left;\"><strong>The contributions of the members of this research group are collected in the following repositories:<\/strong><\/h4>\n<p>[\/et_pb_text][\/et_pb_column][\/et_pb_row][et_pb_row column_structure=&#8221;1_2,1_2&#8243; _builder_version=&#8221;4.16&#8243; background_size=&#8221;initial&#8221; background_position=&#8221;top_left&#8221; background_repeat=&#8221;repeat&#8221; global_colors_info=&#8221;{}&#8221;][et_pb_column type=&#8221;1_2&#8243; _builder_version=&#8221;4.16&#8243; custom_padding=&#8221;|||&#8221; global_colors_info=&#8221;{}&#8221; custom_padding__hover=&#8221;|||&#8221;][et_pb_divider show_divider=&#8221;off&#8221; _builder_version=&#8221;4.27.2&#8243; height=&#8221;34px&#8221; global_colors_info=&#8221;{}&#8221;][\/et_pb_divider][et_pb_image src=&#8221;https:\/\/grupo.us.es\/hac\/wp-content\/uploads\/2023\/06\/logoPrismaColor3.png&#8221; url=&#8221;https:\/\/bibliometria.us.es\/prisma\/investigador\/buscar\/grupo\/TEP-965&#8243; url_new_window=&#8221;on&#8221; align=&#8221;center&#8221; align_tablet=&#8221;center&#8221; align_phone=&#8221;center&#8221; align_last_edited=&#8221;on|desktop&#8221; _builder_version=&#8221;4.16&#8243; always_center_on_mobile=&#8221;on&#8221; global_colors_info=&#8221;{}&#8221;][\/et_pb_image][\/et_pb_column][et_pb_column type=&#8221;1_2&#8243; _builder_version=&#8221;4.16&#8243; custom_padding=&#8221;|||&#8221; global_colors_info=&#8221;{}&#8221; custom_padding__hover=&#8221;|||&#8221;][et_pb_text _builder_version=&#8221;4.27.2&#8243; global_colors_info=&#8221;{}&#8221;]<\/p>\n<p><span style=\"color: #808080;\"><a href=\"https:\/\/idus.us.es\" target=\"_blank\" rel=\"noopener\"><img loading=\"lazy\" decoding=\"async\" class=\"aligncenter wp-image-893\" src=\"http:\/\/grupo.us.es\/hac\/wp-content\/uploads\/2018\/02\/IDUS.png\" alt=\"\" width=\"182\" height=\"150\" \/><\/a><\/span><\/p>\n<p>[\/et_pb_text][\/et_pb_column][\/et_pb_row][\/et_pb_section]<\/p>\n","protected":false},"excerpt":{"rendered":"<p>LATEST PUBLICATIONSGUIDES 2024. Recommendations and practical advice to adapt the house 2024. Residence care centres for people with Alzheimer\u2019s disease \u00a0 BOOKS and BOOK CHAPTERS 2024. Inteligencia Artificial aplicada a la neuroarquitectura para el dise\u00f1o de entornos educacionales destinados a personas con demencia de Alzheimer 2023. Torres, castillos e infraestructuras andalus\u00edes en la Sierra de [&hellip;]<\/p>\n","protected":false},"author":2,"featured_media":0,"parent":1611,"menu_order":0,"comment_status":"closed","ping_status":"closed","template":"","meta":{"_et_pb_use_builder":"on","_et_pb_old_content":"","_et_gb_content_width":"","wpupg_custom_link":[],"wpupg_custom_link_behaviour":["default"],"wpupg_custom_link_nofollow":["default"],"wpupg_custom_image":[],"wpupg_custom_image_id":[],"footnotes":""},"class_list":["post-5074","page","type-page","status-publish","hentry"],"_links":{"self":[{"href":"https:\/\/grupo.us.es\/hac\/en\/wp-json\/wp\/v2\/pages\/5074","targetHints":{"allow":["GET"]}}],"collection":[{"href":"https:\/\/grupo.us.es\/hac\/en\/wp-json\/wp\/v2\/pages"}],"about":[{"href":"https:\/\/grupo.us.es\/hac\/en\/wp-json\/wp\/v2\/types\/page"}],"author":[{"embeddable":true,"href":"https:\/\/grupo.us.es\/hac\/en\/wp-json\/wp\/v2\/users\/2"}],"replies":[{"embeddable":true,"href":"https:\/\/grupo.us.es\/hac\/en\/wp-json\/wp\/v2\/comments?post=5074"}],"version-history":[{"count":2,"href":"https:\/\/grupo.us.es\/hac\/en\/wp-json\/wp\/v2\/pages\/5074\/revisions"}],"predecessor-version":[{"id":8793,"href":"https:\/\/grupo.us.es\/hac\/en\/wp-json\/wp\/v2\/pages\/5074\/revisions\/8793"}],"up":[{"embeddable":true,"href":"https:\/\/grupo.us.es\/hac\/en\/wp-json\/wp\/v2\/pages\/1611"}],"wp:attachment":[{"href":"https:\/\/grupo.us.es\/hac\/en\/wp-json\/wp\/v2\/media?parent=5074"}],"curies":[{"name":"wp","href":"https:\/\/api.w.org\/{rel}","templated":true}]}}