{"id":1565,"date":"2018-03-20T14:03:43","date_gmt":"2018-03-20T14:03:43","guid":{"rendered":"http:\/\/grupo.us.es\/hac\/?page_id=1565\/"},"modified":"2023-08-11T08:34:48","modified_gmt":"2023-08-11T08:34:48","slug":"what-we-research","status":"publish","type":"page","link":"https:\/\/grupo.us.es\/hac\/en\/what-we-research\/","title":{"rendered":"WHAT WE RESEARCH"},"content":{"rendered":"<p>[et_pb_section bb_built=&#8221;1&#8243;][et_pb_row _builder_version=&#8221;3.0.89&#8243;][et_pb_column type=&#8221;4_4&#8243;][et_pb_text _builder_version=&#8221;3.0.89&#8243; background_layout=&#8221;light&#8221;]<\/p>\n<h3 style=\"text-align: center;\"><strong>WHAT WE RESEARCH<\/strong><\/h3>\n<p>[\/et_pb_text][\/et_pb_column][\/et_pb_row][et_pb_row _builder_version=&#8221;3.0.89&#8243; width_unit=&#8221;off&#8221; use_custom_gutter=&#8221;on&#8221; gutter_width=&#8221;2&#8243;][et_pb_column type=&#8221;1_2&#8243;][et_pb_image _builder_version=&#8221;3.0.89&#8243; src=&#8221;http:\/\/grupo.us.es\/hac\/wp-content\/uploads\/2018\/03\/1.2.jpg&#8221; show_in_lightbox=&#8221;off&#8221; url_new_window=&#8221;off&#8221; use_overlay=&#8221;off&#8221; always_center_on_mobile=&#8221;on&#8221; force_fullwidth=&#8221;on&#8221; show_bottom_space=&#8221;on&#8221; align=&#8221;right&#8221; custom_padding=&#8221;10px|||&#8221; \/][et_pb_image _builder_version=&#8221;3.0.89&#8243; src=&#8221;http:\/\/grupo.us.es\/hac\/wp-content\/uploads\/2018\/03\/4.1.6.jpg&#8221; show_in_lightbox=&#8221;off&#8221; url_new_window=&#8221;off&#8221; use_overlay=&#8221;off&#8221; always_center_on_mobile=&#8221;on&#8221; force_fullwidth=&#8221;off&#8221; show_bottom_space=&#8221;on&#8221; custom_padding=&#8221;30px|||&#8221; \/][et_pb_image _builder_version=&#8221;3.0.89&#8243; src=&#8221;http:\/\/grupo.us.es\/hac\/wp-content\/uploads\/2018\/03\/Datos.jpg&#8221; show_in_lightbox=&#8221;off&#8221; url_new_window=&#8221;off&#8221; use_overlay=&#8221;off&#8221; always_center_on_mobile=&#8221;on&#8221; force_fullwidth=&#8221;off&#8221; show_bottom_space=&#8221;on&#8221; custom_padding=&#8221;20px|||&#8221; \/][et_pb_image _builder_version=&#8221;3.0.89&#8243; src=&#8221;http:\/\/grupo.us.es\/hac\/wp-content\/uploads\/2018\/03\/ensayo-Teresianas-2.jpg&#8221; show_in_lightbox=&#8221;off&#8221; url_new_window=&#8221;off&#8221; use_overlay=&#8221;off&#8221; always_center_on_mobile=&#8221;on&#8221; force_fullwidth=&#8221;off&#8221; show_bottom_space=&#8221;on&#8221; align=&#8221;center&#8221; \/][\/et_pb_column][et_pb_column type=&#8221;1_2&#8243;][et_pb_text _builder_version=&#8221;3.0.89&#8243; background_layout=&#8221;light&#8221;]<\/p>\n<p><b>Healthy Architecture &amp; City\u2019s <\/b><span style=\"font-weight: 400;\">lines of research include challenges to societal\u00a0<\/span><b>health, demographic change and well-being<\/b><span style=\"font-weight: 400;\">, as well as\u00a0<\/span><b>social changes and innovations, the economy and digital society. <\/b><\/p>\n<p><span style=\"font-weight: 400;\">These challenges are in keeping with the Strategic Action on Health, part of the\u00a0<\/span><b>National Plan of Scientific, Technical and Innovation Research.<\/b><\/p>\n<p><span style=\"font-weight: 400;\">Our research is aligned with the research on environment, health and neuro-degenerative illnesses, in conformity with the Sectorial Programme of the regional government of Andalusia within the\u00a0<\/span><b>Andalusian Research, Development and Innovation Plan 2020<\/b><span style=\"font-weight: 400;\">, with the general aim of juggling health and the ageing population, architecture and friendly environments.<\/span><\/p>\n<p class=\"font_8\" style=\"text-align: justify;\"><span style=\"font-weight: 400;\">Currently, we are working in close collaboration with the <\/span><b>basic and applied neuroscience<\/b><span style=\"font-weight: 400;\">\u00a0section of the PhD programme in\u00a0<\/span><b>Biomedicine, Translational Research and New Technologies<\/b><span style=\"font-weight: 400;\">\u00a0<\/span><span style=\"font-weight: 400;\">at the University of Malaga Medicine Faculty.<\/span><\/p>\n<p>[\/et_pb_text][et_pb_text _builder_version=&#8221;3.0.89&#8243; background_layout=&#8221;light&#8221; custom_padding=&#8221;60px|||&#8221;]<\/p>\n<h3><\/h3>\n<h3><\/h3>\n<h3 style=\"text-align: left;\"><b>Lines of research<\/b><\/h3>\n<p>[\/et_pb_text][et_pb_text _builder_version=&#8221;3.0.89&#8243; background_layout=&#8221;light&#8221; custom_padding=&#8221;15px|||&#8221;]<\/p>\n<ul>\n<li><strong><b><\/b><span style=\"color: #808080;\"><a style=\"color: #808080;\" href=\"http:\/\/grupo.us.es\/hac\/proyectar-para-la-ausencia-de-la-memoria\/\" target=\"_blank\" rel=\"noopener\"><span style=\"color: #333333;\"><span style=\"font-size: 12pt;\">Architecture, Health and Well-Being<\/span><\/span><\/a><\/span><span style=\"color: #808080; font-size: 12pt;\"><a style=\"color: #808080;\" href=\"http:\/\/grupo.us.es\/hac\/proyectar-para-la-ausencia-de-la-memoria\/\" target=\"_blank\" rel=\"noopener\"><span style=\"color: #333333;\"> \u00a0<\/span> \u00a0\u00a0<\/a><\/span><\/strong><\/li>\n<\/ul>\n<p>&nbsp;<\/p>\n<p><strong><span style=\"color: #808080;\"><a style=\"color: #808080;\" href=\"https:\/\/grupo.us.es\/hac\/en\/how-to-design-for-the-absence-of-memory\/\" target=\"_blank\" rel=\"noopener\">\u00a0 \u00a0 \u00a0 \u00a0 \u00a0 How to design for the absence of memory<\/a><\/span><\/strong><\/p>\n<p><strong><span style=\"color: #808080;\"><a style=\"color: #808080;\" href=\"https:\/\/grupo.us.es\/hac\/en\/healthy-architecture-and-the-ageing-population\/\" target=\"_blank\" rel=\"noopener\">\u00a0 \u00a0 \u00a0 \u00a0 \u00a0 Healthy architecture and the ageing population<\/a><\/span><\/strong><\/p>\n<p><strong><span style=\"color: #808080;\"><a style=\"color: #808080;\" href=\"https:\/\/grupo.us.es\/hac\/en\/implementation-of-ambient-assisted-living-aal\/\" target=\"_blank\" rel=\"noopener\">\u00a0 \u00a0 \u00a0 \u00a0 \u00a0 Implementation of Ambient Assisted Living (AAL)<\/a><\/span><\/strong><\/p>\n<p><strong><span style=\"color: #808080;\"><a style=\"color: #808080;\" href=\"https:\/\/grupo.us.es\/hac\/en\/integration-of-ambient-intelligence-ami-in-architecture\/\" target=\"_blank\" rel=\"noopener\">\u00a0 \u00a0 \u00a0 \u00a0 \u00a0 Integration of Ambient Intelligence (AmI) in Architecture<\/a><\/span><\/strong><\/p>\n<p>&nbsp;<\/p>\n<ul>\n<li><strong><span style=\"color: #808080;\"> <span style=\"color: #000000;\"><span style=\"font-size: 12pt;\">Smart Cities \/ Green Cities<\/span><\/span><\/span><\/strong><\/li>\n<\/ul>\n<p>&nbsp;<\/p>\n<p><strong><span style=\"color: #808080;\"><a style=\"color: #808080;\" href=\"https:\/\/grupo.us.es\/hac\/en\/emerging-technologies-in-building\/\" target=\"_blank\" rel=\"noopener\">\u00a0 \u00a0 \u00a0 \u00a0 \u00a0 Emerging technologies in building<\/a><\/span><\/strong><\/p>\n<p><strong><span style=\"color: #808080;\"><a style=\"color: #808080;\" href=\"https:\/\/grupo.us.es\/hac\/en\/smart-city\/\" target=\"_blank\" rel=\"noopener\">\u00a0 \u00a0 \u00a0 \u00a0\u00a0\u00a0 Smart City<\/a>, <a style=\"color: #808080;\" href=\"https:\/\/grupo.us.es\/hac\/en\/smart-building\/\" target=\"_blank\" rel=\"noopener\">Smart Building<\/a>, <a style=\"color: #808080;\" href=\"https:\/\/grupo.us.es\/hac\/en\/smart-house\/\" target=\"_blank\" rel=\"noopener\">Smart House<\/a><\/span><\/strong><\/p>\n<p><strong><span style=\"color: #808080;\"><a style=\"color: #808080;\" href=\"https:\/\/grupo.us.es\/hac\/en\/monitoring\/\" target=\"_blank\" rel=\"noopener\">\u00a0 \u00a0 \u00a0 \u00a0 \u00a0 Monitoring, measuring and comparing architectural and urban data<\/a><\/span><\/strong><\/p>\n<p>&nbsp;<\/p>\n<ul>\n<li><span style=\"font-size: 12pt;\"><strong><span style=\"color: #333333;\">Memory as construction of the subject<\/span><\/strong><\/span><\/li>\n<\/ul>\n<p><strong><span style=\"color: #808080;\"><br \/>\n<\/span><span style=\"color: #808080;\">\u00a0 \u00a0 \u00a0 \u00a0 \u00a0 <a style=\"color: #808080;\" href=\"https:\/\/grupo.us.es\/hac\/en\/proyectosegura\/\" target=\"_blank\" rel=\"noopener\">Heritage, Landscape and Architectural Project<\/a><\/span><\/strong><\/p>\n<p><strong><span style=\"color: #808080;\"><a style=\"color: #808080;\" href=\"https:\/\/grupo.us.es\/hac\/en\/urban-and-territorial-analysis\/\" target=\"_blank\" rel=\"noopener\">\u00a0 \u00a0 \u00a0 \u00a0 \u00a0 Urban and Territorial Analysis<\/a><\/span><\/strong><\/p>\n<p>[\/et_pb_text][\/et_pb_column][\/et_pb_row][et_pb_row _builder_version=&#8221;3.0.89&#8243; custom_margin=&#8221;||0px|&#8221; custom_padding=&#8221;||0px|&#8221; padding_bottom_1=&#8221;0px&#8221;][et_pb_column type=&#8221;4_4&#8243;][\/et_pb_column][\/et_pb_row][et_pb_row][et_pb_column type=&#8221;4_4&#8243;][et_pb_text _builder_version=&#8221;3.0.89&#8243; background_layout=&#8221;light&#8221;]<\/p>\n<h1 style=\"text-align: center;\"><a href=\"https:\/\/grupo.us.es\/hac\/en\/\"><span style=\"font-size: 52pt;\">\u00ab<\/span><\/a><\/h1>\n<p>[\/et_pb_text][\/et_pb_column][\/et_pb_row][\/et_pb_section]<\/p>\n","protected":false},"excerpt":{"rendered":"<p>WHAT WE RESEARCH Healthy Architecture &amp; City\u2019s lines of research include challenges to societal\u00a0health, demographic change and well-being, as well as\u00a0social changes and innovations, the economy and digital society. These challenges are in keeping with the Strategic Action on Health, part of the\u00a0National Plan of Scientific, Technical and Innovation Research. Our research is aligned with [&hellip;]<\/p>\n","protected":false},"author":2,"featured_media":0,"parent":0,"menu_order":0,"comment_status":"closed","ping_status":"closed","template":"","meta":{"_et_pb_use_builder":"on","_et_pb_old_content":"[et_pb_section bb_built=\"1\"][et_pb_row _builder_version=\"3.0.89\"][et_pb_column type=\"4_4\"][et_pb_text _builder_version=\"3.0.89\" background_layout=\"light\"]\r\n<h3 style=\"text-align: center;\"><strong>Qu\u00e9 investigamos<\/strong><\/h3>\r\n[\/et_pb_text][\/et_pb_column][\/et_pb_row][et_pb_row _builder_version=\"3.0.89\" width_unit=\"off\" use_custom_gutter=\"on\" gutter_width=\"2\"][et_pb_column type=\"1_2\"][et_pb_image _builder_version=\"3.0.89\" src=\"http:\/\/grupo.us.es\/hac\/wp-content\/uploads\/2018\/03\/1.2.jpg\" show_in_lightbox=\"off\" url_new_window=\"off\" use_overlay=\"off\" always_center_on_mobile=\"on\" force_fullwidth=\"on\" show_bottom_space=\"on\" align=\"right\" custom_padding=\"10px|||\" \/][et_pb_image _builder_version=\"3.0.89\" src=\"http:\/\/grupo.us.es\/hac\/wp-content\/uploads\/2018\/03\/4.1.6.jpg\" show_in_lightbox=\"off\" url_new_window=\"off\" use_overlay=\"off\" always_center_on_mobile=\"on\" force_fullwidth=\"off\" show_bottom_space=\"on\" custom_padding=\"60px|||\" \/][et_pb_text _builder_version=\"3.0.89\" background_layout=\"light\"]\r\n<p style=\"text-align: center;\"><span style=\"font-size: 8pt; color: #808080;\">Dibujos realizados por enfermos de alzh\u00e9imer para determinar el grado de reminiscencia de sus estancias y hogares<\/span><\/p>\r\n[\/et_pb_text][et_pb_image _builder_version=\"3.0.89\" src=\"http:\/\/grupo.us.es\/hac\/wp-content\/uploads\/2018\/03\/Datos.jpg\" show_in_lightbox=\"off\" url_new_window=\"off\" use_overlay=\"off\" always_center_on_mobile=\"on\" force_fullwidth=\"off\" show_bottom_space=\"on\" custom_padding=\"20px|||\" \/][et_pb_image _builder_version=\"3.0.89\" src=\"http:\/\/grupo.us.es\/hac\/wp-content\/uploads\/2018\/03\/ensayo-Teresianas-2.jpg\" show_in_lightbox=\"off\" url_new_window=\"off\" use_overlay=\"off\" always_center_on_mobile=\"on\" force_fullwidth=\"off\" show_bottom_space=\"on\" align=\"center\" \/][\/et_pb_column][et_pb_column type=\"1_2\"][et_pb_text _builder_version=\"3.0.89\" background_layout=\"light\"]\r\n<p class=\"font_8\" style=\"text-align: justify;\"><strong>Healthy Architecture & City <\/strong>tiene unas l\u00edneas de investigaci\u00f3n que se enmarcan en los retos de la sociedad que afectan a la\u00a0<strong>salud, el cambio demogr\u00e1fico y el bienestar<\/strong>; as\u00ed como a los\u00a0<strong>cambios e innovaciones sociales; econom\u00eda y sociedad digital<\/strong>. Son retos adscritos dentro de la Acci\u00f3n Estrat\u00e9gica en Salud del\u00a0<strong>Plan Nacional de Investigaci\u00f3n Cient\u00edfica, T\u00e9cnica y de Innovaci\u00f3n.<\/strong><\/p>\r\n<p class=\"font_8\" style=\"text-align: justify;\">Nuestras investigaciones se alinean tambi\u00e9n con la investigaci\u00f3n en <strong>Entorno, Salud<\/strong> y <strong>Enfermedades neurodegenerativas<\/strong>, contemplada en el Programa Sectorial de la Junta de Andaluc\u00eda del\u00a0<strong>Plan Andaluz de Investigaci\u00f3n, Desarrollo e Innovaci\u00f3n 2020. <\/strong>En general todas las l\u00edneas de investigaci\u00f3n del grupo tienen\u00a0como objetivo general compatibilizar la arquitectura con el envejecimiento poblacional, la salud y los entornos amigables.<\/p>\r\n<p class=\"font_8\" style=\"text-align: justify;\">Trabajamos en estrecha colaboraci\u00f3n con la l\u00ednea\u00a0<strong>Neurociencia b\u00e1sica y aplicada<\/strong>\u00a0del Programa de Doctorado en\u00a0<span style=\"text-decoration: underline;\"><span style=\"color: #333333; text-decoration: underline;\"><span style=\"color: #808080; text-decoration: underline;\"><a style=\"color: #808080; text-decoration: underline;\" href=\"http:\/\/www.uma.es\/doctorado-biomedicina\/\"><strong>Biomedicina, Investigaci\u00f3n traslacional y Nuevas Tecnolog\u00edas en Salud<\/strong><\/a><\/span><\/span><\/span><span style=\"color: #333333;\">\u00a0<\/span>de la Facultad de Medicina de la Universidad de M\u00e1laga, desarrollando tesis doctorales en el mismo.<\/p>\r\n[\/et_pb_text][et_pb_text _builder_version=\"3.0.89\" background_layout=\"light\" custom_padding=\"45px|||\"]\r\n<h3 style=\"text-align: left;\"><strong>Lineas de investigaci\u00f3n<\/strong><\/h3>\r\n[\/et_pb_text][et_pb_text _builder_version=\"3.0.89\" background_layout=\"light\" custom_padding=\"15px|||\"]\r\n<ul>\r\n \t<li><span style=\"font-size: 12pt; color: #000000;\"><strong>Arquitectura, Salud y Bienestar<\/strong><\/span>\u00a0<strong><span style=\"color: #808080;\"><a style=\"color: #808080;\" href=\"http:\/\/grupo.us.es\/hac\/proyectar-para-la-ausencia-de-la-memoria\/\" target=\"_blank\" rel=\"noopener\">\u00a0 \u00a0 \u00a0 \u00a0 \u00a0<\/a><\/span><\/strong><\/li>\r\n<\/ul>\r\n\u00a0\r\n\r\n<strong><span style=\"color: #808080;\"><a style=\"color: #808080;\" href=\"http:\/\/grupo.us.es\/hac\/proyectar-para-la-ausencia-de-la-memoria\/\" target=\"_blank\" rel=\"noopener\">\u00a0 \u00a0 \u00a0 \u00a0 \u00a0 C\u00f3mo proyectar para la ausencia de la memoria<\/a><\/span><\/strong>\r\n\r\n<strong><span style=\"color: #808080;\"><a style=\"color: #808080;\" href=\"http:\/\/grupo.us.es\/hac\/arquitectura-saludable\/\" target=\"_blank\" rel=\"noopener\">\u00a0 \u00a0 \u00a0 \u00a0 \u00a0 Arquitectura saludable\u00a0y envejecimiento\u00a0poblacional<\/a><\/span><\/strong>\r\n\r\n<strong><span style=\"color: #808080;\"><a style=\"color: #808080;\" href=\"http:\/\/grupo.us.es\/hac\/entornos-de-ayuda-vital\/\" target=\"_blank\" rel=\"noopener\">\u00a0 \u00a0 \u00a0 \u00a0 \u00a0 Implantaci\u00f3n de Entornos de Ayuda Vital (AAL)<\/a><\/span><\/strong>\r\n\r\n<strong><span style=\"color: #808080;\"><a style=\"color: #808080;\" href=\"http:\/\/grupo.us.es\/hac\/inteligencia-ambiental\/\" target=\"_blank\" rel=\"noopener\">\u00a0 \u00a0 \u00a0 \u00a0 \u00a0 Integraci\u00f3n de Inteligencia Ambiental (AmI) en Arquitectura<\/a><\/span><\/strong>\r\n\r\n\u00a0\r\n<ul>\r\n \t<li><span style=\"color: #808080;\"><strong> <span style=\"color: #000000;\"><span style=\"font-size: 12pt;\">Smart Cities \/ Green Cities<\/span><\/span><\/strong><\/span><\/li>\r\n<\/ul>\r\n\u00a0\r\n\r\n<strong><span style=\"color: #808080;\"><a style=\"color: #808080;\" href=\"http:\/\/grupo.us.es\/hac\/tecnologias-emergentes-en-la-edificacion\/\" target=\"_blank\" rel=\"noopener\">\u00a0 \u00a0 \u00a0 \u00a0 \u00a0 \u00a0Tecnolog\u00edas emergentes en edificaci\u00f3n<\/a><\/span><\/strong>\r\n\r\n<span style=\"color: #808080;\"><strong><a style=\"color: #808080;\" href=\"http:\/\/grupo.us.es\/hac\/smart-city\/\">\u00a0 \u00a0 \u00a0 \u00a0 \u00a0 \u00a0Smart Cities<\/a>, <a style=\"color: #808080;\" href=\"http:\/\/grupo.us.es\/hac\/smart-building\/\">Smart Building<\/a>, <a style=\"color: #808080;\" href=\"http:\/\/grupo.us.es\/hac\/smart-house\/\">Smart House<\/a><\/strong><\/span>\r\n\r\n<strong><span style=\"color: #808080;\"><a style=\"color: #808080;\" href=\"http:\/\/grupo.us.es\/hac\/monitorizacion\/\" target=\"_blank\" rel=\"noopener\">\u00a0 \u00a0 \u00a0 \u00a0 \u00a0 \u00a0Monitorizaci\u00f3n,\u00a0medida y comparaci\u00f3n datos arq. y urbanos<\/a><\/span><\/strong>\r\n\r\n\u00a0\r\n<ul>\r\n \t<li><span style=\"color: #808080; font-size: 12pt;\"><strong><span style=\"color: #000000;\">La memoria como construcci\u00f3n del sujeto<\/span><\/strong><\/span><\/li>\r\n<\/ul>\r\n<strong><span style=\"color: #808080;\">\r\n<\/span><\/strong><strong><span style=\"color: #808080;\">\u00a0 \u00a0 \u00a0 \u00a0 \u00a0 \u00a0Patrimonio, Paisaje y Proyecto Arquitect\u00f3nico<\/span><\/strong>\r\n\r\n<strong><span style=\"color: #808080;\"><a style=\"color: #808080;\" href=\"http:\/\/grupo.us.es\/hac\/analisis-urbano-y-territorial\/\" target=\"_blank\" rel=\"noopener\">\u00a0 \u00a0 \u00a0 \u00a0 \u00a0 \u00a0An\u00e1lisis Urbano y Territorial<\/a><\/span><\/strong>\r\n\r\n[\/et_pb_text][\/et_pb_column][\/et_pb_row][et_pb_row _builder_version=\"3.0.89\" custom_margin=\"||0px|\" custom_padding=\"||0px|\" padding_bottom_1=\"0px\"][et_pb_column type=\"4_4\"][\/et_pb_column][\/et_pb_row][et_pb_row][et_pb_column type=\"4_4\"][et_pb_text _builder_version=\"3.0.89\" background_layout=\"light\"]\r\n<h1 style=\"text-align: center;\"><a href=\"http:\/\/grupo.us.es\/hac\/\"><span style=\"font-size: 52pt;\">\u00ab<\/span><\/a><\/h1>\r\n[\/et_pb_text][\/et_pb_column][\/et_pb_row][\/et_pb_section]","_et_gb_content_width":"","wpupg_custom_link":[],"wpupg_custom_link_behaviour":["default"],"wpupg_custom_link_nofollow":[],"wpupg_custom_image":[],"wpupg_custom_image_id":[],"footnotes":""},"class_list":["post-1565","page","type-page","status-publish","hentry"],"_links":{"self":[{"href":"https:\/\/grupo.us.es\/hac\/en\/wp-json\/wp\/v2\/pages\/1565","targetHints":{"allow":["GET"]}}],"collection":[{"href":"https:\/\/grupo.us.es\/hac\/en\/wp-json\/wp\/v2\/pages"}],"about":[{"href":"https:\/\/grupo.us.es\/hac\/en\/wp-json\/wp\/v2\/types\/page"}],"author":[{"embeddable":true,"href":"https:\/\/grupo.us.es\/hac\/en\/wp-json\/wp\/v2\/users\/2"}],"replies":[{"embeddable":true,"href":"https:\/\/grupo.us.es\/hac\/en\/wp-json\/wp\/v2\/comments?post=1565"}],"version-history":[{"count":0,"href":"https:\/\/grupo.us.es\/hac\/en\/wp-json\/wp\/v2\/pages\/1565\/revisions"}],"wp:attachment":[{"href":"https:\/\/grupo.us.es\/hac\/en\/wp-json\/wp\/v2\/media?parent=1565"}],"curies":[{"name":"wp","href":"https:\/\/api.w.org\/{rel}","templated":true}]}}