{"id":430,"date":"2023-12-27T14:12:38","date_gmt":"2023-12-27T13:12:38","guid":{"rendered":"https:\/\/grupo.us.es\/eperinatal\/?page_id=430"},"modified":"2025-05-21T09:52:23","modified_gmt":"2025-05-21T07:52:23","slug":"stakeholders","status":"publish","type":"page","link":"https:\/\/grupo.us.es\/eperinatal\/stakeholders\/","title":{"rendered":"PPI"},"content":{"rendered":"\n<h2 class=\"wp-block-heading has-text-align-center\">Patient and Public Involvement contributors<\/h2>\n\n\n\n<h3 class=\"wp-block-heading has-text-align-center\">Psychologists<\/h3>\n\n\n\n<div class=\"wp-block-columns stakeholders is-layout-flex wp-container-core-columns-is-layout-9d6595d7 wp-block-columns-is-layout-flex\">\n<div class=\"wp-block-column is-layout-flow wp-block-column-is-layout-flow\">\r\n<div class=\"teamresearchers\">\r\n\r\n\t<div class=\"researcher PE1\">\r\n\t\t<div class=\"fotores\" style=\"background-image: url('https:\/\/grupo.us.es\/eperinatal\/wp-content\/uploads\/2024\/03\/Captura-de-pantalla-2024-03-01-114513-300x292.png');\"><\/div>\r\n\t\t<div class=\"nameres\">Javier de Domingo<\/div>\r\n\t\t<div class=\"phdres\"><\/div>\r\n\t\t<div class=\"cargores\">Perinatal Psychologist- Paternity area coordinator at the European Institute of Perinatal Mental Health (Madrid, Spain)<\/div>\r\n\t\t\r\n\t\t<div class=\"linkres\">\r\n\t\t\t\r\n\t\t\t\r\n\t\t\t\r\n\t\t\t\r\n\t\t\t\r\n\t\t<\/div>\t\t\r\n\t<\/div>\r\n\r\n\t<div class=\"researcher PE1\">\r\n\t\t<div class=\"fotores\" style=\"background-image: url('https:\/\/grupo.us.es\/eperinatal\/wp-content\/uploads\/2023\/12\/laura-esteban-garcia-300x300.jpg');\"><\/div>\r\n\t\t<div class=\"nameres\">Laura Esteban Garc\u00eda<\/div>\r\n\t\t<div class=\"phdres\">PhD<\/div>\r\n\t\t<div class=\"cargores\">Developmental Psychology Specialist- Universidad Loyola (Seville, Spain)<\/div>\r\n\t\t<div class=\"interesres\">Developmental psychology, sexology, social and cultural psychology<\/div>\r\n\t\t<div class=\"linkres\">\r\n\t\t\t<a href=\"https:\/\/orcid.org\/0000-0001-9174-7457\" class=\"l-orcid\" target=\"_blank\" title=\"Open in a new tab\" rel=\"noopener\"><span>Orcid<\/span><\/a>\r\n\t\t\t\r\n\t\t\t\r\n\t\t\t\r\n\t\t\t\r\n\t\t<\/div>\t\t\r\n\t<\/div>\r\n\r\n\t<div class=\"researcher PE1\">\r\n\t\t<div class=\"fotores\" style=\"background-image: url('https:\/\/grupo.us.es\/eperinatal\/wp-content\/uploads\/2023\/12\/maria-garcia-salinas-300x300.jpg');\"><\/div>\r\n\t\t<div class=\"nameres\">Mar\u00eda Garc\u00eda Salinas<\/div>\r\n\t\t<div class=\"phdres\"><\/div>\r\n\t\t<div class=\"cargores\">Psychotherapist- Copassionate Mind Spain (Madrid, Spain)<\/div>\r\n\t\t\r\n\t\t<div class=\"linkres\">\r\n\t\t\t\r\n\t\t\t\r\n\t\t\t<a href=\"https:\/\/www.linkedin.com\/in\/mar%C3%ADa-garc%C3%ADa-salinas-9893a952\/\" class=\"l-linkedin\" target=\"_blank\" title=\"Open in a new tab\" rel=\"noopener\"><span>Linkedin<\/span><\/a>\r\n\t\t\t<a href=\"https:\/\/benesserepsicologia.es\/\" class=\"l-web\" target=\"_blank\" title=\"Open in a new tab\" rel=\"noopener\"><span>Personal Web<\/span><\/a>\r\n\t\t\t\r\n\t\t<\/div>\t\t\r\n\t<\/div>\r\n\r\n<\/div>\r\n\n<\/div>\n<\/div>\n\n\n\n<h3 class=\"wp-block-heading has-text-align-center mtopteam\">Midwives<\/h3>\n\n\n\n<div class=\"wp-block-columns stakeholders is-layout-flex wp-container-core-columns-is-layout-9d6595d7 wp-block-columns-is-layout-flex\">\n<div class=\"wp-block-column is-layout-flow wp-block-column-is-layout-flow\">\r\n<div class=\"teamresearchers\">\r\n\r\n\t<div class=\"researcher PE2\">\r\n\t\t<div class=\"fotores\" style=\"background-image: url('https:\/\/grupo.us.es\/eperinatal\/wp-content\/uploads\/2023\/12\/amalia-urena-lorenzo-300x300.jpg');\"><\/div>\r\n\t\t<div class=\"nameres\">Amalia Ure\u00f1a Lorenzo<\/div>\r\n\t\t<div class=\"phdres\"><\/div>\r\n\t\t<div class=\"cargores\">Servicio de Salud del Principiado de Asturias (Oviedo, Spain)<\/div>\r\n\t\t\r\n\t\t<div class=\"linkres\">\r\n\t\t\t<a href=\"https:\/\/orcid.org\/0009-0002-6874-3604\" class=\"l-orcid\" target=\"_blank\" title=\"Open in a new tab\" rel=\"noopener\"><span>Orcid<\/span><\/a>\r\n\t\t\t\r\n\t\t\t<a href=\"https:\/\/es.linkedin.com\/in\/amalia-ure\u00f1a-lorenzo-5b3a412ab\" class=\"l-linkedin\" target=\"_blank\" title=\"Open in a new tab\" rel=\"noopener\"><span>Linkedin<\/span><\/a>\r\n\t\t\t\r\n\t\t\t\r\n\t\t<\/div>\t\t\r\n\t<\/div>\r\n\r\n\t<div class=\"researcher PE2\">\r\n\t\t<div class=\"fotores\" style=\"background-image: url('https:\/\/grupo.us.es\/eperinatal\/wp-content\/uploads\/2023\/12\/carmen-mejias-paneque-300x300.jpg');\"><\/div>\r\n\t\t<div class=\"nameres\">Carmen Mej\u00edas Paneque<\/div>\r\n\t\t<div class=\"phdres\"><\/div>\r\n\t\t<div class=\"cargores\">Servicio Andaluz de Salud- Hospital Universitario Virgen Macarena (Seville, Spain)<\/div>\r\n\t\t\r\n\t\t<div class=\"linkres\">\r\n\t\t\t\r\n\t\t\t\r\n\t\t\t\r\n\t\t\t\r\n\t\t\t\r\n\t\t<\/div>\t\t\r\n\t<\/div>\r\n\r\n\t<div class=\"researcher PE2\">\r\n\t\t<div class=\"fotores\" style=\"background-image: url('https:\/\/grupo.us.es\/eperinatal\/wp-content\/uploads\/2024\/06\/foto-marina-174x300.jpg');\"><\/div>\r\n\t\t<div class=\"nameres\">Marina Jal\u00f3n Neira<\/div>\r\n\t\t<div class=\"phdres\"><\/div>\r\n\t\t<div class=\"cargores\">Servicio Andaluz de Salud- Distrito Aljarafe (Seville, Spain)<\/div>\r\n\t\t\r\n\t\t<div class=\"linkres\">\r\n\t\t\t\r\n\t\t\t\r\n\t\t\t\r\n\t\t\t\r\n\t\t\t\r\n\t\t<\/div>\t\t\r\n\t<\/div>\r\n\r\n\t<div class=\"researcher PE2\">\r\n\t\t<div class=\"fotores\" style=\"background-image: url('https:\/\/grupo.us.es\/eperinatal\/wp-content\/uploads\/2023\/12\/paula-diaz-lozano-300x300.jpg');\"><\/div>\r\n\t\t<div class=\"nameres\">Paula D\u00edaz Lozano<\/div>\r\n\t\t<div class=\"phdres\"><\/div>\r\n\t\t<div class=\"cargores\">Servicio Andaluz de Salud- Hospital Universitario Virgen de Valme (Seville, Spain)<\/div>\r\n\t\t\r\n\t\t<div class=\"linkres\">\r\n\t\t\t\r\n\t\t\t\r\n\t\t\t<a href=\"http:\/\/www.linkedin.com\/in\/paula-d\u00edaz-lozano-7b8295139\" class=\"l-linkedin\" target=\"_blank\" title=\"Open in a new tab\" rel=\"noopener\"><span>Linkedin<\/span><\/a>\r\n\t\t\t\r\n\t\t\t\r\n\t\t<\/div>\t\t\r\n\t<\/div>\r\n\r\n\t<div class=\"researcher PE2\">\r\n\t\t<div class=\"fotores\" style=\"background-image: url('https:\/\/grupo.us.es\/eperinatal\/wp-content\/uploads\/2024\/06\/Rocio_Ruiz_Fernandez-2-222x300.jpg');\"><\/div>\r\n\t\t<div class=\"nameres\">Roc\u00edo Ru\u00edz Fern\u00e1ndez<\/div>\r\n\t\t<div class=\"phdres\"><\/div>\r\n\t\t<div class=\"cargores\">Servicio Andaluz de Salud- Distrito Sur (Seville, Spain)<\/div>\r\n\t\t\r\n\t\t<div class=\"linkres\">\r\n\t\t\t\r\n\t\t\t\r\n\t\t\t<a href=\"http:\/\/www.linkedin.com\/in\/roc%C3%ADo-ru%C3%ADz-fern%C3%A1ndez-matronaeir \" class=\"l-linkedin\" target=\"_blank\" title=\"Open in a new tab\" rel=\"noopener\"><span>Linkedin<\/span><\/a>\r\n\t\t\t\r\n\t\t\t\r\n\t\t<\/div>\t\t\r\n\t<\/div>\r\n\r\n\t<div class=\"researcher PE2\">\r\n\t\t<div class=\"fotores\" style=\"background-image: url('https:\/\/grupo.us.es\/eperinatal\/wp-content\/uploads\/2023\/12\/yolanda-cores-prieto-300x300.jpg');\"><\/div>\r\n\t\t<div class=\"nameres\">Yolanda Cores Prieto<\/div>\r\n\t\t<div class=\"phdres\"><\/div>\r\n\t\t<div class=\"cargores\">Servicio Andaluz de Salud- Centro de Salud San Isidro (Seville, Spain)<\/div>\r\n\t\t\r\n\t\t<div class=\"linkres\">\r\n\t\t\t\r\n\t\t\t\r\n\t\t\t\r\n\t\t\t\r\n\t\t\t\r\n\t\t<\/div>\t\t\r\n\t<\/div>\r\n\r\n<\/div>\r\n\n<\/div>\n<\/div>\n\n\n\n<h3 class=\"wp-block-heading has-text-align-center mtopteam\">Pediatricians<\/h3>\n\n\n\n<div class=\"wp-block-columns stakeholders is-layout-flex wp-container-core-columns-is-layout-9d6595d7 wp-block-columns-is-layout-flex\">\n<div class=\"wp-block-column is-layout-flow wp-block-column-is-layout-flow\">\r\n<div class=\"teamresearchers\">\r\n\r\n\t<div class=\"researcher PE3\">\r\n\t\t<div class=\"fotores\" style=\"background-image: url('https:\/\/grupo.us.es\/eperinatal\/wp-content\/uploads\/2024\/06\/Foto-300x300.jpg');\"><\/div>\r\n\t\t<div class=\"nameres\">Antonia Romero Romero<\/div>\r\n\t\t<div class=\"phdres\">PhD<\/div>\r\n\t\t<div class=\"cargores\">Servicio Andaluz de Salud- Basic Primary Care Team at the CS Angel Salvatierra (El Puerto de Santa Mar\u00eda, Spain)<\/div>\r\n\t\t\r\n\t\t<div class=\"linkres\">\r\n\t\t\t\r\n\t\t\t\r\n\t\t\t\r\n\t\t\t\r\n\t\t\t\r\n\t\t<\/div>\t\t\r\n\t<\/div>\r\n\r\n\t<div class=\"researcher PE3\">\r\n\t\t<div class=\"fotores\" style=\"background-image: url('https:\/\/grupo.us.es\/eperinatal\/wp-content\/uploads\/2023\/12\/helena-romero-morina-300x300.jpg');\"><\/div>\r\n\t\t<div class=\"nameres\">Helena Romero Mori\u00f1a<\/div>\r\n\t\t<div class=\"phdres\"><\/div>\r\n\t\t<div class=\"cargores\">Servicio Andaluz de Salud- Centro de Salud Torreblanca (Seville, Spain)<\/div>\r\n\t\t\r\n\t\t<div class=\"linkres\">\r\n\t\t\t\r\n\t\t\t\r\n\t\t\t<a href=\"https:\/\/es.linkedin.com\/in\/helena-romero-mori\u00f1a\" class=\"l-linkedin\" target=\"_blank\" title=\"Open in a new tab\" rel=\"noopener\"><span>Linkedin<\/span><\/a>\r\n\t\t\t\r\n\t\t\t\r\n\t\t<\/div>\t\t\r\n\t<\/div>\r\n\r\n<\/div>\r\n\n<\/div>\n<\/div>\n\n\n\n<h3 class=\"wp-block-heading has-text-align-center mtopteam\">Physical education professionals<\/h3>\n\n\n\n<div class=\"wp-block-columns stakeholders is-layout-flex wp-container-core-columns-is-layout-9d6595d7 wp-block-columns-is-layout-flex\">\n<div class=\"wp-block-column is-layout-flow wp-block-column-is-layout-flow\">\r\n<div class=\"teamresearchers\">\r\n\r\n\t<div class=\"researcher PE4\">\r\n\t\t<div class=\"fotores\" style=\"background-image: url('https:\/\/grupo.us.es\/eperinatal\/wp-content\/uploads\/2023\/12\/ana-carrasco-perez-300x300.jpg');\"><\/div>\r\n\t\t<div class=\"nameres\">Ana Carrasco P\u00e9rez<\/div>\r\n\t\t<div class=\"phdres\">PhD<\/div>\r\n\t\t<div class=\"cargores\">Children's physiotherapist-Centro de Atenci\u00f3n Infantil Temprana (CAIT) La Paz (Seville, Spain)<\/div>\r\n\t\t\r\n\t\t<div class=\"linkres\">\r\n\t\t\t\r\n\t\t\t\r\n\t\t\t\r\n\t\t\t\r\n\t\t\t\r\n\t\t<\/div>\t\t\r\n\t<\/div>\r\n\r\n\t<div class=\"researcher PE4\">\r\n\t\t<div class=\"fotores\" style=\"background-image: url('https:\/\/grupo.us.es\/eperinatal\/wp-content\/uploads\/2023\/12\/lidia-romero-gallardo-300x300.jpg');\"><\/div>\r\n\t\t<div class=\"nameres\">Lidia Romero Gallardo<\/div>\r\n\t\t<div class=\"phdres\"><\/div>\r\n\t\t<div class=\"cargores\">Physical trainer- Only about Women Academy (OWA) (Spain)<\/div>\r\n\t\t\r\n\t\t<div class=\"linkres\">\r\n\t\t\t<a href=\"https:\/\/orcid.org\/0000-0001-6341-855X\" class=\"l-orcid\" target=\"_blank\" title=\"Open in a new tab\" rel=\"noopener\"><span>Orcid<\/span><\/a>\r\n\t\t\t\r\n\t\t\t<a href=\"https:\/\/www.linkedin.com\/in\/lidia-romero-gallardo-8ab8aa32\/?originalSubdomain=es\" class=\"l-linkedin\" target=\"_blank\" title=\"Open in a new tab\" rel=\"noopener\"><span>Linkedin<\/span><\/a>\r\n\t\t\t\r\n\t\t\t\r\n\t\t<\/div>\t\t\r\n\t<\/div>\r\n\r\n\t<div class=\"researcher PE4\">\r\n\t\t<div class=\"fotores\" style=\"background-image: url('https:\/\/grupo.us.es\/eperinatal\/wp-content\/uploads\/2024\/06\/Lucia_Delgado-1-240x300.jpg');\"><\/div>\r\n\t\t<div class=\"nameres\">Luc\u00eda Delgado<\/div>\r\n\t\t<div class=\"phdres\"><\/div>\r\n\t\t<div class=\"cargores\">Mother<\/div>\r\n\t\t\r\n\t\t<div class=\"linkres\">\r\n\t\t\t\r\n\t\t\t\r\n\t\t\t\r\n\t\t\t\r\n\t\t\t\r\n\t\t<\/div>\t\t\r\n\t<\/div>\r\n\r\n\t<div class=\"researcher PE4\">\r\n\t\t<div class=\"fotores\" style=\"background-image: url('https:\/\/grupo.us.es\/eperinatal\/wp-content\/uploads\/2024\/06\/thumbnail_FotoFinalMarina_3-1-200x300.jpg');\"><\/div>\r\n\t\t<div class=\"nameres\">Marina Gallardo<\/div>\r\n\t\t<div class=\"phdres\"><\/div>\r\n\t\t<div class=\"cargores\">Mother<\/div>\r\n\t\t\r\n\t\t<div class=\"linkres\">\r\n\t\t\t\r\n\t\t\t\r\n\t\t\t\r\n\t\t\t\r\n\t\t\t\r\n\t\t<\/div>\t\t\r\n\t<\/div>\r\n\r\n\t<div class=\"researcher PE4\">\r\n\t\t<div class=\"fotores\" style=\"background-image: url('https:\/\/grupo.us.es\/eperinatal\/wp-content\/uploads\/2024\/06\/foto-olga-sacristan-2023-276x300.jpg');\"><\/div>\r\n\t\t<div class=\"nameres\">Olga Sacrist\u00e1n Mart\u00edn<\/div>\r\n\t\t<div class=\"phdres\"><\/div>\r\n\t\t<div class=\"cargores\">Rehabilitation specialist doctor, Mindfulness specialist  - Fisiopat Clinic (Valladolid, Spain)<\/div>\r\n\t\t\r\n\t\t<div class=\"linkres\">\r\n\t\t\t<a href=\"http:\/\/000-0001-6796-5518\/\" class=\"l-orcid\" target=\"_blank\" title=\"Open in a new tab\" rel=\"noopener\"><span>Orcid<\/span><\/a>\r\n\t\t\t\r\n\t\t\t<a href=\"http:\/\/es.linkedin.com\/in\/olgasacristan\" class=\"l-linkedin\" target=\"_blank\" title=\"Open in a new tab\" rel=\"noopener\"><span>Linkedin<\/span><\/a>\r\n\t\t\t\r\n\t\t\t\r\n\t\t<\/div>\t\t\r\n\t<\/div>\r\n\r\n\t<div class=\"researcher PE4\">\r\n\t\t<div class=\"fotores\" style=\"background-image: url('https:\/\/grupo.us.es\/eperinatal\/wp-content\/uploads\/2024\/06\/puri.png');\"><\/div>\r\n\t\t<div class=\"nameres\">Purificaci\u00f3n Fern\u00e1ndez Garc\u00eda<\/div>\r\n\t\t<div class=\"phdres\"><\/div>\r\n\t\t<div class=\"cargores\">Physical trainer- Only about Women Academy (OWA) (Spain)<\/div>\r\n\t\t\r\n\t\t<div class=\"linkres\">\r\n\t\t\t\r\n\t\t\t\r\n\t\t\t\r\n\t\t\t\r\n\t\t\t\r\n\t\t<\/div>\t\t\r\n\t<\/div>\r\n\r\n<\/div>\r\n\n<\/div>\n<\/div>\n\n\n\n<h3 class=\"wp-block-heading has-text-align-center mtopteam\">Local expert committee<\/h3>\n\n\n\n<div class=\"wp-block-columns stakeholders is-layout-flex wp-container-core-columns-is-layout-9d6595d7 wp-block-columns-is-layout-flex\">\n<div class=\"wp-block-column is-layout-flow wp-block-column-is-layout-flow\">\r\n<div class=\"teamresearchers\">\r\n\r\n\t<div class=\"researcher PE5\">\r\n\t\t<div class=\"fotores\" style=\"background-image: url('https:\/\/grupo.us.es\/eperinatal\/wp-content\/uploads\/2024\/06\/Foto_BCF-300x210.webp');\"><\/div>\r\n\t\t<div class=\"nameres\">Benedicto Crespo Facorrro<\/div>\r\n\t\t<div class=\"phdres\">PhD, Professor<\/div>\r\n\t\t<div class=\"cargores\">Director - UGC HU Virgen del Roc\u00edo, CIBERSAM IR IBiS (Seville, Spain)<\/div>\r\n\t\t\r\n\t\t<div class=\"linkres\">\r\n\t\t\t\r\n\t\t\t\r\n\t\t\t\r\n\t\t\t\r\n\t\t\t\r\n\t\t<\/div>\t\t\r\n\t<\/div>\r\n\r\n\t<div class=\"researcher PE5\">\r\n\t\t<div class=\"fotores\" style=\"background-image: url('https:\/\/grupo.us.es\/eperinatal\/wp-content\/uploads\/2024\/06\/Lucas_Cerrillos-170x300.jpg');\"><\/div>\r\n\t\t<div class=\"nameres\">Lucas Cerrillos Gonz\u00e1lez<\/div>\r\n\t\t<div class=\"phdres\"><\/div>\r\n\t\t<div class=\"cargores\">Head of Section of the Maternal-Fetal Genetic and Reproductive Medicine Unit of the Women's Hospital (Hospital Universitario Virgen del Roc\u00edo de Sevilla) (Seville, Spain)<\/div>\r\n\t\t\r\n\t\t<div class=\"linkres\">\r\n\t\t\t<a href=\"https:\/\/orcid.org\/0000-0003-3329-1812\" class=\"l-orcid\" target=\"_blank\" title=\"Open in a new tab\" rel=\"noopener\"><span>Orcid<\/span><\/a>\r\n\t\t\t\r\n\t\t\t\r\n\t\t\t\r\n\t\t\t\r\n\t\t<\/div>\t\t\r\n\t<\/div>\r\n\r\n\t<div class=\"researcher PE5\">\r\n\t\t<div class=\"fotores\" style=\"background-image: url('https:\/\/grupo.us.es\/eperinatal\/wp-content\/uploads\/2024\/06\/Foto2021_Luis_Luque-211x300.jpg');\"><\/div>\r\n\t\t<div class=\"nameres\">Luis Luque<\/div>\r\n\t\t<div class=\"phdres\"><\/div>\r\n\t\t<div class=\"cargores\">Head of the Research Unit of the Aljarafe-Sevilla Norte Health District (Seville, Spain)<\/div>\r\n\t\t\r\n\t\t<div class=\"linkres\">\r\n\t\t\t<a href=\"https:\/\/orcid.org\/0000-0002-7818-2380 \" class=\"l-orcid\" target=\"_blank\" title=\"Open in a new tab\" rel=\"noopener\"><span>Orcid<\/span><\/a>\r\n\t\t\t\r\n\t\t\t<a href=\"https:\/\/www.linkedin.com\/in\/luis-gabriel-luque-romero-18408a51\/?originalSubdomain=es\" class=\"l-linkedin\" target=\"_blank\" title=\"Open in a new tab\" rel=\"noopener\"><span>Linkedin<\/span><\/a>\r\n\t\t\t\r\n\t\t\t\r\n\t\t<\/div>\t\t\r\n\t<\/div>\r\n\r\n\t<div class=\"researcher PE5\">\r\n\t\t<div class=\"fotores\" style=\"background-image: url('https:\/\/grupo.us.es\/eperinatal\/wp-content\/uploads\/2024\/06\/Maria_del_Rocio_Hernandez-300x169.jpg');\"><\/div>\r\n\t\t<div class=\"nameres\">Mar\u00eda del Roc\u00edo Hern\u00e1ndez Soto<\/div>\r\n\t\t<div class=\"phdres\"><\/div>\r\n\t\t<div class=\"cargores\">Servicio Andaluz de Salud- Manager of the Seville North-Aljarafe district. President of the Spanish Society of Primary Care Directors. (Seville, Spain)<\/div>\r\n\t\t\r\n\t\t<div class=\"linkres\">\r\n\t\t\t<a href=\"http:\/\/0009-0002-9750-4581\/\" class=\"l-orcid\" target=\"_blank\" title=\"Open in a new tab\" rel=\"noopener\"><span>Orcid<\/span><\/a>\r\n\t\t\t\r\n\t\t\t\r\n\t\t\t\r\n\t\t\t\r\n\t\t<\/div>\t\t\r\n\t<\/div>\r\n\r\n\t<div class=\"researcher PE5\">\r\n\t\t<div class=\"fotores\" style=\"background-image: url('https:\/\/grupo.us.es\/eperinatal\/wp-content\/uploads\/2024\/06\/Rosa_Ma_Ostos-300x300.jpg');\"><\/div>\r\n\t\t<div class=\"nameres\">Rosa Ostos Serna<\/div>\r\n\t\t<div class=\"phdres\"><\/div>\r\n\t\t<div class=\"cargores\">Head of the Gynecology and Obstetrics Service at the Valme Hospital (Seville, Spain)<\/div>\r\n\t\t\r\n\t\t<div class=\"linkres\">\r\n\t\t\t<a href=\"http:\/\/0009-0001-8513-2381\/\" class=\"l-orcid\" target=\"_blank\" title=\"Open in a new tab\" rel=\"noopener\"><span>Orcid<\/span><\/a>\r\n\t\t\t\r\n\t\t\t\r\n\t\t\t\r\n\t\t\t\r\n\t\t<\/div>\t\t\r\n\t<\/div>\r\n\r\n\t<div class=\"researcher PE5\">\r\n\t\t<div class=\"fotores\"><\/div>\r\n\t\t<div class=\"nameres\">Teresa Gal\u00e1n Garc\u00eda<\/div>\r\n\t\t<div class=\"phdres\"><\/div>\r\n\t\t<div class=\"cargores\">Head of RedMadre association (Seville, Spain)<\/div>\r\n\t\t\r\n\t\t<div class=\"linkres\">\r\n\t\t\t\r\n\t\t\t\r\n\t\t\t\r\n\t\t\t<a href=\"https:\/\/www.redmadre.es\/sevilla\/\" class=\"l-web\" target=\"_blank\" title=\"Open in a new tab\" rel=\"noopener\"><span>Personal Web<\/span><\/a>\r\n\t\t\t\r\n\t\t<\/div>\t\t\r\n\t<\/div>\r\n\r\n<\/div>\r\n\n<\/div>\n<\/div>\n\n\n\n<h3 class=\"wp-block-heading has-text-align-center mtopteam\">Scientific advisory committee<\/h3>\n\n\n\n<div class=\"wp-block-columns stakeholders is-layout-flex wp-container-core-columns-is-layout-9d6595d7 wp-block-columns-is-layout-flex\">\n<div class=\"wp-block-column is-layout-flow wp-block-column-is-layout-flow\">\r\n<div class=\"teamresearchers\">\r\n\r\n\t<div class=\"researcher PE6\">\r\n\t\t<div class=\"fotores\" style=\"background-image: url('https:\/\/grupo.us.es\/eperinatal\/wp-content\/uploads\/2024\/06\/bARB.Figuereido.png');\"><\/div>\r\n\t\t<div class=\"nameres\">B\u00e1rbara Figuereido<\/div>\r\n\t\t<div class=\"phdres\">PhD<\/div>\r\n\t\t<div class=\"cargores\">Associate professor- University of Minho (Braga, Portugal)<\/div>\r\n\t\t<div class=\"interesres\">Developmental Psychopathology, Infant Development and Psychopathology, Parenting Mental Health and Psychological Intervention<\/div>\r\n\t\t<div class=\"linkres\">\r\n\t\t\t\r\n\t\t\t\r\n\t\t\t\r\n\t\t\t\r\n\t\t\t\r\n\t\t<\/div>\t\t\r\n\t<\/div>\r\n\r\n\t<div class=\"researcher PE6\">\r\n\t\t<div class=\"fotores\" style=\"background-image: url('https:\/\/grupo.us.es\/eperinatal\/wp-content\/uploads\/2024\/12\/DSC_0016-300x294.jpg');\"><\/div>\r\n\t\t<div class=\"nameres\">Juan \u00c1ngel Bell\u00f3n-Saame\u00f1o<\/div>\r\n\t\t<div class=\"phdres\">PhD, Professor<\/div>\r\n\t\t<div class=\"cargores\">Coordinator of the Mental Health, Services and Primary Care group (SAMSERP) of the Research Network on Chronicity, Primary Care, Prevention and Health Promotion (RICAPPS) of the Carlos III Health Institute (Spain)<\/div>\r\n\t\t<div class=\"interesres\">Primary Care, Prevention, Health Promotion<\/div>\r\n\t\t<div class=\"linkres\">\r\n\t\t\t<a href=\"http:\/\/0000-0002-4268-4979\/\" class=\"l-orcid\" target=\"_blank\" title=\"Open in a new tab\" rel=\"noopener\"><span>Orcid<\/span><\/a>\r\n\t\t\t\r\n\t\t\t\r\n\t\t\t\r\n\t\t\t\r\n\t\t<\/div>\t\t\r\n\t<\/div>\r\n\r\n\t<div class=\"researcher PE6\">\r\n\t\t<div class=\"fotores\" style=\"background-image: url('https:\/\/grupo.us.es\/eperinatal\/wp-content\/uploads\/2024\/06\/Maia-Brik-272x300.png');\"><\/div>\r\n\t\t<div class=\"nameres\">Maia Brik<\/div>\r\n\t\t<div class=\"phdres\">PhD<\/div>\r\n\t\t<div class=\"cargores\">Medical specialist in obstetrics and maternal-fetal medicine- Vall d\u00b4Hebron (Barcelona, Spain)<\/div>\r\n\t\t\r\n\t\t<div class=\"linkres\">\r\n\t\t\t\r\n\t\t\t\r\n\t\t\t\r\n\t\t\t\r\n\t\t\t\r\n\t\t<\/div>\t\t\r\n\t<\/div>\r\n\r\n\t<div class=\"researcher PE6\">\r\n\t\t<div class=\"fotores\" style=\"background-image: url('https:\/\/grupo.us.es\/eperinatal\/wp-content\/uploads\/2024\/12\/FOTO-PIM-217x300.png');\"><\/div>\r\n\t\t<div class=\"nameres\">Pim Cuijpers<\/div>\r\n\t\t<div class=\"phdres\">PhD, Professor emeritus<\/div>\r\n\t\t<div class=\"cargores\">Director-WHO Collaborating Centre for Research and Dissemination of Psychological Interventions (Netherlands)<\/div>\r\n\t\t<div class=\"interesres\">Prevention, Meta-analysis, intervention<\/div>\r\n\t\t<div class=\"linkres\">\r\n\t\t\t<a href=\"https:\/\/orcid.org\/0000-0001-5497-2743\" class=\"l-orcid\" target=\"_blank\" title=\"Open in a new tab\" rel=\"noopener\"><span>Orcid<\/span><\/a>\r\n\t\t\t\r\n\t\t\t<a href=\"https:\/\/www.linkedin.com\/in\/pimcuijpers\/?originalSubdomain=nl\" class=\"l-linkedin\" target=\"_blank\" title=\"Open in a new tab\" rel=\"noopener\"><span>Linkedin<\/span><\/a>\r\n\t\t\t<a href=\"https:\/\/www.pimcuijpers.com\/blog\/\" class=\"l-web\" target=\"_blank\" title=\"Open in a new tab\" rel=\"noopener\"><span>Personal Web<\/span><\/a>\r\n\t\t\t\r\n\t\t<\/div>\t\t\r\n\t<\/div>\r\n\r\n\t<div class=\"researcher PE6\">\r\n\t\t<div class=\"fotores\" style=\"background-image: url('https:\/\/grupo.us.es\/eperinatal\/wp-content\/uploads\/2023\/12\/septiembre-2023-225x300.jpg');\"><\/div>\r\n\t\t<div class=\"nameres\">Rosa Colmenarejo<\/div>\r\n\t\t<div class=\"phdres\">PhD<\/div>\r\n\t\t<div class=\"cargores\">Adjunt professor- Universidad Loyola (Spain)<\/div>\r\n\t\t<div class=\"interesres\">Ethics, Moral philosophy<\/div>\r\n\t\t<div class=\"linkres\">\r\n\t\t\t<a href=\"https:\/\/orcid.org\/0000-0003-2276-9454\" class=\"l-orcid\" target=\"_blank\" title=\"Open in a new tab\" rel=\"noopener\"><span>Orcid<\/span><\/a>\r\n\t\t\t<a href=\"https:\/\/www.uloyola.es\/oferta-cientifica\/personal-investigador\/rosa-colmenarejo-fernandez\" class=\"l-loyola\" target=\"_blank\" title=\"Open in a new tab\" rel=\"noopener\"><span>Loyola<\/span><\/a>\r\n\t\t\t\r\n\t\t\t\r\n\t\t\t\r\n\t\t<\/div>\t\t\r\n\t<\/div>\r\n\r\n<\/div>\r\n\n<\/div>\n<\/div>\n","protected":false},"excerpt":{"rendered":"<p>Patient and Public Involvement contributors Psychologists Midwives Pediatricians Physical education professionals Local expert committee Scientific advisory committee<\/p>\n","protected":false},"author":1,"featured_media":0,"parent":0,"menu_order":3,"comment_status":"closed","ping_status":"closed","template":"","meta":{"_s2mail":"yes","_joinchat":[],"footnotes":""},"class_list":["post-430","page","type-page","status-publish","hentry"],"_links":{"self":[{"href":"https:\/\/grupo.us.es\/eperinatal\/wp-json\/wp\/v2\/pages\/430","targetHints":{"allow":["GET"]}}],"collection":[{"href":"https:\/\/grupo.us.es\/eperinatal\/wp-json\/wp\/v2\/pages"}],"about":[{"href":"https:\/\/grupo.us.es\/eperinatal\/wp-json\/wp\/v2\/types\/page"}],"author":[{"embeddable":true,"href":"https:\/\/grupo.us.es\/eperinatal\/wp-json\/wp\/v2\/users\/1"}],"replies":[{"embeddable":true,"href":"https:\/\/grupo.us.es\/eperinatal\/wp-json\/wp\/v2\/comments?post=430"}],"version-history":[{"count":17,"href":"https:\/\/grupo.us.es\/eperinatal\/wp-json\/wp\/v2\/pages\/430\/revisions"}],"predecessor-version":[{"id":1463,"href":"https:\/\/grupo.us.es\/eperinatal\/wp-json\/wp\/v2\/pages\/430\/revisions\/1463"}],"wp:attachment":[{"href":"https:\/\/grupo.us.es\/eperinatal\/wp-json\/wp\/v2\/media?parent=430"}],"curies":[{"name":"wp","href":"https:\/\/api.w.org\/{rel}","templated":true}]}}