{"id":40,"date":"2025-09-26T12:18:08","date_gmt":"2025-09-26T10:18:08","guid":{"rendered":"https:\/\/grupo.us.es\/arteygenero\/?page_id=40"},"modified":"2025-09-26T12:18:08","modified_gmt":"2025-09-26T10:18:08","slug":"participantes","status":"publish","type":"page","link":"https:\/\/grupo.us.es\/arteygenero\/?page_id=40","title":{"rendered":"Participantes"},"content":{"rendered":"\n<p><strong>PARTICIPANTES EN LAS ACTIVIDADES ORGANIZADAS:\u00a0<\/strong><\/p>\n\n\n\n<ul class=\"wp-block-list\">\n<li><strong>D\u00aa. Pilar Aguilar. <\/strong>Cr\u00edtica de Cine.\u00a0<\/li>\n\n\n\n<li><strong>Dr\u00aa. Mar\u00eda Aguilar Alejandre<\/strong>, Profesora de Ingenier\u00eda del Dise\u00f1o, Universidad de Sevilla.<\/li>\n\n\n\n<li><strong>Dr\u00aa. Cristina Alsina,<\/strong> Profesora de Literatura de los Estados Unidos, Universitat de Barcelona.<\/li>\n\n\n\n<li><strong>Dr\u00aa. Mar\u00eda \u00c1lvarez de los Corrales,<\/strong> Arquitecta, investigadora miembro de la C\u00e1tedra UNESCO CREhAR.<\/li>\n\n\n\n<li><strong>Dr\u00aa. Ana Aranda Bernal.<\/strong> Profesora Titular de Historia del Arte, Departamento de Geograf\u00eda, Historia y Filosof\u00eda, Universidad Pablo de Olavide de Sevilla.<\/li>\n\n\n\n<li><strong>Dr\u00aa. Mercedes Arriaga. <\/strong>Catedr\u00e1tica de Filolog\u00eda Italiana,\u00a0Departamento de Filolog\u00edas Intergradas. Universidad de Sevilla.\u00a0<\/li>\n\n\n\n<li><strong>Dr\u00aa. Sandra P. Bautista. <\/strong>Universidad de Pamplona (Colombia).\u00a0<\/li>\n\n\n\n<li><strong>D\u00aa. Cristina Bay\u00f3n. <\/strong>Conservatorio Superior de M\u00fasica Manuel Castillo, Sevilla.\u00a0<\/li>\n\n\n\n<li><strong>Dr\u00aa. Fina Birul\u00e9s. <\/strong>Departamento de Filosof\u00eda. ADHUC-Universidad de Barcelona.\u00a0<\/li>\n\n\n\n<li><strong>Dr\u00aa. Beatriz Blasco Esquivias. <\/strong>Departamento de Historia del Arte. Universidad Complutense de Madrid.\u00a0<\/li>\n\n\n\n<li><strong>Dr\u00aa. Mar\u00eda Luisa Candau. <\/strong>Departamento de Historia II. Universidad de Huelva.\u00a0<\/li>\n\n\n\n<li><strong>Dr\u00aa. Roc\u00edo C\u00e1rdenas Luna,<\/strong> Contratada Postdoctoral, Dpto. Literatura Espa\u00f1ola, Universidad de C\u00f3rdoba.<\/li>\n\n\n\n<li><strong>Dr\u00aa. Mar\u00eda Carrascal,<\/strong> Profesora de Urban\u00edstica y Ordenaci\u00f3n del Territorio, U. de Sevilla.<\/li>\n\n\n\n<li><strong>Dr\u00aa. Isabel Cl\u00faa Gin\u00e9s. <\/strong>Prof\u00aa. Contratada Doctora,\u00a0Departamento de Literatura Espa\u00f1ola e Hispanoamericana, Universidad de Sevilla.\u00a0<\/li>\n\n\n\n<li><strong>Dr\u00aa. Mercedes Comellas Aguirrez\u00e1bal.<\/strong> Prof\u00aa. Titular, Departamento de Literatura Espa\u00f1ola e Hispanoamericana, Universidad de Sevilla.\u00a0<\/li>\n\n\n\n<li><strong>Dr\u00aa. Mar\u00eda Elena D\u00edez Jorge. <\/strong>Departamento de Historia del Arte. Universidad de Granada.\u00a0<\/li>\n\n\n\n<li><strong>Dr\u00aa. Pura Fern\u00e1ndez. <\/strong>Centro de Ciencias Humanas y Sociales, CSIC, Madrid.\u00a0<\/li>\n\n\n\n<li><strong>Dr\u00aa. Mar\u00eda Mercedes Fern\u00e1ndez Mart\u00edn.<\/strong> Prof\u00aa. Titular, Departamento de Historia del Arte, Universidad de Sevilla.\u00a0<\/li>\n\n\n\n<li><strong>D\u00aa. Alejandra Fern\u00e1ndez Sanz. <\/strong>M\u00fasica especialista en M\u00fasica antigua.\u00a0<\/li>\n\n\n\n<li><strong>Dr\u00aa. Margarita Garc\u00eda Candeira.<\/strong> Profesora Titular de Teor\u00eda de la Literatura, Universidad de Huelva.<\/li>\n\n\n\n<li><strong>Dr\u00aa. Rosa Garc\u00eda Guti\u00e9rrez. <\/strong>Departamento de Filolog\u00eda. Universidad de Huelva.\u00a0<\/li>\n\n\n\n<li><strong>D\u00aa. Mar\u00eda del Castillo Garc\u00eda Romero. <\/strong>Profesora,\u00a0Departamento de Historia del Arte, Universidad de Sevilla.\u00a0<\/li>\n\n\n\n<li><strong>D. Fran Garcer\u00e1<\/strong>, Grupo Escritoras y escrituras, Universidad de Sevilla.<\/li>\n\n\n\n<li><strong>D\u00aa. Roc\u00edo Gelo P\u00e9rez.<\/strong> Investigadora, Historia del Arte, Universidad de Sevilla.\u00a0<\/li>\n\n\n\n<li><strong>D\u00aa. Felipa Gir\u00e1ldez Mac\u00edas<\/strong>, Servicio Educativo del Centro Andaluz de Arte Contempor\u00e1neo.<\/li>\n\n\n\n<li><strong>Dr\u00aa. Helena Gonz\u00e1lez Fern\u00e1ndez<\/strong>, Profesora Titular de Literatura Gallega, Universitat de Barcelona.<\/li>\n\n\n\n<li><strong>Dr\u00aa. Magdalena Ill\u00e1n Mart\u00edn.<\/strong> Prof\u00aa. Titular, Departamento de Historia del Arte, Universidad de Sevilla.\u00a0<\/li>\n\n\n\n<li><strong>D. Juan Miguel Ill\u00e1n Calado. <\/strong>M\u00fasico especialista en M\u00fasica antigua.\u00a0<\/li>\n\n\n\n<li><strong>Dr\u00aa. Concha Lomba Serrano.<\/strong> Catedr\u00e1tica de Historia del Arte, Departamento de Historia del Arte, Universidad de Zaragoza.\u00a0<\/li>\n\n\n\n<li><strong>Dr\u00aa. Mar Loren-M\u00e9ndez,<\/strong> Catedr\u00e1tica de Historia, Teor\u00eda y Composici\u00f3n Arquitect\u00f3nicas, Universidad de Sevilla, Directora de la C\u00e1tedra UNESCO CREhAR<\/li>\n\n\n\n<li><strong>Dr\u00aa. Lina Malo Lara.<\/strong> Prof\u00aa. Contratada Doctora, Departamento de Historia del Arte, Universidad de Sevilla.\u00a0<\/li>\n\n\n\n<li><strong>Dr\u00aa. C\u00e1ndida Mart\u00ednez L\u00f3pez. <\/strong>Departamento de Historia Antigua. Universidad de Granada.\u00a0<\/li>\n\n\n\n<li><strong>Dr\u00aa. Pilar Mart\u00ednez-Vasseur. <\/strong>Universit\u00e9 de Nantes. Directora del Festival du Cinema Espagnol de Nantes.\u00a0<\/li>\n\n\n\n<li><strong>Dr\u00aa. Mar\u00eda Dolores Martos. <\/strong>Departamento de Literatura Espa\u00f1ola y Teor\u00eda de la Literatura. UNED.\u00a0<\/li>\n\n\n\n<li><strong>Dr\u00aa. Mar\u00eda Jes\u00fas Mej\u00edas \u00c1lvarez.<\/strong> Prof\u00aa. Titular, Departamento de Historia del Arte, Universidad de Sevilla.\u00a0<\/li>\n\n\n\n<li><strong>Dr\u00aa. Maite M\u00e9ndez Baiges. <\/strong>Departamento de Historia del Arte. Universidad de M\u00e1laga.\u00a0<\/li>\n\n\n\n<li><strong>Dr\u00aa. Katarzyna Moszczy\u0144ska-D\u00fcrst,<\/strong> Profesora Titular de Literatura Espa\u00f1ola, Uniwersytet Warszawski.\u00a0<\/li>\n\n\n\n<li><strong>D\u00aa. Mar\u00eda I. Naranjo Ruiz<\/strong>, Contratada predoctoral FPU, Universidad de Sevilla.<\/li>\n\n\n\n<li><strong>Dr\u00aa. Luc\u00eda P\u00e9rez Garc\u00eda. <\/strong>Investigadora, Historia del Arte, Universidad de Sevilla.\u00a0<\/li>\n\n\n\n<li><strong>Dr\u00aa. Mar\u00eda Isabel Porcel Garc\u00eda.\u00a0<\/strong>Prof\u00aa. Titular, Departamento de Filolog\u00eda Inglesa (Literatura Inglesa y Norteamericana), Universidad de Sevilla.\u00a0<\/li>\n\n\n\n<li><strong>Dr\u00aa. Katarzyna Paszkiewicz,<\/strong> Universitat de les Illes Balears.<\/li>\n\n\n\n<li><strong>Dr\u00aa. Marian P\u00e9rez Bernal<\/strong>. Profesora Titular de Filosof\u00eda, Universidad Pablo de Olavide de Sevilla.<\/li>\n\n\n\n<li><strong>D\u00aa. Ester Prieto Ustio. <\/strong>Investigadora, Historia del Arte, Universidad de Sevilla.\u00a0<\/li>\n\n\n\n<li><strong>Dr\u00aa. Carmen Ram\u00edrez<\/strong>, Catedr\u00e1tica de Filolog\u00eda Francesa, Universidad de Sevilla.<\/li>\n\n\n\n<li><strong>Dr\u00aa. Lola Resano,<\/strong> University College Dublin.<\/li>\n\n\n\n<li><strong>Dr\u00aa. Milena Rodr\u00edguez. <\/strong>Departamento de Literatura Espa\u00f1ola. Universidad de Granada.\u00a0<\/li>\n\n\n\n<li><strong>Dr\u00aa. Carmen Rodr\u00edguez Serrano.<\/strong> Profesora, Departamento de Historia del Arte, Universidad de Sevilla.\u00a0<\/li>\n\n\n\n<li><strong>D\u00aa. Roc\u00edo Rodr\u00edguez Rold\u00e1n<\/strong>, Universidad de Sevilla.<\/li>\n\n\n\n<li><strong>D\u00aa. Beatriz Romero Chaves. <\/strong>Investigadora, Universidad de Sevilla.\u00a0<\/li>\n\n\n\n<li><strong>D\u00aa. Zara Ruiz Romero.<\/strong> Universidad Pablo de Olavide.<\/li>\n\n\n\n<li><strong>Dr\u00aa. Carolina S\u00e1nchez-Palencia Carazo. <\/strong>Prof\u00aa. Titular, Departamento de Filolog\u00eda Inglesa (Literatura Inglesa y Norteamericana), Universidad de Sevilla.\u00a0<\/li>\n\n\n\n<li><strong>Dr\u00aa. Rebeca Sanmart\u00edn Bastida. <\/strong>Departamento de Literatura Espa\u00f1ola. Universidad Complutense de Madrid.\u00a0<\/li>\n\n\n\n<li><strong>Dr. Antonio Joaqu\u00edn Santos M\u00e1rquez.<\/strong> Prof. Titular, Departamento de Historia del Arte, Universidad de Sevilla.\u00a0<\/li>\n\n\n\n<li><strong>Dr. Felipe Serrano Estrella. <\/strong>Departamento de Historia del Arte. Universidad de Ja\u00e9n.\u00a0<\/li>\n\n\n\n<li><strong>D\u00aa. Carmen de Tena Ram\u00edrez.<\/strong>\u00a0Profesora, Departamento de Historia del Arte, Universidad de Sevilla.\u00a0<\/li>\n\n\n\n<li><strong>Dr. Enrique Valdivieso Gonz\u00e1lez.<\/strong> Catedr\u00e1tico Em\u00e9rito\u00a0de Historia del Arte, Universidad de Sevilla.\u00a0<\/li>\n\n\n\n<li><strong>Dr. Custodio Velasco Mesa.<\/strong> Prof. Titular, Departamento de Historia Contempor\u00e1nea, Universidad de Sevilla.\u00a0<\/li>\n\n\n\n<li><strong>Dr\u00aa. Roc\u00edo de la Villa<\/strong>, Profesora Titular de Est\u00e9tica y Teor\u00eda del Arte, Universidad Aut\u00f3noma de Madrid, Fundadora de la Asociaci\u00f3n Mujeres en las Artes Visuales (MAV).<\/li>\n\n\n\n<li><strong>D\u00aa. Cristina Villalba,<\/strong> Universidad Pablo de Olavide de Sevilla.<\/li>\n\n\n\n<li><strong>D. Daniel Vizca\u00edno Ruiz. <\/strong>Investigador, Historia del Arte, Universidad Pablo de Olavide de Sevilla.\u00a0<\/li>\n<\/ul>\n","protected":false},"excerpt":{"rendered":"<p>PARTICIPANTES EN LAS ACTIVIDADES ORGANIZADAS:\u00a0<\/p>\n","protected":false},"author":1,"featured_media":0,"parent":0,"menu_order":0,"comment_status":"closed","ping_status":"closed","template":"","meta":{"footnotes":""},"class_list":["post-40","page","type-page","status-publish","hentry"],"_links":{"self":[{"href":"https:\/\/grupo.us.es\/arteygenero\/index.php?rest_route=\/wp\/v2\/pages\/40","targetHints":{"allow":["GET"]}}],"collection":[{"href":"https:\/\/grupo.us.es\/arteygenero\/index.php?rest_route=\/wp\/v2\/pages"}],"about":[{"href":"https:\/\/grupo.us.es\/arteygenero\/index.php?rest_route=\/wp\/v2\/types\/page"}],"author":[{"embeddable":true,"href":"https:\/\/grupo.us.es\/arteygenero\/index.php?rest_route=\/wp\/v2\/users\/1"}],"replies":[{"embeddable":true,"href":"https:\/\/grupo.us.es\/arteygenero\/index.php?rest_route=%2Fwp%2Fv2%2Fcomments&post=40"}],"version-history":[{"count":1,"href":"https:\/\/grupo.us.es\/arteygenero\/index.php?rest_route=\/wp\/v2\/pages\/40\/revisions"}],"predecessor-version":[{"id":41,"href":"https:\/\/grupo.us.es\/arteygenero\/index.php?rest_route=\/wp\/v2\/pages\/40\/revisions\/41"}],"wp:attachment":[{"href":"https:\/\/grupo.us.es\/arteygenero\/index.php?rest_route=%2Fwp%2Fv2%2Fmedia&parent=40"}],"curies":[{"name":"wp","href":"https:\/\/api.w.org\/{rel}","templated":true}]}}