{"id":140,"date":"2025-09-26T14:32:02","date_gmt":"2025-09-26T12:32:02","guid":{"rendered":"https:\/\/grupo.us.es\/arteygenero\/?page_id=140"},"modified":"2025-09-26T14:32:02","modified_gmt":"2025-09-26T12:32:02","slug":"congresos","status":"publish","type":"page","link":"https:\/\/grupo.us.es\/arteygenero\/?page_id=140","title":{"rendered":"Congresos"},"content":{"rendered":"\n<h3 class=\"wp-block-heading\"><strong>Seminario Aurelia Navarro y las Artistas en la Escena Cultural Espa\u00f1ola<\/strong>. <\/h3>\n\n\n\n<p>18-19 de noviembre de 2021, Museo Casa de los Tiros, Granada. <\/p>\n\n\n\n<p>Organiza: Proyecto I+D+i Agencia Femenina en la Escena Art\u00edstica Espa\u00f1ola (1440-1940) y Museo Casa de los Tiros. Inscripci\u00f3n: agenciafemeninandaluza@us.es\u00a0<\/p>\n\n\n\n<hr class=\"wp-block-separator has-alpha-channel-opacity\"\/>\n\n\n\n<h3 class=\"wp-block-heading\"><strong>\u00abI Encuentro Cient\u00edfico Nacional sobre Investigaciones de G\u00e9nero en las Ciencias Humanas\u00bb. <\/strong><\/h3>\n\n\n\n<p>Universidad de Sevilla-Universidad Pablo de Olavide de Sevilla. 2019.<\/p>\n\n\n\n<figure class=\"wp-block-image size-full\"><img loading=\"lazy\" decoding=\"async\" width=\"737\" height=\"553\" src=\"http:\/\/grupo.us.es\/arteygenero\/wp-content\/uploads\/2025\/09\/Captura-de-pantalla-2020-01-02-a-las-21.07.20.png\" alt=\"\" class=\"wp-image-70\" srcset=\"https:\/\/grupo.us.es\/arteygenero\/wp-content\/uploads\/2025\/09\/Captura-de-pantalla-2020-01-02-a-las-21.07.20.png 737w, https:\/\/grupo.us.es\/arteygenero\/wp-content\/uploads\/2025\/09\/Captura-de-pantalla-2020-01-02-a-las-21.07.20-300x225.png 300w\" sizes=\"auto, (max-width: 737px) 100vw, 737px\" \/><\/figure>\n","protected":false},"excerpt":{"rendered":"<p>Seminario Aurelia Navarro y las Artistas en la Escena Cultural Espa\u00f1ola. 18-19 de noviembre de 2021, Museo Casa de los Tiros, Granada. Organiza: Proyecto I+D+i Agencia Femenina en la Escena Art\u00edstica Espa\u00f1ola (1440-1940) y Museo Casa de los Tiros. Inscripci\u00f3n: agenciafemeninandaluza@us.es\u00a0 \u00abI Encuentro Cient\u00edfico Nacional sobre Investigaciones de G\u00e9nero en las Ciencias Humanas\u00bb. Universidad de [&hellip;]<\/p>\n","protected":false},"author":1,"featured_media":0,"parent":0,"menu_order":0,"comment_status":"closed","ping_status":"closed","template":"","meta":{"footnotes":""},"class_list":["post-140","page","type-page","status-publish","hentry"],"_links":{"self":[{"href":"https:\/\/grupo.us.es\/arteygenero\/index.php?rest_route=\/wp\/v2\/pages\/140","targetHints":{"allow":["GET"]}}],"collection":[{"href":"https:\/\/grupo.us.es\/arteygenero\/index.php?rest_route=\/wp\/v2\/pages"}],"about":[{"href":"https:\/\/grupo.us.es\/arteygenero\/index.php?rest_route=\/wp\/v2\/types\/page"}],"author":[{"embeddable":true,"href":"https:\/\/grupo.us.es\/arteygenero\/index.php?rest_route=\/wp\/v2\/users\/1"}],"replies":[{"embeddable":true,"href":"https:\/\/grupo.us.es\/arteygenero\/index.php?rest_route=%2Fwp%2Fv2%2Fcomments&post=140"}],"version-history":[{"count":1,"href":"https:\/\/grupo.us.es\/arteygenero\/index.php?rest_route=\/wp\/v2\/pages\/140\/revisions"}],"predecessor-version":[{"id":141,"href":"https:\/\/grupo.us.es\/arteygenero\/index.php?rest_route=\/wp\/v2\/pages\/140\/revisions\/141"}],"wp:attachment":[{"href":"https:\/\/grupo.us.es\/arteygenero\/index.php?rest_route=%2Fwp%2Fv2%2Fmedia&parent=140"}],"curies":[{"name":"wp","href":"https:\/\/api.w.org\/{rel}","templated":true}]}}